{"id":4957,"date":"2024-11-07T10:13:53","date_gmt":"2024-11-07T09:13:53","guid":{"rendered":"https:\/\/marija.si\/i-dintorni-della-basilica-di-maria-ausiliatrice\/"},"modified":"2025-03-17T15:20:38","modified_gmt":"2025-03-17T14:20:38","slug":"i-dintorni-della-basilica-di-maria-ausiliatrice","status":"publish","type":"page","link":"https:\/\/marija.si\/it\/maria-ausiliatrice\/i-dintorni-della-basilica-di-maria-ausiliatrice\/","title":{"rendered":"I dintorni della Basilica di Maria Ausiliatrice"},"content":{"rendered":"\t\t<div data-elementor-type=\"wp-page\" data-elementor-id=\"4957\" class=\"elementor elementor-4957 elementor-1383\" data-elementor-settings=\"{&quot;element_pack_global_tooltip_width&quot;:{&quot;unit&quot;:&quot;px&quot;,&quot;size&quot;:&quot;&quot;,&quot;sizes&quot;:[]},&quot;element_pack_global_tooltip_width_laptop&quot;:{&quot;unit&quot;:&quot;px&quot;,&quot;size&quot;:&quot;&quot;,&quot;sizes&quot;:[]},&quot;element_pack_global_tooltip_width_tablet&quot;:{&quot;unit&quot;:&quot;px&quot;,&quot;size&quot;:&quot;&quot;,&quot;sizes&quot;:[]},&quot;element_pack_global_tooltip_width_mobile&quot;:{&quot;unit&quot;:&quot;px&quot;,&quot;size&quot;:&quot;&quot;,&quot;sizes&quot;:[]},&quot;element_pack_global_tooltip_padding&quot;:{&quot;unit&quot;:&quot;px&quot;,&quot;top&quot;:&quot;&quot;,&quot;right&quot;:&quot;&quot;,&quot;bottom&quot;:&quot;&quot;,&quot;left&quot;:&quot;&quot;,&quot;isLinked&quot;:true},&quot;element_pack_global_tooltip_padding_laptop&quot;:{&quot;unit&quot;:&quot;px&quot;,&quot;top&quot;:&quot;&quot;,&quot;right&quot;:&quot;&quot;,&quot;bottom&quot;:&quot;&quot;,&quot;left&quot;:&quot;&quot;,&quot;isLinked&quot;:true},&quot;element_pack_global_tooltip_padding_tablet&quot;:{&quot;unit&quot;:&quot;px&quot;,&quot;top&quot;:&quot;&quot;,&quot;right&quot;:&quot;&quot;,&quot;bottom&quot;:&quot;&quot;,&quot;left&quot;:&quot;&quot;,&quot;isLinked&quot;:true},&quot;element_pack_global_tooltip_padding_mobile&quot;:{&quot;unit&quot;:&quot;px&quot;,&quot;top&quot;:&quot;&quot;,&quot;right&quot;:&quot;&quot;,&quot;bottom&quot;:&quot;&quot;,&quot;left&quot;:&quot;&quot;,&quot;isLinked&quot;:true},&quot;element_pack_global_tooltip_border_radius&quot;:{&quot;unit&quot;:&quot;px&quot;,&quot;top&quot;:&quot;&quot;,&quot;right&quot;:&quot;&quot;,&quot;bottom&quot;:&quot;&quot;,&quot;left&quot;:&quot;&quot;,&quot;isLinked&quot;:true},&quot;element_pack_global_tooltip_border_radius_laptop&quot;:{&quot;unit&quot;:&quot;px&quot;,&quot;top&quot;:&quot;&quot;,&quot;right&quot;:&quot;&quot;,&quot;bottom&quot;:&quot;&quot;,&quot;left&quot;:&quot;&quot;,&quot;isLinked&quot;:true},&quot;element_pack_global_tooltip_border_radius_tablet&quot;:{&quot;unit&quot;:&quot;px&quot;,&quot;top&quot;:&quot;&quot;,&quot;right&quot;:&quot;&quot;,&quot;bottom&quot;:&quot;&quot;,&quot;left&quot;:&quot;&quot;,&quot;isLinked&quot;:true},&quot;element_pack_global_tooltip_border_radius_mobile&quot;:{&quot;unit&quot;:&quot;px&quot;,&quot;top&quot;:&quot;&quot;,&quot;right&quot;:&quot;&quot;,&quot;bottom&quot;:&quot;&quot;,&quot;left&quot;:&quot;&quot;,&quot;isLinked&quot;:true}}\" data-elementor-post-type=\"page\">\n\t\t\t\t<div class=\"elementor-element elementor-element-f809d97 e-flex e-con-boxed e-con e-parent\" data-id=\"f809d97\" data-element_type=\"container\" data-e-type=\"container\" data-settings=\"{&quot;jet_parallax_layout_list&quot;:[]}\">\n\t\t\t\t\t<div class=\"e-con-inner\">\n\t\t<div class=\"elementor-element elementor-element-87f342d e-con-full e-flex e-con e-child\" data-id=\"87f342d\" data-element_type=\"container\" data-e-type=\"container\" data-settings=\"{&quot;background_background&quot;:&quot;gradient&quot;,&quot;jet_parallax_layout_list&quot;:[]}\">\n\t\t\t\t<div class=\"elementor-element elementor-element-fffc646 elementor-position-left bdt-global-link-yes nazaj bdt-icon-type-icon bdt-icon-effect-none elementor-widget elementor-widget-global elementor-global-1324 elementor-widget-bdt-advanced-icon-box\" data-id=\"fffc646\" data-element_type=\"widget\" data-e-type=\"widget\" data-widget_type=\"bdt-advanced-icon-box.default\">\n\t\t\t\t<div class=\"elementor-widget-container\">\n\t\t\t\t\t\t\t<div class=\"bdt-ep-advanced-icon-box\">\n\n\t\t\t\n\t\t\t<div class=\"bdt-ep-advanced-icon-box-content\">\n\n\t\t\t\t\t\t\t\t\t\t\t<div class=\"bdt-ep-advanced-icon-box-icon-heading bdt-flex bdt-flex-middle\">\n\n\t\t\t\n\t\t\t\t\t<div class=\"bdt-ep-advanced-icon-box-icon\">\n\t\t\t\t<span class=\"bdt-ep-advanced-icon-box-icon-wrap\">\n\n\n\t\t\t\t\t\n\t\t\t\t\t\t<i aria-hidden=\"true\" class=\"icon icon-left-arrow-1\"><\/i>\n\n\t\t\t\t\t\t\t\t\t<\/span>\n\t\t\t<\/div>\n\t\t\n\t\n\n\t\t\t<div class=\"bdt-icon-box-title-wrapper\">\n\n\t\t\t\t\n\n\t\t\t\t\t\t\t<\/div>\n\t\t<\/div>\n\t\t\t\t\t\n\t\t\t\t\n\t\t\t\t\n\t\t\t\t\t\t\t<\/div>\n\t\t<\/div>\n\n\t\t\n\t\t\n\t\t\t\t<\/div>\n\t\t\t\t<\/div>\n\t\t\t\t<\/div>\n\t\t<div class=\"elementor-element elementor-element-b9d1892 e-con-full e-flex e-con e-child\" data-id=\"b9d1892\" data-element_type=\"container\" data-e-type=\"container\" data-settings=\"{&quot;jet_parallax_layout_list&quot;:[]}\">\n\t\t<div class=\"elementor-element elementor-element-bec24be e-con-full e-flex e-con e-child\" data-id=\"bec24be\" data-element_type=\"container\" data-e-type=\"container\" data-settings=\"{&quot;background_background&quot;:&quot;classic&quot;,&quot;jet_parallax_layout_list&quot;:[]}\">\n\t\t\t\t<div class=\"elementor-element elementor-element-537fe8a elementor-widget__width-initial elementor-widget-mobile__width-inherit elementor-widget elementor-widget-image\" data-id=\"537fe8a\" data-element_type=\"widget\" data-e-type=\"widget\" data-widget_type=\"image.default\">\n\t\t\t\t<div class=\"elementor-widget-container\">\n\t\t\t\t\t\t\t\t\t\t\t\t\t\t\t<img fetchpriority=\"high\" decoding=\"async\" width=\"532\" height=\"660\" src=\"https:\/\/marija.si\/wp-content\/uploads\/2025\/01\/Ob-Baziliki.png\" class=\"attachment-full size-full wp-image-4961\" alt=\"\" srcset=\"https:\/\/marija.si\/wp-content\/uploads\/2025\/01\/Ob-Baziliki.png 532w, https:\/\/marija.si\/wp-content\/uploads\/2025\/01\/Ob-Baziliki-242x300.png 242w\" sizes=\"(max-width: 532px) 100vw, 532px\" \/>\t\t\t\t\t\t\t\t\t\t\t\t\t\t\t<\/div>\n\t\t\t\t<\/div>\n\t\t\t\t<div class=\"elementor-element elementor-element-3201333 elementor-widget__width-initial elementor-widget elementor-widget-text-editor\" data-id=\"3201333\" data-element_type=\"widget\" data-e-type=\"widget\" data-widget_type=\"text-editor.default\">\n\t\t\t\t<div class=\"elementor-widget-container\">\n\t\t\t\t\t\t\t\t\t<p>La piazza davanti alla Basilica prosegue nel <strong>Parco della Pace<\/strong>, dove si trova la statua della Sacra Famiglia e una croce, con una vista che si estende fino alle Alpi Giulie, con il maestoso Triglav in lontananza. Nel parco si tengono esposizioni occasionali, e il luogo invita sempre a una pausa e a una riflessione spirituale, circondati dalla bellezza della creazione. <\/p>\n<p>Dietro alla chiesa si trova il <strong>Museo dei Presepi<\/strong>, che pu\u00f2 essere visitato ogni giorno, ad eccezione del luned\u00ec. Il museo \u00e8 il frutto del lavoro di individui che si riuniscono nell&#8217;Associazione dei Presepi e continuano la ricca tradizione slovena. &#8220;Dio viene da noi&#8221; \u00e8 il messaggio dell&#8217;Avvento e del Natale, che rimane bello e vivo per tutto l&#8217;anno.  <\/p>\n<p>Siete invitati a visitare le numerose raffigurazioni della Nativit\u00e0 e ad ammirare la bellezza dei presepi. \u00c8 esposta anche una selezione di <strong>votivi<\/strong> \u2013 le pitture votive rappresentano una piccola parte della ricchezza spirituale e culturale che le generazioni di pellegrini hanno donato e registrato a Maria Ausiliatrice a Brezje. <\/p>\n<p>I custodi del santuario di Brezje sono i francescani dal 1898, quando l&#8217;arcivescovo di Lubiana, Anton Bonaventura Jegli\u010d, affid\u00f2 il monastero ai fratelli minori, affinch\u00e9 Brezje avesse sempre abbastanza confessori.<\/p>\n<p>Nella galleria del monastero \u00e8 esposta la <strong>Via Crucis<\/strong> dell&#8217;artista accademico Nikolaj Ma\u0161ukov. La visita delle immagini pu\u00f2 diventare una preghiera per tutti coloro che si trovano in difficolt\u00e0 e hanno bisogno del nostro aiuto. Per tutti coloro che si rivolgono a noi, per tutti quelli che sono grati, e anche per quelli che non sanno esprimere la loro gratitudine.  <\/p>\n\t\t\t\t\t\t\t\t<\/div>\n\t\t\t\t<\/div>\n\t\t\t\t<\/div>\n\t\t<div class=\"elementor-element elementor-element-43354b8 e-con-full e-flex e-con e-child\" data-id=\"43354b8\" data-element_type=\"container\" data-e-type=\"container\" data-settings=\"{&quot;background_background&quot;:&quot;classic&quot;,&quot;jet_parallax_layout_list&quot;:[]}\">\n\t\t\t\t<div class=\"elementor-element elementor-element-c7c3fcf e-transform e-transform elementor-widget elementor-widget-heading\" data-id=\"c7c3fcf\" data-element_type=\"widget\" data-e-type=\"widget\" id=\"vertical-h\" data-settings=\"{&quot;_transform_rotateZ_effect&quot;:{&quot;unit&quot;:&quot;px&quot;,&quot;size&quot;:-90,&quot;sizes&quot;:[]},&quot;_transform_translateX_effect&quot;:{&quot;unit&quot;:&quot;px&quot;,&quot;size&quot;:-209,&quot;sizes&quot;:[]},&quot;_transform_translateX_effect_laptop&quot;:{&quot;unit&quot;:&quot;px&quot;,&quot;size&quot;:-190,&quot;sizes&quot;:[]},&quot;_transform_translateX_effect_tablet&quot;:{&quot;unit&quot;:&quot;%&quot;,&quot;size&quot;:0,&quot;sizes&quot;:[]},&quot;_transform_translateX_effect_mobile&quot;:{&quot;unit&quot;:&quot;%&quot;,&quot;size&quot;:0,&quot;sizes&quot;:[]},&quot;_transform_rotateZ_effect_mobile&quot;:{&quot;unit&quot;:&quot;deg&quot;,&quot;size&quot;:0,&quot;sizes&quot;:[]},&quot;_transform_rotateZ_effect_tablet&quot;:{&quot;unit&quot;:&quot;deg&quot;,&quot;size&quot;:0,&quot;sizes&quot;:[]},&quot;_transform_rotateZ_effect_laptop&quot;:{&quot;unit&quot;:&quot;deg&quot;,&quot;size&quot;:&quot;&quot;,&quot;sizes&quot;:[]},&quot;_transform_translateY_effect&quot;:{&quot;unit&quot;:&quot;px&quot;,&quot;size&quot;:&quot;&quot;,&quot;sizes&quot;:[]},&quot;_transform_translateY_effect_laptop&quot;:{&quot;unit&quot;:&quot;px&quot;,&quot;size&quot;:&quot;&quot;,&quot;sizes&quot;:[]},&quot;_transform_translateY_effect_tablet&quot;:{&quot;unit&quot;:&quot;px&quot;,&quot;size&quot;:&quot;&quot;,&quot;sizes&quot;:[]},&quot;_transform_translateY_effect_mobile&quot;:{&quot;unit&quot;:&quot;px&quot;,&quot;size&quot;:&quot;&quot;,&quot;sizes&quot;:[]}}\" data-widget_type=\"heading.default\">\n\t\t\t\t<div class=\"elementor-widget-container\">\n\t\t\t\t\t<h2 class=\"elementor-heading-title elementor-size-default\">Accanto alla Basilica<\/h2>\t\t\t\t<\/div>\n\t\t\t\t<\/div>\n\t\t\t\t<\/div>\n\t\t\t\t<\/div>\n\t\t<div class=\"elementor-element elementor-element-99dc932 e-con-full e-flex e-con e-child\" data-id=\"99dc932\" data-element_type=\"container\" data-e-type=\"container\" data-settings=\"{&quot;jet_parallax_layout_list&quot;:[]}\">\n\t\t<div class=\"elementor-element elementor-element-5d37f8a e-con-full e-flex e-con e-child\" data-id=\"5d37f8a\" data-element_type=\"container\" data-e-type=\"container\" data-settings=\"{&quot;background_background&quot;:&quot;classic&quot;,&quot;jet_parallax_layout_list&quot;:[]}\">\n\t\t\t\t<div class=\"elementor-element elementor-element-f23b8c6 e-transform e-transform elementor-widget__width-inherit elementor-widget elementor-widget-heading\" data-id=\"f23b8c6\" data-element_type=\"widget\" data-e-type=\"widget\" id=\"vertical-h\" data-settings=\"{&quot;_transform_rotateZ_effect&quot;:{&quot;unit&quot;:&quot;px&quot;,&quot;size&quot;:-90,&quot;sizes&quot;:[]},&quot;_transform_translateX_effect&quot;:{&quot;unit&quot;:&quot;px&quot;,&quot;size&quot;:-261,&quot;sizes&quot;:[]},&quot;_transform_translateX_effect_laptop&quot;:{&quot;unit&quot;:&quot;px&quot;,&quot;size&quot;:-237,&quot;sizes&quot;:[]},&quot;_transform_translateX_effect_tablet&quot;:{&quot;unit&quot;:&quot;%&quot;,&quot;size&quot;:0,&quot;sizes&quot;:[]},&quot;_transform_translateX_effect_mobile&quot;:{&quot;unit&quot;:&quot;%&quot;,&quot;size&quot;:0,&quot;sizes&quot;:[]},&quot;_transform_rotateZ_effect_mobile&quot;:{&quot;unit&quot;:&quot;deg&quot;,&quot;size&quot;:0,&quot;sizes&quot;:[]},&quot;_transform_rotateZ_effect_tablet&quot;:{&quot;unit&quot;:&quot;deg&quot;,&quot;size&quot;:0,&quot;sizes&quot;:[]},&quot;_transform_rotateZ_effect_laptop&quot;:{&quot;unit&quot;:&quot;deg&quot;,&quot;size&quot;:&quot;&quot;,&quot;sizes&quot;:[]},&quot;_transform_translateY_effect&quot;:{&quot;unit&quot;:&quot;px&quot;,&quot;size&quot;:&quot;&quot;,&quot;sizes&quot;:[]},&quot;_transform_translateY_effect_laptop&quot;:{&quot;unit&quot;:&quot;px&quot;,&quot;size&quot;:&quot;&quot;,&quot;sizes&quot;:[]},&quot;_transform_translateY_effect_tablet&quot;:{&quot;unit&quot;:&quot;px&quot;,&quot;size&quot;:&quot;&quot;,&quot;sizes&quot;:[]},&quot;_transform_translateY_effect_mobile&quot;:{&quot;unit&quot;:&quot;px&quot;,&quot;size&quot;:&quot;&quot;,&quot;sizes&quot;:[]}}\" data-widget_type=\"heading.default\">\n\t\t\t\t<div class=\"elementor-widget-container\">\n\t\t\t\t\t<h2 class=\"elementor-heading-title elementor-size-default\">Sull' monastero ieri e oggi<\/h2>\t\t\t\t<\/div>\n\t\t\t\t<\/div>\n\t\t\t\t<\/div>\n\t\t<div class=\"elementor-element elementor-element-12c90f7 e-con-full e-flex e-con e-child\" data-id=\"12c90f7\" data-element_type=\"container\" data-e-type=\"container\" data-settings=\"{&quot;background_background&quot;:&quot;classic&quot;,&quot;jet_parallax_layout_list&quot;:[]}\">\n\t\t\t\t<div class=\"elementor-element elementor-element-bbd3de7 elementor-widget elementor-widget-text-editor\" data-id=\"bbd3de7\" data-element_type=\"widget\" data-e-type=\"widget\" data-widget_type=\"text-editor.default\">\n\t\t\t\t<div class=\"elementor-widget-container\">\n\t\t\t\t\t\t\t\t\t<p>Perch\u00e9 il santuario di Maria avesse dei custodi e per garantire che ci fossero sempre abbastanza confessori per i numerosi pellegrini, alla fine del 19\u00b0 secolo fu costruito un monastero francescano accanto alla chiesa. <\/p>\n<p>Nel settembre del 1897 furono gettate le fondamenta per il monastero di Brezje, proprio accanto alla chiesa. Nel luglio dell&#8217;anno successivo, i primi due frati francescani furono incaricati del servizio. <\/p>\n<p>Il monastero fu benedetto nel 1898 dal vescovo Jegli\u010d, che lo affid\u00f2 ai frati francescani. Da allora, sono i custodi e i guardiani del santuario. <\/p>\n<p>Un resoconto storico pi\u00f9 dettagliato degli eventi \u00e8 tratto dal libro di p. Henrik Dami\u0161 OFM: Brezje Maria Ausiliatrice, pubblicato nel 1914. <\/p>\n<p>I custodi del santuario di Maria Ausiliatrice a Brezje siamo i frati francescani. La famiglia monastica \u00e8 attualmente composta da:<br \/>p. Krizostom Janez Komar, guardiano<br \/>dr. p. Robert Bah\u010di\u010d, vicario e rettore della basilica<br \/>p. Tadej Ingli\u010d, confessore, organista<br \/>dr. p. Viktor Pape\u017e, confessore<br \/>p. Milan Kadunc, parroco di Mo\u0161nje      <\/p>\n<p>Viviamo secondo l&#8217;insegnamento di San Francesco d&#8217;Assisi, che \u00e8 il nostro fondatore religioso. Il lavoro che svolgiamo come custodi del santuario di Maria Ausiliatrice \u00e8 in perfetta armonia con la carisma di questo santo. Per questo siamo felici di essere servi della Parola di Dio, dell&#8217;Eucaristia e del sacramento della penitenza.   <\/p>\n<p>Ci rallegriamo di ogni pellegrino e desideriamo poter servire alla chiamata di Dio, che invita i pellegrini al cammino spirituale.<\/p>\n\t\t\t\t\t\t\t\t<\/div>\n\t\t\t\t<\/div>\n\t\t\t\t<\/div>\n\t\t\t\t<\/div>\n\t\t<div class=\"elementor-element elementor-element-635b9de e-con-full e-flex e-con e-child\" data-id=\"635b9de\" data-element_type=\"container\" data-e-type=\"container\" data-settings=\"{&quot;jet_parallax_layout_list&quot;:[]}\">\n\t\t<div class=\"elementor-element elementor-element-0284465 e-con-full e-flex e-con e-child\" data-id=\"0284465\" data-element_type=\"container\" data-e-type=\"container\" data-settings=\"{&quot;background_background&quot;:&quot;classic&quot;,&quot;jet_parallax_layout_list&quot;:[]}\">\n\t\t\t\t<div class=\"elementor-element elementor-element-3007cca elementor-widget elementor-widget-text-editor\" data-id=\"3007cca\" data-element_type=\"widget\" data-e-type=\"widget\" data-widget_type=\"text-editor.default\">\n\t\t\t\t<div class=\"elementor-widget-container\">\n\t\t\t\t\t\t\t\t\t<p>&#8220;All&#8217;inizio, la chiesa del santuario di Brezje era curata dal clero parrocchiale di Mo\u0161nje. Ma presto questa soluzione non fu pi\u00f9 sufficiente; si sentiva sempre di pi\u00f9 la necessit\u00e0 di avere un sacerdote permanente nel santuario. Poich\u00e9 c&#8217;era carenza di sacerdoti diocesani, il venerabile arcivescovo Jakob Missia espresse il desiderio che la gestione del santuario fosse affidata all&#8217;Ordine dei Frati Minori della regione di Carinzia. L&#8217;offerta fu accettata.&#8221;   <\/p>\n<p>Ma ogni inizio \u00e8 difficile. In particolare, era necessario raccogliere i fondi per costruire il monastero. Bisognava trovare uno spazio adeguato per gli scopi monastici. Era necessario procurarsi i capitali per mantenere i frati, come richiesto dalla legge civile, monastica e canonica.   <\/p>\n<p>Poich\u00e9 l&#8217;arrivo dei francescani fu considerato vantaggioso per la parrocchia di Mo\u0161nje, il parroco di allora, Fr. Kumer, scrisse il 27 febbraio 1893, protocollo 33, al venerabile arcivescovato, dicendo che &#8220;si desiderava stabilire una comunit\u00e0 francescana&#8221;. Lo stesso, il 26 luglio 1893, protocollo 708, il consiglio comunale di Mo\u0161nje, sotto l&#8217;influenza del parroco, decise a larga maggioranza di costruire un monastero a Brezje. In questa direzione si esprimeva anche il successore di Kumer, Ivan Berlic, il 12 marzo 1897, protocollo 30. Il 1\u00b0 agosto 1893, protocollo 2500, il governo permise l&#8217;insediamento dei francescani. La comunit\u00e0 avrebbe dovuto, secondo questa decisione, essere composta da cinque sacerdoti e quattro frati, ma \u2013 come si specifica \u2013 non avrebbe dovuto contare su fondi pubblici o generose donazioni.<br \/>Quando poi la comunit\u00e0 ricevette con gratitudine il compenso consigliato dal parroco Berlic, che sarebbe stato pagato dalla chiesa di San Vito: 600 corone per il superiore, 400 corone per due padri e un laico, e 4 corone per le intenzioni, successivamente si ottenne anche per un frate un compenso di 400 corone, la questione legale fu risolta in modo soddisfacente.               <\/p>\n<p>Il terreno fu acquistato dalla provincia francescana stessa. Secondo il contratto di compravendita stipulato da Ivan A\u017eman e Ivan Berlic con l&#8217;autorizzazione di p. Placido Fabiani, provinciale (Sl. 38), il 16 novembre 1893, Ivan A\u017eman vendette all&#8217;Ordine francescano di Lubiana, dal suo possedimento, l&#8217;appezzamento di terreno catastale n. 76 nel comune di Brezje, parcela n. 39, casa n. 55 (380 pertiche o 12 a 29 m\u00b2), i giardini parcelle n. 40\/1 e 40\/2 (complessivamente 305 pertiche), il giardino parcela n. 41 (13 pertiche o 47 m\u00b2) e il campo parcela n. 7 (917 pertiche) per una somma di 6140 goldinari. Il compratore avrebbe dovuto prendere possesso della propriet\u00e0 e usufruire dei terreni dal 1\u00b0 ottobre 1894.                  <\/p>\n<p>Quando la commissione locale, con data 9 ottobre 1896, stabil\u00ec che il monastero dovesse essere costruito parzialmente sul terreno della parcela n. 5 della chiesa, la chiesa mantenne la parcela n. 5\/1, mentre la parcela n. 5\/2 fu ceduta all&#8217;Ordine francescano. Questa porzione di terreno, con contratto di compravendita del 1\u00b0 maggio 1899, fu ricevuta da p. Kon\u0161tantin Luser, all&#8217;epoca provinciale, per 5 goldinari. La chiesa fu rappresentata da Berlic e due custodi. Inoltre, si verificarono alcuni altri cambiamenti di propriet\u00e0. La strada parcela n. 1006, che fino a quel momento passava dietro la chiesa, fu spostata sulla parcela n. 39. Tra le strade delle parcelle n. 1009 e 1008\/2 fu creata una connessione con la parcela n. 7\/2. L&#8217;ex vedova Gabrijel\u010di\u010d cedette una parte del suo terreno, parcela n. 77, di 14 a 07 m\u00b2, all&#8217;Ordine francescano, in cambio della quale le fu ceduta la casa n. 55 e il terreno parcela n. 39 con una superficie di 9 a e 99 m\u00b2.                      <\/p>\n<p>Ora bisognava iniziare la costruzione del monastero, ma mancavano i fondi. Le offerte dei pellegrini erano state completamente utilizzate per la nuova chiesa. L&#8217;Ordine francescano stesso non era in grado di sostenere una tale spesa. Come ottenere quindi i fondi necessari? Qui, Dio suscit\u00f2 una benefattrice generosa.     <\/p>\n<p>A Lubiana, in Kongresni trg 5, viveva una ricca e religiosa signorina di nome Fran\u010di\u0161ka Ovijazn (Ovija\u010d). Era molto devota a Brezje e desiderava ardentemente che i francescani si prendessero cura del santuario. Si ammal\u00f2, e durante la sua malattia, che la port\u00f2 alla morte il 11 gennaio 1893, nel suo testamento, datato 28 novembre 1892, nomin\u00f2 come principale erede l&#8217;arcidiocesi di Lubiana, ordinando che i redditi della sua casa fossero utilizzati per il monastero francescano a Brezje fino a quando l&#8217;edificio non fosse completato e i debiti saldati. Cos\u00ec, il lavoro pot\u00e9 finalmente proseguire, e il 5 settembre 1897 fu posto il primo pietra per il nuovo monastero francescano.         <\/p>\n<p>La prima pietra fu benedetta dal benedetto proposto di Lubiana, dr. Leonard Klofutar, con grande assistenza. Padre Jo\u017eef Bizovi\u010dar tenne un discorso in cui spieg\u00f2 alla folla presente lo scopo del futuro monastero. La riflessione principale del suo intervento fu tratta dalla antifona festiva delle lodi di San Francesco: &#8220;Non sibi soli vivere, sed aliis proficere vult, Dei zelo ductus!&#8221; (Non vivere per s\u00e9, ma desidero servire gli altri, spinto dalla fervente passione di Dio).    <\/p>\n<p>L&#8217;edificio a un piano prosegu\u00ec rapidamente e, nell&#8217;arco di un anno, fu completato. Il monastero si trova sul lato nord della chiesa. \u00c8 stato costruito in modo che le sue tre ali (i tratti) formino con la chiesa un quadrat e abbiano un cortile al centro. La costruzione fu supervisionata da Fr. Faleschini.    <\/p>\n<p>Prima che i nuovi lavoratori nel Vigneto del Signore prendessero possesso della residenza, fu necessario seguire nuovamente la procedura legale. Con una nuova richiesta scritta da parte del Vescovo di Kranj, affinch\u00e9 i francescani potessero svolgere la pastorella spirituale per i pellegrini e, in aggiunta, gestire tutti i redditi della chiesa, Padre Provinciale Placid chiese alla Sede Apostolica l&#8217;istituzione canonica. Questa fu concessa il 18 luglio.      <\/p>\n<p>Il 9 ottobre fu il giorno in cui i Frati Minori cantarono: &#8220;Haec est dies quam fecit Dominus: exultemus et laetemur in ea.&#8221; (Salmo 117,24) \u2013 &#8220;Questo \u00e8 il giorno che ha fatto il Signore, rallegriamoci e gioiamo in esso.&#8221; Questo giorno, infatti, nel 1898, l&#8217;arcivescovo di Lubiana, dr. Anton Bonaventura Jegli\u010d, benedisse la casa del monastero, affidando ai figli di San Francesco la cura della chiesa dei pellegrini, che smise di essere una succursale di Mo\u0161nje poich\u00e9 divenne direttamente subordinata all&#8217;autorit\u00e0 del vescovo.     <\/p>\n<p>In questa occasione c&#8217;era a Brezje una grande folla di popolo devoto, cos\u00ec come molti uomini illustri sia di stato spirituale che secolare. L&#8217;arcivescovo era circondato da Padre Kon\u0161tantin Luser, i deani J. Novak e J. Razbor\u0161ek, e tra i laici, dal presidente distrettuale di Radovljica, il conte Kaltenegger.<br \/>(Padre Henrik Dami\u0161 OFM, Brezje Marija Pomagaj, 1914)<\/p>\n\t\t\t\t\t\t\t\t<\/div>\n\t\t\t\t<\/div>\n\t\t\t\t<\/div>\n\t\t<div class=\"elementor-element elementor-element-39e82a1 e-con-full e-flex e-con e-child\" data-id=\"39e82a1\" data-element_type=\"container\" data-e-type=\"container\" data-settings=\"{&quot;background_background&quot;:&quot;classic&quot;,&quot;jet_parallax_layout_list&quot;:[]}\">\n\t\t\t\t<div class=\"elementor-element elementor-element-39ab2a6 e-transform e-transform elementor-widget elementor-widget-heading\" data-id=\"39ab2a6\" data-element_type=\"widget\" data-e-type=\"widget\" id=\"vertical-h\" data-settings=\"{&quot;_transform_rotateZ_effect&quot;:{&quot;unit&quot;:&quot;px&quot;,&quot;size&quot;:-90,&quot;sizes&quot;:[]},&quot;_transform_translateX_effect&quot;:{&quot;unit&quot;:&quot;px&quot;,&quot;size&quot;:-241,&quot;sizes&quot;:[]},&quot;_transform_translateX_effect_laptop&quot;:{&quot;unit&quot;:&quot;px&quot;,&quot;size&quot;:-220,&quot;sizes&quot;:[]},&quot;_transform_translateX_effect_tablet&quot;:{&quot;unit&quot;:&quot;%&quot;,&quot;size&quot;:0,&quot;sizes&quot;:[]},&quot;_transform_translateX_effect_mobile&quot;:{&quot;unit&quot;:&quot;%&quot;,&quot;size&quot;:0,&quot;sizes&quot;:[]},&quot;_transform_rotateZ_effect_mobile&quot;:{&quot;unit&quot;:&quot;deg&quot;,&quot;size&quot;:0,&quot;sizes&quot;:[]},&quot;_transform_rotateZ_effect_tablet&quot;:{&quot;unit&quot;:&quot;deg&quot;,&quot;size&quot;:0,&quot;sizes&quot;:[]},&quot;_transform_rotateZ_effect_laptop&quot;:{&quot;unit&quot;:&quot;deg&quot;,&quot;size&quot;:&quot;&quot;,&quot;sizes&quot;:[]},&quot;_transform_translateY_effect&quot;:{&quot;unit&quot;:&quot;px&quot;,&quot;size&quot;:&quot;&quot;,&quot;sizes&quot;:[]},&quot;_transform_translateY_effect_laptop&quot;:{&quot;unit&quot;:&quot;px&quot;,&quot;size&quot;:&quot;&quot;,&quot;sizes&quot;:[]},&quot;_transform_translateY_effect_tablet&quot;:{&quot;unit&quot;:&quot;px&quot;,&quot;size&quot;:&quot;&quot;,&quot;sizes&quot;:[]},&quot;_transform_translateY_effect_mobile&quot;:{&quot;unit&quot;:&quot;px&quot;,&quot;size&quot;:&quot;&quot;,&quot;sizes&quot;:[]}}\" data-widget_type=\"heading.default\">\n\t\t\t\t<div class=\"elementor-widget-container\">\n\t\t\t\t\t<h2 class=\"elementor-heading-title elementor-size-default\">La Storia del Monastero<\/h2>\t\t\t\t<\/div>\n\t\t\t\t<\/div>\n\t\t\t\t<\/div>\n\t\t\t\t<\/div>\n\t\t<div class=\"elementor-element elementor-element-35af22d e-con-full e-flex e-con e-child\" data-id=\"35af22d\" data-element_type=\"container\" data-e-type=\"container\" data-settings=\"{&quot;jet_parallax_layout_list&quot;:[]}\">\n\t\t<div class=\"elementor-element elementor-element-9a80a6c e-con-full e-flex e-con e-child\" data-id=\"9a80a6c\" data-element_type=\"container\" data-e-type=\"container\" data-settings=\"{&quot;jet_parallax_layout_list&quot;:[]}\">\n\t\t<div class=\"elementor-element elementor-element-dd51296 e-con-full e-flex e-con e-child\" data-id=\"dd51296\" data-element_type=\"container\" data-e-type=\"container\" data-settings=\"{&quot;background_background&quot;:&quot;classic&quot;,&quot;jet_parallax_layout_list&quot;:[]}\">\n\t\t\t\t<div class=\"elementor-element elementor-element-dc0d5d3 e-transform e-transform elementor-widget__width-inherit elementor-widget elementor-widget-heading\" data-id=\"dc0d5d3\" data-element_type=\"widget\" data-e-type=\"widget\" id=\"vertical-h\" data-settings=\"{&quot;_transform_rotateZ_effect&quot;:{&quot;unit&quot;:&quot;px&quot;,&quot;size&quot;:-90,&quot;sizes&quot;:[]},&quot;_transform_translateX_effect&quot;:{&quot;unit&quot;:&quot;px&quot;,&quot;size&quot;:-168,&quot;sizes&quot;:[]},&quot;_transform_translateX_effect_laptop&quot;:{&quot;unit&quot;:&quot;px&quot;,&quot;size&quot;:-152,&quot;sizes&quot;:[]},&quot;_transform_translateX_effect_tablet&quot;:{&quot;unit&quot;:&quot;%&quot;,&quot;size&quot;:0,&quot;sizes&quot;:[]},&quot;_transform_translateX_effect_mobile&quot;:{&quot;unit&quot;:&quot;%&quot;,&quot;size&quot;:0,&quot;sizes&quot;:[]},&quot;_transform_rotateZ_effect_mobile&quot;:{&quot;unit&quot;:&quot;deg&quot;,&quot;size&quot;:0,&quot;sizes&quot;:[]},&quot;_transform_rotateZ_effect_tablet&quot;:{&quot;unit&quot;:&quot;deg&quot;,&quot;size&quot;:0,&quot;sizes&quot;:[]},&quot;_transform_rotateZ_effect_laptop&quot;:{&quot;unit&quot;:&quot;deg&quot;,&quot;size&quot;:&quot;&quot;,&quot;sizes&quot;:[]},&quot;_transform_translateY_effect&quot;:{&quot;unit&quot;:&quot;px&quot;,&quot;size&quot;:&quot;&quot;,&quot;sizes&quot;:[]},&quot;_transform_translateY_effect_laptop&quot;:{&quot;unit&quot;:&quot;px&quot;,&quot;size&quot;:&quot;&quot;,&quot;sizes&quot;:[]},&quot;_transform_translateY_effect_tablet&quot;:{&quot;unit&quot;:&quot;px&quot;,&quot;size&quot;:&quot;&quot;,&quot;sizes&quot;:[]},&quot;_transform_translateY_effect_mobile&quot;:{&quot;unit&quot;:&quot;px&quot;,&quot;size&quot;:&quot;&quot;,&quot;sizes&quot;:[]}}\" data-widget_type=\"heading.default\">\n\t\t\t\t<div class=\"elementor-widget-container\">\n\t\t\t\t\t<h2 class=\"elementor-heading-title elementor-size-default\">Parco della Pace<\/h2>\t\t\t\t<\/div>\n\t\t\t\t<\/div>\n\t\t\t\t<\/div>\n\t\t<div class=\"elementor-element elementor-element-1cb8123 e-con-full e-flex e-con e-child\" data-id=\"1cb8123\" data-element_type=\"container\" data-e-type=\"container\" data-settings=\"{&quot;background_background&quot;:&quot;classic&quot;,&quot;jet_parallax_layout_list&quot;:[]}\">\n\t\t\t\t<div class=\"elementor-element elementor-element-973ffa3 elementor-widget__width-inherit elementor-widget-mobile__width-inherit elementor-widget elementor-widget-image\" data-id=\"973ffa3\" data-element_type=\"widget\" data-e-type=\"widget\" data-widget_type=\"image.default\">\n\t\t\t\t<div class=\"elementor-widget-container\">\n\t\t\t\t\t\t\t\t\t\t\t\t\t\t\t<img decoding=\"async\" width=\"732\" height=\"483\" src=\"https:\/\/marija.si\/wp-content\/uploads\/2025\/01\/Park-Miru.jpg\" class=\"attachment-full size-full wp-image-4963\" alt=\"\" srcset=\"https:\/\/marija.si\/wp-content\/uploads\/2025\/01\/Park-Miru.jpg 732w, https:\/\/marija.si\/wp-content\/uploads\/2025\/01\/Park-Miru-300x198.jpg 300w\" sizes=\"(max-width: 732px) 100vw, 732px\" \/>\t\t\t\t\t\t\t\t\t\t\t\t\t\t\t<\/div>\n\t\t\t\t<\/div>\n\t\t\t\t<div class=\"elementor-element elementor-element-54d5452 elementor-widget__width-inherit elementor-widget elementor-widget-heading\" data-id=\"54d5452\" data-element_type=\"widget\" data-e-type=\"widget\" data-widget_type=\"heading.default\">\n\t\t\t\t<div class=\"elementor-widget-container\">\n\t\t\t\t\t<h3 class=\"elementor-heading-title elementor-size-default\">La bellezza della creazione divina e le opere dell'uomo<\/h3>\t\t\t\t<\/div>\n\t\t\t\t<\/div>\n\t\t\t\t<div class=\"elementor-element elementor-element-af626ed elementor-widget elementor-widget-text-editor\" data-id=\"af626ed\" data-element_type=\"widget\" data-e-type=\"widget\" data-widget_type=\"text-editor.default\">\n\t\t\t\t<div class=\"elementor-widget-container\">\n\t\t\t\t\t\t\t\t\t<p>La piazza di fronte alla Basilica continua nel Parco della Pace, con una statua della Santa Famiglia e una croce, e il panorama si estende verso le Alpi Giulie, con il maestoso Triglav che domina la vista, mentre sulla destra si staglia il massiccio delle Caravanche.<\/p>\n<p>Nel parco si tengono esposizioni occasionali, e il luogo invita sempre al riposo e alla riflessione spirituale, immersi nelle bellezze della creazione.<\/p>\n\t\t\t\t\t\t\t\t<\/div>\n\t\t\t\t<\/div>\n\t\t\t\t<\/div>\n\t\t\t\t<\/div>\n\t\t<div class=\"elementor-element elementor-element-97f43dd e-con-full e-flex e-con e-child\" data-id=\"97f43dd\" data-element_type=\"container\" data-e-type=\"container\" data-settings=\"{&quot;jet_parallax_layout_list&quot;:[]}\">\n\t\t<div class=\"elementor-element elementor-element-5e4a05c e-con-full e-flex e-con e-child\" data-id=\"5e4a05c\" data-element_type=\"container\" data-e-type=\"container\" data-settings=\"{&quot;background_background&quot;:&quot;classic&quot;,&quot;jet_parallax_layout_list&quot;:[]}\">\n\t\t\t\t<div class=\"elementor-element elementor-element-c782656 e-transform e-transform elementor-widget__width-inherit elementor-widget elementor-widget-heading\" data-id=\"c782656\" data-element_type=\"widget\" data-e-type=\"widget\" id=\"vertical-h\" data-settings=\"{&quot;_transform_rotateZ_effect&quot;:{&quot;unit&quot;:&quot;px&quot;,&quot;size&quot;:-90,&quot;sizes&quot;:[]},&quot;_transform_translateX_effect&quot;:{&quot;unit&quot;:&quot;px&quot;,&quot;size&quot;:-102,&quot;sizes&quot;:[]},&quot;_transform_translateX_effect_laptop&quot;:{&quot;unit&quot;:&quot;px&quot;,&quot;size&quot;:-94,&quot;sizes&quot;:[]},&quot;_transform_translateX_effect_tablet&quot;:{&quot;unit&quot;:&quot;%&quot;,&quot;size&quot;:0,&quot;sizes&quot;:[]},&quot;_transform_translateX_effect_mobile&quot;:{&quot;unit&quot;:&quot;%&quot;,&quot;size&quot;:0,&quot;sizes&quot;:[]},&quot;_transform_rotateZ_effect_mobile&quot;:{&quot;unit&quot;:&quot;deg&quot;,&quot;size&quot;:0,&quot;sizes&quot;:[]},&quot;_transform_rotateZ_effect_tablet&quot;:{&quot;unit&quot;:&quot;deg&quot;,&quot;size&quot;:0,&quot;sizes&quot;:[]},&quot;_transform_rotateZ_effect_laptop&quot;:{&quot;unit&quot;:&quot;deg&quot;,&quot;size&quot;:&quot;&quot;,&quot;sizes&quot;:[]},&quot;_transform_translateY_effect&quot;:{&quot;unit&quot;:&quot;px&quot;,&quot;size&quot;:&quot;&quot;,&quot;sizes&quot;:[]},&quot;_transform_translateY_effect_laptop&quot;:{&quot;unit&quot;:&quot;px&quot;,&quot;size&quot;:&quot;&quot;,&quot;sizes&quot;:[]},&quot;_transform_translateY_effect_tablet&quot;:{&quot;unit&quot;:&quot;px&quot;,&quot;size&quot;:&quot;&quot;,&quot;sizes&quot;:[]},&quot;_transform_translateY_effect_mobile&quot;:{&quot;unit&quot;:&quot;px&quot;,&quot;size&quot;:&quot;&quot;,&quot;sizes&quot;:[]}}\" data-widget_type=\"heading.default\">\n\t\t\t\t<div class=\"elementor-widget-container\">\n\t\t\t\t\t<h2 class=\"elementor-heading-title elementor-size-default\">Via Crucis<\/h2>\t\t\t\t<\/div>\n\t\t\t\t<\/div>\n\t\t\t\t<\/div>\n\t\t<div class=\"elementor-element elementor-element-9e4d944 e-con-full e-flex e-con e-child\" data-id=\"9e4d944\" data-element_type=\"container\" data-e-type=\"container\" data-settings=\"{&quot;background_background&quot;:&quot;classic&quot;,&quot;jet_parallax_layout_list&quot;:[]}\">\n\t\t\t\t<div class=\"elementor-element elementor-element-b1a947d elementor-widget__width-inherit elementor-widget-mobile__width-inherit elementor-widget elementor-widget-image\" data-id=\"b1a947d\" data-element_type=\"widget\" data-e-type=\"widget\" data-widget_type=\"image.default\">\n\t\t\t\t<div class=\"elementor-widget-container\">\n\t\t\t\t\t\t\t\t\t\t\t\t\t\t\t<img decoding=\"async\" width=\"732\" height=\"483\" src=\"https:\/\/marija.si\/wp-content\/uploads\/2025\/01\/Krizev-pot.jpg\" class=\"attachment-full size-full wp-image-4962\" alt=\"\" srcset=\"https:\/\/marija.si\/wp-content\/uploads\/2025\/01\/Krizev-pot.jpg 732w, https:\/\/marija.si\/wp-content\/uploads\/2025\/01\/Krizev-pot-300x198.jpg 300w\" sizes=\"(max-width: 732px) 100vw, 732px\" \/>\t\t\t\t\t\t\t\t\t\t\t\t\t\t\t<\/div>\n\t\t\t\t<\/div>\n\t\t\t\t<div class=\"elementor-element elementor-element-31a5ae6 elementor-widget elementor-widget-text-editor\" data-id=\"31a5ae6\" data-element_type=\"widget\" data-e-type=\"widget\" data-widget_type=\"text-editor.default\">\n\t\t\t\t<div class=\"elementor-widget-container\">\n\t\t\t\t\t\t\t\t\t<p>Nella galleria del monastero \u00e8 esposta la Via Crucis dell&#8217;artista accademico russo <strong>Nikolaj Ma\u0161ukov<\/strong>, che durante il suo viaggio dalla patria ha vissuto personalmente molte delle stazioni della sofferenza.<\/p>\n\t\t\t\t\t\t\t\t<\/div>\n\t\t\t\t<\/div>\n\t\t\t\t<\/div>\n\t\t\t\t<\/div>\n\t\t\t\t<\/div>\n\t\t\t\t\t<\/div>\n\t\t\t\t<\/div>\n\t\t<div class=\"elementor-element elementor-element-5149e3d6 e-flex e-con-boxed e-con e-parent\" data-id=\"5149e3d6\" data-element_type=\"container\" data-e-type=\"container\" data-settings=\"{&quot;jet_parallax_layout_list&quot;:[]}\">\n\t\t\t\t\t<div class=\"e-con-inner\">\n\t\t<div class=\"elementor-element elementor-element-2edb105 e-con-full e-flex e-con e-child\" data-id=\"2edb105\" data-element_type=\"container\" data-e-type=\"container\" data-settings=\"{&quot;background_background&quot;:&quot;classic&quot;,&quot;jet_parallax_layout_list&quot;:[]}\">\n\t\t\t\t<div class=\"elementor-element elementor-element-2cf593b elementor-widget elementor-widget-heading\" data-id=\"2cf593b\" data-element_type=\"widget\" data-e-type=\"widget\" data-widget_type=\"heading.default\">\n\t\t\t\t<div class=\"elementor-widget-container\">\n\t\t\t\t\t<h2 class=\"elementor-heading-title elementor-size-default\">Esplora anche<\/h2>\t\t\t\t<\/div>\n\t\t\t\t<\/div>\n\t\t<div class=\"elementor-element elementor-element-57c932a e-con-full e-flex e-con e-child\" data-id=\"57c932a\" data-element_type=\"container\" data-e-type=\"container\" data-settings=\"{&quot;jet_parallax_layout_list&quot;:[]}\">\n\t\t\t\t<div class=\"elementor-element elementor-element-6eddd62 elementor-widget__width-auto elementor-widget elementor-widget-bdt-advanced-button\" data-id=\"6eddd62\" data-element_type=\"widget\" data-e-type=\"widget\" data-widget_type=\"bdt-advanced-button.default\">\n\t\t\t\t<div class=\"elementor-widget-container\">\n\t\t\t\t\t\t\t<div class=\"bdt-ep-button-wrapper\">\n\t\t\t<a href=\"https:\/\/marija.si\/it\/maria-ausiliatrice\/basilica-di-maria-ausiliatrice\/\" class=\"bdt-ep-button bdt-ep-button-effect-a bdt-ep-button-size-md\">\n\t\t\t\t\t\t<div class=\"bdt-ep-button-content-wrapper bdt-flex bdt-flex-middle bdt-flex-center  \" data-text=\"Basilica di Maria Ausiliatrice\">\n\t\t\t\t\t\t\t<div class=\"bdt-ep-button-icon bdt-flex-center bdt-flex-align-right\">\n\t\t\t\t\t<div class=\"bdt-ep-button-icon-inner\">\n\n\t\t\t\t\t\t<i aria-hidden=\"true\" class=\"fa-fw icon icon-right-arrow-1\"><\/i>\n\t\t\t\t\t<\/div>\n\t\t\t\t<\/div>\n\t\t\t\n\t\t\t<div class=\"bdt-ep-button-text\">\n\n\t\t\t\t<span class=\"avdbtn-text\">\n\t\t\t\t\tBasilica di Maria Ausiliatrice\t\t\t\t<\/span>\n\n\t\t\t\t\t\t\t<\/div>\n\n\t\t\t\n\t\t<\/div>\n\t\t\t\t\t<\/a>\n\t\t<\/div>\n\t\t\t\t\t\t<\/div>\n\t\t\t\t<\/div>\n\t\t\t\t<div class=\"elementor-element elementor-element-b504b9f elementor-widget__width-auto levo elementor-widget elementor-widget-bdt-advanced-button\" data-id=\"b504b9f\" data-element_type=\"widget\" data-e-type=\"widget\" data-widget_type=\"bdt-advanced-button.default\">\n\t\t\t\t<div class=\"elementor-widget-container\">\n\t\t\t\t\t\t\t<div class=\"bdt-ep-button-wrapper\">\n\t\t\t<a href=\"https:\/\/marija.si\/it\/maria-ausiliatrice\/limmagine-miracolosa-di-maria-ausiliatrice\/\" class=\"bdt-ep-button bdt-ep-button-effect-a bdt-ep-button-size-md\">\n\t\t\t\t\t\t<div class=\"bdt-ep-button-content-wrapper bdt-flex bdt-flex-middle bdt-flex-center  \" data-text=\"L\u2019immagine miracolosa di Maria Ausiliatrice\">\n\t\t\t\t\t\t\t<div class=\"bdt-ep-button-icon bdt-flex-center bdt-flex-align-right\">\n\t\t\t\t\t<div class=\"bdt-ep-button-icon-inner\">\n\n\t\t\t\t\t\t<i aria-hidden=\"true\" class=\"fa-fw icon icon-right-arrow-1\"><\/i>\n\t\t\t\t\t<\/div>\n\t\t\t\t<\/div>\n\t\t\t\n\t\t\t<div class=\"bdt-ep-button-text\">\n\n\t\t\t\t<span class=\"avdbtn-text\">\n\t\t\t\t\tL\u2019immagine miracolosa di Maria Ausiliatrice\t\t\t\t<\/span>\n\n\t\t\t\t\t\t\t<\/div>\n\n\t\t\t\n\t\t<\/div>\n\t\t\t\t\t<\/a>\n\t\t<\/div>\n\t\t\t\t\t\t<\/div>\n\t\t\t\t<\/div>\n\t\t\t\t<div class=\"elementor-element elementor-element-1ca23c4 elementor-widget__width-auto elementor-widget elementor-widget-bdt-advanced-button\" data-id=\"1ca23c4\" data-element_type=\"widget\" data-e-type=\"widget\" data-widget_type=\"bdt-advanced-button.default\">\n\t\t\t\t<div class=\"elementor-widget-container\">\n\t\t\t\t\t\t\t<div class=\"bdt-ep-button-wrapper\">\n\t\t\t<a href=\"https:\/\/marija.si\/it\/maria-ausiliatrice\/storia-del-cammino-di-dio\/\" class=\"bdt-ep-button bdt-ep-button-effect-a bdt-ep-button-size-md\">\n\t\t\t\t\t\t<div class=\"bdt-ep-button-content-wrapper bdt-flex bdt-flex-middle bdt-flex-center  \" data-text=\"Storia del cammino di Dio\">\n\t\t\t\t\t\t\t<div class=\"bdt-ep-button-icon bdt-flex-center bdt-flex-align-right\">\n\t\t\t\t\t<div class=\"bdt-ep-button-icon-inner\">\n\n\t\t\t\t\t\t<i aria-hidden=\"true\" class=\"fa-fw icon icon-right-arrow-1\"><\/i>\n\t\t\t\t\t<\/div>\n\t\t\t\t<\/div>\n\t\t\t\n\t\t\t<div class=\"bdt-ep-button-text\">\n\n\t\t\t\t<span class=\"avdbtn-text\">\n\t\t\t\t\tStoria del cammino di Dio\t\t\t\t<\/span>\n\n\t\t\t\t\t\t\t<\/div>\n\n\t\t\t\n\t\t<\/div>\n\t\t\t\t\t<\/a>\n\t\t<\/div>\n\t\t\t\t\t\t<\/div>\n\t\t\t\t<\/div>\n\t\t\t\t<\/div>\n\t\t\t\t<\/div>\n\t\t\t\t\t<\/div>\n\t\t\t\t<\/div>\n\t\t\t\t<\/div>\n\t\t","protected":false},"excerpt":{"rendered":"<p>La piazza davanti alla Basilica prosegue nel Parco della Pace, dove si trova la statua della Sacra Famiglia e una croce, con una vista che si estende fino alle Alpi Giulie, con il maestoso Triglav in lontananza. Nel parco si tengono esposizioni occasionali, e il luogo invita sempre a una pausa e a una riflessione [&hellip;]<\/p>\n","protected":false},"author":1,"featured_media":0,"parent":4965,"menu_order":0,"comment_status":"closed","ping_status":"closed","template":"","meta":{"gallery":"","dateEnd":"","displayOrder":0,"videosArray":[],"audiosArray":[],"othersArray":[],"footnotes":""},"class_list":["post-4957","page","type-page","status-publish","hentry"],"_links":{"self":[{"href":"https:\/\/marija.si\/it\/wp-json\/wp\/v2\/pages\/4957","targetHints":{"allow":["GET"]}}],"collection":[{"href":"https:\/\/marija.si\/it\/wp-json\/wp\/v2\/pages"}],"about":[{"href":"https:\/\/marija.si\/it\/wp-json\/wp\/v2\/types\/page"}],"author":[{"embeddable":true,"href":"https:\/\/marija.si\/it\/wp-json\/wp\/v2\/users\/1"}],"replies":[{"embeddable":true,"href":"https:\/\/marija.si\/it\/wp-json\/wp\/v2\/comments?post=4957"}],"version-history":[{"count":10,"href":"https:\/\/marija.si\/it\/wp-json\/wp\/v2\/pages\/4957\/revisions"}],"predecessor-version":[{"id":5067,"href":"https:\/\/marija.si\/it\/wp-json\/wp\/v2\/pages\/4957\/revisions\/5067"}],"up":[{"embeddable":true,"href":"https:\/\/marija.si\/it\/wp-json\/wp\/v2\/pages\/4965"}],"wp:attachment":[{"href":"https:\/\/marija.si\/it\/wp-json\/wp\/v2\/media?parent=4957"}],"curies":[{"name":"wp","href":"https:\/\/api.w.org\/{rel}","templated":true}]}}