{"id":4888,"date":"2024-11-07T09:59:43","date_gmt":"2024-11-07T08:59:43","guid":{"rendered":"https:\/\/marija.si\/storia-del-cammino-di-dio\/"},"modified":"2025-03-17T15:19:32","modified_gmt":"2025-03-17T14:19:32","slug":"storia-del-cammino-di-dio","status":"publish","type":"page","link":"https:\/\/marija.si\/it\/maria-ausiliatrice\/storia-del-cammino-di-dio\/","title":{"rendered":"Storia del cammino di Dio"},"content":{"rendered":"\t\t<div data-elementor-type=\"wp-page\" data-elementor-id=\"4888\" class=\"elementor elementor-4888 elementor-1377\" data-elementor-settings=\"{&quot;element_pack_global_tooltip_width&quot;:{&quot;unit&quot;:&quot;px&quot;,&quot;size&quot;:&quot;&quot;,&quot;sizes&quot;:[]},&quot;element_pack_global_tooltip_width_laptop&quot;:{&quot;unit&quot;:&quot;px&quot;,&quot;size&quot;:&quot;&quot;,&quot;sizes&quot;:[]},&quot;element_pack_global_tooltip_width_tablet&quot;:{&quot;unit&quot;:&quot;px&quot;,&quot;size&quot;:&quot;&quot;,&quot;sizes&quot;:[]},&quot;element_pack_global_tooltip_width_mobile&quot;:{&quot;unit&quot;:&quot;px&quot;,&quot;size&quot;:&quot;&quot;,&quot;sizes&quot;:[]},&quot;element_pack_global_tooltip_padding&quot;:{&quot;unit&quot;:&quot;px&quot;,&quot;top&quot;:&quot;&quot;,&quot;right&quot;:&quot;&quot;,&quot;bottom&quot;:&quot;&quot;,&quot;left&quot;:&quot;&quot;,&quot;isLinked&quot;:true},&quot;element_pack_global_tooltip_padding_laptop&quot;:{&quot;unit&quot;:&quot;px&quot;,&quot;top&quot;:&quot;&quot;,&quot;right&quot;:&quot;&quot;,&quot;bottom&quot;:&quot;&quot;,&quot;left&quot;:&quot;&quot;,&quot;isLinked&quot;:true},&quot;element_pack_global_tooltip_padding_tablet&quot;:{&quot;unit&quot;:&quot;px&quot;,&quot;top&quot;:&quot;&quot;,&quot;right&quot;:&quot;&quot;,&quot;bottom&quot;:&quot;&quot;,&quot;left&quot;:&quot;&quot;,&quot;isLinked&quot;:true},&quot;element_pack_global_tooltip_padding_mobile&quot;:{&quot;unit&quot;:&quot;px&quot;,&quot;top&quot;:&quot;&quot;,&quot;right&quot;:&quot;&quot;,&quot;bottom&quot;:&quot;&quot;,&quot;left&quot;:&quot;&quot;,&quot;isLinked&quot;:true},&quot;element_pack_global_tooltip_border_radius&quot;:{&quot;unit&quot;:&quot;px&quot;,&quot;top&quot;:&quot;&quot;,&quot;right&quot;:&quot;&quot;,&quot;bottom&quot;:&quot;&quot;,&quot;left&quot;:&quot;&quot;,&quot;isLinked&quot;:true},&quot;element_pack_global_tooltip_border_radius_laptop&quot;:{&quot;unit&quot;:&quot;px&quot;,&quot;top&quot;:&quot;&quot;,&quot;right&quot;:&quot;&quot;,&quot;bottom&quot;:&quot;&quot;,&quot;left&quot;:&quot;&quot;,&quot;isLinked&quot;:true},&quot;element_pack_global_tooltip_border_radius_tablet&quot;:{&quot;unit&quot;:&quot;px&quot;,&quot;top&quot;:&quot;&quot;,&quot;right&quot;:&quot;&quot;,&quot;bottom&quot;:&quot;&quot;,&quot;left&quot;:&quot;&quot;,&quot;isLinked&quot;:true},&quot;element_pack_global_tooltip_border_radius_mobile&quot;:{&quot;unit&quot;:&quot;px&quot;,&quot;top&quot;:&quot;&quot;,&quot;right&quot;:&quot;&quot;,&quot;bottom&quot;:&quot;&quot;,&quot;left&quot;:&quot;&quot;,&quot;isLinked&quot;:true}}\" data-elementor-post-type=\"page\">\n\t\t\t\t<div class=\"elementor-element elementor-element-f809d97 e-flex e-con-boxed e-con e-parent\" data-id=\"f809d97\" data-element_type=\"container\" data-e-type=\"container\" data-settings=\"{&quot;jet_parallax_layout_list&quot;:[]}\">\n\t\t\t\t\t<div class=\"e-con-inner\">\n\t\t<div class=\"elementor-element elementor-element-87f342d e-con-full e-flex e-con e-child\" data-id=\"87f342d\" data-element_type=\"container\" data-e-type=\"container\" data-settings=\"{&quot;background_background&quot;:&quot;gradient&quot;,&quot;jet_parallax_layout_list&quot;:[]}\">\n\t\t\t\t<div class=\"elementor-element elementor-element-0713ca2 elementor-position-left bdt-global-link-yes nazaj bdt-icon-type-icon bdt-icon-effect-none elementor-widget elementor-widget-global elementor-global-1324 elementor-widget-bdt-advanced-icon-box\" data-id=\"0713ca2\" data-element_type=\"widget\" data-e-type=\"widget\" data-widget_type=\"bdt-advanced-icon-box.default\">\n\t\t\t\t<div class=\"elementor-widget-container\">\n\t\t\t\t\t\t\t<div class=\"bdt-ep-advanced-icon-box\">\n\n\t\t\t\n\t\t\t<div class=\"bdt-ep-advanced-icon-box-content\">\n\n\t\t\t\t\t\t\t\t\t\t\t<div class=\"bdt-ep-advanced-icon-box-icon-heading bdt-flex bdt-flex-middle\">\n\n\t\t\t\n\t\t\t\t\t<div class=\"bdt-ep-advanced-icon-box-icon\">\n\t\t\t\t<span class=\"bdt-ep-advanced-icon-box-icon-wrap\">\n\n\n\t\t\t\t\t\n\t\t\t\t\t\t<i aria-hidden=\"true\" class=\"icon icon-left-arrow-1\"><\/i>\n\n\t\t\t\t\t\t\t\t\t<\/span>\n\t\t\t<\/div>\n\t\t\n\t\n\n\t\t\t<div class=\"bdt-icon-box-title-wrapper\">\n\n\t\t\t\t\n\n\t\t\t\t\t\t\t<\/div>\n\t\t<\/div>\n\t\t\t\t\t\n\t\t\t\t\n\t\t\t\t\n\t\t\t\t\t\t\t<\/div>\n\t\t<\/div>\n\n\t\t\n\t\t\n\t\t\t\t<\/div>\n\t\t\t\t<\/div>\n\t\t\t\t<\/div>\n\t\t<div class=\"elementor-element elementor-element-b9d1892 e-con-full e-flex e-con e-child\" data-id=\"b9d1892\" data-element_type=\"container\" data-e-type=\"container\" data-settings=\"{&quot;jet_parallax_layout_list&quot;:[]}\">\n\t\t<div class=\"elementor-element elementor-element-bec24be e-con-full e-flex e-con e-child\" data-id=\"bec24be\" data-element_type=\"container\" data-e-type=\"container\" data-settings=\"{&quot;background_background&quot;:&quot;classic&quot;,&quot;jet_parallax_layout_list&quot;:[]}\">\n\t\t\t\t<div class=\"elementor-element elementor-element-537fe8a elementor-widget__width-inherit elementor-widget-mobile__width-inherit elementor-widget elementor-widget-image\" data-id=\"537fe8a\" data-element_type=\"widget\" data-e-type=\"widget\" data-widget_type=\"image.default\">\n\t\t\t\t<div class=\"elementor-widget-container\">\n\t\t\t\t\t\t\t\t\t\t\t\t\t\t\t<img fetchpriority=\"high\" decoding=\"async\" width=\"2000\" height=\"592\" src=\"https:\/\/marija.si\/wp-content\/uploads\/2024\/12\/zgodovina.jpg\" class=\"attachment-full size-full wp-image-4890\" alt=\"\" srcset=\"https:\/\/marija.si\/wp-content\/uploads\/2024\/12\/zgodovina.jpg 2000w, https:\/\/marija.si\/wp-content\/uploads\/2024\/12\/zgodovina-300x89.jpg 300w, https:\/\/marija.si\/wp-content\/uploads\/2024\/12\/zgodovina-1024x303.jpg 1024w, https:\/\/marija.si\/wp-content\/uploads\/2024\/12\/zgodovina-768x227.jpg 768w, https:\/\/marija.si\/wp-content\/uploads\/2024\/12\/zgodovina-1536x455.jpg 1536w\" sizes=\"(max-width: 2000px) 100vw, 2000px\" \/>\t\t\t\t\t\t\t\t\t\t\t\t\t\t\t<\/div>\n\t\t\t\t<\/div>\n\t\t\t\t<div class=\"elementor-element elementor-element-3201333 elementor-widget elementor-widget-text-editor\" data-id=\"3201333\" data-element_type=\"widget\" data-e-type=\"widget\" data-widget_type=\"text-editor.default\">\n\t\t\t\t<div class=\"elementor-widget-container\">\n\t\t\t\t\t\t\t\t\t<ul>\n<li>Nel 1800, il parroco di Mo\u0161nje, dr. Urban A\u017ebe, aggiunse alla chiesa di San Vito una cappella dedicata a Maria Ausiliatrice. <\/li>\n<li>Nel 1814, il pittore Leopold Layer di Kranj dipinse la cappella e nello stesso anno realizz\u00f2 l&#8217;immagine miracolosa di Maria Ausiliatrice, ispirata a un modello proveniente da Innsbruck.<\/li>\n<li>Nel 1863, a causa di numerose guarigioni miracolose, il cammino verso Brezje divenne sempre pi\u00f9 popolare, e la chiesa risult\u00f2 troppo piccola per le folla di pellegrini.<\/li>\n<li>Nel 1898, fu benedetto il nuovo convento francescano recentemente costruito.<\/li>\n<li>Nel 1900, fu completata e consacrata l&#8217;attuale chiesa.<\/li>\n<li>Il 1\u00ba settembre 1907, il vescovo dr. Anton Bonaventura Jegli\u010d incoron\u00f2 l&#8217;immagine miracolosa di Maria Ausiliatrice.<\/li>\n<li>Nel 1935, l&#8217;immagine miracolosa di Maria Ausiliatrice lasci\u00f2 per la prima volta Brezje \u2013 come patrona del Congresso Eucaristico, viaggi\u00f2 a Lubiana.<\/li>\n<li>Nel 1937, secondo il progetto dell&#8217;architetto Jo\u017ee Ple\u010dnik, fu sistemato il parco davanti alla chiesa.<\/li>\n<li>Dal 1941 al 1947, l&#8217;immagine di Maria Ausiliatrice trascorse il periodo della guerra prima a Trsat e successivamente nella cattedrale di Lubiana.<\/li>\n<li>Nel 1988, Papa Giovanni Paolo II confer\u00ec alla chiesa il titolo onorifico di basilica minore. <\/li>\n<li>Nel 1996, durante la sua visita in Slovenia, Papa Giovanni Paolo II fece un pellegrinaggio a Maria Ausiliatrice. L&#8217;immagine miracolosa visit\u00f2 le parrocchie della Carinzia e della Bassa Carniola, ed \u00e8 anche stata la patrona dell&#8217;evento festoso per celebrare il 1250\u00ba anniversario del cristianesimo del popolo sloveno presso l&#8217;ippodromo di Sto\u017eice. <\/li>\n<li>Nel 2000, la Conferenza Episcopale Slovena proclam\u00f2 la basilica di Maria Ausiliatrice a Brezje come Santuario Nazionale Mariano della Slovenia.<\/li>\n<li>Nel 2007, si celebr\u00f2 solenemente il centenario dell&#8217;incoronazione dell&#8217;immagine di Maria Ausiliatrice, e fu sistemato uno spazio per le Messe all&#8217;aperto.<\/li>\n<li>Nel 2010, Maria Ausiliatrice pellegrin\u00f2 al Congresso Eucaristico Sloveno a Celje.<\/li>\n<\/ul>\n\t\t\t\t\t\t\t\t<\/div>\n\t\t\t\t<\/div>\n\t\t\t\t<\/div>\n\t\t<div class=\"elementor-element elementor-element-43354b8 e-con-full e-flex e-con e-child\" data-id=\"43354b8\" data-element_type=\"container\" data-e-type=\"container\" data-settings=\"{&quot;background_background&quot;:&quot;classic&quot;,&quot;jet_parallax_layout_list&quot;:[]}\">\n\t\t\t\t<div class=\"elementor-element elementor-element-c7c3fcf e-transform e-transform elementor-widget elementor-widget-heading\" data-id=\"c7c3fcf\" data-element_type=\"widget\" data-e-type=\"widget\" id=\"vertical-h\" data-settings=\"{&quot;_transform_rotateZ_effect&quot;:{&quot;unit&quot;:&quot;px&quot;,&quot;size&quot;:-90,&quot;sizes&quot;:[]},&quot;_transform_translateX_effect&quot;:{&quot;unit&quot;:&quot;px&quot;,&quot;size&quot;:-393,&quot;sizes&quot;:[]},&quot;_transform_translateX_effect_laptop&quot;:{&quot;unit&quot;:&quot;px&quot;,&quot;size&quot;:-357,&quot;sizes&quot;:[]},&quot;_transform_translateX_effect_tablet&quot;:{&quot;unit&quot;:&quot;%&quot;,&quot;size&quot;:0,&quot;sizes&quot;:[]},&quot;_transform_translateX_effect_mobile&quot;:{&quot;unit&quot;:&quot;%&quot;,&quot;size&quot;:0,&quot;sizes&quot;:[]},&quot;_transform_rotateZ_effect_mobile&quot;:{&quot;unit&quot;:&quot;deg&quot;,&quot;size&quot;:0,&quot;sizes&quot;:[]},&quot;_transform_rotateZ_effect_tablet&quot;:{&quot;unit&quot;:&quot;deg&quot;,&quot;size&quot;:0,&quot;sizes&quot;:[]},&quot;_transform_rotateZ_effect_laptop&quot;:{&quot;unit&quot;:&quot;deg&quot;,&quot;size&quot;:&quot;&quot;,&quot;sizes&quot;:[]},&quot;_transform_translateY_effect&quot;:{&quot;unit&quot;:&quot;px&quot;,&quot;size&quot;:&quot;&quot;,&quot;sizes&quot;:[]},&quot;_transform_translateY_effect_laptop&quot;:{&quot;unit&quot;:&quot;px&quot;,&quot;size&quot;:&quot;&quot;,&quot;sizes&quot;:[]},&quot;_transform_translateY_effect_tablet&quot;:{&quot;unit&quot;:&quot;px&quot;,&quot;size&quot;:&quot;&quot;,&quot;sizes&quot;:[]},&quot;_transform_translateY_effect_mobile&quot;:{&quot;unit&quot;:&quot;px&quot;,&quot;size&quot;:&quot;&quot;,&quot;sizes&quot;:[]}}\" data-widget_type=\"heading.default\">\n\t\t\t\t<div class=\"elementor-widget-container\">\n\t\t\t\t\t<h2 class=\"elementor-heading-title elementor-size-default\">Bre\u017eje Santuario Mariano: Breve Storia<\/h2>\t\t\t\t<\/div>\n\t\t\t\t<\/div>\n\t\t\t\t<\/div>\n\t\t\t\t<\/div>\n\t\t<div class=\"elementor-element elementor-element-99dc932 e-con-full e-flex e-con e-child\" data-id=\"99dc932\" data-element_type=\"container\" data-e-type=\"container\" data-settings=\"{&quot;jet_parallax_layout_list&quot;:[]}\">\n\t\t<div class=\"elementor-element elementor-element-5d37f8a e-con-full e-flex e-con e-child\" data-id=\"5d37f8a\" data-element_type=\"container\" data-e-type=\"container\" data-settings=\"{&quot;background_background&quot;:&quot;classic&quot;,&quot;jet_parallax_layout_list&quot;:[]}\">\n\t\t\t\t<div class=\"elementor-element elementor-element-f23b8c6 e-transform e-transform elementor-widget__width-inherit elementor-widget elementor-widget-heading\" data-id=\"f23b8c6\" data-element_type=\"widget\" data-e-type=\"widget\" id=\"vertical-h\" data-settings=\"{&quot;_transform_rotateZ_effect&quot;:{&quot;unit&quot;:&quot;px&quot;,&quot;size&quot;:-90,&quot;sizes&quot;:[]},&quot;_transform_translateX_effect&quot;:{&quot;unit&quot;:&quot;px&quot;,&quot;size&quot;:-416,&quot;sizes&quot;:[]},&quot;_transform_translateX_effect_laptop&quot;:{&quot;unit&quot;:&quot;px&quot;,&quot;size&quot;:-378,&quot;sizes&quot;:[]},&quot;_transform_translateX_effect_tablet&quot;:{&quot;unit&quot;:&quot;%&quot;,&quot;size&quot;:0,&quot;sizes&quot;:[]},&quot;_transform_translateX_effect_mobile&quot;:{&quot;unit&quot;:&quot;%&quot;,&quot;size&quot;:0,&quot;sizes&quot;:[]},&quot;_transform_rotateZ_effect_mobile&quot;:{&quot;unit&quot;:&quot;deg&quot;,&quot;size&quot;:0,&quot;sizes&quot;:[]},&quot;_transform_rotateZ_effect_tablet&quot;:{&quot;unit&quot;:&quot;deg&quot;,&quot;size&quot;:0,&quot;sizes&quot;:[]},&quot;_transform_rotateZ_effect_laptop&quot;:{&quot;unit&quot;:&quot;deg&quot;,&quot;size&quot;:&quot;&quot;,&quot;sizes&quot;:[]},&quot;_transform_translateY_effect&quot;:{&quot;unit&quot;:&quot;px&quot;,&quot;size&quot;:&quot;&quot;,&quot;sizes&quot;:[]},&quot;_transform_translateY_effect_laptop&quot;:{&quot;unit&quot;:&quot;px&quot;,&quot;size&quot;:&quot;&quot;,&quot;sizes&quot;:[]},&quot;_transform_translateY_effect_tablet&quot;:{&quot;unit&quot;:&quot;px&quot;,&quot;size&quot;:&quot;&quot;,&quot;sizes&quot;:[]},&quot;_transform_translateY_effect_mobile&quot;:{&quot;unit&quot;:&quot;px&quot;,&quot;size&quot;:&quot;&quot;,&quot;sizes&quot;:[]}}\" data-widget_type=\"heading.default\">\n\t\t\t\t<div class=\"elementor-widget-container\">\n\t\t\t\t\t<h2 class=\"elementor-heading-title elementor-size-default\">Storia del santuario e del cammino di Dio<\/h2>\t\t\t\t<\/div>\n\t\t\t\t<\/div>\n\t\t\t\t<\/div>\n\t\t<div class=\"elementor-element elementor-element-12c90f7 e-con-full e-flex e-con e-child\" data-id=\"12c90f7\" data-element_type=\"container\" data-e-type=\"container\" data-settings=\"{&quot;background_background&quot;:&quot;classic&quot;,&quot;jet_parallax_layout_list&quot;:[]}\">\n\t\t\t\t<div class=\"elementor-element elementor-element-5d65cf4 elementor-widget__width-inherit elementor-widget-mobile__width-inherit elementor-widget elementor-widget-image\" data-id=\"5d65cf4\" data-element_type=\"widget\" data-e-type=\"widget\" data-widget_type=\"image.default\">\n\t\t\t\t<div class=\"elementor-widget-container\">\n\t\t\t\t\t\t\t\t\t\t\t\t\t\t\t<img decoding=\"async\" width=\"2000\" height=\"592\" src=\"https:\/\/marija.si\/wp-content\/uploads\/2024\/12\/zgodovina-svetisca-in-bozje-poti.jpg\" class=\"attachment-full size-full wp-image-4889\" alt=\"\" srcset=\"https:\/\/marija.si\/wp-content\/uploads\/2024\/12\/zgodovina-svetisca-in-bozje-poti.jpg 2000w, https:\/\/marija.si\/wp-content\/uploads\/2024\/12\/zgodovina-svetisca-in-bozje-poti-300x89.jpg 300w, https:\/\/marija.si\/wp-content\/uploads\/2024\/12\/zgodovina-svetisca-in-bozje-poti-1024x303.jpg 1024w, https:\/\/marija.si\/wp-content\/uploads\/2024\/12\/zgodovina-svetisca-in-bozje-poti-768x227.jpg 768w, https:\/\/marija.si\/wp-content\/uploads\/2024\/12\/zgodovina-svetisca-in-bozje-poti-1536x455.jpg 1536w\" sizes=\"(max-width: 2000px) 100vw, 2000px\" \/>\t\t\t\t\t\t\t\t\t\t\t\t\t\t\t<\/div>\n\t\t\t\t<\/div>\n\t\t\t\t<div class=\"elementor-element elementor-element-9bdc48c elementor-widget__width-inherit elementor-widget elementor-widget-heading\" data-id=\"9bdc48c\" data-element_type=\"widget\" data-e-type=\"widget\" data-widget_type=\"heading.default\">\n\t\t\t\t<div class=\"elementor-widget-container\">\n\t\t\t\t\t<h3 class=\"elementor-heading-title elementor-size-default\">Storia del santuario e del cammino di Dio a Brezje, come scritta da p. dr. Metod Benedik OFMCap <\/h3>\t\t\t\t<\/div>\n\t\t\t\t<\/div>\n\t\t\t\t<div class=\"elementor-element elementor-element-9ed68a7 elementor-widget__width-inherit elementor-widget elementor-widget-heading\" data-id=\"9ed68a7\" data-element_type=\"widget\" data-e-type=\"widget\" data-widget_type=\"heading.default\">\n\t\t\t\t<div class=\"elementor-widget-container\">\n\t\t\t\t\t<h3 class=\"elementor-heading-title elementor-size-default\">MADRE DELLA NOSTRA FEDELT\u00c0<\/h3>\t\t\t\t<\/div>\n\t\t\t\t<\/div>\n\t\t\t\t<div class=\"elementor-element elementor-element-bbd3de7 elementor-widget elementor-widget-text-editor\" data-id=\"bbd3de7\" data-element_type=\"widget\" data-e-type=\"widget\" data-widget_type=\"text-editor.default\">\n\t\t\t\t<div class=\"elementor-widget-container\">\n\t\t\t\t\t\t\t\t\t<p>Il popolo sloveno ha accettato la fede cristiana pi\u00f9 di 1200 anni fa. Fin dall&#8217;inizio, la nostra fedelt\u00e0 \u00e8 stata strettamente legata alla devozione sincera verso la Madonna; Maria ha accompagnato il nostro popolo attraverso innumerevoli tempeste di dure prove, la fiducia nella sua protezione e assistenza ha sempre infuso forza nelle anime smarrite, curato le ferite e dato coraggio per ulteriori ricerche e rischi. <\/p>\n<p>L&#8217;apostolo degli Sloveni, vescovo San Modesto, verso l&#8217;anno 760, con l&#8217;aiuto del principe Hotimir, costru\u00ec una chiesa sulle rovine dell&#8217;antica citt\u00e0 romana di Virunum in Carinzia e la consacr\u00f2 a Maria, chiamandola &#8220;Signora Santa&#8221;, convinto che Maria sarebbe stata la miglior aiutante per il giovane popolo cristiano. In quel momento, Maria divenne anche la madre della nostra fedelt\u00e0.  <\/p>\n<p>I monasteri dei monaci benedettini, che hanno diffuso il cristianesimo nelle nostre terre, erano veri e propri centri di devozione mariana. Ben presto, il nostro popolo ricevette le prime chiese di pellegrinaggio dedicate alla Madre di Dio; tra le pi\u00f9 antiche sicuramente spicca il santuario mariano sull&#8217;isola di Bled. <\/p>\n<p>I monaci bianchi, che si stabilirono a Sti\u010dna nel 1136 e che ebbero un grande significato per il nostro popolo sotto il profilo religioso, culturale ed economico, consacrarono la loro chiesa a Maria Addolorata. Nel XIII secolo, nella Gorenjska, divenne molto visitato il santuario mariano a Lescah. Intorno al 1360, i nostri antenati costruirono una chiesa in onore di Maria Madre di Dio sul Monte Vi\u0161arje, al crocevia del mondo slavo, romanico e germanico. Durante le dure prove dovute alla minaccia turca e ad altre calamit\u00e0, sorsero nuovi santuari: Ptujska Gora, \u0160marna Gora, Stara Gora sopra Cividale, Sveta Gora vicino Gorizia e molti altri.   <\/p>\n<p>All&#8217;inizio del secolo scorso, inizi\u00f2 a nascere una nuova via di pellegrinaggio a Brezje, un umile villaggio nella Gorenjska, dove oggi si trova il santuario mariano pi\u00f9 popolare e visitato della Slovenia.<\/p>\n\t\t\t\t\t\t\t\t<\/div>\n\t\t\t\t<\/div>\n\t\t\t\t<div class=\"elementor-element elementor-element-ed7b6fb elementor-widget__width-inherit elementor-widget elementor-widget-heading\" data-id=\"ed7b6fb\" data-element_type=\"widget\" data-e-type=\"widget\" data-widget_type=\"heading.default\">\n\t\t\t\t<div class=\"elementor-widget-container\">\n\t\t\t\t\t<h3 class=\"elementor-heading-title elementor-size-default\">CAMMINO DI DIO<\/h3>\t\t\t\t<\/div>\n\t\t\t\t<\/div>\n\t\t\t\t<div class=\"elementor-element elementor-element-8696dc2 elementor-widget elementor-widget-text-editor\" data-id=\"8696dc2\" data-element_type=\"widget\" data-e-type=\"widget\" data-widget_type=\"text-editor.default\">\n\t\t\t\t<div class=\"elementor-widget-container\">\n\t\t\t\t\t\t\t\t\t<p>Brezje si trovano davvero in una splendida posizione nella meravigliosa e ricca terra slovena. La vista da Brezje, attraverso la pianura della Gorenjska, \u00e8 schermata a ovest dalle foreste oscure di Jelovica. Oltre la Pokljuka, lo sguardo si ferma sul Triglav e sulle montagne circostanti, mentre dal Stol si estende verso Begunj\u0161\u010dica e la vicina Dobr\u010da, passando verso Stor\u017ei\u010d a est e oltre. \u00abQuasi un paradiso, tu, Gorenjska&#8230;\u00bb  <\/p>\n<p>A Brezje si arriva pi\u00f9 facilmente in auto seguendo la strada principale della Gorenjska fino a \u010crnivec \u2013 dove c&#8217;\u00e8 anche la fermata dell&#8217;autobus \u2013 da cui ci sono solo pochi centinaia di metri fino al santuario mariano. Dalla stazione ferroviaria di Oto\u010de \u00e8 a circa 45 minuti a piedi. Non mancano i pellegrini che arrivano a Brezje a piedi, non solo dalla vicinanza, ma anche da distanze pi\u00f9 lontane.  <\/p>\n<p>Il villaggio viene menzionato per la prima volta nell&#8217;11\u00b0 secolo. Faceva parte della parrocchia di Mo\u0161nje, dove gi\u00e0 prima del 1154 sorgeva la chiesa parrocchiale di San Andrea. Brezje, invece, ottenne la sua chiesa di San Vito in seguito; non \u00e8 possibile stabilire con precisione quando, ma almeno nel 15\u00b0 secolo. La chiesa era piuttosto piccola e modestamente arredata. La Messa veniva celebrata a Brezje solo tre volte all&#8217;anno. In quei periodi si radunava un gran numero di persone. Nel 17\u00b0 secolo, fu costruito un riparo davanti all&#8217;ingresso principale della chiesa, con un pulpito in muratura, per consentire alla gente di ascoltare pi\u00f9 facilmente la Parola di Dio e partecipare alla liturgia.           <\/p>\n<p>Circa 200 anni fa, Brezje iniziarono a cambiare il loro aspetto. Intorno al 1772, alla chiesa fu aggiunta la cappella di San Antonio Abate, patrono del bestiame. I lavori di restauro pi\u00f9 significativi furono effettuati tra il 1794 e il 1798. La chiesa fu intonacata di nuovo, fu posato un nuovo pavimento, furono installate nuove panchine, fu rinnovato l&#8217;altare maggiore e fu collocato al suo interno un nuovo dipinto di San Vito, opera dell&#8217;artista Layer di Kranj. Alcuni di questi lavori furono probabilmente diretti dal parroco A\u017ebe.      <\/p>\n<p>Dr. Urban A\u017ebe fu il parroco di Mo\u0161nje, che comprende anche Brezje, dal 1796 al 1819. Era originario di Javorje, nella valle di Poljanska. Studi\u00f2 teologia a Innsbruck, dove consegu\u00ec anche il dottorato. In questa citt\u00e0 tirolese conobbe e si innamor\u00f2 dell&#8217;immagine di Maria Ausiliatrice, dipinta dal pittore tedesco Lucas Cranach, che era molto venerata dalla gente. Riproduzioni di questa immagine venivano messe in molte chiese di campagna.<br \/>A\u017ebe si impregn\u00f2 dello spirito cattolico autentico del Tirolo, ben diverso dal freddo jansenismo che allora predominava tra il clero sloveno. I jansenisti erano molto severi nell&#8217;amministrare i sacramenti, non tolleravano la devozione popolare, le confraternite e i pellegrinaggi, e si adattavano bene alla mentalit\u00e0 che ispir\u00f2 le grandi riforme giuseppine. L&#8217;immagine di Maria dalla Svetogora dovette essere trasferita a Solkan, mentre quella di Vi\u0161arje a \u017dabnice.       <\/p>\n<p>Dopo il suo ritorno in patria, A\u017ebe cerc\u00f2 di agire secondo un autentico spirito cristiano. Nel 1800, aggiunse una cappella sul lato sud della chiesa; questa \u00e8 confermata anche dall&#8217;iscrizione sulla parete dietro l&#8217;altare, che \u00e8 rimasta visibile fino al 1954, quando fu demolita la vecchia cappella. In questa cappella, i residenti locali contribuirono generosamente alla sua costruzione, e A\u017ebe vi colloc\u00f2 l&#8217;immagine di Maria Ausiliatrice.  <\/p>\n<p>La tradizione popolare afferma che A\u017ebe stesso possedesse un&#8217;immagine di Maria Ausiliatrice. Cosa spinse A\u017ebe a costruire la cappella di Maria Ausiliatrice? Probabilmente il desiderio di poter venerare anche a casa l&#8217;immagine di Maria, che era cos\u00ec popolare in Tirolo. Forse riteneva che ci\u00f2 fosse ancora pi\u00f9 necessario, visto che i francesi avevano gi\u00e0 occupato i nostri territori nel 1797 per un breve periodo. Si dice che la gente si rifugiasse in Maria Ausiliatrice nei momenti di difficolt\u00e0. Grazie al lavoro del buon e attento parroco A\u017ebe, inizi\u00f2 umilmente e quasi inosservata la via di pellegrinaggio a Brezje.     <\/p>\n<p>I francesi occuparono la Slovenia tre volte. La prima volta giunsero nel marzo del 1797. La gente temeva loro; molti dei pi\u00f9 benestanti fuggirono, mentre altri cercarono di nascondere i loro beni. Tuttavia, i francesi furono relativamente tolleranti in quel periodo e dopo un mese se ne andarono. La seconda occupazione avvenne nel 1805. Questa volta, i francesi governarono con autorit\u00e0 e spavalderia, superandosi l&#8217;uno con l&#8217;altro in avidit\u00e0 e cupidigia.     <\/p>\n<p>La terza occupazione dur\u00f2 dal maggio 1809 fino all&#8217;ottobre 1813. Le alte imposte richieste da Napoleone per mantenere il suo esercito pesavano gravemente sulla popolazione. La carenza diventava sempre pi\u00f9 drammatica, e in molte zone si verificarono veri e propri sommossa. \u00c8 comprensibile che durante l&#8217;occupazione francese la gente si rifugiasse volentieri in Maria Ausiliatrice a Brezje.    <\/p>\n<p>Nel 1811, il parroco A\u017ebe scrisse una lettera al suo amico Francesco Julianini, raccontando: \u00abNei tempi difficili sotto il giogo francese, quando il popolo era ridotto alla miseria, ha scelto Maria Ausiliatrice nella parrocchia di Mo\u0161nje. Durante tutto il tempo di Quaresima, persone provenienti dalle parrocchie circostanti venivano da lei cos\u00ec frequentemente e in cos\u00ec grandi folla, che fino a cinque sacerdoti stranieri celebravano la Messa. Il marted\u00ec santo, il 2 aprile, arrivarono quattro processioni, guidate dai loro sacerdoti. C&#8217;era cos\u00ec tanta gente che neanche met\u00e0 riusc\u00ec a entrare in chiesa e le panche si ruppero.\u00bb    <\/p>\n<p>Gi\u00e0 nei primi anni, da quando fu costruita la cappella di Maria, Brezje divenne un rifugio per molti nei momenti di grande difficolt\u00e0.<\/p>\n<p>La durezza dell&#8217;occupazione francese fu fortemente avvertita dalla famiglia di Leopoldo Layer, pittore di Kranj. La famiglia Layer si era trasferita da Tirolo a Kranj all&#8217;inizio del 18\u00b0 secolo. Il padre di Leopoldo, Marko, gestiva un laboratorio di pittura. I suoi figli, a causa delle modeste condizioni economiche, non potevano permettersi una formazione accademica, e dovevano fare affidamento soprattutto sul proprio talento e impegno. Leopoldo divenne presto conosciuto come un pittore di straordinario talento e laboriosit\u00e0, e difficilmente gli mancava il lavoro. Ma dopo il 1809, quando i francesi tornarono a occupare i nostri territori, gli ordini pittorici cessarono e la famiglia Layer inizi\u00f2 a falsificare denaro cartaceo e a distribuirlo tra la gente. Le autorit\u00e0 li scoprirono nel giugno del 1813; Leopoldo e il fratello Valentino furono arrestati. Valentino mor\u00ec presto in carcere, mentre Leopoldo fu condannato a cinque anni di prigione. Nella grave difficolt\u00e0, Leopoldo fece un voto, promettendo di dipingere la cappella di Maria Ausiliatrice a Brezje se fosse stato liberato. Quando i francesi lasciarono il paese nell&#8217;autunno del 1813, Leopoldo fu rapidamente rilasciato e, l&#8217;anno successivo, mantenne la sua promessa, dipingendo la cappella di Maria Ausiliatrice. Secondo la tradizione, nello stesso anno dipinse anche l&#8217;attuale immagine miracolosa di Maria Ausiliatrice.            <\/p>\n<p>Al centro del fresco nella volta, Leopoldo Layer posizion\u00f2 Cristo, che tiene nella mano destra la croce e nella sinistra delle frecce affilate. Davanti a lui sta sua Madre, che lo supplica dicendo: &#8220;Christe, eleison&#8221; (Cristo, abbi piet\u00e0), e sopra la sua testa c&#8217;\u00e8 scritto in Bohori\u010d il suo nome: &#8220;Pomozh kershtenikov&#8221; (Aiuto dei cristiani). Intorno a Cristo c&#8217;\u00e8 una moltitudine di persone che chiedono aiuto.  <\/p>\n<p>Nei medaglioni dipinse San Vito, San Antonio Abate, San Cosma e San Damiano, e l&#8217;Assunzione di Maria. Sulla parte interna dell&#8217;arco d&#8217;ingresso era scritto in latino: &#8220;Dipinto da Leopold Layer nel 1814 per voto&#8221;. Purtroppo, gli affreschi di Layer sbiadirono a tal punto che non fu pi\u00f9 possibile salvarli. Durante il restauro della cappella nel 1954, dovettero essere rimossi.      <\/p>\n<p>Cosa sia successo a Brezje dal momento della partenza dei francesi fino al 1863, quando accaddero eventi straordinari, ci \u00e8 noto solo in parte. Alcuni dati suggeriscono che la gente continu\u00f2 a visitare Maria Ausiliatrice, e la via di pellegrinaggio si intensific\u00f2 ulteriormente quando la notizia di alcune guarigioni miracolose cominci\u00f2 a diffondersi. Infatti, quell&#8217;anno, tre persone malate incurabili furono guarite. Eventi simili si ripeterono con intervalli maggiori o minori. Le sempre pi\u00f9 numerose folle di pellegrini portarono la comunit\u00e0 di Brezje a pensare di istituire un proprio clero e di elevare ufficialmente la chiesa a santuario mariano. Il resoconto del parroco di Mo\u0161nje, Janez Novak, nel 1875, afferma quanto segue: \u00abA Brezje c&#8217;\u00e8 l&#8217;immagine miracolosa di Maria Ausiliatrice, e ogni pellegrino deve confermare le parole di San Bernardo: &#8220;Non \u00e8 mai stato sentito che tu abbia abbandonato chi si \u00e8 rifugiato sotto la tua protezione, ti ha chiesto aiuto e si \u00e8 raccomandato alla tua intercessione.&#8221;\u00bb      <\/p>\n<p>Questo \u00e8 confermato dai pellegrini di tutta la Carinzia, Stiria, Carinzia, Gorizia, Croazia, Trieste e Istria. Ogni luned\u00ec ci sono moltissimi pellegrini, e anche durante la settimana ce ne sono sempre abbastanza, tanto che si pu\u00f2 dire: Brezje, anche se fino a quel momento era solo una piccola chiesa, anche se non c&#8217;era un servizio liturgico evidente la domenica e nelle festivit\u00e0 della Madre di Dio, \u00e8 ora il santuario mariano pi\u00f9 visitato in Slovenia. <\/p>\n<p>La voce di Brezje si diffuse oltre i confini della patria slovena. Nel settembre 1876, il vescovo di Graz, Zwerger, visit\u00f2 il santuario. In quel periodo, c&#8217;erano cos\u00ec tanti pellegrini a Brezje che la chiesa di San Vito risultava troppo piccola per tutti; molti dovettero restare fuori. Al momento della sua partenza, il vescovo sugger\u00ec l&#8217;idea di costruire una nuova chiesa sopra la cappella della Madre di Dio. In questo modo sarebbe stato possibile creare un santuario abbastanza spazioso pur mantenendo intatta la semplice cappella con l&#8217;immagine miracolosa.<br \/>Il parroco Franz Kumer, originario di Kranj, si assunse con coraggio la responsabilit\u00e0 dei lavori: prima si occup\u00f2 di un ministero spirituale regolare per i pellegrini di Brezje, ma pens\u00f2 anche costantemente \u2013 come documentato nei suoi rapporti annuali alla diocesi \u2013 alla costruzione di una nuova chiesa. Alla fine si rivolse all&#8217;architetto Robert Mikovitz di Graz per progettare i piani. Nel 1889, Kumer descrisse le condizioni di Brezje nella sua memoriale alla diocesi e spieg\u00f2 i piani per la nuova chiesa. Il 20 ottobre dello stesso anno, il vescovo di Lubiana, dr. Jakob Missia, benedisse e pos\u00f2 la prima pietra.<br \/>La costruzione della chiesa, che si prolung\u00f2, fu guidata dall&#8217;architetto Franz Faleschini. La chiesa fu consacrata con grande solennit\u00e0 il 7 ottobre 1900, domenica di Rosario, dal vescovo cardinale Missia, allora arcivescovo di Gorizia. Erano presenti anche il vescovo di Lubiana, dr. A. B. Jegli\u010d, e il vescovo sloveno di St. Claud in America, Jakob Trobec.<\/p>\n<p>Contemporaneamente, si consolid\u00f2 l&#8217;idea di costruire un convento per i francescani accanto alla chiesa, in modo che il santuario mariano avesse custodi permanenti e i pellegrini potessero sempre avere a disposizione sufficiente accesso alla confessione. Nel 1897 iniziarono i lavori di costruzione del convento, e l&#8217;anno successivo, il vescovo Jegli\u010d lo benedisse e lo affid\u00f2 ai francescani, stabilendo che sarebbero stati loro i custodi della chiesa del pellegrinaggio, che da quel momento non sarebbe pi\u00f9 stata una succursale della parrocchia di Mo\u0161nje, ma direttamente sottoposta all&#8217;ordinariato di Lubiana. Successivamente, i francescani presero anche alcune responsabilit\u00e0 spirituali nella parrocchia di Mo\u0161nje, e dal 1951 ne sono diventati i responsabili.  <\/p>\n\t\t\t\t\t\t\t\t<\/div>\n\t\t\t\t<\/div>\n\t\t\t\t<div class=\"elementor-element elementor-element-d92c4f8 elementor-widget__width-inherit elementor-widget elementor-widget-heading\" data-id=\"d92c4f8\" data-element_type=\"widget\" data-e-type=\"widget\" data-widget_type=\"heading.default\">\n\t\t\t\t<div class=\"elementor-widget-container\">\n\t\t\t\t\t<h3 class=\"elementor-heading-title elementor-size-default\">CHIESA<\/h3>\t\t\t\t<\/div>\n\t\t\t\t<\/div>\n\t\t\t\t<div class=\"elementor-element elementor-element-ff20183 elementor-widget elementor-widget-text-editor\" data-id=\"ff20183\" data-element_type=\"widget\" data-e-type=\"widget\" data-widget_type=\"text-editor.default\">\n\t\t\t\t<div class=\"elementor-widget-container\">\n\t\t\t\t\t\t\t\t\t<p>L&#8217;edificio neorinascimentale suscita un&#8217;impressione di maestosit\u00e0. \u00c8 lungo 39 metri, largo 19 metri e alto 17 metri. Sulla facciata, tra due colonne semicircolari di marmo rosso, ci sono porte a due ante realizzate secondo il progetto di Janez Vurnik. Sulla porta destra sono scolpite, dal basso verso l&#8217;alto, le immagini dei profeti che preannunciarono la nascita di Maria: Mos\u00e8, Davide e Isaia. Sulla porta sinistra sono raffigurati i simboli di Maria: Sara, Rahele e Giuditta. Sopra la cornice della porta principale c&#8217;\u00e8 un rilievo in marmo di Maria Ausiliatrice. A sinistra del rilievo ci sono gli angeli Raffaele e Gabriele, mentre a destra c&#8217;\u00e8 una donna sul letto di malattia, che, insieme ai suoi familiari, supplica Maria Ausiliatrice per la guarigione. Il campo sopra la porta principale \u00e8 riccamente decorato con simboli mosaici, ornamenti e scritte. Sopra il rilievo di Maria Ausiliatrice, brilla un&#8217;iscrizione ovale che recita &#8220;Porta Celeste&#8221;; ai lati ci sono due medaglioni con fiori dai colori vivaci. Sopra tutto ci\u00f2 si trova una larga fascia con il motto: &#8220;Per Maria verso Ges\u00f9&#8221;. Su quattro sporgenze di pietra ci sono gli invocazioni tratte dalle litanie lauretaniche: Vergine Vergine, Vergine fedele, Madre di Dio, Casa d&#8217;Oro.<\/p>\n<p>La rosetta sulla facciata \u00e8 suddivisa in otto campi, decorata con gigli bianchi e dorati realizzati in mosaico. Attorno ad essa ci sono quattro decorazioni a forma di lanterne. Ai lati della rosetta, in un bellissimo mosaico, si trova il monogramma di Maria. Sopra la rosetta si estende una larga fascia dorata e rosso-blu, mentre sotto il timpano, in una nicchia, brilla una croce finemente realizzata; ai lati della croce ci sono i monogrammi di Cristo. Sopra la porta laterale sud, secondo il progetto del prof. Vurnik, \u00e8 stato realizzato un finestrone artificiale, con le bordi delle finestre decorati in mosaico. Sopra la finestra \u00e8 incisa la data 1965, che indica che l&#8217;esterno della chiesa \u00e8 stato rinnovato in occasione del trentesimo anniversario del Congresso Eucaristico di Lubiana. Sotto, c&#8217;\u00e8 un medaglione con l&#8217;iscrizione: &#8220;Madre della Misericordia&#8221;. In questa finestra c&#8217;\u00e8 una scultura a mezzo busto di Maria con il Bambino, opera dello scultore Kalina, che un tempo si trovava nel parco vicino alla stazione ferroviaria di Oto\u010de, salutando i pellegrini in arrivo e in partenza. Un po&#8217; pi\u00f9 in basso, nei mosaici a sinistra e a destra, sono raffigurati gli apostoli slavi, i santi fratelli Cirillo e Metodio, patroni dell&#8217;arcidiocesi di Lubiana. Nel cortile tra la chiesa e il convento, in occasione del sessantesimo anniversario dell&#8217;incoronazione dell&#8217;immagine di Maria Ausiliatrice (1967), \u00e8 stata costruita una cappella in onore di San Francesco d&#8217;Assisi, in stile casa montana slovena, secondo i progetti di Vurnik.<\/p>\n<p>Il dipinto dell&#8217;altare, opera del pittore accademico Lojze Perk, \u00e8 inserito in una cornice di bronzo, nella quale si trovava l&#8217;immagine di Maria Ausiliatrice nella cattedrale di Lubiana durante la Seconda Guerra Mondiale. L&#8217;altare \u00e8 stato consacrato alla vigilia del giubileo dall&#8217;arcivescovo di Lubiana, dr. Jo\u017eef Poga\u010dnik. Con questa consacrazione, Brezje ha ottenuto un altro spazio liturgico, dove i fedeli possono partecipare alla Messa, fare confessione e ricevere l&#8217;Eucaristia, quando a causa della grande affluenza non possono entrare nella chiesa. Il cortile \u00e8 decorato con mosaici: a destra c&#8217;\u00e8 lo stemma francescano, a sinistra l&#8217;iscrizione: &#8220;Signore, fa&#8217; che io sia uno strumento della tua pace&#8221;, e nei piccoli medaglioni ci sono sette iscrizioni tratte dalla Cantica delle creature di San Francesco. Tutti i mosaici sono stati realizzati dalle suore scolastiche di Radovljica secondo i progetti del prof. Vurnik.     <\/p>\n<p>Il campanile, costruito in pietra tagliata, \u00e8 alto 53 metri; inizialmente vi suonavano quattro campane. Le tre campane maggiori furono portate via dalla Prima Guerra Mondiale e furono temporaneamente sostituite da campane in acciaio, fino a quando nel 1932 la chiesa non ricevette nuovamente campane in bronzo. Durante l&#8217;occupazione tedesca, i campanili di Brezje furono di nuovo in pericolo. Questa volta fu Franz Jenko, un maestro organaro, a salvare le campane.   <\/p>\n<p>L&#8217;interno della chiesa d\u00e0 l&#8217;impressione di un&#8217;unica costruzione rinascimentale. Sopra il bianco altare maggiore \u2013 il presbiterio stesso \u00e8 stato recentemente ristrutturato con un nuovo altare, rivolto verso i fedeli, in conformit\u00e0 con il rinnovato rito liturgico \u2013 c&#8217;\u00e8 il dipinto in mosaico di San Vito, che rimane il patrono della chiesa.  <\/p>\n<p>Il altare maggiore e tutti i tre altari laterali sono opere di artisti sloveni; Janez Vurnik ha costruito l&#8217;altare maggiore e i primi due altari laterali. Quello di sinistra \u00e8 dedicato a San Antonio di Padova, quello di destra a San Antonio Abate. Le pitture altarpiece sono opere del pittore Ivan Grohar (1867-1911). L&#8217;altare del Cuore di Ges\u00f9 \u00e8 stato realizzato dal successore di Vurnik, Jo\u017ee Pavlin di Radovljica; fu installato nel 1912 e il dipinto dell&#8217;altare fu fatto da Ivan Vavpoti\u010d (1877-1943). Anche le statue: San Francesco e Santa Chiara sull&#8217;altare maggiore, San Giovanni e San Ludovico sull&#8217;altare di San Antonio di Padova, San Isidoro e Santa Agnese sull&#8217;altare di San Antonio Abate, San Giovanni Capistrano e San Pasquale sull&#8217;altare del Cuore di Ges\u00f9 furono scolpite da Pavlin. Meritano attenzione anche la Via Crucis, le finestre colorate, opera dei famosi vetrai tirolesi, il pulpito, anch&#8217;esso realizzato da Pavlin, e gli organi. I primi organi Mauracher avevano solo 14 registri e si trovavano in un piccolo coro sopra la porta che conduce alla sacrestia. Questo \u00e8 ricordato da un rilievo intagliato nella vecchia grata del coro, che mostra la Notte di Natale con il presepe e un coro di angeli che cantano: &#8220;Gloria a Dio nel pi\u00f9 alto dei cieli e pace in terra agli uomini di buona volont\u00e0.&#8221; I nuovi organi, con 32 registri, furono realizzati nel 1911 da Derni\u010d di Lancovo presso Radovljica e installati nel coro sopra l&#8217;ingresso principale. Il nostro pi\u00f9 grande maestro organaro, Franc Jenko, dopo la Seconda Guerra Mondiale, modernizz\u00f2 gli organi, passando dal sistema meccanico a quello pneumatico, e aument\u00f2 il numero dei registri a 47.<\/p>\n<p>La cappella di Maria Ausiliatrice \u00e8 senza dubbio il centro del santuario di Brezje. Quando fu costruita la chiesa attuale, la cappella originaria fu lasciata intatta nel suo posto. Per proteggerla adeguatamente, sopra di essa fu costruita una seconda cappella con cupola. Sul vecchio altare, il cui autore \u00e8 sconosciuto, accanto all&#8217;immagine miracolosa di Maria Ausiliatrice, c&#8217;erano anche le statue dei genitori di Maria, San Gioacchino e Santa Anna, e di San Valentino e San Rocco. Il soffitto fu affrescato, come detto, dal maestro Layer nel 1814. Col tempo, gli affreschi sbiadirono, l&#8217;altare si deterior\u00f2 e si rese necessaria una ristrutturazione della cappella e dell&#8217;altare.         <\/p>\n<p>Secondo i progetti dell&#8217;architetto Janko Omahna, la cappella fu ristrutturata nel 1954. La nuova cappella ha le stesse dimensioni della precedente, mantenendo la sua semplicit\u00e0 e l&#8217;atmosfera familiare. Il pavimento della cappella \u00e8 realizzato in granito bosniaco lucidato, estremamente resistente. Le pareti sono rivestite in marmo istriano di colore giallognolo. Negli angoli sono collocate le statue dorate dell&#8217;altare precedente: San Gioacchino, Santa Anna, San Valentino e San Rocco. Il soffitto \u00e8 pi\u00f9 alto di un metro rispetto al precedente ed \u00e8 dorato.         <\/p>\n<p>L&#8217;altare, piccolo come quello precedente, \u00e8 realizzato in marmo bianco di Carrara, sorretto da quattro colonne. Accanto a esso ci sono due colonne sottili, su cui poggiano lampade a forma di monstranza. Le lettere trasparenti sulla sinistra formano la scritta: &#8220;Maria, consolatrice degli afflitti&#8221;, mentre a destra: &#8220;Maria, salute degli ammalati&#8221;. Sull&#8217;tabernacolo dorato pende un grappolo d&#8217;uva con bacche di rubini scintillanti, simboleggiando la vigna di Cristo. Sopra il tabernacolo, c&#8217;\u00e8 l&#8217;immagine miracolosa di Maria Ausiliatrice, circondata da una cornice metallica dorata, decorata con diversi pietre naturali raccolte in tutta la Slovenia.    <\/p>\n<p>Il nuovo altare \u00e8 stato consacrato dal vescovo di Lubiana, Vovk, il giorno della festa dell&#8217;Immacolata Concezione nel 1954. Questo ci \u00e8 confermato anche dalla scritta latina incisa nel solido supporto dell&#8217;altare, che recita: &#8220;Il magnifico altare \u00e8 stato consacrato alla misericordiosa Regina dal vescovo di Lubiana, Anton Ribi\u010dev.&#8221; <\/p>\n\t\t\t\t\t\t\t\t<\/div>\n\t\t\t\t<\/div>\n\t\t\t\t<div class=\"elementor-element elementor-element-d80290d elementor-widget__width-inherit elementor-widget elementor-widget-heading\" data-id=\"d80290d\" data-element_type=\"widget\" data-e-type=\"widget\" data-widget_type=\"heading.default\">\n\t\t\t\t<div class=\"elementor-widget-container\">\n\t\t\t\t\t<h3 class=\"elementor-heading-title elementor-size-default\">GIOUBILEI E RADUNI<\/h3>\t\t\t\t<\/div>\n\t\t\t\t<\/div>\n\t\t\t\t<div class=\"elementor-element elementor-element-04dea93 elementor-widget elementor-widget-text-editor\" data-id=\"04dea93\" data-element_type=\"widget\" data-e-type=\"widget\" data-widget_type=\"text-editor.default\">\n\t\t\t\t<div class=\"elementor-widget-container\">\n\t\t\t\t\t\t\t\t\t<p>Il popolo fedele ha celebrato numerose cerimonie sotto la protezione di Maria. Con affetto ne ricorda questi momenti e, durante i giubilei, esprime a Maria la sua gratitudine e la onora, cos\u00ec come spesso si raccomanda a lei durante i raduni speciali. Almeno alcuni di questi meriterebbero di essere ricordati.  <\/p>\n<p>Nel 1957, il nostro popolo celebr\u00f2 solennemente il giubileo d&#8217;oro dell&#8217;incoronazione di Maria Ausiliatrice. I pellegrini iniziarono ad arrivare gi\u00e0 il sabato, con treni, carri, biciclette e anche a piedi, e molti passarono tutta la notte accanto alla loro Madre. Pi\u00f9 di 20.000 persone si radunarono. La cerimonia principale fu presieduta dal vescovo locale Anton Vovk, e furono presenti anche l&#8217;arcivescovo di Zagabria, dr. Franjo \u0160eper, il vescovo di Banja Luka, dr. Dragutin \u010celik, il vescovo di Maribor, dr. Maksimilijan Dr\u017ee\u010dnik, e il vescovo uniate di Kri\u017eevci, dr. Gabrijel Bukatko. La cerimonia dimostr\u00f2 quanto il nostro popolo sia sempre vicino a Maria, quanto la ami e la rispetti come sua Madre.    <\/p>\n<p>In memoria del Congresso Eucaristico di Lubiana del 1935, il 5 settembre 1965, domenica degli angeli, fu celebrata la solenne commemorazione del 30\u00b0 anniversario di questa magnifica manifestazione religiosa. Si potrebbe quasi dire che fu una piccola replica del Congresso Eucaristico!   <\/p>\n<p>Ci\u00f2 che Ljubljana fu 30 anni fa, ora Brezje lo sono diventati. La processione eucaristica serale, con le lanterne, che si snodava per un percorso di un chilometro, \u00e8 stata un&#8217;esperienza straordinaria per tutti coloro che vi hanno partecipato. Alla processione segu\u00ec l&#8217;adorazione del Signore sotto la forma del pane, che si concluse con la messa di mezzanotte. La messa eucaristica principale per la celebrazione del giubileo fu celebrata alle nove dal proposto della cattedrale, dr. Stanislav Leni\u010d, a nome dell&#8217;arcivescovo assente.   <\/p>\n<p>Una celebrazione unica e significativa fu il giubileo delle perle dell&#8217;incoronazione di Maria di Brezje che si svolse nella domenica degli angeli, il 3 settembre 1967. Ancora una volta, Maria fu onorata da oltre 25.000 pellegrini, tra cui alcuni che, 60 anni prima, da bambini avevano partecipato all&#8217;incoronazione stessa (francescani p. Metod Valjavec, p. Bogdan Markelj, g. Rok Knafelj e altri). Le cerimonie furono presiedute, in intervalli, da tutti e tre gli ordinari sloveni. Un significato particolare fu dato a questa celebrazione da un evento storico: durante la messa principale del giubileo, l&#8217;arcivescovo di Lubiana, dr. Jo\u017eef Poga\u010dnik, recit\u00f2 per la prima volta la preghiera eucaristica con le parole di consacrazione in lingua slovena, nella lingua del popolo vivente, proprio come fecero i santi fratelli Cirillo e Metodio 1100 anni fa.    <\/p>\n<p>Nel 1969, iniziarono a Brezje raduni speciali destinati principalmente ai malati. Il 23 aprile, l&#8217;arcivescovo dr. Jo\u017eef Poga\u010dnik celebr\u00f2 una messa solenne con la partecipazione di sette sacerdoti d&#8217;oro per i malati della decana di Kranj, pronunciando parole di incoraggiamento e benedicendoli. Il 19 agosto, l&#8217;amministrazione del giornale Ognji\u0161\u010de organizz\u00f2 per la prima volta il tradizionale pellegrinaggio dei malati a Brezje. Con autobus, furgoni e auto private, furono trasportati disabili e malati. I pellegrini portavano distintivi per facilitare la loro sistemazione in chiesa. Sei sacerdoti, insieme al vescovo di Capodistria, dr. Janez Jenko, che guid\u00f2 il pellegrinaggio, si avvicinarono all&#8217;altare. I pellegrini ricevettero l&#8217;Eucaristia direttamente nei loro carrozzini, dopo la messa ci fu la benedizione e del tempo per la preghiera personale. Gi\u00e0 in quella prima occasione, i malati si erano radunati da \u0160entilj a Capodistria e da Jesenice a Sevnica.         <\/p>\n<p>Dopo il pellegrinaggio dell&#8217;anno successivo, che \u00e8 stato guidato dal vescovo dr. Stanislav Leni\u010d, una delle partecipanti scrisse:<\/p>\n<p>\u00bbNoi invalidi pensiamo sempre di essere rifiutati e soli, che nessuno pensa a noi. Ora abbiamo capito che ci sono ancora persone che ci ricordano. Siamo molto grati a loro. \u00c8 stata per noi una giornata molto bella, poich\u00e9 i raggi della luce ci sono arrivati da ogni parte. Noi ci ricorderemo di tutti quelli che ci hanno preparato questa bella esperienza, con la preghiera.\u00ab    <\/p>\n\t\t\t\t\t\t\t\t<\/div>\n\t\t\t\t<\/div>\n\t\t\t\t<div class=\"elementor-element elementor-element-661295d elementor-widget__width-inherit elementor-widget elementor-widget-heading\" data-id=\"661295d\" data-element_type=\"widget\" data-e-type=\"widget\" data-widget_type=\"heading.default\">\n\t\t\t\t<div class=\"elementor-widget-container\">\n\t\t\t\t\t<h3 class=\"elementor-heading-title elementor-size-default\">MARIA AUSILIATRICE<\/h3>\t\t\t\t<\/div>\n\t\t\t\t<\/div>\n\t\t\t\t<div class=\"elementor-element elementor-element-94df97e elementor-widget elementor-widget-text-editor\" data-id=\"94df97e\" data-element_type=\"widget\" data-e-type=\"widget\" data-widget_type=\"text-editor.default\">\n\t\t\t\t<div class=\"elementor-widget-container\">\n\t\t\t\t\t\t\t\t\t<p>A Brezje si sono verificati numerosi eventi, ascolti straordinari, guarigioni improvvise che ispirano fiducia nei fedeli per le loro preghiere. Tuttavia, \u00e8 importante notare che la Chiesa non ha ancora preso una posizione ufficiale su tali eventi, e nessuno dei casi straordinari ha ricevuto una conferma ufficiale da parte della Chiesa. Quando si tratta di eventi che le persone considerano miracoli, la Chiesa \u00e8 molto rigorosa, poich\u00e9 desidera escludere tutto ci\u00f2 che potrebbe derivare da squilibrio umano, fanatismo, nervosismo o fantasia malata. Nonostante ci\u00f2, alcuni casi possiedono un grande valore umano. Almeno alcuni di essi meritano di essere ricordati!   <\/p>\n<p>Nel 1863, Marija Tav\u010dar, una giovane di 18 anni proveniente da Begunj, nella regione della Gorenjska, guar\u00ec miracolosamente. La sua malattia era cos\u00ec debilitante che non riusciva pi\u00f9 a muoversi. Rimase a letto per un lungo periodo, e quando inizi\u00f2 a muoversi, la sua condizione non migliorava. Nonostante vari farmaci, la sua salute non migliorava. Il medico Toma\u017e Pirc, che la visit\u00f2 a Tr\u017ei\u010d, le disse chiaramente che come medico non poteva fare pi\u00f9 nulla per aiutarla. Decise quindi di cercare la guarigione presso Maria Ausiliatrice. Fu portata a Brezje, dove, durante la Messa, preg\u00f2 sinceramente Maria affinch\u00e9 potesse tornare a camminare.      <\/p>\n<p>Improvvisamente, sent\u00ec che riusciva a muovere la gamba paralizzata. Si alz\u00f2 e, con grande stupore di tutti i presenti, mise da parte le stampelle. Lo stesso giorno, 22 settembre 1863, torn\u00f2 a casa sana e salva. Visse fino all&#8217;et\u00e0 di 85 anni.    <\/p>\n<p>La guarigione di Marija Tav\u010dar fu raccontata a Marija Mulej di Smoku\u010d, vicino a Radovljica. All&#8217;et\u00e0 di 21 anni, soffriva di forti mal di testa e reumatismo, al punto che a volte non riusciva a mangiare, bere e a parlare per un&#8217;intera settimana. Dopo sette anni di incessanti dolori, la sua malattia progred\u00ec a tal punto che la braccia destra si pieg\u00f2 al gomito, e successivamente i diti della mano sinistra si incurvarono, rendendo impossibile per lei aiutarsi da sola. Nella speranza che Maria potesse avere piet\u00e0 di lei, il 5 ottobre 1863, fu portata a Brezje. Qui chiese a Maria Ausiliatrice di essere guarita almeno abbastanza da poter mangiare e vestirsi da sola. Partecip\u00f2 a tre Messe. Durante l&#8217;elevazione della seconda Messa, le dolori divennero cos\u00ec intensi che svenne e cadde a terra. Lentamente, il suo polso e il gomito si raddrizzarono, diventando pi\u00f9 flessibili. Durante il Vangelo finale della terza Messa, dopo sette anni, riusc\u00ec a fare il segno della croce con la mano destra. Tra le molte persone e i sacerdoti che assistettero a questo miracolo, c&#8217;era anche il giovane A. B. Jegli\u010d, futuro vescovo di Lubiana.            <\/p>\n<p>Sulla parte sinistra della cappella di Maria, ancora oggi \u00e8 appesa, tra molte altre immagini, quella che raffigura un sacerdote che celebra la Messa davanti all&#8217;altare di Maria. Accanto a lui, una malata giace sul letto, circondata dalla sua famiglia in lacrime. La scritta sull&#8217;immagine racconta di una guarigione miracolosa: &#8220;O Maria, sii lodata e benedetta per sempre, perch\u00e9 il 17 dicembre 1864, in questa cappella, hai esaudito la mia preghiera, quando hai mirabilmente guarito mia sorella gravemente ammalata, madre di sette bambini piccoli. Testimoni di questa straordinaria guarigione sono tutti gli abitanti di Dvorska Vas (Dobrepolje) e chiunque abbia visto questa povera malata.<br \/>Martin Ambro\u017ei\u010d, sacerdote.&#8221;     <\/p>\n<p>Con l&#8217;immagine di Maria, che \u00e8 appesa sulla stessa parete della cappella, la domenicana di Brezje, Marija Fin\u017egar, esprime la sua gratitudine per la guarigione che ha ricevuto durante la Messa del 15 agosto 1907. \u00c8 interessante notare che suo figlio Alojzij, con il nome religioso di fratello Jozafat, ha salvato l&#8217;immagine miracolosa durante l&#8217;occupazione nazista nella Seconda Guerra Mondiale e l&#8217;ha portata a Lubiana.  <\/p>\n<p>Anche nei tempi recenti non mancano le grazie straordinarie. A testimoniarlo sono le molte immagini votive, che migliaia di persone hanno portato in segno di gratitudine per le preghiere esaudite. Sono molte le lettere in cui i fedeli ringraziano per il ritorno sicuro dalla prigionia di guerra, dall&#8217;esilio, e per le guarigioni ricevute! Ci sono anche molti altri miracoli che non sono scritti altrove, ma che vivono solo nei cuori dei fedeli grati. La guarigione dell&#8217;anima, che molti ricevono proprio a Brezje, spesso rimane nascosta, ma \u00e8 ancora pi\u00f9 preziosa perch\u00e9 supera i limiti della vita umana terrena.    <\/p>\n\t\t\t\t\t\t\t\t<\/div>\n\t\t\t\t<\/div>\n\t\t\t\t<\/div>\n\t\t\t\t<\/div>\n\t\t\t\t\t<\/div>\n\t\t\t\t<\/div>\n\t\t<div class=\"elementor-element elementor-element-5149e3d6 e-flex e-con-boxed e-con e-parent\" data-id=\"5149e3d6\" data-element_type=\"container\" data-e-type=\"container\" data-settings=\"{&quot;jet_parallax_layout_list&quot;:[]}\">\n\t\t\t\t\t<div class=\"e-con-inner\">\n\t\t<div class=\"elementor-element elementor-element-d284527 e-con-full e-flex e-con e-child\" data-id=\"d284527\" data-element_type=\"container\" data-e-type=\"container\" data-settings=\"{&quot;background_background&quot;:&quot;classic&quot;,&quot;jet_parallax_layout_list&quot;:[]}\">\n\t\t\t\t<div class=\"elementor-element elementor-element-4b8a891 elementor-widget elementor-widget-heading\" data-id=\"4b8a891\" data-element_type=\"widget\" data-e-type=\"widget\" data-widget_type=\"heading.default\">\n\t\t\t\t<div class=\"elementor-widget-container\">\n\t\t\t\t\t<h2 class=\"elementor-heading-title elementor-size-default\">Esplora anche<\/h2>\t\t\t\t<\/div>\n\t\t\t\t<\/div>\n\t\t<div class=\"elementor-element elementor-element-643059f e-con-full e-flex e-con e-child\" data-id=\"643059f\" data-element_type=\"container\" data-e-type=\"container\" data-settings=\"{&quot;jet_parallax_layout_list&quot;:[]}\">\n\t\t\t\t<div class=\"elementor-element elementor-element-6e77128 elementor-widget__width-auto elementor-widget elementor-widget-bdt-advanced-button\" data-id=\"6e77128\" data-element_type=\"widget\" data-e-type=\"widget\" data-widget_type=\"bdt-advanced-button.default\">\n\t\t\t\t<div class=\"elementor-widget-container\">\n\t\t\t\t\t\t\t<div class=\"bdt-ep-button-wrapper\">\n\t\t\t<a href=\"https:\/\/marija.si\/it\/maria-ausiliatrice\/basilica-di-maria-ausiliatrice\/\" class=\"bdt-ep-button bdt-ep-button-effect-a bdt-ep-button-size-md\">\n\t\t\t\t\t\t<div class=\"bdt-ep-button-content-wrapper bdt-flex bdt-flex-middle bdt-flex-center  \" data-text=\"Basilica di Maria Ausiliatrice\">\n\t\t\t\t\t\t\t<div class=\"bdt-ep-button-icon bdt-flex-center bdt-flex-align-right\">\n\t\t\t\t\t<div class=\"bdt-ep-button-icon-inner\">\n\n\t\t\t\t\t\t<i aria-hidden=\"true\" class=\"fa-fw icon icon-right-arrow-1\"><\/i>\n\t\t\t\t\t<\/div>\n\t\t\t\t<\/div>\n\t\t\t\n\t\t\t<div class=\"bdt-ep-button-text\">\n\n\t\t\t\t<span class=\"avdbtn-text\">\n\t\t\t\t\tBasilica di Maria Ausiliatrice\t\t\t\t<\/span>\n\n\t\t\t\t\t\t\t<\/div>\n\n\t\t\t\n\t\t<\/div>\n\t\t\t\t\t<\/a>\n\t\t<\/div>\n\t\t\t\t\t\t<\/div>\n\t\t\t\t<\/div>\n\t\t\t\t<div class=\"elementor-element elementor-element-feaedca elementor-widget__width-auto levo elementor-widget elementor-widget-bdt-advanced-button\" data-id=\"feaedca\" data-element_type=\"widget\" data-e-type=\"widget\" data-widget_type=\"bdt-advanced-button.default\">\n\t\t\t\t<div class=\"elementor-widget-container\">\n\t\t\t\t\t\t\t<div class=\"bdt-ep-button-wrapper\">\n\t\t\t<a href=\"https:\/\/marija.si\/it\/maria-ausiliatrice\/limmagine-miracolosa-di-maria-ausiliatrice\/\" class=\"bdt-ep-button bdt-ep-button-effect-a bdt-ep-button-size-md\">\n\t\t\t\t\t\t<div class=\"bdt-ep-button-content-wrapper bdt-flex bdt-flex-middle bdt-flex-center  \" data-text=\"L\u2019immagine miracolosa di Maria Ausiliatrice\">\n\t\t\t\t\t\t\t<div class=\"bdt-ep-button-icon bdt-flex-center bdt-flex-align-right\">\n\t\t\t\t\t<div class=\"bdt-ep-button-icon-inner\">\n\n\t\t\t\t\t\t<i aria-hidden=\"true\" class=\"fa-fw icon icon-right-arrow-1\"><\/i>\n\t\t\t\t\t<\/div>\n\t\t\t\t<\/div>\n\t\t\t\n\t\t\t<div class=\"bdt-ep-button-text\">\n\n\t\t\t\t<span class=\"avdbtn-text\">\n\t\t\t\t\tL\u2019immagine miracolosa di Maria Ausiliatrice\t\t\t\t<\/span>\n\n\t\t\t\t\t\t\t<\/div>\n\n\t\t\t\n\t\t<\/div>\n\t\t\t\t\t<\/a>\n\t\t<\/div>\n\t\t\t\t\t\t<\/div>\n\t\t\t\t<\/div>\n\t\t\t\t<div class=\"elementor-element elementor-element-9e3ba83 elementor-widget__width-auto levo elementor-widget elementor-widget-bdt-advanced-button\" data-id=\"9e3ba83\" data-element_type=\"widget\" data-e-type=\"widget\" data-widget_type=\"bdt-advanced-button.default\">\n\t\t\t\t<div class=\"elementor-widget-container\">\n\t\t\t\t\t\t\t<div class=\"bdt-ep-button-wrapper\">\n\t\t\t<a href=\"https:\/\/marija.si\/it\/maria-ausiliatrice\/i-dintorni-della-basilica-di-maria-ausiliatrice\/\" class=\"bdt-ep-button bdt-ep-button-effect-a bdt-ep-button-size-md\">\n\t\t\t\t\t\t<div class=\"bdt-ep-button-content-wrapper bdt-flex bdt-flex-middle bdt-flex-center  \" data-text=\" I dintorni della Basilica di Maria Ausiliatrice\">\n\t\t\t\t\t\t\t<div class=\"bdt-ep-button-icon bdt-flex-center bdt-flex-align-right\">\n\t\t\t\t\t<div class=\"bdt-ep-button-icon-inner\">\n\n\t\t\t\t\t\t<i aria-hidden=\"true\" class=\"fa-fw icon icon-right-arrow-1\"><\/i>\n\t\t\t\t\t<\/div>\n\t\t\t\t<\/div>\n\t\t\t\n\t\t\t<div class=\"bdt-ep-button-text\">\n\n\t\t\t\t<span class=\"avdbtn-text\">\n\t\t\t\t\t I dintorni della Basilica di Maria Ausiliatrice\t\t\t\t<\/span>\n\n\t\t\t\t\t\t\t<\/div>\n\n\t\t\t\n\t\t<\/div>\n\t\t\t\t\t<\/a>\n\t\t<\/div>\n\t\t\t\t\t\t<\/div>\n\t\t\t\t<\/div>\n\t\t\t\t<\/div>\n\t\t\t\t<\/div>\n\t\t\t\t\t<\/div>\n\t\t\t\t<\/div>\n\t\t\t\t<\/div>\n\t\t","protected":false},"excerpt":{"rendered":"<p>Nel 1800, il parroco di Mo\u0161nje, dr. Urban A\u017ebe, aggiunse alla chiesa di San Vito una cappella dedicata a Maria Ausiliatrice. Nel 1814, il pittore Leopold Layer di Kranj dipinse la cappella e nello stesso anno realizz\u00f2 l&#8217;immagine miracolosa di Maria Ausiliatrice, ispirata a un modello proveniente da Innsbruck. Nel 1863, a causa di numerose [&hellip;]<\/p>\n","protected":false},"author":1,"featured_media":0,"parent":4965,"menu_order":0,"comment_status":"closed","ping_status":"closed","template":"","meta":{"gallery":"","dateEnd":"","displayOrder":0,"videosArray":[],"audiosArray":[],"othersArray":[],"footnotes":""},"class_list":["post-4888","page","type-page","status-publish","hentry"],"_links":{"self":[{"href":"https:\/\/marija.si\/it\/wp-json\/wp\/v2\/pages\/4888","targetHints":{"allow":["GET"]}}],"collection":[{"href":"https:\/\/marija.si\/it\/wp-json\/wp\/v2\/pages"}],"about":[{"href":"https:\/\/marija.si\/it\/wp-json\/wp\/v2\/types\/page"}],"author":[{"embeddable":true,"href":"https:\/\/marija.si\/it\/wp-json\/wp\/v2\/users\/1"}],"replies":[{"embeddable":true,"href":"https:\/\/marija.si\/it\/wp-json\/wp\/v2\/comments?post=4888"}],"version-history":[{"count":7,"href":"https:\/\/marija.si\/it\/wp-json\/wp\/v2\/pages\/4888\/revisions"}],"predecessor-version":[{"id":5064,"href":"https:\/\/marija.si\/it\/wp-json\/wp\/v2\/pages\/4888\/revisions\/5064"}],"up":[{"embeddable":true,"href":"https:\/\/marija.si\/it\/wp-json\/wp\/v2\/pages\/4965"}],"wp:attachment":[{"href":"https:\/\/marija.si\/it\/wp-json\/wp\/v2\/media?parent=4888"}],"curies":[{"name":"wp","href":"https:\/\/api.w.org\/{rel}","templated":true}]}}