{"id":4500,"date":"2024-11-06T14:06:52","date_gmt":"2024-11-06T13:06:52","guid":{"rendered":"https:\/\/marija.si\/limmagine-miracolosa-di-maria-ausiliatrice\/"},"modified":"2025-03-17T15:15:43","modified_gmt":"2025-03-17T14:15:43","slug":"limmagine-miracolosa-di-maria-ausiliatrice","status":"publish","type":"page","link":"https:\/\/marija.si\/it\/maria-ausiliatrice\/limmagine-miracolosa-di-maria-ausiliatrice\/","title":{"rendered":"L&#8217;immagine miracolosa di Maria Ausiliatrice"},"content":{"rendered":"\t\t<div data-elementor-type=\"wp-page\" data-elementor-id=\"4500\" class=\"elementor elementor-4500 elementor-1216\" data-elementor-settings=\"{&quot;element_pack_global_tooltip_width&quot;:{&quot;unit&quot;:&quot;px&quot;,&quot;size&quot;:&quot;&quot;,&quot;sizes&quot;:[]},&quot;element_pack_global_tooltip_width_laptop&quot;:{&quot;unit&quot;:&quot;px&quot;,&quot;size&quot;:&quot;&quot;,&quot;sizes&quot;:[]},&quot;element_pack_global_tooltip_width_tablet&quot;:{&quot;unit&quot;:&quot;px&quot;,&quot;size&quot;:&quot;&quot;,&quot;sizes&quot;:[]},&quot;element_pack_global_tooltip_width_mobile&quot;:{&quot;unit&quot;:&quot;px&quot;,&quot;size&quot;:&quot;&quot;,&quot;sizes&quot;:[]},&quot;element_pack_global_tooltip_padding&quot;:{&quot;unit&quot;:&quot;px&quot;,&quot;top&quot;:&quot;&quot;,&quot;right&quot;:&quot;&quot;,&quot;bottom&quot;:&quot;&quot;,&quot;left&quot;:&quot;&quot;,&quot;isLinked&quot;:true},&quot;element_pack_global_tooltip_padding_laptop&quot;:{&quot;unit&quot;:&quot;px&quot;,&quot;top&quot;:&quot;&quot;,&quot;right&quot;:&quot;&quot;,&quot;bottom&quot;:&quot;&quot;,&quot;left&quot;:&quot;&quot;,&quot;isLinked&quot;:true},&quot;element_pack_global_tooltip_padding_tablet&quot;:{&quot;unit&quot;:&quot;px&quot;,&quot;top&quot;:&quot;&quot;,&quot;right&quot;:&quot;&quot;,&quot;bottom&quot;:&quot;&quot;,&quot;left&quot;:&quot;&quot;,&quot;isLinked&quot;:true},&quot;element_pack_global_tooltip_padding_mobile&quot;:{&quot;unit&quot;:&quot;px&quot;,&quot;top&quot;:&quot;&quot;,&quot;right&quot;:&quot;&quot;,&quot;bottom&quot;:&quot;&quot;,&quot;left&quot;:&quot;&quot;,&quot;isLinked&quot;:true},&quot;element_pack_global_tooltip_border_radius&quot;:{&quot;unit&quot;:&quot;px&quot;,&quot;top&quot;:&quot;&quot;,&quot;right&quot;:&quot;&quot;,&quot;bottom&quot;:&quot;&quot;,&quot;left&quot;:&quot;&quot;,&quot;isLinked&quot;:true},&quot;element_pack_global_tooltip_border_radius_laptop&quot;:{&quot;unit&quot;:&quot;px&quot;,&quot;top&quot;:&quot;&quot;,&quot;right&quot;:&quot;&quot;,&quot;bottom&quot;:&quot;&quot;,&quot;left&quot;:&quot;&quot;,&quot;isLinked&quot;:true},&quot;element_pack_global_tooltip_border_radius_tablet&quot;:{&quot;unit&quot;:&quot;px&quot;,&quot;top&quot;:&quot;&quot;,&quot;right&quot;:&quot;&quot;,&quot;bottom&quot;:&quot;&quot;,&quot;left&quot;:&quot;&quot;,&quot;isLinked&quot;:true},&quot;element_pack_global_tooltip_border_radius_mobile&quot;:{&quot;unit&quot;:&quot;px&quot;,&quot;top&quot;:&quot;&quot;,&quot;right&quot;:&quot;&quot;,&quot;bottom&quot;:&quot;&quot;,&quot;left&quot;:&quot;&quot;,&quot;isLinked&quot;:true}}\" data-elementor-post-type=\"page\">\n\t\t\t\t<div class=\"elementor-element elementor-element-f809d97 e-flex e-con-boxed e-con e-parent\" data-id=\"f809d97\" data-element_type=\"container\" data-e-type=\"container\" data-settings=\"{&quot;jet_parallax_layout_list&quot;:[]}\">\n\t\t\t\t\t<div class=\"e-con-inner\">\n\t\t<div class=\"elementor-element elementor-element-87f342d e-con-full e-flex e-con e-child\" data-id=\"87f342d\" data-element_type=\"container\" data-e-type=\"container\" data-settings=\"{&quot;background_background&quot;:&quot;gradient&quot;,&quot;jet_parallax_layout_list&quot;:[]}\">\n\t\t\t\t<div class=\"elementor-element elementor-element-0335417 elementor-position-left bdt-global-link-yes nazaj bdt-icon-type-icon bdt-icon-effect-none elementor-widget elementor-widget-global elementor-global-1324 elementor-widget-bdt-advanced-icon-box\" data-id=\"0335417\" data-element_type=\"widget\" data-e-type=\"widget\" data-widget_type=\"bdt-advanced-icon-box.default\">\n\t\t\t\t<div class=\"elementor-widget-container\">\n\t\t\t\t\t\t\t<div class=\"bdt-ep-advanced-icon-box\">\n\n\t\t\t\n\t\t\t<div class=\"bdt-ep-advanced-icon-box-content\">\n\n\t\t\t\t\t\t\t\t\t\t\t<div class=\"bdt-ep-advanced-icon-box-icon-heading bdt-flex bdt-flex-middle\">\n\n\t\t\t\n\t\t\t\t\t<div class=\"bdt-ep-advanced-icon-box-icon\">\n\t\t\t\t<span class=\"bdt-ep-advanced-icon-box-icon-wrap\">\n\n\n\t\t\t\t\t\n\t\t\t\t\t\t<i aria-hidden=\"true\" class=\"icon icon-left-arrow-1\"><\/i>\n\n\t\t\t\t\t\t\t\t\t<\/span>\n\t\t\t<\/div>\n\t\t\n\t\n\n\t\t\t<div class=\"bdt-icon-box-title-wrapper\">\n\n\t\t\t\t\n\n\t\t\t\t\t\t\t<\/div>\n\t\t<\/div>\n\t\t\t\t\t\n\t\t\t\t\n\t\t\t\t\n\t\t\t\t\t\t\t<\/div>\n\t\t<\/div>\n\n\t\t\n\t\t\n\t\t\t\t<\/div>\n\t\t\t\t<\/div>\n\t\t\t\t<\/div>\n\t\t<div class=\"elementor-element elementor-element-b9d1892 e-con-full e-flex e-con e-child\" data-id=\"b9d1892\" data-element_type=\"container\" data-e-type=\"container\" data-settings=\"{&quot;jet_parallax_layout_list&quot;:[]}\">\n\t\t<div class=\"elementor-element elementor-element-bec24be e-con-full e-flex e-con e-child\" data-id=\"bec24be\" data-element_type=\"container\" data-e-type=\"container\" data-settings=\"{&quot;background_background&quot;:&quot;classic&quot;,&quot;jet_parallax_layout_list&quot;:[]}\">\n\t\t\t\t<div class=\"elementor-element elementor-element-537fe8a elementor-widget__width-inherit elementor-widget-mobile__width-inherit elementor-widget elementor-widget-image\" data-id=\"537fe8a\" data-element_type=\"widget\" data-e-type=\"widget\" data-widget_type=\"image.default\">\n\t\t\t\t<div class=\"elementor-widget-container\">\n\t\t\t\t\t\t\t\t\t\t\t\t\t\t\t<img fetchpriority=\"high\" decoding=\"async\" width=\"1760\" height=\"2000\" src=\"https:\/\/marija.si\/wp-content\/uploads\/2024\/12\/olatar-min.jpg\" class=\"attachment-full size-full wp-image-4504\" alt=\"\" srcset=\"https:\/\/marija.si\/wp-content\/uploads\/2024\/12\/olatar-min.jpg 1760w, https:\/\/marija.si\/wp-content\/uploads\/2024\/12\/olatar-min-264x300.jpg 264w, https:\/\/marija.si\/wp-content\/uploads\/2024\/12\/olatar-min-901x1024.jpg 901w, https:\/\/marija.si\/wp-content\/uploads\/2024\/12\/olatar-min-768x873.jpg 768w, https:\/\/marija.si\/wp-content\/uploads\/2024\/12\/olatar-min-1352x1536.jpg 1352w\" sizes=\"(max-width: 1760px) 100vw, 1760px\" \/>\t\t\t\t\t\t\t\t\t\t\t\t\t\t\t<\/div>\n\t\t\t\t<\/div>\n\t\t\t\t<div class=\"elementor-element elementor-element-3201333 elementor-widget elementor-widget-text-editor\" data-id=\"3201333\" data-element_type=\"widget\" data-e-type=\"widget\" data-widget_type=\"text-editor.default\">\n\t\t\t\t<div class=\"elementor-widget-container\">\n\t\t\t\t\t\t\t\t\t<p>L&#8217;immagine miracolosa \u00e8, insieme all&#8217;Eucaristia, il secondo cuore del santuario di Brezje. Ogni pellegrino potrebbe raccontare la propria storia d&#8217;incontro con questa immagine. Abbiamo raccolto qui alcune descrizioni.  <\/p>\n<p>L&#8217;origine dell&#8217;immagine di Maria Ausiliatrice si collega indirettamente alla Bibbia, precisamente al racconto dell&#8217;evangelista Matteo sulla fuga della Sacra Famiglia dalla persecuzione di Erode (Mt 2,13\u201315). A questa narrazione biblica si lega un&#8217;antica leggenda secondo cui Ges\u00f9 bambino, durante la fuga, avrebbe chiesto aiuto a sua madre con le parole: <strong>Madre, aiutami!<\/strong> <\/p>\n<p>Questo contenuto leggendario era presente nella mente del pittore <strong>Lukas Cranach<\/strong> (1472\u20131553), che per primo dipinse l&#8217;immagine di Maria Ausiliatrice, ancora oggi custodita e venerata nella chiesa parrocchiale di San Giacomo a Innsbruck. <\/p>\n<p>Su questo modello, con maggiore o minore somiglianza, sono realizzate tutte le immagini di questo tipo; cos\u00ec anche l&#8217;immagine originaria \u2013 dipinta sul muro \u2013 e quella attuale \u2013 dipinta su tela \u2013 della Madonna del Soccorso a Brezje. Quest&#8217;ultima \u00e8 del tutto slovena e originale. <\/p>\n<p>L&#8217;immagine attuale fu realizzata nel periodo in cui Napoleone occup\u00f2 anche la regione della Carniola. A quel tempo viveva a Kranj il celebre pittore Leopold Layer (1752\u20131828). <\/p>\n<p>Durante la guerra fu imprigionato dai francesi. Nella sua angustia si rivolse con fiducia a Maria Ausiliatrice di Brezje, promettendole che, se fosse stato liberato, avrebbe affrescato la sua cappella e dipinto una nuova immagine per l&#8217;altare. <\/p>\n<p>Maria ricompens\u00f2 la sua fiducia. Layer fu liberato dalla prigione e mantenne fedelmente la sua promessa. Nel 1814 affresc\u00f2 la cappella mariana e dipinse l&#8217;attuale immagine miracolosa di Maria Ausiliatrice. Il dipinto \u00e8 ben conservato ancora oggi. Si racconta che Layer lo abbia realizzato in prigione, mentre le sue mani erano strette da catene di ferro.    <\/p>\n<p>La Chiesa ha l&#8217;usanza di incoronare le immagini particolarmente v venerazione presso i fedeli. Cos\u00ec il grande devoto di Maria, il vescovo dott. Anton Bonaventura Jegli\u010d, chiese a Roma il permesso di poter <strong>incoronare<\/strong> anche l&#8217;immagine di Maria Ausiliatrice. <\/p>\n<p>La Santa Sede accolse la richiesta e autorizz\u00f2 lo stesso richiedente a compiere l&#8217;incoronazione. Nella  <strong>domenica detta &#8220;domenica dell&#8217;Ausiliatrice&#8221;, il 1\u00b0 settembre 1907 <\/strong>, il vescovo dr. Anton Bonaventura Jegli\u010d, circondato da oltre cento sacerdoti e alla presenza di pi\u00f9 di 30.000 pellegrini, adorn\u00f2 con due corone d&#8217;oro la Madonna e il Bambino Ges\u00f9 tra le sue braccia. Le corone d&#8217;oro furono poste sulla testa di Maria e del Bambino Ges\u00f9.  <\/p>\n<p>(p. Otmar Vostner)<\/p>\n<p>Nell&#8217;immagine di Maria Ausiliatrice di Brezje molti hanno riconosciuto le tracce delle circostanze che ne hanno ispirato la creazione. L&#8217;impotenza del pittore nella prigione si rifletterebbe nella figura particolarmente piccola del Bambino Ges\u00f9, cos\u00ec come nella composizione stessa. <\/p>\n<p>Ges\u00f9 Bambino appoggia il capo a Maria, la cerca con lo sguardo e desidera sfiorarle il collo con le mani, ma queste sono troppo corte e arrivano soltanto fino al suo mento. Con il corpo si stringe alla Madre, la gamba sinistra poggia sulle punte delle dita, mentre con la destra si protende verso di lei. <\/p>\n<p>Nell&#8217;immagine, il volto di Maria \u00e8 particolarmente espressivo: guarda Ges\u00f9 con impotenza, ma allo stesso tempo con immensa fiducia, abbandonandosi completamente a Lui. Tuttavia, non dirige lo sguardo verso di Lui, bens\u00ec verso di noi.  <\/p>\n<p>Ovunque ci muoviamo nella cappella, gli occhi di Maria ci seguono sempre&#8230; Che messaggio consolante e gioioso esprimono! L&#8217;occhio materno di Maria ci vede. Questo \u00e8 confermato dalla verit\u00e0 di fede dell&#8217;Assunzione di Maria: i suoi occhi sono vivi e vedono tutti i nostri bisogni spirituali e fisici. Lo ha &#8220;detto&#8221; anche il pittore dell&#8217;immagine di Maria Ausiliatrice di Brezje.   <\/p>\n<p>(p. Odilo Hajn\u0161ek)\u2028<\/p>\n<p>Infine aggiungiamo ancora ci\u00f2 che dice di Maria Ausiliatrice il poeta tedesco <strong>Lenz vom Steyer<\/strong>: \u201cNei suoi meravigliosi lineamenti amorevoli si scorgono dignit\u00e0 e grazia. Piena di grazia e miracolosa nella sua bellezza, la Madonna ci guarda dall&#8217;alto dei cieli. Il suo sguardo benevolo promette misericordia e una gioiosa felicit\u00e0 del cuore, come se volesse garantirci l\u2019esaudimento delle preghiere nel nome di Ges\u00f9.\u201d<\/p>\n\t\t\t\t\t\t\t\t<\/div>\n\t\t\t\t<\/div>\n\t\t\t\t<\/div>\n\t\t<div class=\"elementor-element elementor-element-43354b8 e-con-full e-flex e-con e-child\" data-id=\"43354b8\" data-element_type=\"container\" data-e-type=\"container\" data-settings=\"{&quot;background_background&quot;:&quot;classic&quot;,&quot;jet_parallax_layout_list&quot;:[]}\">\n\t\t\t\t<div class=\"elementor-element elementor-element-c7c3fcf e-transform e-transform elementor-widget elementor-widget-heading\" data-id=\"c7c3fcf\" data-element_type=\"widget\" data-e-type=\"widget\" id=\"vertical-h\" data-settings=\"{&quot;_transform_rotateZ_effect&quot;:{&quot;unit&quot;:&quot;px&quot;,&quot;size&quot;:-90,&quot;sizes&quot;:[]},&quot;_transform_translateX_effect&quot;:{&quot;unit&quot;:&quot;px&quot;,&quot;size&quot;:-201,&quot;sizes&quot;:[]},&quot;_transform_translateX_effect_laptop&quot;:{&quot;unit&quot;:&quot;px&quot;,&quot;size&quot;:-181,&quot;sizes&quot;:[]},&quot;_transform_translateX_effect_tablet&quot;:{&quot;unit&quot;:&quot;%&quot;,&quot;size&quot;:0,&quot;sizes&quot;:[]},&quot;_transform_translateX_effect_mobile&quot;:{&quot;unit&quot;:&quot;%&quot;,&quot;size&quot;:0,&quot;sizes&quot;:[]},&quot;_transform_rotateZ_effect_mobile&quot;:{&quot;unit&quot;:&quot;deg&quot;,&quot;size&quot;:0,&quot;sizes&quot;:[]},&quot;_transform_rotateZ_effect_tablet&quot;:{&quot;unit&quot;:&quot;deg&quot;,&quot;size&quot;:0,&quot;sizes&quot;:[]},&quot;_transform_rotateZ_effect_laptop&quot;:{&quot;unit&quot;:&quot;deg&quot;,&quot;size&quot;:&quot;&quot;,&quot;sizes&quot;:[]},&quot;_transform_translateY_effect&quot;:{&quot;unit&quot;:&quot;px&quot;,&quot;size&quot;:&quot;&quot;,&quot;sizes&quot;:[]},&quot;_transform_translateY_effect_laptop&quot;:{&quot;unit&quot;:&quot;px&quot;,&quot;size&quot;:&quot;&quot;,&quot;sizes&quot;:[]},&quot;_transform_translateY_effect_tablet&quot;:{&quot;unit&quot;:&quot;px&quot;,&quot;size&quot;:&quot;&quot;,&quot;sizes&quot;:[]},&quot;_transform_translateY_effect_mobile&quot;:{&quot;unit&quot;:&quot;px&quot;,&quot;size&quot;:&quot;&quot;,&quot;sizes&quot;:[]}}\" data-widget_type=\"heading.default\">\n\t\t\t\t<div class=\"elementor-widget-container\">\n\t\t\t\t\t<h2 class=\"elementor-heading-title elementor-size-default\">L'immagine di Maria<\/h2>\t\t\t\t<\/div>\n\t\t\t\t<\/div>\n\t\t\t\t<\/div>\n\t\t\t\t<\/div>\n\t\t<div class=\"elementor-element elementor-element-99dc932 e-con-full e-flex e-con e-child\" data-id=\"99dc932\" data-element_type=\"container\" data-e-type=\"container\" data-settings=\"{&quot;jet_parallax_layout_list&quot;:[]}\">\n\t\t<div class=\"elementor-element elementor-element-5d37f8a e-con-full e-flex e-con e-child\" data-id=\"5d37f8a\" data-element_type=\"container\" data-e-type=\"container\" data-settings=\"{&quot;background_background&quot;:&quot;classic&quot;,&quot;jet_parallax_layout_list&quot;:[]}\">\n\t\t\t\t<div class=\"elementor-element elementor-element-f23b8c6 e-transform e-transform elementor-widget__width-inherit elementor-widget elementor-widget-heading\" data-id=\"f23b8c6\" data-element_type=\"widget\" data-e-type=\"widget\" id=\"vertical-h\" data-settings=\"{&quot;_transform_rotateZ_effect&quot;:{&quot;unit&quot;:&quot;px&quot;,&quot;size&quot;:-90,&quot;sizes&quot;:[]},&quot;_transform_translateX_effect&quot;:{&quot;unit&quot;:&quot;px&quot;,&quot;size&quot;:-290,&quot;sizes&quot;:[]},&quot;_transform_translateX_effect_laptop&quot;:{&quot;unit&quot;:&quot;px&quot;,&quot;size&quot;:-263,&quot;sizes&quot;:[]},&quot;_transform_translateX_effect_tablet&quot;:{&quot;unit&quot;:&quot;%&quot;,&quot;size&quot;:0,&quot;sizes&quot;:[]},&quot;_transform_translateX_effect_mobile&quot;:{&quot;unit&quot;:&quot;%&quot;,&quot;size&quot;:0,&quot;sizes&quot;:[]},&quot;_transform_rotateZ_effect_mobile&quot;:{&quot;unit&quot;:&quot;deg&quot;,&quot;size&quot;:0,&quot;sizes&quot;:[]},&quot;_transform_rotateZ_effect_tablet&quot;:{&quot;unit&quot;:&quot;deg&quot;,&quot;size&quot;:0,&quot;sizes&quot;:[]},&quot;_transform_rotateZ_effect_laptop&quot;:{&quot;unit&quot;:&quot;deg&quot;,&quot;size&quot;:&quot;&quot;,&quot;sizes&quot;:[]},&quot;_transform_translateY_effect&quot;:{&quot;unit&quot;:&quot;px&quot;,&quot;size&quot;:&quot;&quot;,&quot;sizes&quot;:[]},&quot;_transform_translateY_effect_laptop&quot;:{&quot;unit&quot;:&quot;px&quot;,&quot;size&quot;:&quot;&quot;,&quot;sizes&quot;:[]},&quot;_transform_translateY_effect_tablet&quot;:{&quot;unit&quot;:&quot;px&quot;,&quot;size&quot;:&quot;&quot;,&quot;sizes&quot;:[]},&quot;_transform_translateY_effect_mobile&quot;:{&quot;unit&quot;:&quot;px&quot;,&quot;size&quot;:&quot;&quot;,&quot;sizes&quot;:[]}}\" data-widget_type=\"heading.default\">\n\t\t\t\t<div class=\"elementor-widget-container\">\n\t\t\t\t\t<h2 class=\"elementor-heading-title elementor-size-default\">Maria Ausiliatrice nel mondo<\/h2>\t\t\t\t<\/div>\n\t\t\t\t<\/div>\n\t\t\t\t<\/div>\n\t\t<div class=\"elementor-element elementor-element-12c90f7 e-con-full e-flex e-con e-child\" data-id=\"12c90f7\" data-element_type=\"container\" data-e-type=\"container\" data-settings=\"{&quot;background_background&quot;:&quot;classic&quot;,&quot;jet_parallax_layout_list&quot;:[]}\">\n\t\t\t\t<div class=\"elementor-element elementor-element-5d65cf4 elementor-widget__width-inherit elementor-widget-mobile__width-inherit elementor-widget elementor-widget-image\" data-id=\"5d65cf4\" data-element_type=\"widget\" data-e-type=\"widget\" data-widget_type=\"image.default\">\n\t\t\t\t<div class=\"elementor-widget-container\">\n\t\t\t\t\t\t\t\t\t\t\t\t\t\t\t<img decoding=\"async\" width=\"2000\" height=\"592\" src=\"https:\/\/marija.si\/wp-content\/uploads\/2025\/01\/Marija-Pomagaj-po-svetu-1.jpg\" class=\"attachment-full size-full wp-image-4835\" alt=\"\" srcset=\"https:\/\/marija.si\/wp-content\/uploads\/2025\/01\/Marija-Pomagaj-po-svetu-1.jpg 2000w, https:\/\/marija.si\/wp-content\/uploads\/2025\/01\/Marija-Pomagaj-po-svetu-1-300x89.jpg 300w, https:\/\/marija.si\/wp-content\/uploads\/2025\/01\/Marija-Pomagaj-po-svetu-1-1024x303.jpg 1024w, https:\/\/marija.si\/wp-content\/uploads\/2025\/01\/Marija-Pomagaj-po-svetu-1-768x227.jpg 768w, https:\/\/marija.si\/wp-content\/uploads\/2025\/01\/Marija-Pomagaj-po-svetu-1-1536x455.jpg 1536w\" sizes=\"(max-width: 2000px) 100vw, 2000px\" \/>\t\t\t\t\t\t\t\t\t\t\t\t\t\t\t<\/div>\n\t\t\t\t<\/div>\n\t\t\t\t<div class=\"elementor-element elementor-element-867db14 elementor-widget__width-inherit elementor-widget elementor-widget-heading\" data-id=\"867db14\" data-element_type=\"widget\" data-e-type=\"widget\" data-widget_type=\"heading.default\">\n\t\t\t\t<div class=\"elementor-widget-container\">\n\t\t\t\t\t<h3 class=\"elementor-heading-title elementor-size-default\">Maria Ausiliatrice, Regina degli Sloveni, prega per noi!\n<\/h3>\t\t\t\t<\/div>\n\t\t\t\t<\/div>\n\t\t\t\t<div class=\"elementor-element elementor-element-bbd3de7 elementor-widget elementor-widget-text-editor\" data-id=\"bbd3de7\" data-element_type=\"widget\" data-e-type=\"widget\" data-widget_type=\"text-editor.default\">\n\t\t\t\t<div class=\"elementor-widget-container\">\n\t\t\t\t\t\t\t\t\t<p>Anche Maria \u00e8 pellegrina. Maria Ausiliatrice ci accompagna nei nostri pellegrinaggi. La sua immagine segue gli Sloveni ovunque vadano, trovando posto nelle loro case e nelle chiese di tutto il mondo.   <\/p>\n<p>Gi\u00e0 negli anni Venti del secolo scorso, a Lemont vicino a Chicago, inizi\u00f2 a sorgere un santuario sloveno dedicato a Maria Ausiliatrice. L&#8217;immagine di Maria Ausiliatrice \u00e8 presente anche a Washington, negli stati del Colorado e del Wisconsin, in Canada (Toronto), in Argentina (Buenos Aires, Luj\u00e1n), in Cile (Santiago), in Australia (Melbourne), in Inghilterra (Londra), in Germania (Monaco di Baviera), in Francia (Habsterdick), nei Paesi Bassi (Heerlen) e in Austria (Vienna), per citare solo i principali santuari che custodiscono la sua immagine. <\/p>\n<p>Nel libro Maria Ausiliatrice di Brezje \u00e8 scritto cos\u00ec:<br \/>\u00abEppure possiamo dire che Maria viaggia sempre, specialmente nei cuori degli sloveni emigrati e lontani da casa. Prima di partire dalla patria, essi portavano con s\u00e9 la sua immagine nel cuore.\u00bb  <\/p>\n<p>Gi\u00e0 la prima generazione di emigranti si affidava a lei prima di partire, pregandola cos\u00ec: \u201cSeguici, Maria, cosa faremo da soli, lontani nella fredda terra straniera?\u201d<\/p>\n<p>Una delle reliquie pi\u00f9 preziose che gli Sloveni hanno portato con s\u00e9 nel mondo \u00e8 stata l&#8217;immagine della Madonna di Brezje. In condizioni umili, nei campi profughi, hanno eretto altari in suo onore. Anche nelle difficolt\u00e0, quando vivevano lontani da casa, dedicavano a lei altari semplici e modesti. Nelle chiese e cappelle, spesso costruite con mezzi limitati, collocavano con grande rispetto una copia fedele dell&#8217;immagine di Maria Ausiliatrice di Brezje. (Maria Ausiliatrice di Brezje, Dru\u017eina, 1997)<\/p>\n<p>Maria \u00e8 arrivata ancora pi\u00f9 lontano: la sua immagine ha accompagnato persino un astronauta nello spazio. Quando chiesero all\u2019astronauta di origini slovene perch\u00e9 avesse portato con s\u00e9 nello spazio proprio l&#8217;immagine di Maria Ausiliatrice di Brezje, egli rispose: &#8220;Ero certamente felice di avere con me l&#8217;immagine di Maria Ausiliatrice, perch\u00e9 mi dava un senso di sicurezza. Le mie radici affondano in Slovenia, i miei nonni provengono da qui, e per questo motivo questo luogo \u00e8 speciale anche per me.&#8221;   <\/p>\n<p>Vi chiediamo gentilmente di condividere con noi la vostra esperienza e l&#8217;immagine di Maria Ausiliatrice. Raccontateci se la vostra chiesa, l&#8217;altare nella vostra chiesa, una cappella o un segno sono dedicati a Maria Ausiliatrice. Saremo felici se ci comunicherete che Maria Ausiliatrice ha un posto speciale nella vostra casa. Saremo lieti di ricevere foto e descrizioni. Speriamo che, attraverso questa raccolta in fase di sviluppo, si rafforzi la consapevolezza della presenza di Maria Ausiliatrice tra di noi.    <\/p>\n<p>Maria Ausiliatrice non solo ispira e accompagna gli Sloveni, ma anche altre persone accolgono il suo sguardo amorevole e si raccomandano a lei. Che il sorriso di Dio, che Maria Ausiliatrice di Brezje rivela con cos\u00ec tanta convinzione, vi accompagni in tutti i vostri cammini! <\/p>\n\t\t\t\t\t\t\t\t<\/div>\n\t\t\t\t<\/div>\n\t\t\t\t<\/div>\n\t\t\t\t<\/div>\n\t\t<div class=\"elementor-element elementor-element-e4ee405 e-con-full e-flex e-con e-child\" data-id=\"e4ee405\" data-element_type=\"container\" data-e-type=\"container\" data-settings=\"{&quot;jet_parallax_layout_list&quot;:[]}\">\n\t\t<div class=\"elementor-element elementor-element-5f4bb56 e-con-full e-flex e-con e-child\" data-id=\"5f4bb56\" data-element_type=\"container\" data-e-type=\"container\" data-settings=\"{&quot;background_background&quot;:&quot;classic&quot;,&quot;jet_parallax_layout_list&quot;:[]}\">\n\t\t\t\t<div class=\"elementor-element elementor-element-947fdfb elementor-widget__width-inherit elementor-widget-mobile__width-inherit elementor-widget elementor-widget-image\" data-id=\"947fdfb\" data-element_type=\"widget\" data-e-type=\"widget\" data-widget_type=\"image.default\">\n\t\t\t\t<div class=\"elementor-widget-container\">\n\t\t\t\t\t\t\t\t\t\t\t\t\t\t\t<img decoding=\"async\" width=\"2000\" height=\"1685\" src=\"https:\/\/marija.si\/wp-content\/uploads\/2025\/01\/galerija_0011_Marija-Pomagaj-Brezje.jpg\" class=\"attachment-full size-full wp-image-4505\" alt=\"\" srcset=\"https:\/\/marija.si\/wp-content\/uploads\/2025\/01\/galerija_0011_Marija-Pomagaj-Brezje.jpg 2000w, https:\/\/marija.si\/wp-content\/uploads\/2025\/01\/galerija_0011_Marija-Pomagaj-Brezje-300x253.jpg 300w, https:\/\/marija.si\/wp-content\/uploads\/2025\/01\/galerija_0011_Marija-Pomagaj-Brezje-1024x863.jpg 1024w, https:\/\/marija.si\/wp-content\/uploads\/2025\/01\/galerija_0011_Marija-Pomagaj-Brezje-768x647.jpg 768w, https:\/\/marija.si\/wp-content\/uploads\/2025\/01\/galerija_0011_Marija-Pomagaj-Brezje-1536x1294.jpg 1536w\" sizes=\"(max-width: 2000px) 100vw, 2000px\" \/>\t\t\t\t\t\t\t\t\t\t\t\t\t\t\t<\/div>\n\t\t\t\t<\/div>\n\t\t\t\t<div class=\"elementor-element elementor-element-7b9ef0e elementor-widget__width-inherit elementor-widget elementor-widget-heading\" data-id=\"7b9ef0e\" data-element_type=\"widget\" data-e-type=\"widget\" data-widget_type=\"heading.default\">\n\t\t\t\t<div class=\"elementor-widget-container\">\n\t\t\t\t\t<h3 class=\"elementor-heading-title elementor-size-default\">L'immagine di Maria<\/h3>\t\t\t\t<\/div>\n\t\t\t\t<\/div>\n\t\t\t\t<div class=\"elementor-element elementor-element-244fd06 elementor-widget elementor-widget-text-editor\" data-id=\"244fd06\" data-element_type=\"widget\" data-e-type=\"widget\" data-widget_type=\"text-editor.default\">\n\t\t\t\t<div class=\"elementor-widget-container\">\n\t\t\t\t\t\t\t\t\t<p><strong>Leopold Layer<\/strong> dipinse l&#8217;immagine di Maria Ausiliatrice di Brezje ispirandosi alla Madonna di Cranach a Innsbruck. Tuttavia, la sua immagine \u00e8 piuttosto autonoma, decisamente slovenizzata. Il vestito di Maria \u00e8 quello del XVIII secolo. In particolare, i volti di Ges\u00f9 e di Maria nella sua opera hanno acquisito nuove caratteristiche.    <\/p>\n<p>Maria in questa immagine \u00e8 una madre felice e amorevole, che esprime in modo eloquente l&#8217;immenso amore con cui si china verso il Figlio, e con cui il Figlio si abbraccia con fiducia e affetto. Allo stesso tempo, l&#8217;immagine rappresenta meravigliosamente la benevola attenzione di Maria verso i suoi devoti, verso i quali \u00e8 rivolta. \u00c8 comprensibile che questa madre amorevole susciti tanta fiducia, che Dio ricompensa con straordinarie grazie.  <\/p>\n<p>La Chiesa cattolica ha l&#8217;usanza di incoronare le immagini che sono particolarmente v onore tra i fedeli. Da quando si sono verificati straordinari esaudimenti di preghiere a Brezje, \u00e8 diventato sempre pi\u00f9 vivo il pensiero di incoronare anche l&#8217;immagine di Maria Ausiliatrice. Il desiderio \u00e8 stato suscitato dai francescani, custodi dell&#8217;immagine miracolosa, e il grande devoto di Maria, il vescovo dr. Anton Bonaventura Jegli\u010d, ha chiesto l&#8217;autorizzazione a Roma.  <\/p>\n<p>La Santa Sede ha accolto la richiesta e ha autorizzato il richiedente a eseguire <strong>l&#8217;incoronazione<\/strong>. Per questa cerimonia \u00e8 stata scelta la  <strong>domenica degli Angeli, 1\u00b0 settembre 1907. <\/strong>.<\/p>\n<p>Gi\u00e0 la sera precedente si era radunata una grande folla, e ancora domenica mattina le folle arrivavano a Brezje con treni, carrozze, biciclette e a piedi. Nella chiesa le messe iniziarono presto al mattino e si susseguivano una dopo l&#8217;altra, le confessioni erano affollate e migliaia di persone ricevettero la Santa Comunione. <\/p>\n<p>Alle nove si radunarono a Brezje pi\u00f9 di <strong>30.000 fedeli<\/strong>, attratti dall&#8217;amore per la Madre Maria. Il vescovo Jegli\u010d, circondato da pi\u00f9 di cento sacerdoti, adorn\u00f2 Maria e il Bambino Ges\u00f9 con due corone d&#8217;oro. Le corone furono realizzate dal famoso orafo Ivan Kregar a Lubiana. Da quel momento, la domenica degli Angeli \u00e8 diventata una festa speciale per Brezje.   <\/p>\n<p>Maria Ausiliatrice di Brezje diventava sempre pi\u00f9 legata al destino del nostro popolo. Le persone la veneravano con devota affettuosit\u00e0 nei momenti felici e, nei periodi di grande sofferenza, si rifugiavano con fiducia materna presso di Lei. Durante la Prima Guerra Mondiale, grandi folle si riunivano in speciali processioni per chiedere a Maria Ausiliatrice la pace nel mondo. <\/p>\n<p><strong>Il 15 agosto 1915<\/strong> si radunarono a Brezje pi\u00f9 di 10.000 fedeli. Molti si confessarono e ricevettero la Comunione, e l&#8217;offerta sacra li un\u00ec nella preghiera per la pace e per la patria. L&#8217;anno successivo, a Brezje si tenne un raduno delle Societ\u00e0 mariane della Carniola. Circa 6000 membri chiesero a Maria Ausiliatrice di proteggere le loro parrocchie e tutti coloro che vi abitavano dalle gravi sofferenze della guerra. Nel 1921, circa 10.000 uomini e giovani si radunarono presso Maria per rinnovare e rafforzare la loro fede e la loro vita in Lei.    <\/p>\n<p>L&#8217;immagine di Maria \u00e8 in modo speciale legata al II Congresso Eucaristico per la Jugoslavia, che si tenne a Lubiana dal 28 al 30 giugno 1935 sotto la protezione di Maria Ausiliatrice. Con il permesso del vescovo Ro\u017eman, l&#8217;immagine, incorniciata in un particolare quadro progettato <strong>dall&#8217;architetto Ogrin<\/strong>, fu portata a Lubiana il 28 giugno.     <\/p>\n<p>Durante il percorso, Maria fu salutata da 13 parrocchie della Carniola, dove la gente si radunava lungo la strada per pregare e cantare. A Lubiana, pi\u00f9 di 100.000 fedeli si consacrarono al Signore Eucaristico sotto la protezione di Maria. <\/p>\n<p>Al termine del congresso, il 30 giugno, Maria ritorn\u00f2 solennemente a Brezje, accolta da molti saluti. Il giorno successivo, il delegato papale al congresso eucaristico, il cardinale polacco Agostino Hlond, insieme al nunzio apostolico a Belgrado e a molti vescovi locali e stranieri, arrivarono a Brezje. Restituirono la visita a Maria Ausiliatrice e la ringraziarono per il successo del congresso.   <\/p>\n<p>Maria Ausiliatrice ha condiviso le difficolt\u00e0 della Seconda Guerra Mondiale con i suoi figli nella capitale della Slovenia, Lubiana.<\/p>\n<p>Il 23 aprile 1941 i tedeschi espulsero i francescani dal santuario di Maria Ausiliatrice a Brezje e proibiscono di celebrare la Messa nella chiesa. <\/p>\n<p>Il frate religioso Jozafat Fin\u017egar, che fu l&#8217;unico a poter restare a Brezje, cinque giorni dopo port\u00f2 segretamente l&#8217;immagine di Maria Ausiliatrice a Lubiana, nascosta nel suo zaino come aiuto falegname. Da \u0160i\u0161ka, dove aveva ospitato per qualche ora la rifugiata, si rec\u00f2 nel convento francescano in Piazza Pre\u0161eren. <\/p>\n<p>Per garantire maggiore sicurezza all&#8217;immagine miracolosa, essa fu trasferita a Trsat, accompagnata dai documenti necessari per certificare la sua autenticit\u00e0. L\u00ec rimase nascosta per ben due anni, fino al 19 maggio 1943, quando ritorn\u00f2 a Lubiana. Il 29 maggio pi\u00f9 di 25.000 fedeli pellegrinarono a Rakovnik con l&#8217;immagine. Davanti a Maria promisero di astenersi in particolare dalle colpe che provocano i castighi divini.     <\/p>\n<p>L&#8217;immagine di Maria Ausiliatrice trov\u00f2 poi il suo rifugio nella cattedrale di Lubiana, sull&#8217;altare di San Dizma. Il giorno successivo, il 30 maggio, l&#8217;intera diocesi di Lubiana si consacr\u00f2 solennemente al Cuore Immacolato di Maria. La cattedrale divenne una <strong>nuova via di Dio \u2013 una seconda Brezje<\/strong>.    <\/p>\n<p>Giorno dopo giorno, le persone venivano a Maria Ausiliatrice in cerca di aiuto e consolazione nelle difficolt\u00e0 e nella paura. Quando finalmente la lunga tempesta di guerra si plac\u00f2, gli esiliati iniziarono a tornare nelle loro case. <\/p>\n<p>Anche Maria Ausiliatrice pot\u00e9 torn\u00f2 a casa il 15 giugno 1947, nel suo santuario a Brezje. Molti pellegrini attendevano con ansia il suo ritorno a Brezje. Con quale gioia fu accolta, quando il provinciale francescano padre Teodor Tav\u010dar e il dott. Kimovec la portarono attraverso la chiesa verso il grande altare!   <\/p>\n<p>Dopo la messa solenne del vescovo, l&#8217;immagine fu posizionata nel suo vecchio posto nella cappella e fu cantato un inno di ringraziamento. Brezje riacquistarono il loro tesoro, e di nuovo centinaia di migliaia di pellegrini iniziarono a venire dalla Madre. <\/p>\n<p>(registrato p. dr. Metod Benedik OFMCap)<\/p>\n<p>L&#8217;inizio della raffigurazione di Maria Ausiliatrice si collega indirettamente alla Sacra Scrittura, dove l&#8217;evangelista Matteo racconta della fuga della Sacra Famiglia dalla persecuzione di Erode (2, 13-15). A questo racconto biblico si aggiunge un&#8217;antica leggenda secondo cui, durante la fuga, Ges\u00f9 Bambino si sarebbe stretto al collo della Madre, chiedendole:<strong> &#8220;Madre, aiutami!&#8221;<\/strong> <\/p>\n<p>Questa leggenda fu alla base dell&#8217;immagine di Maria Ausiliatrice, dipinta per la prima volta dal pittore <strong>Lukas Cranach<\/strong> (1472-1553), che cre\u00f2 l&#8217;immagine che ancora oggi \u00e8 custodita e venerata nella chiesa parrocchiale di San Giacomo a Innsbruck. Da questo modello sono state create tutte le immagini simili, con maggiore o minore somiglianza, inclusa l&#8217;immagine originale, dipinta sulla parete, e quella attuale, dipinta su tela, di Maria Ausiliatrice a Brezje. Quest&#8217;ultima \u00e8 completamente slava e originale.   <\/p>\n<p>L&#8217;immagine attuale fu realizzata nel periodo in cui Napoleone occup\u00f2 anche la regione della Carniola. A quel tempo viveva a Kranj il famoso pittore Leopold Layer (1752-1828). Durante la guerra fu imprigionato dai francesi. Nella sua difficolt\u00e0, si rivolse a Maria Ausiliatrice di Brezje con fiducia, promettendole che avrebbe affrescato la sua cappella e dipinto una nuova immagine per l&#8217;altare, se lei lo avesse liberato dalla prigione.   <\/p>\n<p>Maria ricompens\u00f2 la sua fiducia. Layer fu liberato dalla prigione e mantenne fedelmente la sua promessa. Nel 1814 affresc\u00f2 la cappella mariana e dipinse l&#8217;attuale immagine miracolosa di Maria Ausiliatrice. Il dipinto \u00e8 ben conservato ancora oggi. Si racconta che Layer lo abbia realizzato in prigione, mentre le sue mani erano strette da catene di ferro.    <\/p>\n<p>La Chiesa cattolica ha l&#8217;usanza di incoronare le immagini particolarmente venerate tra i fedeli. Cos\u00ec, il grande devoto di Maria, il vescovo dr. Anton Bonaventura Jegli\u010d, chiese a Roma il permesso di coronare anche l&#8217;immagine di Maria Ausiliatrice. La Santa Sede accolse la richiesta e autorizz\u00f2 lo stesso richiedente a eseguire l&#8217;incoronazione.  <\/p>\n<p>Il <strong>1\u00b0 settembre 1907, domenica degli Angeli <\/strong>, il vescovo dr. A. B. Jegli\u010d, circondato da pi\u00f9 di cento sacerdoti e alla presenza di oltre 30.000 pellegrini, adorn\u00f2 Maria e il Bambino Ges\u00f9 con due corone d&#8217;oro.<strong> Le corone<\/strong> furono realizzate dal famoso orafo <strong>Ivan Kregar<\/strong> (1867-1931) a Lubiana. In ricordo di questo evento, ogni anno, nella domenica degli Angeli, gli sloveni si radunano numerosi intorno alla loro Regina incoronata. <\/p>\n<p>L&#8217;immagine di Maria \u00e8 anche legata alla storia del II Congresso Eucaristico per la Jugoslavia, che si svolse a Lubiana dal 28 al 30 giugno 1935 sotto la protezione di Maria Ausiliatrice. Con il permesso del vescovo dr. Gregorij Ro\u017eman, l&#8217;immagine fu portata a Lubiana il 28 giugno, accompagnata da solenni cerimonie, in una cornice speciale progettata dall&#8217;architetto Ogrin.     <\/p>\n<p>Subito dopo la conclusione del Congresso Eucaristico, il 30 giugno, l&#8217;immagine ritorn\u00f2 solennemente a Brezje. (Questo viaggio \u00e8 stato descritto nel 1935 da p. Roman Tominec nella rivista &#8220;Cvetje&#8221;).  <\/p>\n<p>Il giorno successivo, 1\u00b0 luglio, il delegato papale, il cardinale Agostino Hlond, insieme al nunzio apostolico a Belgrado e a molti vescovi locali e stranieri, nonch\u00e9 a personalit\u00e0 di rilievo, arriv\u00f2 a Brezje. Restitu\u00ec la visita a Maria Ausiliatrice e la ringrazi\u00f2 per il successo del congresso.  <\/p>\n<p>Nella storia dell&#8217;immagine miracolosa, vale la pena menzionare anche il Congresso mondiale della Giovent\u00f9 Cattolica Femminile, che si tenne a Roma dal 7 al 15 aprile 1939. Le partecipanti dei vari paesi consegnarono a Papa Pio XII un&#8217;immagine di Maria, quella che ogni popolo venera di pi\u00f9. Le rappresentanti delle ragazze cattoliche slovene offrirono al Papa l&#8217;immagine di Maria Ausiliatrice. L&#8217;immagine, realizzata secondo il progetto della pittrice accademica B. Remec e ricamata dalla maestra esperta Pelhanova, fu molto apprezzata da Pio XII, che la posizion\u00f2, tra tutte, nel posto pi\u00f9 onorevole.        <\/p>\n<p>Maria Ausiliatrice condivise il peso della Seconda Guerra Mondiale con i suoi figli sofferenti nel cuore della Slovenia, a Lubiana. Il 23 aprile 1941, la Gestapo espulse i custodi del santuario di Maria Ausiliatrice a Brezje e proib\u00ec di celebrare i servizi divini nella chiesa.  <\/p>\n<p>Cinque giorni dopo, il 28 aprile, il coraggioso frate Jozafat Fin\u017egar, l&#8217;unico che pot\u00e9 restare a Brezje, port\u00f2 segretamente l&#8217;immagine di Maria Ausiliatrice a Lubiana, nascosta nel suo zaino come aiuto falegname. Da \u0160i\u0161ka, dove per alcune ore Maria Ausiliatrice aveva trovato rifugio, si rec\u00f2 nel convento francescano in Piazza Maria. Per garantirle maggiore sicurezza, l&#8217;immagine fu poi trasferita a Trsat.   <\/p>\n<p>Con tutti i documenti di autenticit\u00e0 dell&#8217;immagine miracolosa, l&#8217;immagine fu accompagnata da p. Bernardin Mlakar e dal controllore ferroviario Vladimir Tominec per la sua protezione. Qui l&#8217;immagine di Maria Ausiliatrice rimase nascosta e non venerata per due interi anni, abbandonata, come il suo popolo era stato abbandonato.   <\/p>\n<p>Il 19 maggio 1943 l&#8217;immagine di Maria Ausiliatrice torn\u00f2 a Lubiana con grande gioia di tutti. Il 29 maggio, una folla di 25.000 persone partecip\u00f2 a una processione penitenziale verso Rakovnik. Davanti a Maria, il popolo raccolto promise di astenersi in particolare da quelle colpe che provocano i castighi divini.    <\/p>\n<p>La sua immagine miracolosa trov\u00f2 rifugio nella cattedrale, sull&#8217;altare di San Dizma, proprio l\u00ec dove aveva avuto il suo trono per tre giorni, quando otto anni prima, in un solenne corteo, era stata portata da Brezje al Congresso Eucaristico. Il giorno successivo, domenica 30 maggio, l&#8217;intera diocesi di Lubiana si consacr\u00f2 solennemente al Cuore Immacolato di Maria davanti all&#8217;immagine di Maria Ausiliatrice nella cattedrale.   <\/p>\n<p>Dalle atrocit\u00e0 della guerra e dalle angustie, il popolo, con le parole del Papa, chiese ardentemente a Maria di avere misericordia di noi. La cattedrale divenne la via di Dio \u2013 una seconda Brezje. Giorno dopo giorno, ora dopo ora, le persone venivano a Maria Ausiliatrice in cerca di aiuto e conforto nelle difficolt\u00e0 e nella paura. Qui risuonava continuamente <strong>il canto<\/strong> (da Velike La\u0161\u010de):   <\/p>\n\t\t\t\t\t\t\t\t<\/div>\n\t\t\t\t<\/div>\n\t\t\t\t<div class=\"elementor-element elementor-element-417ff9c elementor-widget elementor-widget-text-editor\" data-id=\"417ff9c\" data-element_type=\"widget\" data-e-type=\"widget\" data-widget_type=\"text-editor.default\">\n\t\t\t\t<div class=\"elementor-widget-container\">\n\t\t\t\t\t\t\t\t\t<p>\u00bbMaria, aiutaci nel tempo della guerra,<br \/>a te si rivolge ognuno di noi.<br \/>Maria, tutto il popolo geme:<br \/>Maria, aiutaci tu!\u00ab<\/p>\n\t\t\t\t\t\t\t\t<\/div>\n\t\t\t\t<\/div>\n\t\t\t\t<div class=\"elementor-element elementor-element-0de920b elementor-widget elementor-widget-text-editor\" data-id=\"0de920b\" data-element_type=\"widget\" data-e-type=\"widget\" data-widget_type=\"text-editor.default\">\n\t\t\t\t<div class=\"elementor-widget-container\">\n\t\t\t\t\t\t\t\t\t<p>Il furioso vento della guerra, che dur\u00f2 quattro anni, finalmente si plac\u00f2; gli esiliati iniziarono a tornare nelle loro case. Anche per Maria Ausiliatrice arriv\u00f2 il momento di tornare nella sua casa di grazia e misericordia. <\/p>\n<p>Il 15 giugno 1947, la grande campana della cattedrale di Lubiana annunci\u00f2 che Maria Ausiliatrice stava tornando a casa. Molti pellegrini stavano aspettando il suo ritorno a Brezje sin dalle prime ore del mattino. Quando il provinciale francescano di Lubiana, p. Teodor Tav\u010dar, e il dott. Kimovec scesero dal veicolo con l&#8217;immagine di Maria Ausiliatrice e la portarono attraverso la chiesa verso il grande altare, l&#8217;intera folla esplose in un pianto di gioia.    <\/p>\n<p>Dopo la messa solenne del vescovo, l&#8217;immagine fu portata nella cappella e fu cantato un inno di ringraziamento. I pellegrini continuarono a scivolare in ginocchio attorno all&#8217;altare e si accalcavano intorno a Maria Ausiliatrice, come bambini intorno alla madre che era tornata da un lungo e faticoso viaggio. Brezje riacquistarono il loro tesoro, e centinaia di migliaia di pellegrini trovarono un ruscello aperto di grazia e bont\u00e0 nella loro Maria Ausiliatrice.  <\/p>\n<p>Chi potrebbe contare tutte le cerimonie religiose e le devozioni che sono gi\u00e0 state sotto la protezione di Maria Ausiliatrice! Tuttavia, alcune non possiamo dimenticarle: il Giubileo d&#8217;oro della Regina degli Sloveni, nel 1957, cadde proprio il 1\u00b0 settembre, come l&#8217;incoronazione 50 anni prima.    <\/p>\n<p>I pellegrini arrivarono gi\u00e0 sabato a piedi, con i treni regolari, ma anche con carrozze e biciclette, e passarono tutta la notte vegliando presso la loro Madre. I pellegrini erano oltre 20.000. Alle cerimonie religiose, oltre al vescovo locale Vovk, parteciparono anche l&#8217;arcivescovo di Zagabria dr. Franjo \u0160eper, il vescovo di Banjaluka dr. Dragutin \u010celik, il vescovo uniate di Kri\u017eevci dr. Gabriel Bukatko e il vescovo di Maribor dr. Maksimilijan Dr\u017ee\u010dnik. La cerimonia del giubileo ha mostrato quanto gli sloveni amino e venerino ancora oggi Maria   <\/p>\n<p>In memoria della pi\u00f9 grande manifestazione religiosa mai avvenuta nella terra slovena \u2013 <strong>il Congresso Eucaristico<\/strong> a Lubiana del 1935 \u2013 il 5 settembre 1965, domenica degli Angeli, si celebr\u00f2 il 30\u00b0 anniversario di questo evento. Si svolse un vero e proprio piccolo Congresso Eucaristico. Quello che Lubiana fu 30 anni prima, lo furono quel giorno le nostre Brezje. La processione eucaristica notturna con le luci lungo il cammino di un chilometro fu veramente commovente per tutti i partecipanti, cos\u00ec come per gli osservatori. La processione notturna fu seguita da una adorazione notturna con la Messa di mezzanotte.     <\/p>\n<p>La principale celebrazione eucaristica per il giubileo \u00e8 stata celebrata alle 9:00 dal decano della cattedrale dr. Stanko Leni\u010d, in nome dell&#8217;arcivescovo assente. I raggi del sole, che riscaldavano piacevolmente la pianura della Carniola tra il Triglav e il Stol, simboleggiavano splendidamente il sole eucaristico \u2013 Cristo, che con la sua presenza ci illumina nel Santissimo Sacramento, ci riscalda e fortifica le nostre anime nel cammino verso la patria celeste.  <\/p>\n<p>Particolarmente solenne fu il giubileo del 50\u00b0 anniversario dell&#8217;incoronazione di Maria Ausiliatrice di Brezje, celebrato nella domenica degli Angeli, il 3 settembre 1967. Vi parteciparono pi\u00f9 di 25.000 pellegrini. Al giubileo del cinquantesimo anniversario parteciparono anche alcune persone che, 60 anni prima, come bambini, avevano preso parte all&#8217;incoronazione (p. Metod Valjavec, p. Bogdan Markelj, g. Rok Knafelj, e altri).   <\/p>\n<p>Le cerimonie religiose furono celebrate in vari momenti da tre ordinari sloveni. Un significato particolare a questa celebrazione fu dato dall&#8217;evento storico che durante la principale messa del giubileo l&#8217;arcivescovo di Lubiana, dr. Jo\u017eef Poga\u010dnik, recit\u00f2 per la <strong>prima volta il canone con le parole di consacrazione in sloveno<\/strong>, nella lingua vivente del popolo, come fece anche san Cirillo e san Metodio 1100 anni fa.  <\/p>\n<p>Nel 1969, le devozioni e le cerimonie religiose a Brezje furono principalmente dedicate ai malati. Il 23 aprile, l&#8217;arcivescovo dr. Jo\u017eef Poga\u010dnik celebr\u00f2 la messa con la partecipazione di sette sacerdoti zlatoma\u0161nik per i malati della diocesi di Carniola, parl\u00f2 loro e li benedisse.   <\/p>\n<p>Il 19 agosto, l&#8217;amministrazione di Ognji\u0161\u010de organizz\u00f2 un <strong>pellegrinaggio di malati<\/strong> a Brezje. La devozione fu guidata, celebrata e predicata dal vescovo della Slovenia, dr. Janez Jenko, che benedisse i malati.  <\/p>\n<p>Il 28 settembre, il prelato dr. Vilko Fajdiga guid\u00f2 la devozione per i pellegrini malati della diocesi di Radovljica, benedicendo anche personalmente ogni malato. Ad ogni evento erano presenti pi\u00f9 di cento malati e anziani. I proprietari di automobili offrivano gratuitamente il trasporto ai malati pi\u00f9 gravi. Tutte queste devozioni ebbero un grande successo e penetrarono profondamente nelle anime dei malati e degli altri presenti.   <\/p>\n<p>Aggiungiamo anche quanto dice di lei il poeta tedesco Lenz vom Steyer: &#8220;Nei suoi meravigliosi tratti amorevoli si vede dignit\u00e0 e grazia. Piena di grazia e un miracolo di bellezza, come un&#8217;immagine che scende dai cieli, la Signora ci guarda dall&#8217;alto. Misericordia \u00e8 promessa dal suo sguardo gentile e una gioiosa felicit\u00e0 del cuore, come se garantisse l&#8217;esaudimento delle preghiere nel nome di Ges\u00f9.&#8221;<br \/>(registrato p. Otmar Vostner)<\/p>\n\t\t\t\t\t\t\t\t<\/div>\n\t\t\t\t<\/div>\n\t\t\t\t<\/div>\n\t\t<div class=\"elementor-element elementor-element-03e512f e-con-full e-flex e-con e-child\" data-id=\"03e512f\" data-element_type=\"container\" data-e-type=\"container\" data-settings=\"{&quot;background_background&quot;:&quot;classic&quot;,&quot;jet_parallax_layout_list&quot;:[]}\">\n\t\t\t\t<div class=\"elementor-element elementor-element-c4accfc e-transform e-transform elementor-widget elementor-widget-heading\" data-id=\"c4accfc\" data-element_type=\"widget\" data-e-type=\"widget\" id=\"vertical-h\" data-settings=\"{&quot;_transform_rotateZ_effect&quot;:{&quot;unit&quot;:&quot;px&quot;,&quot;size&quot;:-90,&quot;sizes&quot;:[]},&quot;_transform_translateX_effect&quot;:{&quot;unit&quot;:&quot;px&quot;,&quot;size&quot;:-351,&quot;sizes&quot;:[]},&quot;_transform_translateX_effect_laptop&quot;:{&quot;unit&quot;:&quot;px&quot;,&quot;size&quot;:-318,&quot;sizes&quot;:[]},&quot;_transform_translateX_effect_tablet&quot;:{&quot;unit&quot;:&quot;%&quot;,&quot;size&quot;:0,&quot;sizes&quot;:[]},&quot;_transform_translateX_effect_mobile&quot;:{&quot;unit&quot;:&quot;%&quot;,&quot;size&quot;:0,&quot;sizes&quot;:[]},&quot;_transform_rotateZ_effect_mobile&quot;:{&quot;unit&quot;:&quot;deg&quot;,&quot;size&quot;:0,&quot;sizes&quot;:[]},&quot;_transform_rotateZ_effect_tablet&quot;:{&quot;unit&quot;:&quot;deg&quot;,&quot;size&quot;:0,&quot;sizes&quot;:[]},&quot;_transform_rotateZ_effect_laptop&quot;:{&quot;unit&quot;:&quot;deg&quot;,&quot;size&quot;:&quot;&quot;,&quot;sizes&quot;:[]},&quot;_transform_translateY_effect&quot;:{&quot;unit&quot;:&quot;px&quot;,&quot;size&quot;:&quot;&quot;,&quot;sizes&quot;:[]},&quot;_transform_translateY_effect_laptop&quot;:{&quot;unit&quot;:&quot;px&quot;,&quot;size&quot;:&quot;&quot;,&quot;sizes&quot;:[]},&quot;_transform_translateY_effect_tablet&quot;:{&quot;unit&quot;:&quot;px&quot;,&quot;size&quot;:&quot;&quot;,&quot;sizes&quot;:[]},&quot;_transform_translateY_effect_mobile&quot;:{&quot;unit&quot;:&quot;px&quot;,&quot;size&quot;:&quot;&quot;,&quot;sizes&quot;:[]}}\" data-widget_type=\"heading.default\">\n\t\t\t\t<div class=\"elementor-widget-container\">\n\t\t\t\t\t<h2 class=\"elementor-heading-title elementor-size-default\">La storia dell'immagine miracolosa\n<\/h2>\t\t\t\t<\/div>\n\t\t\t\t<\/div>\n\t\t\t\t<\/div>\n\t\t\t\t<\/div>\n\t\t<div class=\"elementor-element elementor-element-0ccef56 e-con-full e-flex e-con e-child\" data-id=\"0ccef56\" data-element_type=\"container\" data-e-type=\"container\" data-settings=\"{&quot;jet_parallax_layout_list&quot;:[]}\">\n\t\t<div class=\"elementor-element elementor-element-7e8784c e-con-full e-flex e-con e-child\" data-id=\"7e8784c\" data-element_type=\"container\" data-e-type=\"container\" data-settings=\"{&quot;background_background&quot;:&quot;classic&quot;,&quot;jet_parallax_layout_list&quot;:[]}\">\n\t\t\t\t<div class=\"elementor-element elementor-element-03b7bee e-transform e-transform elementor-widget__width-inherit elementor-widget elementor-widget-heading\" data-id=\"03b7bee\" data-element_type=\"widget\" data-e-type=\"widget\" id=\"vertical-h\" data-settings=\"{&quot;_transform_rotateZ_effect&quot;:{&quot;unit&quot;:&quot;px&quot;,&quot;size&quot;:-90,&quot;sizes&quot;:[]},&quot;_transform_translateX_effect&quot;:{&quot;unit&quot;:&quot;px&quot;,&quot;size&quot;:-620,&quot;sizes&quot;:[]},&quot;_transform_translateX_effect_laptop&quot;:{&quot;unit&quot;:&quot;px&quot;,&quot;size&quot;:-563,&quot;sizes&quot;:[]},&quot;_transform_translateX_effect_tablet&quot;:{&quot;unit&quot;:&quot;%&quot;,&quot;size&quot;:0,&quot;sizes&quot;:[]},&quot;_transform_translateX_effect_mobile&quot;:{&quot;unit&quot;:&quot;%&quot;,&quot;size&quot;:0,&quot;sizes&quot;:[]},&quot;_transform_rotateZ_effect_mobile&quot;:{&quot;unit&quot;:&quot;deg&quot;,&quot;size&quot;:0,&quot;sizes&quot;:[]},&quot;_transform_rotateZ_effect_tablet&quot;:{&quot;unit&quot;:&quot;deg&quot;,&quot;size&quot;:0,&quot;sizes&quot;:[]},&quot;_transform_rotateZ_effect_laptop&quot;:{&quot;unit&quot;:&quot;deg&quot;,&quot;size&quot;:&quot;&quot;,&quot;sizes&quot;:[]},&quot;_transform_translateY_effect&quot;:{&quot;unit&quot;:&quot;px&quot;,&quot;size&quot;:&quot;&quot;,&quot;sizes&quot;:[]},&quot;_transform_translateY_effect_laptop&quot;:{&quot;unit&quot;:&quot;px&quot;,&quot;size&quot;:&quot;&quot;,&quot;sizes&quot;:[]},&quot;_transform_translateY_effect_tablet&quot;:{&quot;unit&quot;:&quot;px&quot;,&quot;size&quot;:&quot;&quot;,&quot;sizes&quot;:[]},&quot;_transform_translateY_effect_mobile&quot;:{&quot;unit&quot;:&quot;px&quot;,&quot;size&quot;:&quot;&quot;,&quot;sizes&quot;:[]}}\" data-widget_type=\"heading.default\">\n\t\t\t\t<div class=\"elementor-widget-container\">\n\t\t\t\t\t<h2 class=\"elementor-heading-title elementor-size-default\">Il bicentenario dell'immagine miracolosa di Maria Ausiliatrice<\/h2>\t\t\t\t<\/div>\n\t\t\t\t<\/div>\n\t\t\t\t<\/div>\n\t\t<div class=\"elementor-element elementor-element-9c363bc e-con-full e-flex e-con e-child\" data-id=\"9c363bc\" data-element_type=\"container\" data-e-type=\"container\" data-settings=\"{&quot;background_background&quot;:&quot;classic&quot;,&quot;jet_parallax_layout_list&quot;:[]}\">\n\t\t\t\t<div class=\"elementor-element elementor-element-008cf53 elementor-widget__width-initial elementor-widget-mobile__width-inherit elementor-widget elementor-widget-image\" data-id=\"008cf53\" data-element_type=\"widget\" data-e-type=\"widget\" data-widget_type=\"image.default\">\n\t\t\t\t<div class=\"elementor-widget-container\">\n\t\t\t\t\t\t\t\t\t\t\t\t\t\t\t<img fetchpriority=\"high\" decoding=\"async\" width=\"1760\" height=\"2000\" src=\"https:\/\/marija.si\/wp-content\/uploads\/2024\/12\/olatar-min.jpg\" class=\"attachment-full size-full wp-image-4504\" alt=\"\" srcset=\"https:\/\/marija.si\/wp-content\/uploads\/2024\/12\/olatar-min.jpg 1760w, https:\/\/marija.si\/wp-content\/uploads\/2024\/12\/olatar-min-264x300.jpg 264w, https:\/\/marija.si\/wp-content\/uploads\/2024\/12\/olatar-min-901x1024.jpg 901w, https:\/\/marija.si\/wp-content\/uploads\/2024\/12\/olatar-min-768x873.jpg 768w, https:\/\/marija.si\/wp-content\/uploads\/2024\/12\/olatar-min-1352x1536.jpg 1352w\" sizes=\"(max-width: 1760px) 100vw, 1760px\" \/>\t\t\t\t\t\t\t\t\t\t\t\t\t\t\t<\/div>\n\t\t\t\t<\/div>\n\t\t<div class=\"elementor-element elementor-element-f7b1f6d e-con-full e-flex e-con e-child\" data-id=\"f7b1f6d\" data-element_type=\"container\" data-e-type=\"container\" data-settings=\"{&quot;jet_parallax_layout_list&quot;:[]}\">\n\t\t\t\t<div class=\"elementor-element elementor-element-3d6c04d elementor-widget__width-inherit elementor-widget elementor-widget-heading\" data-id=\"3d6c04d\" data-element_type=\"widget\" data-e-type=\"widget\" data-widget_type=\"heading.default\">\n\t\t\t\t<div class=\"elementor-widget-container\">\n\t\t\t\t\t<h3 class=\"elementor-heading-title elementor-size-default\">Anche nella seconda met\u00e0 dell'anno del giubileo si svolgeranno numerosi eventi davanti alla Sua immagine. Ogni fine settimana ci saranno le messe alle 10:00 e alle 11:30 (fino a met\u00e0 settembre) nella piazza esterna, coperta da un tendone per i pellegrini. <\/h3>\t\t\t\t<\/div>\n\t\t\t\t<\/div>\n\t\t\t\t<div class=\"elementor-element elementor-element-221d646 elementor-widget elementor-widget-text-editor\" data-id=\"221d646\" data-element_type=\"widget\" data-e-type=\"widget\" data-widget_type=\"text-editor.default\">\n\t\t\t\t<div class=\"elementor-widget-container\">\n\t\t\t\t\t\t\t\t\t<p>Maria Ausiliatrice \u00e8 la nostra patrona, a lei ci affidiamo nelle nostre preghiere. Lei \u00e8 la Madre della nostra fede, come la chiamiamo. <\/p>\n\t\t\t\t\t\t\t\t<\/div>\n\t\t\t\t<\/div>\n\t\t<div class=\"elementor-element elementor-element-d92975a e-con-full e-flex e-con e-child\" data-id=\"d92975a\" data-element_type=\"container\" data-e-type=\"container\" data-settings=\"{&quot;jet_parallax_layout_list&quot;:[],&quot;background_background&quot;:&quot;classic&quot;}\">\n\t\t\t\t<div class=\"elementor-element elementor-element-a33d23b elementor-widget elementor-widget-text-editor\" data-id=\"a33d23b\" data-element_type=\"widget\" data-e-type=\"widget\" data-widget_type=\"text-editor.default\">\n\t\t\t\t<div class=\"elementor-widget-container\">\n\t\t\t\t\t\t\t\t\t<p>7 settembre (Kimavec): 107\u00b0 anniversario dell&#8217;incoronazione <\/p>\n<p>8 settembre (Kimavec): Piccola festa dell&#8217;Assunzione e pellegrinaggio dei nonni<\/p>\n<p>13 settembre (Kimavec): Giornata di preghiera per le vocazioni sacerdotali<\/p>\n<p>21 settembre (Kimavec): Pellegrinaggio dei soldati \u2013 giornata del vicariato militare<\/p>\n<p>5 ottobre (Vinotok): Anniversario della consacrazione della Chiesa e 26\u00b0 anniversario della proclamazione della Basilica di Maria Ausiliatrice<\/p>\n<p>8 dicembre (Gruden): 60\u00b0 anniversario della consacrazione dell&#8217;altare di Maria <\/p>\n<p>28 dicembre (Gruden): Preghiera per la vita<\/p>\n\t\t\t\t\t\t\t\t<\/div>\n\t\t\t\t<\/div>\n\t\t\t\t<\/div>\n\t\t\t\t<div class=\"elementor-element elementor-element-af5d873 elementor-laptop-align-left levo elementor-widget elementor-widget-bdt-advanced-button\" data-id=\"af5d873\" data-element_type=\"widget\" data-e-type=\"widget\" data-widget_type=\"bdt-advanced-button.default\">\n\t\t\t\t<div class=\"elementor-widget-container\">\n\t\t\t\t\t\t\t<div class=\"bdt-ep-button-wrapper\">\n\t\t\t<a href=\"https:\/\/marija.si\/wp-content\/uploads\/2024\/11\/okvirni_program_praznovanja_200-letnice_milostne_podobe.pdf\" target=\"_blank\" class=\"bdt-ep-button bdt-ep-button-effect-a bdt-ep-button-size-md\">\n\t\t\t\t\t\t<div class=\"bdt-ep-button-content-wrapper bdt-flex bdt-flex-middle bdt-flex-center  \" data-text=\"Program della celebrazione del bicentenario dell&#039;immagine miracolosa, 24 maggio 2014 \">\n\t\t\t\t\t\t\t<div class=\"bdt-ep-button-icon bdt-flex-center bdt-flex-align-left\">\n\t\t\t\t\t<div class=\"bdt-ep-button-icon-inner\">\n\n\t\t\t\t\t\t<i aria-hidden=\"true\" class=\"fa-fw icon icon-link-1\"><\/i>\n\t\t\t\t\t<\/div>\n\t\t\t\t<\/div>\n\t\t\t\n\t\t\t<div class=\"bdt-ep-button-text\">\n\n\t\t\t\t<span class=\"avdbtn-text\">\n\t\t\t\t\tProgram della celebrazione del bicentenario dell&#039;immagine miracolosa, 24 maggio 2014 \t\t\t\t<\/span>\n\n\t\t\t\t\t\t\t<\/div>\n\n\t\t\t\n\t\t<\/div>\n\t\t\t\t\t<\/a>\n\t\t<\/div>\n\t\t\t\t\t\t<\/div>\n\t\t\t\t<\/div>\n\t\t\t\t<\/div>\n\t\t\t\t<\/div>\n\t\t\t\t<\/div>\n\t\t\t\t\t<\/div>\n\t\t\t\t<\/div>\n\t\t<div class=\"elementor-element elementor-element-63ba346 e-flex e-con-boxed e-con e-parent\" data-id=\"63ba346\" data-element_type=\"container\" data-e-type=\"container\" data-settings=\"{&quot;jet_parallax_layout_list&quot;:[]}\">\n\t\t\t\t\t<div class=\"e-con-inner\">\n\t\t<div class=\"elementor-element elementor-element-767bbef e-con-full e-flex e-con e-child\" data-id=\"767bbef\" data-element_type=\"container\" data-e-type=\"container\" data-settings=\"{&quot;background_background&quot;:&quot;classic&quot;,&quot;jet_parallax_layout_list&quot;:[]}\">\n\t\t\t\t<div class=\"elementor-element elementor-element-cc40a45 elementor-widget elementor-widget-heading\" data-id=\"cc40a45\" data-element_type=\"widget\" data-e-type=\"widget\" data-widget_type=\"heading.default\">\n\t\t\t\t<div class=\"elementor-widget-container\">\n\t\t\t\t\t<h2 class=\"elementor-heading-title elementor-size-default\">Esplora anche<\/h2>\t\t\t\t<\/div>\n\t\t\t\t<\/div>\n\t\t<div class=\"elementor-element elementor-element-32e665c e-con-full e-flex e-con e-child\" data-id=\"32e665c\" data-element_type=\"container\" data-e-type=\"container\" data-settings=\"{&quot;jet_parallax_layout_list&quot;:[]}\">\n\t\t\t\t<div class=\"elementor-element elementor-element-cb5359a elementor-widget__width-auto elementor-widget elementor-widget-bdt-advanced-button\" data-id=\"cb5359a\" data-element_type=\"widget\" data-e-type=\"widget\" data-widget_type=\"bdt-advanced-button.default\">\n\t\t\t\t<div class=\"elementor-widget-container\">\n\t\t\t\t\t\t\t<div class=\"bdt-ep-button-wrapper\">\n\t\t\t<a href=\"https:\/\/marija.si\/it\/maria-ausiliatrice\/basilica-di-maria-ausiliatrice\/\" class=\"bdt-ep-button bdt-ep-button-effect-a bdt-ep-button-size-md\">\n\t\t\t\t\t\t<div class=\"bdt-ep-button-content-wrapper bdt-flex bdt-flex-middle bdt-flex-center  \" data-text=\"Basilica di Maria Ausiliatrice\">\n\t\t\t\t\t\t\t<div class=\"bdt-ep-button-icon bdt-flex-center bdt-flex-align-right\">\n\t\t\t\t\t<div class=\"bdt-ep-button-icon-inner\">\n\n\t\t\t\t\t\t<i aria-hidden=\"true\" class=\"fa-fw icon icon-right-arrow-1\"><\/i>\n\t\t\t\t\t<\/div>\n\t\t\t\t<\/div>\n\t\t\t\n\t\t\t<div class=\"bdt-ep-button-text\">\n\n\t\t\t\t<span class=\"avdbtn-text\">\n\t\t\t\t\tBasilica di Maria Ausiliatrice\t\t\t\t<\/span>\n\n\t\t\t\t\t\t\t<\/div>\n\n\t\t\t\n\t\t<\/div>\n\t\t\t\t\t<\/a>\n\t\t<\/div>\n\t\t\t\t\t\t<\/div>\n\t\t\t\t<\/div>\n\t\t\t\t<div class=\"elementor-element elementor-element-af178fd elementor-widget__width-auto elementor-widget elementor-widget-bdt-advanced-button\" data-id=\"af178fd\" data-element_type=\"widget\" data-e-type=\"widget\" data-widget_type=\"bdt-advanced-button.default\">\n\t\t\t\t<div class=\"elementor-widget-container\">\n\t\t\t\t\t\t\t<div class=\"bdt-ep-button-wrapper\">\n\t\t\t<a href=\"https:\/\/marija.si\/it\/maria-ausiliatrice\/storia-del-cammino-di-dio\/\" class=\"bdt-ep-button bdt-ep-button-effect-a bdt-ep-button-size-md\">\n\t\t\t\t\t\t<div class=\"bdt-ep-button-content-wrapper bdt-flex bdt-flex-middle bdt-flex-center  \" data-text=\"Storia del cammino di Dio\">\n\t\t\t\t\t\t\t<div class=\"bdt-ep-button-icon bdt-flex-center bdt-flex-align-right\">\n\t\t\t\t\t<div class=\"bdt-ep-button-icon-inner\">\n\n\t\t\t\t\t\t<i aria-hidden=\"true\" class=\"fa-fw icon icon-right-arrow-1\"><\/i>\n\t\t\t\t\t<\/div>\n\t\t\t\t<\/div>\n\t\t\t\n\t\t\t<div class=\"bdt-ep-button-text\">\n\n\t\t\t\t<span class=\"avdbtn-text\">\n\t\t\t\t\tStoria del cammino di Dio\t\t\t\t<\/span>\n\n\t\t\t\t\t\t\t<\/div>\n\n\t\t\t\n\t\t<\/div>\n\t\t\t\t\t<\/a>\n\t\t<\/div>\n\t\t\t\t\t\t<\/div>\n\t\t\t\t<\/div>\n\t\t\t\t<div class=\"elementor-element elementor-element-3f1081b elementor-widget__width-auto levo elementor-widget elementor-widget-bdt-advanced-button\" data-id=\"3f1081b\" data-element_type=\"widget\" data-e-type=\"widget\" data-widget_type=\"bdt-advanced-button.default\">\n\t\t\t\t<div class=\"elementor-widget-container\">\n\t\t\t\t\t\t\t<div class=\"bdt-ep-button-wrapper\">\n\t\t\t<a href=\"https:\/\/marija.si\/it\/maria-ausiliatrice\/i-dintorni-della-basilica-di-maria-ausiliatrice\/\" class=\"bdt-ep-button bdt-ep-button-effect-a bdt-ep-button-size-md\">\n\t\t\t\t\t\t<div class=\"bdt-ep-button-content-wrapper bdt-flex bdt-flex-middle bdt-flex-center  \" data-text=\" I dintorni della Basilica di Maria Ausiliatrice\">\n\t\t\t\t\t\t\t<div class=\"bdt-ep-button-icon bdt-flex-center bdt-flex-align-right\">\n\t\t\t\t\t<div class=\"bdt-ep-button-icon-inner\">\n\n\t\t\t\t\t\t<i aria-hidden=\"true\" class=\"fa-fw icon icon-right-arrow-1\"><\/i>\n\t\t\t\t\t<\/div>\n\t\t\t\t<\/div>\n\t\t\t\n\t\t\t<div class=\"bdt-ep-button-text\">\n\n\t\t\t\t<span class=\"avdbtn-text\">\n\t\t\t\t\t I dintorni della Basilica di Maria Ausiliatrice\t\t\t\t<\/span>\n\n\t\t\t\t\t\t\t<\/div>\n\n\t\t\t\n\t\t<\/div>\n\t\t\t\t\t<\/a>\n\t\t<\/div>\n\t\t\t\t\t\t<\/div>\n\t\t\t\t<\/div>\n\t\t\t\t<\/div>\n\t\t\t\t<\/div>\n\t\t\t\t\t<\/div>\n\t\t\t\t<\/div>\n\t\t\t\t<\/div>\n\t\t","protected":false},"excerpt":{"rendered":"<p>L&#8217;immagine miracolosa \u00e8, insieme all&#8217;Eucaristia, il secondo cuore del santuario di Brezje. Ogni pellegrino potrebbe raccontare la propria storia d&#8217;incontro con questa immagine. Abbiamo raccolto qui alcune descrizioni. L&#8217;origine dell&#8217;immagine di Maria Ausiliatrice si collega indirettamente alla Bibbia, precisamente al racconto dell&#8217;evangelista Matteo sulla fuga della Sacra Famiglia dalla persecuzione di Erode (Mt 2,13\u201315). A [&hellip;]<\/p>\n","protected":false},"author":1,"featured_media":0,"parent":4965,"menu_order":0,"comment_status":"closed","ping_status":"closed","template":"","meta":{"gallery":"","dateEnd":"","displayOrder":0,"videosArray":[],"audiosArray":[],"othersArray":[],"footnotes":""},"class_list":["post-4500","page","type-page","status-publish","hentry"],"_links":{"self":[{"href":"https:\/\/marija.si\/it\/wp-json\/wp\/v2\/pages\/4500","targetHints":{"allow":["GET"]}}],"collection":[{"href":"https:\/\/marija.si\/it\/wp-json\/wp\/v2\/pages"}],"about":[{"href":"https:\/\/marija.si\/it\/wp-json\/wp\/v2\/types\/page"}],"author":[{"embeddable":true,"href":"https:\/\/marija.si\/it\/wp-json\/wp\/v2\/users\/1"}],"replies":[{"embeddable":true,"href":"https:\/\/marija.si\/it\/wp-json\/wp\/v2\/comments?post=4500"}],"version-history":[{"count":10,"href":"https:\/\/marija.si\/it\/wp-json\/wp\/v2\/pages\/4500\/revisions"}],"predecessor-version":[{"id":5058,"href":"https:\/\/marija.si\/it\/wp-json\/wp\/v2\/pages\/4500\/revisions\/5058"}],"up":[{"embeddable":true,"href":"https:\/\/marija.si\/it\/wp-json\/wp\/v2\/pages\/4965"}],"wp:attachment":[{"href":"https:\/\/marija.si\/it\/wp-json\/wp\/v2\/media?parent=4500"}],"curies":[{"name":"wp","href":"https:\/\/api.w.org\/{rel}","templated":true}]}}