{"id":4489,"date":"2024-11-06T13:29:08","date_gmt":"2024-11-06T12:29:08","guid":{"rendered":"https:\/\/marija.si\/basilica-di-maria-ausiliatrice\/"},"modified":"2025-03-17T15:18:42","modified_gmt":"2025-03-17T14:18:42","slug":"basilica-di-maria-ausiliatrice","status":"publish","type":"page","link":"https:\/\/marija.si\/it\/maria-ausiliatrice\/basilica-di-maria-ausiliatrice\/","title":{"rendered":"Basilica di Maria Ausiliatrice"},"content":{"rendered":"\t\t<div data-elementor-type=\"wp-page\" data-elementor-id=\"4489\" class=\"elementor elementor-4489 elementor-1196\" data-elementor-settings=\"{&quot;element_pack_global_tooltip_width&quot;:{&quot;unit&quot;:&quot;px&quot;,&quot;size&quot;:&quot;&quot;,&quot;sizes&quot;:[]},&quot;element_pack_global_tooltip_width_laptop&quot;:{&quot;unit&quot;:&quot;px&quot;,&quot;size&quot;:&quot;&quot;,&quot;sizes&quot;:[]},&quot;element_pack_global_tooltip_width_tablet&quot;:{&quot;unit&quot;:&quot;px&quot;,&quot;size&quot;:&quot;&quot;,&quot;sizes&quot;:[]},&quot;element_pack_global_tooltip_width_mobile&quot;:{&quot;unit&quot;:&quot;px&quot;,&quot;size&quot;:&quot;&quot;,&quot;sizes&quot;:[]},&quot;element_pack_global_tooltip_padding&quot;:{&quot;unit&quot;:&quot;px&quot;,&quot;top&quot;:&quot;&quot;,&quot;right&quot;:&quot;&quot;,&quot;bottom&quot;:&quot;&quot;,&quot;left&quot;:&quot;&quot;,&quot;isLinked&quot;:true},&quot;element_pack_global_tooltip_padding_laptop&quot;:{&quot;unit&quot;:&quot;px&quot;,&quot;top&quot;:&quot;&quot;,&quot;right&quot;:&quot;&quot;,&quot;bottom&quot;:&quot;&quot;,&quot;left&quot;:&quot;&quot;,&quot;isLinked&quot;:true},&quot;element_pack_global_tooltip_padding_tablet&quot;:{&quot;unit&quot;:&quot;px&quot;,&quot;top&quot;:&quot;&quot;,&quot;right&quot;:&quot;&quot;,&quot;bottom&quot;:&quot;&quot;,&quot;left&quot;:&quot;&quot;,&quot;isLinked&quot;:true},&quot;element_pack_global_tooltip_padding_mobile&quot;:{&quot;unit&quot;:&quot;px&quot;,&quot;top&quot;:&quot;&quot;,&quot;right&quot;:&quot;&quot;,&quot;bottom&quot;:&quot;&quot;,&quot;left&quot;:&quot;&quot;,&quot;isLinked&quot;:true},&quot;element_pack_global_tooltip_border_radius&quot;:{&quot;unit&quot;:&quot;px&quot;,&quot;top&quot;:&quot;&quot;,&quot;right&quot;:&quot;&quot;,&quot;bottom&quot;:&quot;&quot;,&quot;left&quot;:&quot;&quot;,&quot;isLinked&quot;:true},&quot;element_pack_global_tooltip_border_radius_laptop&quot;:{&quot;unit&quot;:&quot;px&quot;,&quot;top&quot;:&quot;&quot;,&quot;right&quot;:&quot;&quot;,&quot;bottom&quot;:&quot;&quot;,&quot;left&quot;:&quot;&quot;,&quot;isLinked&quot;:true},&quot;element_pack_global_tooltip_border_radius_tablet&quot;:{&quot;unit&quot;:&quot;px&quot;,&quot;top&quot;:&quot;&quot;,&quot;right&quot;:&quot;&quot;,&quot;bottom&quot;:&quot;&quot;,&quot;left&quot;:&quot;&quot;,&quot;isLinked&quot;:true},&quot;element_pack_global_tooltip_border_radius_mobile&quot;:{&quot;unit&quot;:&quot;px&quot;,&quot;top&quot;:&quot;&quot;,&quot;right&quot;:&quot;&quot;,&quot;bottom&quot;:&quot;&quot;,&quot;left&quot;:&quot;&quot;,&quot;isLinked&quot;:true}}\" data-elementor-post-type=\"page\">\n\t\t\t\t<div class=\"elementor-element elementor-element-f809d97 e-flex e-con-boxed e-con e-parent\" data-id=\"f809d97\" data-element_type=\"container\" data-e-type=\"container\" data-settings=\"{&quot;jet_parallax_layout_list&quot;:[]}\">\n\t\t\t\t\t<div class=\"e-con-inner\">\n\t\t<div class=\"elementor-element elementor-element-87f342d e-con-full e-flex e-con e-child\" data-id=\"87f342d\" data-element_type=\"container\" data-e-type=\"container\" data-settings=\"{&quot;background_background&quot;:&quot;gradient&quot;,&quot;jet_parallax_layout_list&quot;:[]}\">\n\t\t\t\t<div class=\"elementor-element elementor-element-b626172 elementor-position-left bdt-global-link-yes nazaj bdt-icon-type-icon bdt-icon-effect-none elementor-widget elementor-widget-global elementor-global-1324 elementor-widget-bdt-advanced-icon-box\" data-id=\"b626172\" data-element_type=\"widget\" data-e-type=\"widget\" data-widget_type=\"bdt-advanced-icon-box.default\">\n\t\t\t\t<div class=\"elementor-widget-container\">\n\t\t\t\t\t\t\t<div class=\"bdt-ep-advanced-icon-box\">\n\n\t\t\t\n\t\t\t<div class=\"bdt-ep-advanced-icon-box-content\">\n\n\t\t\t\t\t\t\t\t\t\t\t<div class=\"bdt-ep-advanced-icon-box-icon-heading bdt-flex bdt-flex-middle\">\n\n\t\t\t\n\t\t\t\t\t<div class=\"bdt-ep-advanced-icon-box-icon\">\n\t\t\t\t<span class=\"bdt-ep-advanced-icon-box-icon-wrap\">\n\n\n\t\t\t\t\t\n\t\t\t\t\t\t<i aria-hidden=\"true\" class=\"icon icon-left-arrow-1\"><\/i>\n\n\t\t\t\t\t\t\t\t\t<\/span>\n\t\t\t<\/div>\n\t\t\n\t\n\n\t\t\t<div class=\"bdt-icon-box-title-wrapper\">\n\n\t\t\t\t\n\n\t\t\t\t\t\t\t<\/div>\n\t\t<\/div>\n\t\t\t\t\t\n\t\t\t\t\n\t\t\t\t\n\t\t\t\t\t\t\t<\/div>\n\t\t<\/div>\n\n\t\t\n\t\t\n\t\t\t\t<\/div>\n\t\t\t\t<\/div>\n\t\t\t\t<\/div>\n\t\t<div class=\"elementor-element elementor-element-b9d1892 e-con-full e-flex e-con e-child\" data-id=\"b9d1892\" data-element_type=\"container\" data-e-type=\"container\" data-settings=\"{&quot;jet_parallax_layout_list&quot;:[]}\">\n\t\t<div class=\"elementor-element elementor-element-bec24be e-con-full e-flex e-con e-child\" data-id=\"bec24be\" data-element_type=\"container\" data-e-type=\"container\" data-settings=\"{&quot;background_background&quot;:&quot;classic&quot;,&quot;jet_parallax_layout_list&quot;:[]}\">\n\t\t\t\t<div class=\"elementor-element elementor-element-537fe8a elementor-widget__width-inherit elementor-widget-mobile__width-inherit elementor-widget elementor-widget-image\" data-id=\"537fe8a\" data-element_type=\"widget\" data-e-type=\"widget\" data-widget_type=\"image.default\">\n\t\t\t\t<div class=\"elementor-widget-container\">\n\t\t\t\t\t\t\t\t\t\t\t\t\t\t\t<img fetchpriority=\"high\" decoding=\"async\" width=\"2000\" height=\"1333\" src=\"https:\/\/marija.si\/wp-content\/uploads\/2024\/12\/zima-Kotar-2015-min-1.jpg\" class=\"attachment-full size-full wp-image-4490\" alt=\"\" srcset=\"https:\/\/marija.si\/wp-content\/uploads\/2024\/12\/zima-Kotar-2015-min-1.jpg 2000w, https:\/\/marija.si\/wp-content\/uploads\/2024\/12\/zima-Kotar-2015-min-1-300x200.jpg 300w, https:\/\/marija.si\/wp-content\/uploads\/2024\/12\/zima-Kotar-2015-min-1-1024x682.jpg 1024w, https:\/\/marija.si\/wp-content\/uploads\/2024\/12\/zima-Kotar-2015-min-1-768x512.jpg 768w, https:\/\/marija.si\/wp-content\/uploads\/2024\/12\/zima-Kotar-2015-min-1-1536x1024.jpg 1536w\" sizes=\"(max-width: 2000px) 100vw, 2000px\" \/>\t\t\t\t\t\t\t\t\t\t\t\t\t\t\t<\/div>\n\t\t\t\t<\/div>\n\t\t\t\t<div class=\"elementor-element elementor-element-3201333 elementor-widget elementor-widget-text-editor\" data-id=\"3201333\" data-element_type=\"widget\" data-e-type=\"widget\" data-widget_type=\"text-editor.default\">\n\t\t\t\t<div class=\"elementor-widget-container\">\n\t\t\t\t\t\t\t\t\t<p>Il meraviglioso santuario di Maria Ausiliatrice a Brezje si \u00e8 trasformato pi\u00f9 volte nel corso del tempo. \u00c8 cresciuto da una piccola chiesa dedicata a San Vito con l&#8217;annessa cappella mariana fino a diventare il Santuario Mariano Nazionale Sloveno \u2013 la Basilica di Maria Ausiliatrice.  <\/p>\n<p>Un onore speciale \u00e8 stato conferito alla chiesa di Brezje nel 1988, quando papa Giovanni Paolo II le ha assegnato il titolo onorifico di basilica minore. Il Santo Padre, durante la sua visita in Slovenia nel 1996, ha reso personalmente omaggio a Maria Ausiliatrice a Brezje.  <\/p>\n<p>La Conferenza Episcopale Slovena ha adottato all&#8217;unanimit\u00e0 la decisione il 7 settembre 1999 e ha proclamato la Basilica di Maria Ausiliatrice Santuario Mariano Nazionale della Slovenia. La solenne proclamazione \u00e8 avvenuta il 1\u00ba gennaio 2000.   <\/p>\n<p>Maria Ausiliatrice di Brezje rimane ancora oggi legata al popolo sloveno; a Lei ricorriamo nelle ore di sofferenza e La veneriamo nei tempi di pace.<\/p>\n\t\t\t\t\t\t\t\t<\/div>\n\t\t\t\t<\/div>\n\t\t\t\t<\/div>\n\t\t<div class=\"elementor-element elementor-element-43354b8 e-con-full e-flex e-con e-child\" data-id=\"43354b8\" data-element_type=\"container\" data-e-type=\"container\" data-settings=\"{&quot;background_background&quot;:&quot;classic&quot;,&quot;jet_parallax_layout_list&quot;:[]}\">\n\t\t\t\t<div class=\"elementor-element elementor-element-c7c3fcf e-transform e-transform elementor-widget elementor-widget-heading\" data-id=\"c7c3fcf\" data-element_type=\"widget\" data-e-type=\"widget\" id=\"vertical-h\" data-settings=\"{&quot;_transform_rotateZ_effect&quot;:{&quot;unit&quot;:&quot;px&quot;,&quot;size&quot;:-90,&quot;sizes&quot;:[]},&quot;_transform_translateX_effect&quot;:{&quot;unit&quot;:&quot;px&quot;,&quot;size&quot;:-288,&quot;sizes&quot;:[]},&quot;_transform_translateX_effect_laptop&quot;:{&quot;unit&quot;:&quot;px&quot;,&quot;size&quot;:-261,&quot;sizes&quot;:[]},&quot;_transform_translateX_effect_tablet&quot;:{&quot;unit&quot;:&quot;%&quot;,&quot;size&quot;:0,&quot;sizes&quot;:[]},&quot;_transform_translateX_effect_mobile&quot;:{&quot;unit&quot;:&quot;%&quot;,&quot;size&quot;:0,&quot;sizes&quot;:[]},&quot;_transform_rotateZ_effect_mobile&quot;:{&quot;unit&quot;:&quot;deg&quot;,&quot;size&quot;:0,&quot;sizes&quot;:[]},&quot;_transform_rotateZ_effect_tablet&quot;:{&quot;unit&quot;:&quot;deg&quot;,&quot;size&quot;:0,&quot;sizes&quot;:[]},&quot;_transform_rotateZ_effect_laptop&quot;:{&quot;unit&quot;:&quot;deg&quot;,&quot;size&quot;:&quot;&quot;,&quot;sizes&quot;:[]},&quot;_transform_translateY_effect&quot;:{&quot;unit&quot;:&quot;px&quot;,&quot;size&quot;:&quot;&quot;,&quot;sizes&quot;:[]},&quot;_transform_translateY_effect_laptop&quot;:{&quot;unit&quot;:&quot;px&quot;,&quot;size&quot;:&quot;&quot;,&quot;sizes&quot;:[]},&quot;_transform_translateY_effect_tablet&quot;:{&quot;unit&quot;:&quot;px&quot;,&quot;size&quot;:&quot;&quot;,&quot;sizes&quot;:[]},&quot;_transform_translateY_effect_mobile&quot;:{&quot;unit&quot;:&quot;px&quot;,&quot;size&quot;:&quot;&quot;,&quot;sizes&quot;:[]}}\" data-widget_type=\"heading.default\">\n\t\t\t\t<div class=\"elementor-widget-container\">\n\t\t\t\t\t<h2 class=\"elementor-heading-title elementor-size-default\">Basilica di Maria Ausiliatrice<\/h2>\t\t\t\t<\/div>\n\t\t\t\t<\/div>\n\t\t\t\t<\/div>\n\t\t\t\t<\/div>\n\t\t<div class=\"elementor-element elementor-element-99dc932 e-con-full e-flex e-con e-child\" data-id=\"99dc932\" data-element_type=\"container\" data-e-type=\"container\" data-settings=\"{&quot;jet_parallax_layout_list&quot;:[]}\">\n\t\t<div class=\"elementor-element elementor-element-5d37f8a e-con-full e-flex e-con e-child\" data-id=\"5d37f8a\" data-element_type=\"container\" data-e-type=\"container\" data-settings=\"{&quot;background_background&quot;:&quot;classic&quot;,&quot;jet_parallax_layout_list&quot;:[]}\">\n\t\t\t\t<div class=\"elementor-element elementor-element-f23b8c6 e-transform e-transform elementor-widget__width-inherit elementor-widget elementor-widget-heading\" data-id=\"f23b8c6\" data-element_type=\"widget\" data-e-type=\"widget\" id=\"vertical-h\" data-settings=\"{&quot;_transform_rotateZ_effect&quot;:{&quot;unit&quot;:&quot;px&quot;,&quot;size&quot;:-90,&quot;sizes&quot;:[]},&quot;_transform_translateX_effect&quot;:{&quot;unit&quot;:&quot;px&quot;,&quot;size&quot;:-245,&quot;sizes&quot;:[]},&quot;_transform_translateX_effect_laptop&quot;:{&quot;unit&quot;:&quot;px&quot;,&quot;size&quot;:-221,&quot;sizes&quot;:[]},&quot;_transform_translateX_effect_tablet&quot;:{&quot;unit&quot;:&quot;%&quot;,&quot;size&quot;:0,&quot;sizes&quot;:[]},&quot;_transform_translateX_effect_mobile&quot;:{&quot;unit&quot;:&quot;%&quot;,&quot;size&quot;:0,&quot;sizes&quot;:[]},&quot;_transform_rotateZ_effect_mobile&quot;:{&quot;unit&quot;:&quot;deg&quot;,&quot;size&quot;:0,&quot;sizes&quot;:[]},&quot;_transform_rotateZ_effect_tablet&quot;:{&quot;unit&quot;:&quot;deg&quot;,&quot;size&quot;:0,&quot;sizes&quot;:[]},&quot;_transform_rotateZ_effect_laptop&quot;:{&quot;unit&quot;:&quot;deg&quot;,&quot;size&quot;:&quot;&quot;,&quot;sizes&quot;:[]},&quot;_transform_translateY_effect&quot;:{&quot;unit&quot;:&quot;px&quot;,&quot;size&quot;:&quot;&quot;,&quot;sizes&quot;:[]},&quot;_transform_translateY_effect_laptop&quot;:{&quot;unit&quot;:&quot;px&quot;,&quot;size&quot;:&quot;&quot;,&quot;sizes&quot;:[]},&quot;_transform_translateY_effect_tablet&quot;:{&quot;unit&quot;:&quot;px&quot;,&quot;size&quot;:&quot;&quot;,&quot;sizes&quot;:[]},&quot;_transform_translateY_effect_mobile&quot;:{&quot;unit&quot;:&quot;px&quot;,&quot;size&quot;:&quot;&quot;,&quot;sizes&quot;:[]}}\" data-widget_type=\"heading.default\">\n\t\t\t\t<div class=\"elementor-widget-container\">\n\t\t\t\t\t<h2 class=\"elementor-heading-title elementor-size-default\">Descrizione della chiesa<\/h2>\t\t\t\t<\/div>\n\t\t\t\t<\/div>\n\t\t\t\t<\/div>\n\t\t<div class=\"elementor-element elementor-element-12c90f7 e-con-full e-flex e-con e-child\" data-id=\"12c90f7\" data-element_type=\"container\" data-e-type=\"container\" data-settings=\"{&quot;background_background&quot;:&quot;classic&quot;,&quot;jet_parallax_layout_list&quot;:[]}\">\n\t\t\t\t<div class=\"elementor-element elementor-element-bbd3de7 elementor-widget elementor-widget-text-editor\" data-id=\"bbd3de7\" data-element_type=\"widget\" data-e-type=\"widget\" data-widget_type=\"text-editor.default\">\n\t\t\t\t<div class=\"elementor-widget-container\">\n\t\t\t\t\t\t\t\t\t<p>Nel luogo dove oggi sorge il maestoso santuario mariano, nel XV secolo si trovava solo una modesta chiesetta di San Vito, filiale della parrocchia di Mo\u0161nje. <\/p>\n<p>Oltre <strong>all&#8217;altare maggiore di San Vito, <\/strong> aveva anche <strong>una cappella laterale dedicata a Sant&#8217;Antonio Abate. <\/strong>Nel 1800, il parroco di Mo\u0161nje, Urban A\u017ebe, fece costruire un&#8217;altra cappella laterale, dedicata a Maria Ausiliatrice. La gente del luogo vi si radunava volentieri per la preghiera.  <\/p>\n<p>Il numero dei devoti di Maria crebbe enormemente quando la cappella ricevette <strong>l&#8217;immagine di Maria Ausiliatrice<\/strong>. Si inizi\u00f2 quindi la costruzione della nuova chiesa sotto la guida del parroco Franc Kumer, e il 9 ottobre 1889 fu posata la prima pietra del nuovo edificio. <\/p>\n<p>Lo benedisse il <strong>vescovo di Lubiana, mons. Jakob Missia<\/strong>. Il progetto per il nuovo edificio, realizzato secondo le indicazioni del vicario generale J. Flis, fu elaborato dall&#8217;architetto Robert Mikovitz di Graz. I lavori furono diretti dall&#8217;architetto Franc Faleschini.  <\/p>\n<p>Nel 1900 la chiesa fu completata. Con la massima solennit\u00e0, il 7 ottobre 1900, fu consacrata da mons. Jakob Missia, allora vescovo di Gorizia, insieme a mons. Anton Bonaventura Jegli\u010d e al vescovo sloveno di Saint Cloud negli Stati Uniti, Jakob Trobec.  <\/p>\n<p>La vista della chiesa, costruita in stile neorinascimentale, trasmette all\u2019osservatore un\u2019impressione di maestosit\u00e0. L\u2019edificio \u00e8 lungo <strong>39 metri, largo 19 metri e alto 17 metri.<\/strong> <\/p>\n<p>Sulla facciata, tra due colonne semicircolari in marmo rosso di Verona che sorreggono il muro principale, si trovano due porte artisticamente realizzate a doppio battente. Progettate da Janez Vurnik, furono scolpite dal maestro intagliatore Janez Resman di Gorica pri Radovljici. Sul battente destro, dal basso verso l\u2019alto, sono intagliate le immagini dei profeti che annunciarono la nascita di Maria: Mos\u00e8, Davide e Isaia. Sul battente sinistro sono raffigurate le prefigurazioni di Maria: Sara, Rachele e Giuditta.   <\/p>\n<p>I <strong>due pannelli inferiori<\/strong> sono ricoperti da rilievi con angeli che tengono in mano un nastro con i nomi delle figure raffigurate su quel battente. Sopra l\u2019architrave del portale principale si trova un rilievo in marmo di Maria Ausiliatrice. Sul lato sinistro del rilievo sono raffigurati gli angeli Raffaele e Gabriele, mentre sul lato destro vi \u00e8 una donna distesa su un letto di malattia, che insieme ai suoi familiari si rivolge con fiducia a Maria Ausiliatrice per la guarigione. Si nota che l\u2019artista ha voluto raffigurare la prima guarigione improvvisa (1863).   <\/p>\n<p>Il <strong>pannello sopra il portale principale<\/strong> \u00e8 riccamente decorato con mosaici, simboli e iscrizioni. Sopra il rilievo di Maria Ausiliatrice risplende l&#8217;iscrizione ovale &#8220;Porta del Cielo&#8221;, mentre ai lati vi sono due medaglioni ovali con fiori variopinti. Sopra tutto questo si trova una fascia ampia con il motto: &#8220;Per Maria a Ges\u00f9&#8221;.<br \/>Sui quattro risalti murari sono riportati titoli tratti dalle Litanie Lauretane: &#8220;Vergine delle Vergini&#8221;, &#8220;Vergine Fedele&#8221;, &#8220;Madre di Dio&#8221;, &#8220;Casa d&#8217;Oro&#8221;.   <\/p>\n<p>In <strong>alto sulla facciata<\/strong> risplende una grande rosetta con otto sezioni, decorate con gigli bianchi e dorati in mosaico. La rosetta \u00e8 circondata da quattro ornamenti a forma di lanterne, mentre ai suoi lati, in splendidi mosaici, si trovano i monogrammi di Maria.   <\/p>\n<p><strong>Sopra il portale laterale sud<\/strong>, secondo il progetto del prof. Vurnik, \u00e8 stata realizzata una finestra ornamentale, le cui cornici sono decorate a mosaico. Sopra la finestra \u00e8 incisa la data 1965, che ricorda il restauro della facciata in occasione del trentesimo anniversario del Congresso Eucaristico di Lubiana.  <\/p>\n<p>Un po&#8217; pi\u00f9 in basso, nel mosaico, sono raffigurati gli apostoli degli Slavi, San Cirillo e San Metodio, nuovi patroni dell&#8217;arcidiocesi di Lubiana.<br \/>In questa finestra \u00e8 stato collocato un busto di Maria con il Bambino, opera dello scultore accademico Boris Kalin. Questa statua un tempo si trovava nel parco vicino alla nuova stazione ferroviaria di Oto\u010de, dove simboleggiava Maria Ausiliatrice, salutando simbolicamente i pellegrini in arrivo e in partenza dal suo alto pilastro composto da quattro aste (1939\/1940).<br \/>La statua fu collocata dal padre Roman Tominec \u2013 la base del pilastro con l&#8217;iscrizione esiste ancora nel parco presso la stazione di Oto\u010de.     <\/p>\n<p><strong>Per il sessantesimo anniversario dell&#8217;incoronazione dell&#8217;immagine di Maria Ausiliatrice (1967)<\/strong>, fu costruita, sempre secondo i progetti di Vurnik, una cappella dedicata a San Francesco d\u2019Assisi nel cortile tra il monastero e la chiesa, in stile rifugio alpino sloveno.<br \/>L\u2019altare ospita un dipinto, opera del pittore accademico Lojze Perko, incastonato in una cornice di bronzo, la stessa che durante la Seconda guerra mondiale conteneva l\u2019immagine di Maria Ausiliatrice nella cattedrale di Lubiana.   <\/p>\n<p>Alla vigilia del <strong>giubileo di perla (2 settembre 1967)<\/strong>, l&#8217;altare fu consacrato dall&#8217;arcivescovo di Lubiana, mons. Jo\u017eef Poga\u010dnik. In questo modo, Brezje ottenne un nuovo spazio liturgico, dove si celebrano Sante Messe, si distribuisce la Santa Comunione e si confessano i pellegrini che, a causa dell&#8217;afflusso numeroso, non riescono ad entrare in chiesa.<\/p>\n<p>I <strong>mosaici<\/strong> all&#8217;interno della chiesa, cos\u00ec come quelli della cappella di San Francesco e del cortile, furono realizzati secondo i progetti del prof. Vurnik dalle Suore della Scuola di Radovljica, sotto la direzione artistica della ceramista accademica suor Darinka Bajec.  <\/p>\n<p>Nel <strong>campanile<\/strong> alto 53 metri, costruito in pietra tagliata, inizialmente risuonavano quattro campane di bronzo. Tuttavia, durante la Prima guerra mondiale, tre delle pi\u00f9 grandi subirono la stessa sorte di molte altre campane, venendo confiscate.<br \/>Nel 1918, la chiesa ricevette provvisoriamente campane in acciaio, che nel 1932 furono sostituite da campane di bronzo accordate, realizzate secondo la melodia del Salve Regina (p. Hugolin Sattner).<br \/>Secondo molti, il suono delle campane di Brezje \u00e8 il pi\u00f9 bello che si possa sentire nella nostra patria.  <\/p>\n<p>Durante l&#8217;occupazione tedesca (1941\u20131945), anche le campane di Brezje rischiarono di subire la stessa sorte della maggior parte delle loro &#8220;sorelle&#8221; in tutta la Slovenia.<br \/>Il merito per il loro salvataggio va al maestro organaro, il defunto Franc Jenko. A lui fu affidato l\u2019incarico di rimuovere le campane in tutta la Carniola, iniziando proprio da quelle di Brezje. Tuttavia, ritard\u00f2 intenzionalmente il lavoro cos\u00ec a lungo che, quando i fondamenti del &#8220;Grande Reich&#8221; iniziarono a crollare, nemmeno le campane requisite avrebbero potuto pi\u00f9 salvarlo.<\/p>\n<p>Come l\u2019esterno, anche l\u2019interno della chiesa \u00e8 in <strong>stile rinascimentale<\/strong>. Sopra il grande altare in marmo bianco si trova un mosaico raffigurante San Vito, che \u00e8 rimasto il patrono della chiesa. L&#8217;opera \u00e8 realizzata sulla base di un dipinto del pittore tedesco Matthias Schiestl di Monaco di Baviera.  <\/p>\n<p><strong>L&#8217;altare maggiore in tutti e tre gli altari laterali<\/strong> sono opera di artisti sloveni. Janez Vurnik ha costruito l&#8217;altare maggiore in i primi due altari laterali. Il sinistro (presso il pulpito) \u00e8 dedicato a Sant&#8217;Antonio di Padova, il destro a Sant&#8217;Antonio Abate. Le immagini d&#8217;altare sono opera del pittore Ivan Grohar (1867\u20131911). L&#8217;altare del Sacro Cuore di Ges\u00f9, eretto solo nel 1912, \u00e8 stato realizzato dal successore di Vurnik, Jo\u017eef Pavlin di Radovljica; l&#8217;immagine d&#8217;altare \u00e8 stata dipinta da Ivan Vavpoti\u010d (1877\u20131943). Anche le statue: San Francesco e Santa Chiara sull&#8217;altare maggiore, San Giovanni e Santa Elisabetta sull&#8217;altare di Sant&#8217;Antonio di Padova, Sant&#8217;Isidoro e Sant&#8217;Agnese sull&#8217;altare di Sant&#8217;Antonio Abate, San Giovanni da Capestrano e San Pasquale sull&#8217;altare del Sacro Cuore di Ges\u00f9, sono state scolpite da Pavlin.                 <\/p>\n<p><strong>Il centro del santuario<\/strong> \u00e8 la cappella di Maria Ausiliatrice. Durante la costruzione della nuova chiesa, la cappella originale fu lasciata invariata al suo posto. Per garantirne una maggiore protezione, fu costruita sopra di essa una seconda cappella con una cupola. Sull&#8217;altare di legno, accanto all&#8217;immagine miracolosa di Maria Ausiliatrice, si trovavano anche le statue dei genitori di Maria, San Gioacchino e Sant&#8217;Anna, nonch\u00e9 di San Valentino e San Rocco. Il costruttore di questo altare \u00e8 sconosciuto.        <\/p>\n<p><strong>Il soffitto della cappella<\/strong> era decorato con affreschi di Layer del 1814. A causa del fumo delle numerose candele, dell&#8217;incenso, dell&#8217;atmosfera intensa dovuta al grande afflusso di pellegrini e delle ripetute pulizie, le immagini si erano completamente sbiadite, rendendone impossibile il recupero. Anche l&#8217;altare inizi\u00f2 a deteriorarsi gravemente.  <\/p>\n<p>Gi\u00e0 prima della Seconda guerra mondiale si pensava <strong>al restauro<\/strong> della cappella e dell&#8217;altare. Il progetto originale, opera dell&#8217;ingegnere e architetto Janko Omahen, era gi\u00e0 stato approvato, ma durante la guerra and\u00f2 perduto. Solo nel 1954, secondo i nuovi piani dello stesso Janko Omahen, la vecchia cappella acquis\u00ec un nuovo aspetto. Poich\u00e9 le sue dimensioni rimasero esattamente le stesse di prima, conserva ancora il suo carattere intimo e familiare.    <\/p>\n<p><strong>Il pavimento della cappella<\/strong> \u00e8 realizzato in granito bosniaco estremamente resistente e levigato. Le pareti sono rivestite in marmo istriano giallastro; negli angoli si trovano le statue dorate provenienti dal precedente altare: San Gioacchino e Sant&#8217;Anna, nonch\u00e9 San Valentino e San Rocco. Il soffitto \u00e8 pi\u00f9 alto di circa un metro rispetto al precedente, dorato e perforato, permettendo cos\u00ec la ventilazione dello spazio.      <\/p>\n<p><strong>L&#8217;altare<\/strong>, piccolo come il precedente, \u00e8 in marmo bianco di Carrara su quattro colonnine; accanto ad esso si trovano due esili colonnine bianche, sulle quali sono poste lampade simili a ostensori. Dalle lettere traslucide si leggono a sinistra: Maria, consolatrice degli afflitti, e a destra: Maria, salute degli infermi. Sul nuovo tabernacolo dorato pende da una vite un grappolo d&#8217;uva con acini di splendenti rubini. Sopra il tabernacolo si trova l&#8217;immagine di Maria Ausiliatrice, circondata da una cornice metallica dorata, ornata con diverse pietre naturali.   <\/p>\n<p>L&#8217;8 dicembre 1954 il nuovo altare fu consacrato. A ricordarlo vi \u00e8 un&#8217;iscrizione in latino incisa sul solido sostegno dell&#8217;altare: \u00abIl magnifico altare \u00e8 stato consacrato alla Graziosissima Regina dal vescovo di Lubiana Anton Ribi\u010dev\u00bb. Nell&#8217;iscrizione \u00e8 riportata anche la data della consacrazione.   <\/p>\n<p>Meritano attenzione nella chiesa anche la Via Crucis, le vetrate colorate, opera dei rinomati vetrai tirolesi, il pulpito realizzato da Pavlin e l&#8217;organo. Il primo organo di Mauracher aveva solo 14 registri e si trovava su un piccolo coro sopra la porta che conduce alla sacrestia, quindi di fronte alla cappella di Maria. Di questo ricorda ancora un rilievo artisticamente intagliato sulla vecchia balaustra del coro. Esso raffigura la notte di Natale con il presepe e un coro di angeli che cantano: \u00abGloria a Dio nell&#8217;alto dei cieli e pace in terra agli uomini di buona volont\u00e0.\u00bb   <\/p>\n<p>Nel 1911 Derni\u010d di Lancovo presso Radovljica realizz\u00f2 un <strong>nuovo organo<\/strong> con 32 registri e lo colloc\u00f2 sul coro sopra l\u2019ingresso principale. Il pi\u00f9 grande maestro organaro sloveno, Franc Jenko (\u2020 2 giugno 1968), dopo la Seconda guerra mondiale, modernizz\u00f2 l\u2019organo trasformandolo da sistema meccanico a pneumatico e aument\u00f2 il numero di registri a 47. <\/p>\n<p><strong>La chiesa pellegrina <\/strong>di Brezje non \u00e8 pi\u00f9 una filiale della parrocchia di Mo\u0161nje, ma \u00e8 direttamente subordinata all&#8217;ordinariato arcivescovile di Lubiana. L&#8217;amministrazione della chiesa \u00e8 affidata ai francescani dal 1898, i quali si prendono cura affinch\u00e9 anche l&#8217;ambiente circostante la chiesa acquisisca sempre pi\u00f9 bellezza. <\/p>\n<p>Negli anni 1938-1939, l&#8217;Unione dei combattenti della Prima guerra mondiale, sotto la direzione di p. dr. Hadrijan Kokol, riorganizz\u00f2 il parco davanti alla chiesa secondo il progetto di Ple\u010dnik, abilmente realizzato dal suo allievo, l&#8217;architetto ing. Valen\u010di\u010d. La chiesa, inoltre, costru\u00ec bancarelle in armonia con il parco rinnovato. Lo spazio abbassato di fronte all&#8217;ingresso principale, circondato da slanciati pioppi, fu destinato a un maestoso monumento in stile bizantino dedicato ai soldati sloveni caduti nella Prima guerra mondiale. Tuttavia, lo scoppio della Seconda guerra mondiale ne imped\u00ec la realizzazione.   <\/p>\n<p>Dopo la guerra, oltre al restauro della chiesa di Brezje sia all&#8217;interno che all&#8217;esterno, anche l&#8217;area circostante il santuario ha acquisito un aspetto pi\u00f9 attraente. L&#8217;elegante accesso, la vicinanza all&#8217;autostrada, lo spazio asfaltato intorno alla chiesa, i numerosi lampioni con lampade al mercurio che illuminano la piazza della chiesa e il parco, cos\u00ec come i potenti fari che illuminano la chiesa e il campanile, fanno s\u00ec che il santuario mariano appaia davvero incantevole nelle ore notturne. <\/p>\n<p>Il lavoro \u00e8 stato guidato con grande dedizione soprattutto dai superiori p. Bogdan Markelj e p. Klemen \u0160mid. Essi compresero il desiderio dell&#8217;arcivescovo di Lubiana, mons. Jo\u017ee Poga\u010dnik, che un giorno pronunci\u00f2 parole piene di amore e calore verso Maria Ausiliatrice: \u00abBrezje devono essere belle!\u00bb.   <\/p>\n<p>(p. Otmar Vostner)<\/p>\n\t\t\t\t\t\t\t\t<\/div>\n\t\t\t\t<\/div>\n\t\t\t\t<\/div>\n\t\t\t\t<\/div>\n\t\t<div class=\"elementor-element elementor-element-e4ee405 e-con-full e-flex e-con e-child\" data-id=\"e4ee405\" data-element_type=\"container\" data-e-type=\"container\" data-settings=\"{&quot;jet_parallax_layout_list&quot;:[]}\">\n\t\t<div class=\"elementor-element elementor-element-5f4bb56 e-con-full e-flex e-con e-child\" data-id=\"5f4bb56\" data-element_type=\"container\" data-e-type=\"container\" data-settings=\"{&quot;background_background&quot;:&quot;classic&quot;,&quot;jet_parallax_layout_list&quot;:[]}\">\n\t\t\t\t<div class=\"elementor-element elementor-element-244fd06 elementor-widget elementor-widget-text-editor\" data-id=\"244fd06\" data-element_type=\"widget\" data-e-type=\"widget\" data-widget_type=\"text-editor.default\">\n\t\t\t\t<div class=\"elementor-widget-container\">\n\t\t\t\t\t\t\t\t\t<p>La solenne celebrazione per la proclamazione della chiesa di Brezje a basilica si svolse il 27 maggio 1989. Fu presieduta dal nunzio apostolico Giuseppe Montalvo. La Santa Messa fu celebrata dall&#8217;arcivescovo e metropolita dr. Alojzij \u0160u\u0161tar.   <\/p>\n<p>Il documento con cui il Santo Padre papa Giovanni Paolo II ha proclamato la chiesa di Brezje basilica minore recita: <\/p>\n<p>Giovanni Paolo II a perpetua memoria <\/p>\n<p>\u00c8 ben noto al pubblico che la chiesetta, situata fin dai tempi antichi entro i confini dell&#8217;arcidiocesi di Lubiana, precisamente nel villaggio di Brezje, e che nel corso dei secoli \u00e8 stata restaurata e ristrutturata, \u00e8 gradualmente diventata il santuario centrale della devozione mariana per tutta la Slovenia.<\/p>\n<p>I fedeli di queste terre hanno iniziato a venerare con devozione e piet\u00e0 l&#8217;immagine custodita in quel luogo, dipinta nel 1814 da Leopold Layer, come la Beata Vergine Maria Ausiliatrice (Maria Pomagaj). Nel 1900, l&#8217;arcivescovo di Gorizia di venerata memoria, Jakob Missia, benedisse la nuova chiesa, pi\u00f9 grande e felicemente completata, davvero splendida nella sua magnificenza e costruita nello stile dell&#8217;antica arte rinnovata, diventando cos\u00ec anche un monumento storico del passato. Ancora oggi, soprattutto grazie al clero zelante a cui \u00e8 affidata, essa contribuisce notevolmente sia alla crescita della piet\u00e0 cristiana sia all\u2019intensificarsi dell\u2019amore verso la Beata Vergine Maria. <\/p>\n<p>Desideriamo ardentemente che tutti nel mondo conoscano la bont\u00e0 della grande Madre; per questo riteniamo opportuno ascoltare le suppliche con cui di recente l&#8217;arcivescovo di Lubiana ha espresso i desideri comuni del clero e del popolo, chiedendo alla nostra Santa Sede di concedere alla suddetta chiesa il titolo onorifico di basilica minore (Basilica Minor).<\/p>\n<p>Pertanto, confermiamo il parere della Congregazione per il Culto Divino, espresso oggi su questa questione nell&#8217;esercizio delle sue competenze, e dalla pienezza della nostra autorit\u00e0 apostolica, con questa lettera eleviamo per sempre il suddetto santuario, dedicato alla Beata Vergine Maria Ausiliatrice, alla dignit\u00e0 di basilica minore. Con ci\u00f2, gli concediamo tutti i privilegi e i diritti propri di tali basiliche. A questo riguardo, si dovranno osservare le disposizioni stabilite nel Decreto sul titolo di basilica minore, emanato il 6 giugno 1968.   <\/p>\n<p>Dato a Roma, presso San Pietro, sotto l&#8217;Anello del Pescatore, il 5 ottobre 1988, nel decimo anno del nostro pontificato. <\/p>\n<p>Agostino Cardinale Casaroli, l.r. <br \/>dal Segretariato per gli Affari Pubblici della Chiesa<\/p>\n\t\t\t\t\t\t\t\t<\/div>\n\t\t\t\t<\/div>\n\t\t\t\t<\/div>\n\t\t<div class=\"elementor-element elementor-element-03e512f e-con-full e-flex e-con e-child\" data-id=\"03e512f\" data-element_type=\"container\" data-e-type=\"container\" data-settings=\"{&quot;background_background&quot;:&quot;classic&quot;,&quot;jet_parallax_layout_list&quot;:[]}\">\n\t\t\t\t<div class=\"elementor-element elementor-element-c4accfc e-transform e-transform elementor-widget elementor-widget-heading\" data-id=\"c4accfc\" data-element_type=\"widget\" data-e-type=\"widget\" id=\"vertical-h\" data-settings=\"{&quot;_transform_rotateZ_effect&quot;:{&quot;unit&quot;:&quot;px&quot;,&quot;size&quot;:-90,&quot;sizes&quot;:[]},&quot;_transform_translateX_effect&quot;:{&quot;unit&quot;:&quot;px&quot;,&quot;size&quot;:-474,&quot;sizes&quot;:[]},&quot;_transform_translateX_effect_laptop&quot;:{&quot;unit&quot;:&quot;px&quot;,&quot;size&quot;:-427,&quot;sizes&quot;:[]},&quot;_transform_translateX_effect_tablet&quot;:{&quot;unit&quot;:&quot;%&quot;,&quot;size&quot;:0,&quot;sizes&quot;:[]},&quot;_transform_translateX_effect_mobile&quot;:{&quot;unit&quot;:&quot;%&quot;,&quot;size&quot;:0,&quot;sizes&quot;:[]},&quot;_transform_rotateZ_effect_mobile&quot;:{&quot;unit&quot;:&quot;deg&quot;,&quot;size&quot;:0,&quot;sizes&quot;:[]},&quot;_transform_rotateZ_effect_tablet&quot;:{&quot;unit&quot;:&quot;deg&quot;,&quot;size&quot;:0,&quot;sizes&quot;:[]},&quot;_transform_rotateZ_effect_laptop&quot;:{&quot;unit&quot;:&quot;deg&quot;,&quot;size&quot;:&quot;&quot;,&quot;sizes&quot;:[]},&quot;_transform_translateY_effect&quot;:{&quot;unit&quot;:&quot;px&quot;,&quot;size&quot;:&quot;&quot;,&quot;sizes&quot;:[]},&quot;_transform_translateY_effect_laptop&quot;:{&quot;unit&quot;:&quot;px&quot;,&quot;size&quot;:&quot;&quot;,&quot;sizes&quot;:[]},&quot;_transform_translateY_effect_tablet&quot;:{&quot;unit&quot;:&quot;px&quot;,&quot;size&quot;:&quot;&quot;,&quot;sizes&quot;:[]},&quot;_transform_translateY_effect_mobile&quot;:{&quot;unit&quot;:&quot;px&quot;,&quot;size&quot;:&quot;&quot;,&quot;sizes&quot;:[]}}\" data-widget_type=\"heading.default\">\n\t\t\t\t<div class=\"elementor-widget-container\">\n\t\t\t\t\t<h2 class=\"elementor-heading-title elementor-size-default\">Proclamazione della chiesa di Brezje a basilica<\/h2>\t\t\t\t<\/div>\n\t\t\t\t<\/div>\n\t\t\t\t<\/div>\n\t\t\t\t<\/div>\n\t\t<div class=\"elementor-element elementor-element-0ccef56 e-con-full e-flex e-con e-child\" data-id=\"0ccef56\" data-element_type=\"container\" data-e-type=\"container\" data-settings=\"{&quot;jet_parallax_layout_list&quot;:[]}\">\n\t\t<div class=\"elementor-element elementor-element-7e8784c e-con-full e-flex e-con e-child\" data-id=\"7e8784c\" data-element_type=\"container\" data-e-type=\"container\" data-settings=\"{&quot;background_background&quot;:&quot;classic&quot;,&quot;jet_parallax_layout_list&quot;:[]}\">\n\t\t\t\t<div class=\"elementor-element elementor-element-03b7bee e-transform e-transform elementor-widget__width-inherit elementor-widget elementor-widget-heading\" data-id=\"03b7bee\" data-element_type=\"widget\" data-e-type=\"widget\" id=\"vertical-h\" data-settings=\"{&quot;_transform_rotateZ_effect&quot;:{&quot;unit&quot;:&quot;px&quot;,&quot;size&quot;:-90,&quot;sizes&quot;:[]},&quot;_transform_translateX_effect&quot;:{&quot;unit&quot;:&quot;px&quot;,&quot;size&quot;:-440,&quot;sizes&quot;:[]},&quot;_transform_translateX_effect_laptop&quot;:{&quot;unit&quot;:&quot;px&quot;,&quot;size&quot;:-400,&quot;sizes&quot;:[]},&quot;_transform_translateX_effect_tablet&quot;:{&quot;unit&quot;:&quot;%&quot;,&quot;size&quot;:0,&quot;sizes&quot;:[]},&quot;_transform_translateX_effect_mobile&quot;:{&quot;unit&quot;:&quot;%&quot;,&quot;size&quot;:0,&quot;sizes&quot;:[]},&quot;_transform_rotateZ_effect_mobile&quot;:{&quot;unit&quot;:&quot;deg&quot;,&quot;size&quot;:0,&quot;sizes&quot;:[]},&quot;_transform_rotateZ_effect_tablet&quot;:{&quot;unit&quot;:&quot;deg&quot;,&quot;size&quot;:0,&quot;sizes&quot;:[]},&quot;_transform_rotateZ_effect_laptop&quot;:{&quot;unit&quot;:&quot;deg&quot;,&quot;size&quot;:&quot;&quot;,&quot;sizes&quot;:[]},&quot;_transform_translateY_effect&quot;:{&quot;unit&quot;:&quot;px&quot;,&quot;size&quot;:&quot;&quot;,&quot;sizes&quot;:[]},&quot;_transform_translateY_effect_laptop&quot;:{&quot;unit&quot;:&quot;px&quot;,&quot;size&quot;:&quot;&quot;,&quot;sizes&quot;:[]},&quot;_transform_translateY_effect_tablet&quot;:{&quot;unit&quot;:&quot;px&quot;,&quot;size&quot;:&quot;&quot;,&quot;sizes&quot;:[]},&quot;_transform_translateY_effect_mobile&quot;:{&quot;unit&quot;:&quot;px&quot;,&quot;size&quot;:&quot;&quot;,&quot;sizes&quot;:[]}}\" data-widget_type=\"heading.default\">\n\t\t\t\t<div class=\"elementor-widget-container\">\n\t\t\t\t\t<h2 class=\"elementor-heading-title elementor-size-default\">Pellegrini della speranza - Anno Santo 2025<\/h2>\t\t\t\t<\/div>\n\t\t\t\t<\/div>\n\t\t\t\t<\/div>\n\t\t<div class=\"elementor-element elementor-element-9c363bc e-con-full e-flex e-con e-child\" data-id=\"9c363bc\" data-element_type=\"container\" data-e-type=\"container\" data-settings=\"{&quot;background_background&quot;:&quot;classic&quot;,&quot;jet_parallax_layout_list&quot;:[]}\">\n\t\t\t\t<div class=\"elementor-element elementor-element-008cf53 elementor-widget__width-initial elementor-widget-mobile__width-inherit elementor-widget elementor-widget-image\" data-id=\"008cf53\" data-element_type=\"widget\" data-e-type=\"widget\" data-widget_type=\"image.default\">\n\t\t\t\t<div class=\"elementor-widget-container\">\n\t\t\t\t\t\t\t\t\t\t\t\t\t\t\t<img decoding=\"async\" width=\"2000\" height=\"752\" src=\"https:\/\/marija.si\/wp-content\/uploads\/2025\/01\/Sveto-leto-1.jpg\" class=\"attachment-full size-full wp-image-4492\" alt=\"\" srcset=\"https:\/\/marija.si\/wp-content\/uploads\/2025\/01\/Sveto-leto-1.jpg 2000w, https:\/\/marija.si\/wp-content\/uploads\/2025\/01\/Sveto-leto-1-300x113.jpg 300w, https:\/\/marija.si\/wp-content\/uploads\/2025\/01\/Sveto-leto-1-1024x385.jpg 1024w, https:\/\/marija.si\/wp-content\/uploads\/2025\/01\/Sveto-leto-1-768x289.jpg 768w, https:\/\/marija.si\/wp-content\/uploads\/2025\/01\/Sveto-leto-1-1536x578.jpg 1536w\" sizes=\"(max-width: 2000px) 100vw, 2000px\" \/>\t\t\t\t\t\t\t\t\t\t\t\t\t\t\t<\/div>\n\t\t\t\t<\/div>\n\t\t\t\t<div class=\"elementor-element elementor-element-4931f86 elementor-widget elementor-widget-text-editor\" data-id=\"4931f86\" data-element_type=\"widget\" data-e-type=\"widget\" data-widget_type=\"text-editor.default\">\n\t\t\t\t<div class=\"elementor-widget-container\">\n\t\t\t\t\t\t\t\t\t<p>Con la solenne Santa Messa, celebrata nella cattedrale di San Nicola a Lubiana domenica 29 dicembre 2024 dall&#8217;arcivescovo metropolita di Lubiana, mons. Stanislav Zore, abbiamo fatto ingresso nell&#8217;Anno Santo 2025.   <\/p>\n\t\t\t\t\t\t\t\t<\/div>\n\t\t\t\t<\/div>\n\t\t\t\t<div class=\"elementor-element elementor-element-bb51cc1 elementor-widget__width-inherit elementor-widget elementor-widget-heading\" data-id=\"bb51cc1\" data-element_type=\"widget\" data-e-type=\"widget\" data-widget_type=\"heading.default\">\n\t\t\t\t<div class=\"elementor-widget-container\">\n\t\t\t\t\t<h3 class=\"elementor-heading-title elementor-size-default\">Scopo dell\u2019Anno Santo<\/h3>\t\t\t\t<\/div>\n\t\t\t\t<\/div>\n\t\t\t\t<div class=\"elementor-element elementor-element-33cee90 elementor-widget elementor-widget-text-editor\" data-id=\"33cee90\" data-element_type=\"widget\" data-e-type=\"widget\" data-widget_type=\"text-editor.default\">\n\t\t\t\t<div class=\"elementor-widget-container\">\n\t\t\t\t\t\t\t\t\t<p>L\u2019appello dell\u2019Anno Santo \u00e8 che i cristiani approfondiscano la loro fede e crescano nella santit\u00e0 alla quale siamo chiamati.<\/p>\n<p>La santit\u00e0 \u00e8 un dono che ci offre Ges\u00f9 Cristo. Nella Lettera di san Paolo agli Efesini, leggiamo che \u00abCristo ha amato la Chiesa e ha dato s\u00e9 stesso per lei, per renderla santa.\u00bb (Ef 5,25-26).<br \/>La santit\u00e0 \u00e8 veramente il volto pi\u00f9 bello della Chiesa: significa ritrovare la comunione con Dio, nella pienezza della sua vita e del suo amore.<\/p>\n<p>\u00bbQuesta interazione tra speranza e pazienza mostra chiaramente che la vita cristiana \u00e8 un cammino che necessita anche di momenti forti, i quali nutrono e rafforzano la speranza, compagna insostituibile che permette di scorgere la meta: l\u2019incontro con il Signore Ges\u00f9.\u00ab (La speranza non delude, 5)<\/p>\n\t\t\t\t\t\t\t\t<\/div>\n\t\t\t\t<\/div>\n\t\t\t\t<div class=\"elementor-element elementor-element-b21b692 elementor-widget__width-inherit elementor-widget elementor-widget-heading\" data-id=\"b21b692\" data-element_type=\"widget\" data-e-type=\"widget\" data-widget_type=\"heading.default\">\n\t\t\t\t<div class=\"elementor-widget-container\">\n\t\t\t\t\t<h3 class=\"elementor-heading-title elementor-size-default\">Motto dell\u2019Anno Santo<\/h3>\t\t\t\t<\/div>\n\t\t\t\t<\/div>\n\t\t\t\t<div class=\"elementor-element elementor-element-8d625d8 elementor-widget elementor-widget-text-editor\" data-id=\"8d625d8\" data-element_type=\"widget\" data-e-type=\"widget\" data-widget_type=\"text-editor.default\">\n\t\t\t\t<div class=\"elementor-widget-container\">\n\t\t\t\t\t\t\t\t\t<p>Il motto dell\u2019Anno Santo 2025 \u00e8 Pellegrini della speranza.<br \/>\u00abNel cuore di ogni uomo vive la speranza come desiderio e attesa del bene, anche se non sa cosa accadr\u00e0 domani. Che l\u2019Anno Santo sia per tutti un\u2019opportunit\u00e0 per ravvivare la speranza. La Parola di Dio ci aiuta a trovare le ragioni per essa. Lasciamoci guidare da ci\u00f2 che l\u2019apostolo Paolo scrive proprio ai cristiani di Roma.\u00bb    <\/p>\n<p>\u00abLa speranza nasce dall\u2019amore e si fonda sull\u2019amore, che scaturisce dal cuore di Ges\u00f9 trafitto sulla croce: \u00abSe infatti, quando eravamo nemici, siamo stati riconciliati con Dio per mezzo della morte del Figlio suo, molto pi\u00f9, ora che siamo riconciliati, saremo salvati mediante la sua vita\u00bb (Rm 5,10).\u00bb (La speranza non delude, 1-3)<\/p>\n<p>\u00bbLa testimone suprema della speranza \u00e8 la Madre di Dio..\u00ab (La speranza non delude, 24)<\/p>\n\t\t\t\t\t\t\t\t<\/div>\n\t\t\t\t<\/div>\n\t\t<div class=\"elementor-element elementor-element-f7b1f6d e-con-full e-flex e-con e-child\" data-id=\"f7b1f6d\" data-element_type=\"container\" data-e-type=\"container\" data-settings=\"{&quot;jet_parallax_layout_list&quot;:[]}\">\n\t\t\t\t<div class=\"elementor-element elementor-element-3995893 elementor-widget__width-inherit elementor-widget-mobile__width-inherit elementor-widget-tablet__width-initial elementor-widget elementor-widget-image\" data-id=\"3995893\" data-element_type=\"widget\" data-e-type=\"widget\" data-widget_type=\"image.default\">\n\t\t\t\t<div class=\"elementor-widget-container\">\n\t\t\t\t\t\t\t\t\t\t\t\t\t\t\t<img decoding=\"async\" width=\"1064\" height=\"1064\" src=\"https:\/\/marija.si\/wp-content\/uploads\/2025\/01\/Sveto-leto-2.jpg\" class=\"attachment-full size-full wp-image-4493\" alt=\"\" srcset=\"https:\/\/marija.si\/wp-content\/uploads\/2025\/01\/Sveto-leto-2.jpg 1064w, https:\/\/marija.si\/wp-content\/uploads\/2025\/01\/Sveto-leto-2-300x300.jpg 300w, https:\/\/marija.si\/wp-content\/uploads\/2025\/01\/Sveto-leto-2-1024x1024.jpg 1024w, https:\/\/marija.si\/wp-content\/uploads\/2025\/01\/Sveto-leto-2-150x150.jpg 150w, https:\/\/marija.si\/wp-content\/uploads\/2025\/01\/Sveto-leto-2-768x768.jpg 768w\" sizes=\"(max-width: 1064px) 100vw, 1064px\" \/>\t\t\t\t\t\t\t\t\t\t\t\t\t\t\t<\/div>\n\t\t\t\t<\/div>\n\t\t\t\t<div class=\"elementor-element elementor-element-4ca040d elementor-widget__width-inherit elementor-widget-mobile__width-initial elementor-widget-tablet__width-initial elementor-widget elementor-widget-image\" data-id=\"4ca040d\" data-element_type=\"widget\" data-e-type=\"widget\" data-widget_type=\"image.default\">\n\t\t\t\t<div class=\"elementor-widget-container\">\n\t\t\t\t\t\t\t\t\t\t\t\t\t\t\t<img loading=\"lazy\" decoding=\"async\" width=\"1064\" height=\"1736\" src=\"https:\/\/marija.si\/wp-content\/uploads\/2025\/01\/Sveto-leto-3.jpg\" class=\"attachment-full size-full wp-image-4494\" alt=\"\" srcset=\"https:\/\/marija.si\/wp-content\/uploads\/2025\/01\/Sveto-leto-3.jpg 1064w, https:\/\/marija.si\/wp-content\/uploads\/2025\/01\/Sveto-leto-3-184x300.jpg 184w, https:\/\/marija.si\/wp-content\/uploads\/2025\/01\/Sveto-leto-3-628x1024.jpg 628w, https:\/\/marija.si\/wp-content\/uploads\/2025\/01\/Sveto-leto-3-768x1253.jpg 768w, https:\/\/marija.si\/wp-content\/uploads\/2025\/01\/Sveto-leto-3-941x1536.jpg 941w\" sizes=\"(max-width: 1064px) 100vw, 1064px\" \/>\t\t\t\t\t\t\t\t\t\t\t\t\t\t\t<\/div>\n\t\t\t\t<\/div>\n\t\t\t\t<\/div>\n\t\t<div class=\"elementor-element elementor-element-7a49087 e-con-full e-flex e-con e-child\" data-id=\"7a49087\" data-element_type=\"container\" data-e-type=\"container\" data-settings=\"{&quot;jet_parallax_layout_list&quot;:[]}\">\n\t\t\t\t<div class=\"elementor-element elementor-element-3ba53cd elementor-widget__width-inherit elementor-widget elementor-widget-heading\" data-id=\"3ba53cd\" data-element_type=\"widget\" data-e-type=\"widget\" data-widget_type=\"heading.default\">\n\t\t\t\t<div class=\"elementor-widget-container\">\n\t\t\t\t\t<h3 class=\"elementor-heading-title elementor-size-default\">Logo dell\u2019Anno Santo<\/h3>\t\t\t\t<\/div>\n\t\t\t\t<\/div>\n\t\t\t\t<div class=\"elementor-element elementor-element-92c0026 elementor-widget elementor-widget-text-editor\" data-id=\"92c0026\" data-element_type=\"widget\" data-e-type=\"widget\" data-widget_type=\"text-editor.default\">\n\t\t\t\t<div class=\"elementor-widget-container\">\n\t\t\t\t\t\t\t\t\t<p>Il logo dell\u2019Anno Santo raffigura quattro figure stilizzate che rappresentano persone di ogni colore, nazionalit\u00e0 e cultura provenienti dai quattro angoli del mondo, ricordando le vele di una grande nave comune. Le persone sono disposte una dietro l\u2019altra e si abbracciano, simboleggiando la solidariet\u00e0 e la fraternit\u00e0 che dovrebbero unire tutti i popoli. La prima figura nella fila rappresenta il Papa, il Pietro del nostro tempo, che guida il Popolo di Dio verso una meta comune. Egli si aggrappa alla croce, segno di fede ma anche di speranza, poich\u00e9 la parte inferiore della croce si prolunga in un&#8217;ancora. I flutti agitati sotto l\u2019immagine simboleggiano il fatto che nel pellegrinaggio della vita non sempre navighiamo su acque tranquille.    <\/p>\n\t\t\t\t\t\t\t\t<\/div>\n\t\t\t\t<\/div>\n\t\t\t\t<div class=\"elementor-element elementor-element-3d06d18 elementor-widget__width-inherit elementor-widget elementor-widget-heading\" data-id=\"3d06d18\" data-element_type=\"widget\" data-e-type=\"widget\" data-widget_type=\"heading.default\">\n\t\t\t\t<div class=\"elementor-widget-container\">\n\t\t\t\t\t<h3 class=\"elementor-heading-title elementor-size-default\">Durata dell\u2019Anno Santo<\/h3>\t\t\t\t<\/div>\n\t\t\t\t<\/div>\n\t\t\t\t<div class=\"elementor-element elementor-element-8fe3dd9 elementor-widget elementor-widget-text-editor\" data-id=\"8fe3dd9\" data-element_type=\"widget\" data-e-type=\"widget\" data-widget_type=\"text-editor.default\">\n\t\t\t\t<div class=\"elementor-widget-container\">\n\t\t\t\t\t\t\t\t\t<p>Affinch\u00e9 questo Anno Santo sia per tutta la Chiesa un&#8217;esperienza intensa di grazia e speranza, stabilisco che le Porte Sante della Basilica di San Pietro in Vaticano saranno aperte il 24 dicembre 2024, segnando l&#8217;inizio del Giubileo ordinario. Il 29 dicembre 2024 aprir\u00f2 le Porte Sante della mia cattedrale, San Giovanni in Laterano, che il 9 novembre di quest&#8217;anno celebrer\u00e0 il 1700\u00ba anniversario della sua dedicazione. Nelle Chiese locali, l&#8217;Anno Santo inizier\u00e0 con la Santa Eucaristia nella domenica del 29 dicembre 2024.<br \/>Successivamente, il 1\u00ba gennaio 2025, Solennit\u00e0 di Maria Santissima Madre di Dio, saranno aperte le Porte Sante della Basilica Papale di Santa Maria Maggiore. Infine, la domenica 5 gennaio 2025, saranno aperte le Porte Sante della Basilica Papale di San Paolo fuori le Mura. Queste ultime tre Porte Sante saranno chiuse la domenica 28 dicembre 2025, data in cui terminer\u00e0 l&#8217;Anno Santo anche nelle Chiese locali. L&#8217;Anno Santo ordinario si concluder\u00e0 ufficialmente con la chiusura delle Porte Sante della Basilica di San Pietro in Vaticano, il 6 gennaio 2026, nella Solennit\u00e0 dell&#8217;Epifania del Signore.                 <\/p>\n\t\t\t\t\t\t\t\t<\/div>\n\t\t\t\t<\/div>\n\t\t\t\t<div class=\"elementor-element elementor-element-17c437d elementor-widget__width-inherit elementor-widget elementor-widget-heading\" data-id=\"17c437d\" data-element_type=\"widget\" data-e-type=\"widget\" data-widget_type=\"heading.default\">\n\t\t\t\t<div class=\"elementor-widget-container\">\n\t\t\t\t\t<h3 class=\"elementor-heading-title elementor-size-default\">Significato delle indulgenze<\/h3>\t\t\t\t<\/div>\n\t\t\t\t<\/div>\n\t\t\t\t<div class=\"elementor-element elementor-element-969ea00 elementor-widget elementor-widget-text-editor\" data-id=\"969ea00\" data-element_type=\"widget\" data-e-type=\"widget\" data-widget_type=\"text-editor.default\">\n\t\t\t\t<div class=\"elementor-widget-container\">\n\t\t\t\t\t\t\t\t\t<p>Le indulgenze sono una parte integrante dell\u2019evento giubilare. \u00bbLa riconciliazione raggiunta con Dio non esclude le varie conseguenze del peccato, dalle quali dobbiamo purificarci. Proprio in questo ambito acquistano significato le indulgenze, che esprimono il \u2018dono totale della misericordia di Dio\u2019. Con l\u2019indulgenza, al peccatore pentito viene rimessa la pena temporale per i peccati gi\u00e0 perdonati quanto alla colpa. \u00ab (Giovanni Paolo II, Mistero dell\u2019Incarnazione, 9)<\/p>\n<p>La chiave per comprendere il tesoro delle indulgenze sta nella distinzione teologica tra colpa e pena. La colpa viene perdonata attraverso la riconciliazione sacramentale, mentre la pena temporale per i peccati commessi di solito rimane e richiede un ulteriore dono dell\u2019indulgenza. Solo con la Chiesa, nella Chiesa e attraverso la Chiesa si pu\u00f2 attingere ai meriti infiniti di Cristo, della Beata Vergine Maria e dei santi, per ottenere il perdono della pena dei peccati per s\u00e9 e per i fratelli e le sorelle in cammino di purificazione verso la visione beatifica perfetta.  <\/p>\n<p>Per ricevere l\u2019indulgenza \u00e8 necessaria la totale distacco dal peccato, anche veniale, e il compimento della penitenza prescritta. Per ottenere ci\u00f2, sono richieste tre condizioni: una buona confessione sacramentale, la ricezione della Comunione e una preghiera secondo le intenzioni del Santo Padre. Esistono solo indulgenze plenarie e parziali. L\u2019indulgenza plenaria cancella tutte le pene temporali ed \u00e8 possibile riceverla una sola volta al giorno. L\u2019indulgenza parziale cancella solo una parte delle pene e pu\u00f2 essere ricevuta pi\u00f9 volte al giorno.   <\/p>\n\t\t\t\t\t\t\t\t<\/div>\n\t\t\t\t<\/div>\n\t\t\t\t<\/div>\n\t\t\t\t<\/div>\n\t\t\t\t<\/div>\n\t\t\t\t\t<\/div>\n\t\t\t\t<\/div>\n\t\t<div class=\"elementor-element elementor-element-29cec4b4 e-flex e-con-boxed e-con e-parent\" data-id=\"29cec4b4\" data-element_type=\"container\" data-e-type=\"container\" data-settings=\"{&quot;jet_parallax_layout_list&quot;:[]}\">\n\t\t\t\t\t<div class=\"e-con-inner\">\n\t\t<div class=\"elementor-element elementor-element-e1b834e e-con-full e-flex e-con e-child\" data-id=\"e1b834e\" data-element_type=\"container\" data-e-type=\"container\" data-settings=\"{&quot;background_background&quot;:&quot;classic&quot;,&quot;jet_parallax_layout_list&quot;:[]}\">\n\t\t\t\t<div class=\"elementor-element elementor-element-6f0d97c elementor-widget elementor-widget-heading\" data-id=\"6f0d97c\" data-element_type=\"widget\" data-e-type=\"widget\" data-widget_type=\"heading.default\">\n\t\t\t\t<div class=\"elementor-widget-container\">\n\t\t\t\t\t<h2 class=\"elementor-heading-title elementor-size-default\">Esplora anche<\/h2>\t\t\t\t<\/div>\n\t\t\t\t<\/div>\n\t\t<div class=\"elementor-element elementor-element-f0d69ef e-con-full e-flex e-con e-child\" data-id=\"f0d69ef\" data-element_type=\"container\" data-e-type=\"container\" data-settings=\"{&quot;jet_parallax_layout_list&quot;:[]}\">\n\t\t\t\t<div class=\"elementor-element elementor-element-c786308 elementor-widget__width-auto levo elementor-widget elementor-widget-bdt-advanced-button\" data-id=\"c786308\" data-element_type=\"widget\" data-e-type=\"widget\" data-widget_type=\"bdt-advanced-button.default\">\n\t\t\t\t<div class=\"elementor-widget-container\">\n\t\t\t\t\t\t\t<div class=\"bdt-ep-button-wrapper\">\n\t\t\t<a href=\"https:\/\/marija.si\/it\/maria-ausiliatrice\/limmagine-miracolosa-di-maria-ausiliatrice\/\" class=\"bdt-ep-button bdt-ep-button-effect-a bdt-ep-button-size-md\">\n\t\t\t\t\t\t<div class=\"bdt-ep-button-content-wrapper bdt-flex bdt-flex-middle bdt-flex-center  \" data-text=\"L\u2019immagine miracolosa di Maria Ausiliatrice\">\n\t\t\t\t\t\t\t<div class=\"bdt-ep-button-icon bdt-flex-center bdt-flex-align-right\">\n\t\t\t\t\t<div class=\"bdt-ep-button-icon-inner\">\n\n\t\t\t\t\t\t<i aria-hidden=\"true\" class=\"fa-fw icon icon-right-arrow-1\"><\/i>\n\t\t\t\t\t<\/div>\n\t\t\t\t<\/div>\n\t\t\t\n\t\t\t<div class=\"bdt-ep-button-text\">\n\n\t\t\t\t<span class=\"avdbtn-text\">\n\t\t\t\t\tL\u2019immagine miracolosa di Maria Ausiliatrice\t\t\t\t<\/span>\n\n\t\t\t\t\t\t\t<\/div>\n\n\t\t\t\n\t\t<\/div>\n\t\t\t\t\t<\/a>\n\t\t<\/div>\n\t\t\t\t\t\t<\/div>\n\t\t\t\t<\/div>\n\t\t\t\t<div class=\"elementor-element elementor-element-cf109a6 elementor-widget__width-auto elementor-widget elementor-widget-bdt-advanced-button\" data-id=\"cf109a6\" data-element_type=\"widget\" data-e-type=\"widget\" data-widget_type=\"bdt-advanced-button.default\">\n\t\t\t\t<div class=\"elementor-widget-container\">\n\t\t\t\t\t\t\t<div class=\"bdt-ep-button-wrapper\">\n\t\t\t<a href=\"https:\/\/marija.si\/it\/maria-ausiliatrice\/storia-del-cammino-di-dio\/\" class=\"bdt-ep-button bdt-ep-button-effect-a bdt-ep-button-size-md\">\n\t\t\t\t\t\t<div class=\"bdt-ep-button-content-wrapper bdt-flex bdt-flex-middle bdt-flex-center  \" data-text=\"Storia del cammino di Dio\">\n\t\t\t\t\t\t\t<div class=\"bdt-ep-button-icon bdt-flex-center bdt-flex-align-right\">\n\t\t\t\t\t<div class=\"bdt-ep-button-icon-inner\">\n\n\t\t\t\t\t\t<i aria-hidden=\"true\" class=\"fa-fw icon icon-right-arrow-1\"><\/i>\n\t\t\t\t\t<\/div>\n\t\t\t\t<\/div>\n\t\t\t\n\t\t\t<div class=\"bdt-ep-button-text\">\n\n\t\t\t\t<span class=\"avdbtn-text\">\n\t\t\t\t\tStoria del cammino di Dio\t\t\t\t<\/span>\n\n\t\t\t\t\t\t\t<\/div>\n\n\t\t\t\n\t\t<\/div>\n\t\t\t\t\t<\/a>\n\t\t<\/div>\n\t\t\t\t\t\t<\/div>\n\t\t\t\t<\/div>\n\t\t\t\t<div class=\"elementor-element elementor-element-973626a elementor-widget__width-auto levo elementor-widget elementor-widget-bdt-advanced-button\" data-id=\"973626a\" data-element_type=\"widget\" data-e-type=\"widget\" data-widget_type=\"bdt-advanced-button.default\">\n\t\t\t\t<div class=\"elementor-widget-container\">\n\t\t\t\t\t\t\t<div class=\"bdt-ep-button-wrapper\">\n\t\t\t<a href=\"https:\/\/marija.si\/it\/maria-ausiliatrice\/i-dintorni-della-basilica-di-maria-ausiliatrice\/\" class=\"bdt-ep-button bdt-ep-button-effect-a bdt-ep-button-size-md\">\n\t\t\t\t\t\t<div class=\"bdt-ep-button-content-wrapper bdt-flex bdt-flex-middle bdt-flex-center  \" data-text=\" I dintorni della Basilica di Maria Ausiliatrice\">\n\t\t\t\t\t\t\t<div class=\"bdt-ep-button-icon bdt-flex-center bdt-flex-align-right\">\n\t\t\t\t\t<div class=\"bdt-ep-button-icon-inner\">\n\n\t\t\t\t\t\t<i aria-hidden=\"true\" class=\"fa-fw icon icon-right-arrow-1\"><\/i>\n\t\t\t\t\t<\/div>\n\t\t\t\t<\/div>\n\t\t\t\n\t\t\t<div class=\"bdt-ep-button-text\">\n\n\t\t\t\t<span class=\"avdbtn-text\">\n\t\t\t\t\t I dintorni della Basilica di Maria Ausiliatrice\t\t\t\t<\/span>\n\n\t\t\t\t\t\t\t<\/div>\n\n\t\t\t\n\t\t<\/div>\n\t\t\t\t\t<\/a>\n\t\t<\/div>\n\t\t\t\t\t\t<\/div>\n\t\t\t\t<\/div>\n\t\t\t\t<\/div>\n\t\t\t\t<\/div>\n\t\t\t\t\t<\/div>\n\t\t\t\t<\/div>\n\t\t\t\t<\/div>\n\t\t","protected":false},"excerpt":{"rendered":"<p>Il meraviglioso santuario di Maria Ausiliatrice a Brezje si \u00e8 trasformato pi\u00f9 volte nel corso del tempo. \u00c8 cresciuto da una piccola chiesa dedicata a San Vito con l&#8217;annessa cappella mariana fino a diventare il Santuario Mariano Nazionale Sloveno \u2013 la Basilica di Maria Ausiliatrice. Un onore speciale \u00e8 stato conferito alla chiesa di Brezje [&hellip;]<\/p>\n","protected":false},"author":1,"featured_media":0,"parent":4965,"menu_order":0,"comment_status":"closed","ping_status":"closed","template":"","meta":{"gallery":"","dateEnd":"","displayOrder":0,"videosArray":[],"audiosArray":[],"othersArray":[],"footnotes":""},"class_list":["post-4489","page","type-page","status-publish","hentry"],"_links":{"self":[{"href":"https:\/\/marija.si\/it\/wp-json\/wp\/v2\/pages\/4489","targetHints":{"allow":["GET"]}}],"collection":[{"href":"https:\/\/marija.si\/it\/wp-json\/wp\/v2\/pages"}],"about":[{"href":"https:\/\/marija.si\/it\/wp-json\/wp\/v2\/types\/page"}],"author":[{"embeddable":true,"href":"https:\/\/marija.si\/it\/wp-json\/wp\/v2\/users\/1"}],"replies":[{"embeddable":true,"href":"https:\/\/marija.si\/it\/wp-json\/wp\/v2\/comments?post=4489"}],"version-history":[{"count":14,"href":"https:\/\/marija.si\/it\/wp-json\/wp\/v2\/pages\/4489\/revisions"}],"predecessor-version":[{"id":5061,"href":"https:\/\/marija.si\/it\/wp-json\/wp\/v2\/pages\/4489\/revisions\/5061"}],"up":[{"embeddable":true,"href":"https:\/\/marija.si\/it\/wp-json\/wp\/v2\/pages\/4965"}],"wp:attachment":[{"href":"https:\/\/marija.si\/it\/wp-json\/wp\/v2\/media?parent=4489"}],"curies":[{"name":"wp","href":"https:\/\/api.w.org\/{rel}","templated":true}]}}