{"id":2332,"date":"2024-11-07T13:21:26","date_gmt":"2024-11-07T12:21:26","guid":{"rendered":"https:\/\/marija.si\/the-path-to-brezje\/my-pilgrimage-to-mary-help-of-christians\/"},"modified":"2025-08-05T08:26:59","modified_gmt":"2025-08-05T06:26:59","slug":"my-pilgrimage-to-mary-help-of-christians","status":"publish","type":"page","link":"https:\/\/marija.si\/en\/the-path-to-brezje\/my-pilgrimage-to-mary-help-of-christians\/","title":{"rendered":"My pilgrimage to Mary Help of Christians"},"content":{"rendered":"\t\t<div data-elementor-type=\"wp-page\" data-elementor-id=\"2332\" class=\"elementor elementor-2332 elementor-1453\" data-elementor-settings=\"{&quot;element_pack_global_tooltip_width&quot;:{&quot;unit&quot;:&quot;px&quot;,&quot;size&quot;:&quot;&quot;,&quot;sizes&quot;:[]},&quot;element_pack_global_tooltip_width_laptop&quot;:{&quot;unit&quot;:&quot;px&quot;,&quot;size&quot;:&quot;&quot;,&quot;sizes&quot;:[]},&quot;element_pack_global_tooltip_width_tablet&quot;:{&quot;unit&quot;:&quot;px&quot;,&quot;size&quot;:&quot;&quot;,&quot;sizes&quot;:[]},&quot;element_pack_global_tooltip_width_mobile&quot;:{&quot;unit&quot;:&quot;px&quot;,&quot;size&quot;:&quot;&quot;,&quot;sizes&quot;:[]},&quot;element_pack_global_tooltip_padding&quot;:{&quot;unit&quot;:&quot;px&quot;,&quot;top&quot;:&quot;&quot;,&quot;right&quot;:&quot;&quot;,&quot;bottom&quot;:&quot;&quot;,&quot;left&quot;:&quot;&quot;,&quot;isLinked&quot;:true},&quot;element_pack_global_tooltip_padding_laptop&quot;:{&quot;unit&quot;:&quot;px&quot;,&quot;top&quot;:&quot;&quot;,&quot;right&quot;:&quot;&quot;,&quot;bottom&quot;:&quot;&quot;,&quot;left&quot;:&quot;&quot;,&quot;isLinked&quot;:true},&quot;element_pack_global_tooltip_padding_tablet&quot;:{&quot;unit&quot;:&quot;px&quot;,&quot;top&quot;:&quot;&quot;,&quot;right&quot;:&quot;&quot;,&quot;bottom&quot;:&quot;&quot;,&quot;left&quot;:&quot;&quot;,&quot;isLinked&quot;:true},&quot;element_pack_global_tooltip_padding_mobile&quot;:{&quot;unit&quot;:&quot;px&quot;,&quot;top&quot;:&quot;&quot;,&quot;right&quot;:&quot;&quot;,&quot;bottom&quot;:&quot;&quot;,&quot;left&quot;:&quot;&quot;,&quot;isLinked&quot;:true},&quot;element_pack_global_tooltip_border_radius&quot;:{&quot;unit&quot;:&quot;px&quot;,&quot;top&quot;:&quot;&quot;,&quot;right&quot;:&quot;&quot;,&quot;bottom&quot;:&quot;&quot;,&quot;left&quot;:&quot;&quot;,&quot;isLinked&quot;:true},&quot;element_pack_global_tooltip_border_radius_laptop&quot;:{&quot;unit&quot;:&quot;px&quot;,&quot;top&quot;:&quot;&quot;,&quot;right&quot;:&quot;&quot;,&quot;bottom&quot;:&quot;&quot;,&quot;left&quot;:&quot;&quot;,&quot;isLinked&quot;:true},&quot;element_pack_global_tooltip_border_radius_tablet&quot;:{&quot;unit&quot;:&quot;px&quot;,&quot;top&quot;:&quot;&quot;,&quot;right&quot;:&quot;&quot;,&quot;bottom&quot;:&quot;&quot;,&quot;left&quot;:&quot;&quot;,&quot;isLinked&quot;:true},&quot;element_pack_global_tooltip_border_radius_mobile&quot;:{&quot;unit&quot;:&quot;px&quot;,&quot;top&quot;:&quot;&quot;,&quot;right&quot;:&quot;&quot;,&quot;bottom&quot;:&quot;&quot;,&quot;left&quot;:&quot;&quot;,&quot;isLinked&quot;:true}}\" data-elementor-post-type=\"page\">\n\t\t\t\t<div class=\"elementor-element elementor-element-f809d97 e-flex e-con-boxed e-con e-parent\" data-id=\"f809d97\" data-element_type=\"container\" data-e-type=\"container\" data-settings=\"{&quot;jet_parallax_layout_list&quot;:[]}\">\n\t\t\t\t\t<div class=\"e-con-inner\">\n\t\t<div class=\"elementor-element elementor-element-87f342d e-con-full e-flex e-con e-child\" data-id=\"87f342d\" data-element_type=\"container\" data-e-type=\"container\" data-settings=\"{&quot;background_background&quot;:&quot;gradient&quot;,&quot;jet_parallax_layout_list&quot;:[]}\">\n\t\t\t\t<div class=\"elementor-element elementor-element-0335417 elementor-position-left bdt-global-link-yes nazaj bdt-icon-type-icon bdt-icon-effect-none elementor-widget elementor-widget-global elementor-global-1324 elementor-widget-bdt-advanced-icon-box\" data-id=\"0335417\" data-element_type=\"widget\" data-e-type=\"widget\" data-widget_type=\"bdt-advanced-icon-box.default\">\n\t\t\t\t<div class=\"elementor-widget-container\">\n\t\t\t\t\t\t\t<div class=\"bdt-ep-advanced-icon-box\">\n\n\t\t\t\n\t\t\t<div class=\"bdt-ep-advanced-icon-box-content\">\n\n\t\t\t\t\t\t\t\t\t\t\t<div class=\"bdt-ep-advanced-icon-box-icon-heading bdt-flex bdt-flex-middle\">\n\n\t\t\t\n\t\t\t\t\t<div class=\"bdt-ep-advanced-icon-box-icon\">\n\t\t\t\t<span class=\"bdt-ep-advanced-icon-box-icon-wrap\">\n\n\n\t\t\t\t\t\n\t\t\t\t\t\t<i aria-hidden=\"true\" class=\"icon icon-left-arrow-1\"><\/i>\n\n\t\t\t\t\t\t\t\t\t<\/span>\n\t\t\t<\/div>\n\t\t\n\t\n\n\t\t\t<div class=\"bdt-icon-box-title-wrapper\">\n\n\t\t\t\t\n\n\t\t\t\t\t\t\t<\/div>\n\t\t<\/div>\n\t\t\t\t\t\n\t\t\t\t\n\t\t\t\t\n\t\t\t\t\t\t\t<\/div>\n\t\t<\/div>\n\n\t\t\n\t\t\n\t\t\t\t<\/div>\n\t\t\t\t<\/div>\n\t\t\t\t<\/div>\n\t\t<div class=\"elementor-element elementor-element-b9d1892 e-con-full e-flex e-con e-child\" data-id=\"b9d1892\" data-element_type=\"container\" data-e-type=\"container\" data-settings=\"{&quot;jet_parallax_layout_list&quot;:[]}\">\n\t\t<div class=\"elementor-element elementor-element-bec24be e-con-full e-flex e-con e-child\" data-id=\"bec24be\" data-element_type=\"container\" data-e-type=\"container\" data-settings=\"{&quot;background_background&quot;:&quot;classic&quot;,&quot;jet_parallax_layout_list&quot;:[]}\">\n\t\t\t\t<div class=\"elementor-element elementor-element-537fe8a elementor-widget__width-inherit elementor-widget-mobile__width-inherit elementor-widget elementor-widget-image\" data-id=\"537fe8a\" data-element_type=\"widget\" data-e-type=\"widget\" data-widget_type=\"image.default\">\n\t\t\t\t<div class=\"elementor-widget-container\">\n\t\t\t\t\t\t\t\t\t\t\t\t\t\t\t<img fetchpriority=\"high\" decoding=\"async\" width=\"2000\" height=\"592\" src=\"https:\/\/marija.si\/wp-content\/uploads\/2024\/12\/moje-romanje.jpg\" class=\"attachment-full size-full wp-image-2822\" alt=\"Moje romanje k Mariji Pomagaj - Marija Pomagaj Brezje (marija.si)\" srcset=\"https:\/\/marija.si\/wp-content\/uploads\/2024\/12\/moje-romanje.jpg 2000w, https:\/\/marija.si\/wp-content\/uploads\/2024\/12\/moje-romanje-300x89.jpg 300w, https:\/\/marija.si\/wp-content\/uploads\/2024\/12\/moje-romanje-1024x303.jpg 1024w, https:\/\/marija.si\/wp-content\/uploads\/2024\/12\/moje-romanje-768x227.jpg 768w, https:\/\/marija.si\/wp-content\/uploads\/2024\/12\/moje-romanje-1536x455.jpg 1536w\" sizes=\"(max-width: 2000px) 100vw, 2000px\" \/>\t\t\t\t\t\t\t\t\t\t\t\t\t\t\t<\/div>\n\t\t\t\t<\/div>\n\t\t\t\t<div class=\"elementor-element elementor-element-c295d8e elementor-widget__width-inherit elementor-widget elementor-widget-heading\" data-id=\"c295d8e\" data-element_type=\"widget\" data-e-type=\"widget\" data-widget_type=\"heading.default\">\n\t\t\t\t<div class=\"elementor-widget-container\">\n\t\t\t\t\t<h3 class=\"elementor-heading-title elementor-size-default\">Brezje, My Sole Pilgrimage Site \u2013 Berta Golob shared her memories of a pilgrimage for the Brezje Almanac.<\/h3>\t\t\t\t<\/div>\n\t\t\t\t<\/div>\n\t\t\t\t<div class=\"elementor-element elementor-element-3201333 elementor-widget elementor-widget-text-editor\" data-id=\"3201333\" data-element_type=\"widget\" data-e-type=\"widget\" data-widget_type=\"text-editor.default\">\n\t\t\t\t<div class=\"elementor-widget-container\">\n\t\t\t\t\t\t\t\t\t<p>\u00bbI don\u2019t know when I first visited Brezje, but I\u2019m sure it was holding my father\u2019s hand. It must have been before World War II. In our household, it was a tradition to make a pilgrimage to Brezje once a year, preferably on foot. Sometimes, my father and I took the train. What an indescribable experience\u2014a train! From it, I could see our house in the distance. It wasn\u2019t entirely clear whether it was the house or the train that was moving. But soon enough, it disappeared from view.        <\/p>\n<p>Oto\u010de. To me, a beautiful word. Only now do I realize it\u2019s because of the melody of the sounds. A particular point of interest was the bridge over the Sava River. You had to pay a toll to cross it; otherwise, you couldn\u2019t pass. In my opinion, this made the value of the pilgrimage even greater.     <\/p>\n<p>Then came the Pera\u0161ki slope. But I thought it was called the Beggars&#8217; slope, which seemed entirely fitting. Beggar after beggar, all the way to the doors of the church at Brezje. Tattered, patched, old, poor. Pleading. Some held a rosary in their hands. My father and I would give someone a crown, a small coin, maybe a dinar, and quicken our pace to escape the bitter feeling.      <\/p>\n<p>I have a vivid memory of the Chapel of Mary Help of Christians, but only because of the crutches, the votive images, and the slightly soot-stained ceiling. Once, my father showed me a thanksgiving plaque from soldiers who survived the First World War. <\/p>\n<p>He was also there when it was placed in that spot. I remembered that well, and even now, looking at it always deeply moves me.\u00ab <\/p>\n\t\t\t\t\t\t\t\t<\/div>\n\t\t\t\t<\/div>\n\t\t\t\t<\/div>\n\t\t<div class=\"elementor-element elementor-element-43354b8 e-con-full e-flex e-con e-child\" data-id=\"43354b8\" data-element_type=\"container\" data-e-type=\"container\" data-settings=\"{&quot;background_background&quot;:&quot;classic&quot;,&quot;jet_parallax_layout_list&quot;:[]}\">\n\t\t\t\t<div class=\"elementor-element elementor-element-c7c3fcf e-transform e-transform elementor-widget elementor-widget-heading\" data-id=\"c7c3fcf\" data-element_type=\"widget\" data-e-type=\"widget\" id=\"vertical-h\" data-settings=\"{&quot;_transform_rotateZ_effect&quot;:{&quot;unit&quot;:&quot;px&quot;,&quot;size&quot;:-90,&quot;sizes&quot;:[]},&quot;_transform_translateX_effect&quot;:{&quot;unit&quot;:&quot;px&quot;,&quot;size&quot;:-313,&quot;sizes&quot;:[]},&quot;_transform_translateX_effect_laptop&quot;:{&quot;unit&quot;:&quot;px&quot;,&quot;size&quot;:-283,&quot;sizes&quot;:[]},&quot;_transform_translateX_effect_tablet&quot;:{&quot;unit&quot;:&quot;%&quot;,&quot;size&quot;:0,&quot;sizes&quot;:[]},&quot;_transform_translateX_effect_mobile&quot;:{&quot;unit&quot;:&quot;%&quot;,&quot;size&quot;:0,&quot;sizes&quot;:[]},&quot;_transform_rotateZ_effect_mobile&quot;:{&quot;unit&quot;:&quot;deg&quot;,&quot;size&quot;:0,&quot;sizes&quot;:[]},&quot;_transform_rotateZ_effect_tablet&quot;:{&quot;unit&quot;:&quot;deg&quot;,&quot;size&quot;:0,&quot;sizes&quot;:[]},&quot;_transform_rotateZ_effect_laptop&quot;:{&quot;unit&quot;:&quot;deg&quot;,&quot;size&quot;:&quot;&quot;,&quot;sizes&quot;:[]},&quot;_transform_translateY_effect&quot;:{&quot;unit&quot;:&quot;px&quot;,&quot;size&quot;:&quot;&quot;,&quot;sizes&quot;:[]},&quot;_transform_translateY_effect_laptop&quot;:{&quot;unit&quot;:&quot;px&quot;,&quot;size&quot;:&quot;&quot;,&quot;sizes&quot;:[]},&quot;_transform_translateY_effect_tablet&quot;:{&quot;unit&quot;:&quot;px&quot;,&quot;size&quot;:&quot;&quot;,&quot;sizes&quot;:[]},&quot;_transform_translateY_effect_mobile&quot;:{&quot;unit&quot;:&quot;px&quot;,&quot;size&quot;:&quot;&quot;,&quot;sizes&quot;:[]}}\" data-widget_type=\"heading.default\">\n\t\t\t\t<div class=\"elementor-widget-container\">\n\t\t\t\t\t<h2 class=\"elementor-heading-title elementor-size-default\">Brezje, My Sole Pilgrimage Site<\/h2>\t\t\t\t<\/div>\n\t\t\t\t<\/div>\n\t\t\t\t<\/div>\n\t\t\t\t<\/div>\n\t\t<div class=\"elementor-element elementor-element-99dc932 e-con-full e-flex e-con e-child\" data-id=\"99dc932\" data-element_type=\"container\" data-e-type=\"container\" data-settings=\"{&quot;jet_parallax_layout_list&quot;:[]}\">\n\t\t<div class=\"elementor-element elementor-element-5d37f8a e-con-full e-flex e-con e-child\" data-id=\"5d37f8a\" data-element_type=\"container\" data-e-type=\"container\" data-settings=\"{&quot;background_background&quot;:&quot;classic&quot;,&quot;jet_parallax_layout_list&quot;:[]}\">\n\t\t\t\t<div class=\"elementor-element elementor-element-f23b8c6 e-transform e-transform elementor-widget__width-inherit elementor-widget elementor-widget-heading\" data-id=\"f23b8c6\" data-element_type=\"widget\" data-e-type=\"widget\" id=\"vertical-h\" data-settings=\"{&quot;_transform_rotateZ_effect&quot;:{&quot;unit&quot;:&quot;px&quot;,&quot;size&quot;:-90,&quot;sizes&quot;:[]},&quot;_transform_translateX_effect&quot;:{&quot;unit&quot;:&quot;px&quot;,&quot;size&quot;:-340,&quot;sizes&quot;:[]},&quot;_transform_translateX_effect_laptop&quot;:{&quot;unit&quot;:&quot;px&quot;,&quot;size&quot;:-308,&quot;sizes&quot;:[]},&quot;_transform_translateX_effect_tablet&quot;:{&quot;unit&quot;:&quot;%&quot;,&quot;size&quot;:0,&quot;sizes&quot;:[]},&quot;_transform_translateX_effect_mobile&quot;:{&quot;unit&quot;:&quot;%&quot;,&quot;size&quot;:0,&quot;sizes&quot;:[]},&quot;_transform_rotateZ_effect_mobile&quot;:{&quot;unit&quot;:&quot;deg&quot;,&quot;size&quot;:0,&quot;sizes&quot;:[]},&quot;_transform_rotateZ_effect_tablet&quot;:{&quot;unit&quot;:&quot;deg&quot;,&quot;size&quot;:0,&quot;sizes&quot;:[]},&quot;_transform_rotateZ_effect_laptop&quot;:{&quot;unit&quot;:&quot;deg&quot;,&quot;size&quot;:&quot;&quot;,&quot;sizes&quot;:[]},&quot;_transform_translateY_effect&quot;:{&quot;unit&quot;:&quot;px&quot;,&quot;size&quot;:&quot;&quot;,&quot;sizes&quot;:[]},&quot;_transform_translateY_effect_laptop&quot;:{&quot;unit&quot;:&quot;px&quot;,&quot;size&quot;:&quot;&quot;,&quot;sizes&quot;:[]},&quot;_transform_translateY_effect_tablet&quot;:{&quot;unit&quot;:&quot;px&quot;,&quot;size&quot;:&quot;&quot;,&quot;sizes&quot;:[]},&quot;_transform_translateY_effect_mobile&quot;:{&quot;unit&quot;:&quot;px&quot;,&quot;size&quot;:&quot;&quot;,&quot;sizes&quot;:[]}}\" data-widget_type=\"heading.default\">\n\t\t\t\t<div class=\"elementor-widget-container\">\n\t\t\t\t\t<h2 class=\"elementor-heading-title elementor-size-default\">Pilgrimage from Re\u010dica ob Savinji<\/h2>\t\t\t\t<\/div>\n\t\t\t\t<\/div>\n\t\t\t\t<\/div>\n\t\t<div class=\"elementor-element elementor-element-12c90f7 e-con-full e-flex e-con e-child\" data-id=\"12c90f7\" data-element_type=\"container\" data-e-type=\"container\" data-settings=\"{&quot;background_background&quot;:&quot;classic&quot;,&quot;jet_parallax_layout_list&quot;:[]}\">\n\t\t\t\t<div class=\"elementor-element elementor-element-867db14 elementor-widget__width-inherit elementor-widget elementor-widget-heading\" data-id=\"867db14\" data-element_type=\"widget\" data-e-type=\"widget\" data-widget_type=\"heading.default\">\n\t\t\t\t<div class=\"elementor-widget-container\">\n\t\t\t\t\t<h3 class=\"elementor-heading-title elementor-size-default\">For many years, pilgrims from Re\u010dica ob Savinji have set out on foot to Brezje. They have been making this pilgrimage regularly since 1993, although they had done so even earlier. <\/h3>\t\t\t\t<\/div>\n\t\t\t\t<\/div>\n\t\t\t\t<div class=\"elementor-element elementor-element-5193e8f elementor-widget__width-inherit elementor-widget elementor-widget-html\" data-id=\"5193e8f\" data-element_type=\"widget\" data-e-type=\"widget\" data-widget_type=\"html.default\">\n\t\t\t\t<div class=\"elementor-widget-container\">\n\t\t\t\t\t<iframe src=\"https:\/\/www.google.com\/maps\/d\/embed?mid=1hDRDZfBnKIwq4OTtcWfoHrBF40s&amp;hl=sl&amp;ehbc=2E312F&amp;z=10\" width=\"600\" height=\"500\" style=\"border-radius:4px\"><\/iframe>\n\t\t\t\t<\/div>\n\t\t\t\t<\/div>\n\t\t\t\t<div class=\"elementor-element elementor-element-bbd3de7 elementor-widget__width-inherit elementor-widget elementor-widget-text-editor\" data-id=\"bbd3de7\" data-element_type=\"widget\" data-e-type=\"widget\" data-widget_type=\"text-editor.default\">\n\t\t\t\t<div class=\"elementor-widget-container\">\n\t\t\t\t\t\t\t\t\t<p>During the pilgrimage from St. Cancian (Re\u010dica ob Savinji) to Mary Help of Christians (Brezje in Upper Carniola) in 2010 <\/p>\n<p>Pilgrimage, this ancient religious act, this original expression of faith, which has strongly marked and still marks Slovenian piety&#8230;<br \/>(Cardinal Franc Rode in the foreword to the book Slovenske bo\u017eje poti, December 2007)<\/p>\n\t\t\t\t\t\t\t\t<\/div>\n\t\t\t\t<\/div>\n\t\t\t\t<div class=\"elementor-element elementor-element-4fbd9b0 elementor-widget elementor-widget-text-editor\" data-id=\"4fbd9b0\" data-element_type=\"widget\" data-e-type=\"widget\" data-widget_type=\"text-editor.default\">\n\t\t\t\t<div class=\"elementor-widget-container\">\n\t\t\t\t\t\t\t\t\t<p>\u00bbSome pilgrims go to Rome, to Compostela,<br \/>or to the place where St. Anthony guards Jesus,<br \/>they visit Trsat, or the Holy Lu\u0161arje,<br \/>once in a lifetime, or Marija Celje.\u00ab<br \/>\u2028(dr. France Pre\u0161eren)<\/p>\n\t\t\t\t\t\t\t\t<\/div>\n\t\t\t\t<\/div>\n\t\t\t\t<div class=\"elementor-element elementor-element-05a98eb elementor-widget elementor-widget-text-editor\" data-id=\"05a98eb\" data-element_type=\"widget\" data-e-type=\"widget\" data-widget_type=\"text-editor.default\">\n\t\t\t\t<div class=\"elementor-widget-container\">\n\t\t\t\t\t\t\t\t\t<p>\u00bbPilgrimage is not just the destination, but also the \u00bbpath to the goal&#8230;\u00ab<br \/>The more physical and spiritual effort the journey requires, the more genuine and profound the spiritual results. As more people are becoming aware of this fact, traditional group pilgrimages, based on walking and its spiritual effects, are becoming increasingly widespread once again. <\/p>\n<p>The seemingly mechanical accumulation of steps provides time for a person to more intensely attune themselves to the goal and deepen it by peacefully encountering others, oneself, and ultimately the humanized God, with this \u00bbPath\u00ab. which invites us to connect our pilgrimages and, through them, our life journeys.\u00ab<br \/>(Dr. Jo\u017ee Muhovi\u010d during the pilgrimage in 2004)<\/p>\n<p>This search for the \u00bbPath\u00ab may have subconsciously begun as a personal effort in the Re\u010dica parish sixteen years ago. Since then, the number of pilgrims has steadily increased from the initial seven, and the foot pilgrimage has become established as a traditional and integral part of the parish\u2019s communal pilgrimage on the major feast of the Blessed Virgin Mary, the Assumption, or as we call it, the Great Lady, on August 15th.  <\/p>\n<p>The foot pilgrimage begins every year on August 14th, early in the morning, when the local priest typically celebrates Mass for the pilgrims, often with the co-celebration of Deacon Stanko and seminarian Mark. It concludes on August 15th with a solemn afternoon Mass at the Brezje basilica. As in previous years, the pilgrims are greeted in \u0160entjan\u017e by the ringing of the bell from St. Janez\u2019s Church, where, after a short rest and prayer, they say farewell to their home parish.<\/p>\n<p>In the early morning, when thoughts are still a bit sleepy, but as the first conversations start and the group adjusts to the right walking pace, time passes quickly, and we pass through Gornji Grad, Nova \u0160tifta with the Church of Mary Star, \u010crnivec, with shorter or slightly longer breaks. In the early afternoon, the arrival of the remaining pilgrims, a prayer of thanksgiving in front of the Mary Chapel at \u017dupanje njive, and time for &#8220;lunch&#8221; in the form of a stew with treats prepared by the good housewives from Re\u010dica and the surrounding area. Fire trucks are loaded with spare equipment, which the pilgrims rush to exchange and replenish for the next part of the journey to the overnight stay in Adergas, where for many years we were hosted by Father Peter Miroslavi\u010d. This year, however, we were warmly and attentively welcomed by the new priest, Father Kalan.     <\/p>\n\t\t\t\t\t\t\t\t<\/div>\n\t\t\t\t<\/div>\n\t\t<div class=\"elementor-element elementor-element-1e47ea5 e-con-full e-flex e-con e-child\" data-id=\"1e47ea5\" data-element_type=\"container\" data-e-type=\"container\" data-settings=\"{&quot;jet_parallax_layout_list&quot;:[]}\">\n\t\t\t\t<div class=\"elementor-element elementor-element-95d82da elementor-widget__width-inherit elementor-widget-mobile__width-inherit elementor-widget elementor-widget-image\" data-id=\"95d82da\" data-element_type=\"widget\" data-e-type=\"widget\" data-widget_type=\"image.default\">\n\t\t\t\t<div class=\"elementor-widget-container\">\n\t\t\t\t\t\t\t\t\t\t\t\t\t\t\t<img decoding=\"async\" width=\"395\" height=\"274\" src=\"https:\/\/marija.si\/wp-content\/uploads\/2024\/12\/recica-romanje-2010-3.jpg\" class=\"attachment-full size-full wp-image-2825\" alt=\"Moje romanje k Mariji Pomagaj - Marija Pomagaj Brezje (marija.si)\" srcset=\"https:\/\/marija.si\/wp-content\/uploads\/2024\/12\/recica-romanje-2010-3.jpg 395w, https:\/\/marija.si\/wp-content\/uploads\/2024\/12\/recica-romanje-2010-3-300x208.jpg 300w\" sizes=\"(max-width: 395px) 100vw, 395px\" \/>\t\t\t\t\t\t\t\t\t\t\t\t\t\t\t<\/div>\n\t\t\t\t<\/div>\n\t\t\t\t<div class=\"elementor-element elementor-element-32bf5b3 elementor-widget elementor-widget-heading\" data-id=\"32bf5b3\" data-element_type=\"widget\" data-e-type=\"widget\" data-widget_type=\"heading.default\">\n\t\t\t\t<div class=\"elementor-widget-container\">\n\t\t\t\t\t<h6 class=\"elementor-heading-title elementor-size-default\">On the way to \u0160entur\u0161ka Gora<\/h6>\t\t\t\t<\/div>\n\t\t\t\t<\/div>\n\t\t\t\t<div class=\"elementor-element elementor-element-5bf2329 elementor-widget__width-inherit elementor-widget-mobile__width-inherit elementor-widget elementor-widget-image\" data-id=\"5bf2329\" data-element_type=\"widget\" data-e-type=\"widget\" data-widget_type=\"image.default\">\n\t\t\t\t<div class=\"elementor-widget-container\">\n\t\t\t\t\t\t\t\t\t\t\t\t\t\t\t<img decoding=\"async\" width=\"397\" height=\"275\" src=\"https:\/\/marija.si\/wp-content\/uploads\/2024\/12\/recica-romanje-2012-1.jpg\" class=\"attachment-full size-full wp-image-2828\" alt=\"Moje romanje k Mariji Pomagaj - Marija Pomagaj Brezje (marija.si)\" srcset=\"https:\/\/marija.si\/wp-content\/uploads\/2024\/12\/recica-romanje-2012-1.jpg 397w, https:\/\/marija.si\/wp-content\/uploads\/2024\/12\/recica-romanje-2012-1-300x208.jpg 300w\" sizes=\"(max-width: 397px) 100vw, 397px\" \/>\t\t\t\t\t\t\t\t\t\t\t\t\t\t\t<\/div>\n\t\t\t\t<\/div>\n\t\t\t\t<div class=\"elementor-element elementor-element-1879af1 elementor-widget elementor-widget-heading\" data-id=\"1879af1\" data-element_type=\"widget\" data-e-type=\"widget\" data-widget_type=\"heading.default\">\n\t\t\t\t<div class=\"elementor-widget-container\">\n\t\t\t\t\t<h6 class=\"elementor-heading-title elementor-size-default\">Arrived at Brezje<\/h6>\t\t\t\t<\/div>\n\t\t\t\t<\/div>\n\t\t\t\t<\/div>\n\t\t\t\t<div class=\"elementor-element elementor-element-4857d60 elementor-widget__width-initial elementor-widget elementor-widget-text-editor\" data-id=\"4857d60\" data-element_type=\"widget\" data-e-type=\"widget\" data-widget_type=\"text-editor.default\">\n\t\t\t\t<div class=\"elementor-widget-container\">\n\t\t\t\t\t\t\t\t\t<p>Despite the very poor weather forecast and rain in much of Slovenia, the skies cleared quickly in the early morning, and the day became increasingly beautiful, so any blisters were soon forgotten. The journey through Mlaka, Visoko, Naklo, and Podbrezje to Brezje passed more quickly with songs, conversations among the pilgrims, prayers at chapels and landmarks, and invigorating stops. <\/p>\n<p>The relief and joy upon reaching the destination help each pilgrim to see that the difficulties and struggles along the way are not a source of sorrow, but rather feel like a reward and a help in ensuring that we do our best for our souls and strengthen ourselves in good intentions.<br \/>We are grateful to our spiritual shepherds and all the parishioners who assist us on our journey and remember us in their prayers and good wishes.<\/p>\n<p>To conclude, here are the thoughts of a participant in the first of our pilgrimages:<br \/>\u00bbOur pilgrimages temporarily ceased after the year 2000, as we had two pairs of too small feet for such a long journey. However, each year we participate in the Re\u010dica pilgrimage in spirit, which creates a tradition and allows pilgrims to honor God and Mary along the way. They open their hearts to each other in conversation, do good deeds for those in need on the path, and experience the miraculous power of inner connection with all those they love.<br \/>I believe that miracles, both small and large, happen\u2026<br \/>God grant that we may pilgrimage to Mary Help of Christians many more times!\u00ab<br \/>(Danica)  <\/p>\n\t\t\t\t\t\t\t\t<\/div>\n\t\t\t\t<\/div>\n\t\t\t\t<\/div>\n\t\t\t\t<\/div>\n\t\t<div class=\"elementor-element elementor-element-e4ee405 e-con-full e-flex e-con e-child\" data-id=\"e4ee405\" data-element_type=\"container\" data-e-type=\"container\" data-settings=\"{&quot;jet_parallax_layout_list&quot;:[]}\">\n\t\t<div class=\"elementor-element elementor-element-5f4bb56 e-con-full e-flex e-con e-child\" data-id=\"5f4bb56\" data-element_type=\"container\" data-e-type=\"container\" data-settings=\"{&quot;background_background&quot;:&quot;classic&quot;,&quot;jet_parallax_layout_list&quot;:[]}\">\n\t\t\t\t<div class=\"elementor-element elementor-element-7b9ef0e elementor-widget__width-inherit elementor-widget elementor-widget-heading\" data-id=\"7b9ef0e\" data-element_type=\"widget\" data-e-type=\"widget\" data-widget_type=\"heading.default\">\n\t\t\t\t<div class=\"elementor-widget-container\">\n\t\t\t\t\t<h3 class=\"elementor-heading-title elementor-size-default\">Every year on the Feast of the Most Holy Body and Blood of Christ, students and teachers from the Diocesan Classical Gymnasium pilgrimage to Brezje.<\/h3>\t\t\t\t<\/div>\n\t\t\t\t<\/div>\n\t\t\t\t<div class=\"elementor-element elementor-element-244fd06 elementor-widget elementor-widget-text-editor\" data-id=\"244fd06\" data-element_type=\"widget\" data-e-type=\"widget\" data-widget_type=\"text-editor.default\">\n\t\t\t\t<div class=\"elementor-widget-container\">\n\t\t\t\t\t\t\t\t\t<p>Since the re-establishment of the Diocesan Classical Gymnasium in \u0160entvid, students and teachers embark on a pilgrimage to Brezje once a year. The initiator of this pilgrimage was the late Archbishop Alojzij \u0160u\u0161tar. <\/p>\n<p>This pilgrimage is also historically significant. Bishop Anton Bonaventura Jegli\u010d began his spiritual vocation precisely at Mary Help of Christians in Brezje, and the St. Stanislav Institute with the Diocesan Classical Gymnasium was one of his greatest projects. Thanks to Bishop Jegli\u010d, the Diocesan Classical Gymnasium was the first high school where teaching was conducted entirely in the Slovenian language.   <\/p>\n<p>Some students go on foot, while others take the train. They also strive to discover a new path each time. In exploring these new, challenging routes, they are guided by the physical education teachers.  <\/p>\n<p>We are very happy to host this pilgrimage at Brezje, as the students always bring their joy and youthful enthusiasm to Brezje on this day.<\/p>\n<p>an article by Professor Jo\u017ee Kurin\u010di\u010d about the pilgrimage of the &#8220;\u0160kofijci&#8221; to Brezje:<\/p>\n\t\t\t\t\t\t\t\t<\/div>\n\t\t\t\t<\/div>\n\t\t\t\t<div class=\"elementor-element elementor-element-e055f47 elementor-widget__width-inherit elementor-widget elementor-widget-heading\" data-id=\"e055f47\" data-element_type=\"widget\" data-e-type=\"widget\" data-widget_type=\"heading.default\">\n\t\t\t\t<div class=\"elementor-widget-container\">\n\t\t\t\t\t<h3 class=\"elementor-heading-title elementor-size-default\">FOR CORPUS CHRISTI AT BREZJE: THE \u00bb\u0160KOFIJC\u00ab PILGRIMAGE TO MARY HELP OF CHRISTIANS<\/h3>\t\t\t\t<\/div>\n\t\t\t\t<\/div>\n\t\t\t\t<div class=\"elementor-element elementor-element-0de920b elementor-widget elementor-widget-text-editor\" data-id=\"0de920b\" data-element_type=\"widget\" data-e-type=\"widget\" data-widget_type=\"text-editor.default\">\n\t\t\t\t<div class=\"elementor-widget-container\">\n\t\t\t\t\t\t\t\t\t<p>The Diocesan Classical Gymnasium in \u0160entvid has been connected to Brezje and Mary Help of Christians since its establishment in 1905. It is known that its founder, Anton Bonaventura Jegli\u010d, was a fervent devotee of Mary, and thus, upon the founding of the institute, he encouraged students to venerate Mary, including through pilgrimages. His pilgrimage with the first graduates in 1913 to Lourdes is well known, as is the fact that the &#8216;administrators&#8217; made a pilgrimage to Brezje every year.  <\/p>\n<p>After the restoration of the St. Stanislav Institute, or the Diocesan Classical Gymnasium (\u0160KG), this tradition was also revived. Not immediately, but a few years later, at the initiative of Archbishop Alojzij \u0160u\u0161tar. In recent years, on the feast of Corpus Christi, students and teachers of \u0160KG have made a pilgrimage to Brezje every year. Not all students participate in the pilgrimage; the fourth-year students no longer have classes at that time and are intensively preparing for their final exams. However, many fourth-year students still decide to join the pilgrims from the lower years, probably also for the support of Mary\u2019s help during their final exams. In the past two years, this pilgrimage has taken on a new form. The third-year students make a pilgrimage to Ko\u010devski Rog, to the cave Pod Krenom, where they remember the Stations of the Cross of many young men who were taken from the Institute in May and June of 1945 and executed in the Ko\u010devje forests.          <\/p>\n<p>In the first years, we made the pilgrimage to Brezje in several groups: some left on foot from the Institute in the middle of the night, following the usual route along the road; others set out in the morning by bicycle, and a third group traveled by train to Oto\u010de, then walked to Brezje. Soon, we realized that walking on asphalt was too tiring and cycling too dangerous, so we began looking for other options. The principal of the gymnasium, Professor Jo\u017ee Mlakar, formed a special team of teachers (Obr\u010d, Lavrinec) to find a different, more beautiful, and safer route for the pilgrimage to Brezje. He also invited an expert from the Forest Institute of the Republic of Slovenia to collaborate. After studying the terrain and searching for the best pilgrimage route, the team developed a more suitable new path for the pilgrimage to Brezje. The route has two starting points: Kranj and \u0160kofja Loka. For several years now, students and teachers have set out for the feast of Corpus Christi in Brezje in two large groups: about 100 walk on foot, meaning they travel by bus to Kranj or \u0160kofja Loka, then walk approximately eight hours along forest paths, dirt roads, and meadows west of Kranj, through \u010cepulje, Dobrava, and Oto\u010de to Brezje; around 200 take the train to Oto\u010de and then join those who walked from Kranj or \u0160kofja Loka.        <\/p>\n<p>I have participated in all forms of pilgrimage: twice by bicycle, three times on foot, once from the Institute, and twice from Kranj, and I\u2019ve also traveled by train several times. The foot pilgrimages have remained the most memorable for me, perhaps especially the one from Kranj. In the middle of the night, around two o\u2019clock, we gathered in the institute\u2019s church for a short prayer, set to the rhythm of walking. It was prepared by dedicated teachers of faith and culture. Of course, we were all still a little sleepy from the early hour, and the students found courage by half-whispering jokes. When I look at the students, I see some I would never have thought would go on foot: some I consider less physically coordinated, others not pious enough. I\u2019m glad I was mistaken. After the prayer, we patiently boarded the buses: one to \u0160kofja Loka, the other to Kranj. I sat on the &#8220;Kranj&#8221; bus.         <\/p>\n<p>We turn west at Labora, passing through Stra\u017ei\u0161\u010de and continuing along the road beneath the forested ridge that darkens ahead of us. Like an army, we quietly arrange ourselves and set off through the overgrown fields. Professor Obr\u010d leads the column, unable to master the slow uphill pace, so the column quickly moves along the dark path lit by headlamps. Some of us fall behind, and the column starts to break apart. At first, there\u2019s little conversation, but soon conversation groups begin to form. I join Director Roman Globokar, and we are soon in lively discussion about the situation in the Slovenian Church, recent theological currents, and cultural-political issues. Yes, it\u2019s good to have a director who chooses the harder, less comfortable path\u2014on it, there\u2019s indeed more time to discuss many things. After about an hour of walking, we stop in a clearing, and those who started from \u0160kofja Loka join us. We have a modest snack. Principal Mlakar has a thermos with real coffee in it. Since there are several coffee drinkers among us, he has to be careful to distribute the indulgent treat so that as many of us as possible are satisfied. After the break, we continue on our way. Tone \u010cesen suggests that we pray the Rosary, and from then on, we move to the rhythm of Hail Marys and Our Fathers. How true it is what we talked about in class when we discussed prayer, its magical-ritual effect, how even non-Christian meditators know about repetition, about mantras that, with their rhythm, lead us into a spiritual state. This prayer, though not very smooth, still maintains its rhythm. And when the repetition ends, after we\u2019ve said all the Hail Marys, there\u2019s a long period of silence\u2014words don\u2019t come so quickly.<br \/>But soon, we\u2019re back into conversation, which becomes livelier as raindrops start tapping on the leaves. We open our umbrellas, relieved that it\u2019s daytime and that our path is now downhill. The rain gives the journey a primal, earthy feeling. However, the rain is not heavy, just the humidity that forces its way into our bodies from all sides. The walking pace remains steady. Soon, one of us can no longer continue\u2014lack of stamina. We call our Peter &#8220;The Great,&#8221; the caretaker, who quickly arrives with a car\u2014first aid, and he takes the tired pilgrim to the destination. The rest of us continue along the somewhat wet path\u2014the rain continues to drizzle from the sky\u2014through forest paths and meadows that seem endless. We too are already feeling the weight in our legs, but the collective will is strong, and the pace does not slow. When we catch sight of the goal at the edge of the forest above Dobrava\u2014the bell tower of the Brezje church\u2014and the path begins to descend towards the Sava River, new energy awakens in us. A debate emerges about the book The Principle of Humanity by Joakim Bauer. In it, the author, as a biologist and scientist, discusses how the essence of life and progress is not the struggle for survival but cooperation, coexistence, and love. A science that supports the Christian vision of humanity and the world. Soon, we reach Oto\u010de, cross the Sava, and, a little dizzy from the sleepless night and sore legs, we conquer the final hill before Brezje.<\/p>\n<p>At the Mass, we are kindly addressed by Father Silvin Krajnc, the rector of the pilgrimage center, and the Mass is celebrated by retired Archbishop Alojz Uran, with our seminarians beside him. Will the sleepless pilgrims hold up? The church is full; with heavy legs, I search for a seat. I find one in the chapel before Mary. How comfortable it is: the ease of sitting, the hum of the church, and before me, the glowing image of Mary. The softness of drowsiness overtakes me, and I am gently rocked into a nap. I wake up during the reading of the Gospel:       <\/p>\n\t\t\t\t\t\t\t\t<\/div>\n\t\t\t\t<\/div>\n\t\t\t\t<div class=\"elementor-element elementor-element-417ff9c elementor-widget elementor-widget-text-editor\" data-id=\"417ff9c\" data-element_type=\"widget\" data-e-type=\"widget\" data-widget_type=\"text-editor.default\">\n\t\t\t\t<div class=\"elementor-widget-container\">\n\t\t\t\t\t\t\t\t\t<p>From the Holy Gospel according to Mark.<br \/>On the first day of the Feast of Unleavened Bread, when they sacrificed the Passover lamb,<br \/>Jesus&#8217; disciples said to Him,<br \/>\u00bbWhere do You want us to go and prepare<br \/>for You to eat the Passover lamb?\u00ab<\/p>\n\t\t\t\t\t\t\t\t<\/div>\n\t\t\t\t<\/div>\n\t\t\t\t<div class=\"elementor-element elementor-element-3c7eb05 elementor-widget elementor-widget-text-editor\" data-id=\"3c7eb05\" data-element_type=\"widget\" data-e-type=\"widget\" data-widget_type=\"text-editor.default\">\n\t\t\t\t<div class=\"elementor-widget-container\">\n\t\t\t\t\t\t\t\t\t<p>The archbishop\u2019s sermon follows, personal, convincing, and suitable for young hearts. In contrast to what I had feared\u2014impersonal repetition of dogmatically enclosed ideas\u2014it became clear to me that not all of our pilgrims had the chance to hear his words. Even those who had come to Brezje, but found the Mass unnecessary, the church language too bombastic, and the rituals boring, preferred to stay in the park or hide somewhere else. No, one should not force the young to attend Mass; faith and religious matters are too delicate. Force generates resistance. More important than the destination is the journey\u2014the patient knocking on the door of a seeking heart.     <\/p>\n<p>After Mass, I still sit before Layer&#8217;s depiction of Mary Help of Christians. A memory of my loved ones, who asked me to pray for them. My thoughts follow in order, from one person to another, starting with those who are dearest to me. My gaze rests on the votive images along the wall, then on the picture depicting Pope John Paul II\u2019s visit to Brezje&#8230;    <\/p>\n<p>Then, the space in front of the Image fills with restlessness \u2013 a group of girls and boys enters and kneels down. At first, they feel somewhat awkward in front of each other, glancing around and smiling, but then they naturally blend in with the pilgrims, who are kneeling around the altar with Mary\u2019s image. Who knows why. Is it out of genuine piety, tradition, or need?   <\/p>\n<p>In front of the church, I meet the students from my class \u2013 they need to check in with the class teacher \u2013 and together we head to Oto\u010de, where we wait for the train that takes us back to \u0160entvid.<\/p>\n<p>Yes, a pilgrimage is a reflection of our life, which is also a journey, as well as an oasis along the way, where we can find strength and refill our water skins and bread bags. A particularly fitting day for this is the feast of Corpus Christi, when we have the living memory among us of how God strengthens us with the wine of His blood and the bread of His flesh.  <\/p>\n\t\t\t\t\t\t\t\t<\/div>\n\t\t\t\t<\/div>\n\t\t\t\t<\/div>\n\t\t<div class=\"elementor-element elementor-element-03e512f e-con-full e-flex e-con e-child\" data-id=\"03e512f\" data-element_type=\"container\" data-e-type=\"container\" data-settings=\"{&quot;background_background&quot;:&quot;classic&quot;,&quot;jet_parallax_layout_list&quot;:[]}\">\n\t\t\t\t<div class=\"elementor-element elementor-element-c4accfc e-transform e-transform elementor-widget elementor-widget-heading\" data-id=\"c4accfc\" data-element_type=\"widget\" data-e-type=\"widget\" id=\"vertical-h\" data-settings=\"{&quot;_transform_rotateZ_effect&quot;:{&quot;unit&quot;:&quot;px&quot;,&quot;size&quot;:-90,&quot;sizes&quot;:[]},&quot;_transform_translateX_effect&quot;:{&quot;unit&quot;:&quot;px&quot;,&quot;size&quot;:-183,&quot;sizes&quot;:[]},&quot;_transform_translateX_effect_laptop&quot;:{&quot;unit&quot;:&quot;px&quot;,&quot;size&quot;:-165,&quot;sizes&quot;:[]},&quot;_transform_translateX_effect_tablet&quot;:{&quot;unit&quot;:&quot;%&quot;,&quot;size&quot;:0,&quot;sizes&quot;:[]},&quot;_transform_translateX_effect_mobile&quot;:{&quot;unit&quot;:&quot;%&quot;,&quot;size&quot;:0,&quot;sizes&quot;:[]},&quot;_transform_rotateZ_effect_mobile&quot;:{&quot;unit&quot;:&quot;deg&quot;,&quot;size&quot;:0,&quot;sizes&quot;:[]},&quot;_transform_rotateZ_effect_tablet&quot;:{&quot;unit&quot;:&quot;deg&quot;,&quot;size&quot;:0,&quot;sizes&quot;:[]},&quot;_transform_rotateZ_effect_laptop&quot;:{&quot;unit&quot;:&quot;deg&quot;,&quot;size&quot;:&quot;&quot;,&quot;sizes&quot;:[]},&quot;_transform_translateY_effect&quot;:{&quot;unit&quot;:&quot;px&quot;,&quot;size&quot;:&quot;&quot;,&quot;sizes&quot;:[]},&quot;_transform_translateY_effect_laptop&quot;:{&quot;unit&quot;:&quot;px&quot;,&quot;size&quot;:&quot;&quot;,&quot;sizes&quot;:[]},&quot;_transform_translateY_effect_tablet&quot;:{&quot;unit&quot;:&quot;px&quot;,&quot;size&quot;:&quot;&quot;,&quot;sizes&quot;:[]},&quot;_transform_translateY_effect_mobile&quot;:{&quot;unit&quot;:&quot;px&quot;,&quot;size&quot;:&quot;&quot;,&quot;sizes&quot;:[]}}\" data-widget_type=\"heading.default\">\n\t\t\t\t<div class=\"elementor-widget-container\">\n\t\t\t\t\t<h2 class=\"elementor-heading-title elementor-size-default\">Pilgrimage of DCG<\/h2>\t\t\t\t<\/div>\n\t\t\t\t<\/div>\n\t\t\t\t<\/div>\n\t\t\t\t<\/div>\n\t\t<div class=\"elementor-element elementor-element-0ccef56 e-con-full e-flex e-con e-child\" data-id=\"0ccef56\" data-element_type=\"container\" data-e-type=\"container\" data-settings=\"{&quot;jet_parallax_layout_list&quot;:[]}\">\n\t\t<div class=\"elementor-element elementor-element-7e8784c e-con-full e-flex e-con e-child\" data-id=\"7e8784c\" data-element_type=\"container\" data-e-type=\"container\" data-settings=\"{&quot;background_background&quot;:&quot;classic&quot;,&quot;jet_parallax_layout_list&quot;:[]}\">\n\t\t\t\t<div class=\"elementor-element elementor-element-03b7bee e-transform e-transform elementor-widget__width-inherit elementor-widget elementor-widget-heading\" data-id=\"03b7bee\" data-element_type=\"widget\" data-e-type=\"widget\" id=\"vertical-h\" data-settings=\"{&quot;_transform_rotateZ_effect&quot;:{&quot;unit&quot;:&quot;px&quot;,&quot;size&quot;:-90,&quot;sizes&quot;:[]},&quot;_transform_translateX_effect&quot;:{&quot;unit&quot;:&quot;px&quot;,&quot;size&quot;:-353,&quot;sizes&quot;:[]},&quot;_transform_translateX_effect_laptop&quot;:{&quot;unit&quot;:&quot;px&quot;,&quot;size&quot;:-319,&quot;sizes&quot;:[]},&quot;_transform_translateX_effect_tablet&quot;:{&quot;unit&quot;:&quot;%&quot;,&quot;size&quot;:0,&quot;sizes&quot;:[]},&quot;_transform_translateX_effect_mobile&quot;:{&quot;unit&quot;:&quot;%&quot;,&quot;size&quot;:0,&quot;sizes&quot;:[]},&quot;_transform_rotateZ_effect_mobile&quot;:{&quot;unit&quot;:&quot;deg&quot;,&quot;size&quot;:0,&quot;sizes&quot;:[]},&quot;_transform_rotateZ_effect_tablet&quot;:{&quot;unit&quot;:&quot;deg&quot;,&quot;size&quot;:0,&quot;sizes&quot;:[]},&quot;_transform_rotateZ_effect_laptop&quot;:{&quot;unit&quot;:&quot;deg&quot;,&quot;size&quot;:&quot;&quot;,&quot;sizes&quot;:[]},&quot;_transform_translateY_effect&quot;:{&quot;unit&quot;:&quot;px&quot;,&quot;size&quot;:&quot;&quot;,&quot;sizes&quot;:[]},&quot;_transform_translateY_effect_laptop&quot;:{&quot;unit&quot;:&quot;px&quot;,&quot;size&quot;:&quot;&quot;,&quot;sizes&quot;:[]},&quot;_transform_translateY_effect_tablet&quot;:{&quot;unit&quot;:&quot;px&quot;,&quot;size&quot;:&quot;&quot;,&quot;sizes&quot;:[]},&quot;_transform_translateY_effect_mobile&quot;:{&quot;unit&quot;:&quot;px&quot;,&quot;size&quot;:&quot;&quot;,&quot;sizes&quot;:[]}}\" data-widget_type=\"heading.default\">\n\t\t\t\t<div class=\"elementor-widget-container\">\n\t\t\t\t\t<h2 class=\"elementor-heading-title elementor-size-default\">Youth Walking Pilgrimage to Brezje<\/h2>\t\t\t\t<\/div>\n\t\t\t\t<\/div>\n\t\t\t\t<\/div>\n\t\t<div class=\"elementor-element elementor-element-9c363bc e-con-full e-flex e-con e-child\" data-id=\"9c363bc\" data-element_type=\"container\" data-e-type=\"container\" data-settings=\"{&quot;background_background&quot;:&quot;classic&quot;,&quot;jet_parallax_layout_list&quot;:[]}\">\n\t\t\t\t<div class=\"elementor-element elementor-element-3d6c04d elementor-widget__width-inherit elementor-widget elementor-widget-heading\" data-id=\"3d6c04d\" data-element_type=\"widget\" data-e-type=\"widget\" data-widget_type=\"heading.default\">\n\t\t\t\t<div class=\"elementor-widget-container\">\n\t\t\t\t\t<h3 class=\"elementor-heading-title elementor-size-default\">Every year, young people from the Archdiocese of Ljubljana embark on a walking pilgrimage to Brezje. This pilgrimage is organized by the Catholic Youth Community of Slovenia. <\/h3>\t\t\t\t<\/div>\n\t\t\t\t<\/div>\n\t\t\t\t<div class=\"elementor-element elementor-element-d8e8b58 elementor-widget elementor-widget-text-editor\" data-id=\"d8e8b58\" data-element_type=\"widget\" data-e-type=\"widget\" data-widget_type=\"text-editor.default\">\n\t\t\t\t<div class=\"elementor-widget-container\">\n\t\t\t\t\t\t\t\t\t<p>The youth pilgrimage to Brezje is something special every year. It has a long-standing tradition, and young people are eager to take part in it. <\/p>\n<p>The leadership of the Catholic Youth Community enriches the journey to Brezje each year with a comprehensive spiritual program.<\/p>\n\t\t\t\t\t\t\t\t<\/div>\n\t\t\t\t<\/div>\n\t\t\t\t<div class=\"elementor-element elementor-element-ec1b512 elementor-widget__width-inherit elementor-widget elementor-widget-heading\" data-id=\"ec1b512\" data-element_type=\"widget\" data-e-type=\"widget\" data-widget_type=\"heading.default\">\n\t\t\t\t<div class=\"elementor-widget-container\">\n\t\t\t\t\t<h3 class=\"elementor-heading-title elementor-size-default\">The Route from Ljubljana to Kranj:<\/h3>\t\t\t\t<\/div>\n\t\t\t\t<\/div>\n\t\t\t\t<div class=\"elementor-element elementor-element-04a018b elementor-widget elementor-widget-html\" data-id=\"04a018b\" data-element_type=\"widget\" data-e-type=\"widget\" data-widget_type=\"html.default\">\n\t\t\t\t<div class=\"elementor-widget-container\">\n\t\t\t\t\t<iframe src=\"https:\/\/www.google.com\/maps\/embed?pb=!1m24!1m8!1m3!1d176742.37029653153!2d14.309516956054694!3d46.198527233883574!3m2!1i1024!2i768!4f13.1!4m13!3e2!4m5!1s0x477acd1f7c264a3d%3A0x2cd4e52d67fbb26d!2sPru%C5%A1nikova%20Ul.%2C%201210%20Ljubljana%2C%20Slovenia!3m2!1d46.095043!2d14.467746499999999!4m5!1s0x477ab802a572dae5%3A0x7198203fb705b721!2sTav%C4%8Darjeva%20ulica%2043%2C%204000%20Kranj%2C%20Slovenia!3m2!1d46.2380426!2d14.3563209!5e0!3m2!1sen!2sus!4v1731485610015!5m2!1sen!2sus\" width=\"600\" height=\"500\" allowfullscreen=\"\" style=\"border-radius:4px\" referrerpolicy=\"no-referrer-when-downgrade\"><\/iframe>\t\t\t\t<\/div>\n\t\t\t\t<\/div>\n\t\t\t\t<div class=\"elementor-element elementor-element-e5b5384 elementor-widget__width-inherit elementor-widget elementor-widget-heading\" data-id=\"e5b5384\" data-element_type=\"widget\" data-e-type=\"widget\" data-widget_type=\"heading.default\">\n\t\t\t\t<div class=\"elementor-widget-container\">\n\t\t\t\t\t<h3 class=\"elementor-heading-title elementor-size-default\">The Route from Kranj to Brezje:<\/h3>\t\t\t\t<\/div>\n\t\t\t\t<\/div>\n\t\t\t\t<div class=\"elementor-element elementor-element-5fe7792 elementor-widget elementor-widget-html\" data-id=\"5fe7792\" data-element_type=\"widget\" data-e-type=\"widget\" data-widget_type=\"html.default\">\n\t\t\t\t<div class=\"elementor-widget-container\">\n\t\t\t\t\t<iframe src=\"https:\/\/www.google.com\/maps\/d\/embed?mid=1hzXyHswVVgTYf5t7pvmsVPXIwHM&amp;hl=sl&amp;ehbc=2E312F&amp;z=11\" width=\"640\" height=\"500\" style=\"border-radius:4px\"><\/iframe>\n\t\t\t\t<\/div>\n\t\t\t\t<\/div>\n\t\t\t\t<\/div>\n\t\t\t\t<\/div>\n\t\t\t\t\t<\/div>\n\t\t\t\t<\/div>\n\t\t<div class=\"elementor-element elementor-element-63ba346 e-flex e-con-boxed e-con e-parent\" data-id=\"63ba346\" data-element_type=\"container\" data-e-type=\"container\" data-settings=\"{&quot;jet_parallax_layout_list&quot;:[]}\">\n\t\t\t\t\t<div class=\"e-con-inner\">\n\t\t<div class=\"elementor-element elementor-element-767bbef e-con-full e-flex e-con e-child\" data-id=\"767bbef\" data-element_type=\"container\" data-e-type=\"container\" data-settings=\"{&quot;background_background&quot;:&quot;classic&quot;,&quot;jet_parallax_layout_list&quot;:[]}\">\n\t\t\t\t<div class=\"elementor-element elementor-element-cc40a45 elementor-widget elementor-widget-heading\" data-id=\"cc40a45\" data-element_type=\"widget\" data-e-type=\"widget\" data-widget_type=\"heading.default\">\n\t\t\t\t<div class=\"elementor-widget-container\">\n\t\t\t\t\t<h2 class=\"elementor-heading-title elementor-size-default\">Explore also<\/h2>\t\t\t\t<\/div>\n\t\t\t\t<\/div>\n\t\t<div class=\"elementor-element elementor-element-47c26c2 e-con-full e-flex e-con e-child\" data-id=\"47c26c2\" data-element_type=\"container\" data-e-type=\"container\" data-settings=\"{&quot;jet_parallax_layout_list&quot;:[]}\">\n\t\t\t\t<div class=\"elementor-element elementor-element-5317017 elementor-widget__width-auto elementor-widget elementor-widget-global elementor-global-2407 elementor-global-1463 elementor-widget-bdt-advanced-button\" data-id=\"5317017\" data-element_type=\"widget\" data-e-type=\"widget\" data-widget_type=\"bdt-advanced-button.default\">\n\t\t\t\t<div class=\"elementor-widget-container\">\n\t\t\t\t\t\t\t<div class=\"bdt-ep-button-wrapper\">\n\t\t\t<a href=\"\/en\/the-path-to-brezje\/brezje-is-on-the-hill\/\" class=\"bdt-ep-button bdt-ep-button-effect-a bdt-ep-button-size-md\">\n\t\t\t\t\t\t<div class=\"bdt-ep-button-content-wrapper bdt-flex bdt-flex-middle bdt-flex-center  \" data-text=\"Brezje is on the hill\">\n\t\t\t\t\t\t\t<div class=\"bdt-ep-button-icon bdt-flex-center bdt-flex-align-right\">\n\t\t\t\t\t<div class=\"bdt-ep-button-icon-inner\">\n\n\t\t\t\t\t\t<i aria-hidden=\"true\" class=\"fa-fw icon icon-right-arrow-1\"><\/i>\n\t\t\t\t\t<\/div>\n\t\t\t\t<\/div>\n\t\t\t\n\t\t\t<div class=\"bdt-ep-button-text\">\n\n\t\t\t\t<span class=\"avdbtn-text\">\n\t\t\t\t\tBrezje is on the hill\t\t\t\t<\/span>\n\n\t\t\t\t\t\t\t<\/div>\n\n\t\t\t\n\t\t<\/div>\n\t\t\t\t\t<\/a>\n\t\t<\/div>\n\t\t\t\t\t\t<\/div>\n\t\t\t\t<\/div>\n\t\t\t\t<\/div>\n\t\t\t\t<\/div>\n\t\t\t\t\t<\/div>\n\t\t\t\t<\/div>\n\t\t\t\t<\/div>\n\t\t","protected":false},"excerpt":{"rendered":"<p>Brezje, My Sole Pilgrimage Site \u2013 Berta Golob shared her memories of a pilgrimage for the Brezje Almanac. \u00bbI don\u2019t know when I first visited Brezje, but I\u2019m sure it was holding my father\u2019s hand. It must have been before World War II. In our household, it was a tradition to make a pilgrimage to [&hellip;]<\/p>\n","protected":false},"author":1,"featured_media":0,"parent":2325,"menu_order":0,"comment_status":"closed","ping_status":"closed","template":"","meta":{"gallery":"","dateEnd":"","displayOrder":0,"videosArray":[],"audiosArray":[],"othersArray":[],"footnotes":""},"class_list":["post-2332","page","type-page","status-publish","hentry"],"_links":{"self":[{"href":"https:\/\/marija.si\/en\/wp-json\/wp\/v2\/pages\/2332","targetHints":{"allow":["GET"]}}],"collection":[{"href":"https:\/\/marija.si\/en\/wp-json\/wp\/v2\/pages"}],"about":[{"href":"https:\/\/marija.si\/en\/wp-json\/wp\/v2\/types\/page"}],"author":[{"embeddable":true,"href":"https:\/\/marija.si\/en\/wp-json\/wp\/v2\/users\/1"}],"replies":[{"embeddable":true,"href":"https:\/\/marija.si\/en\/wp-json\/wp\/v2\/comments?post=2332"}],"version-history":[{"count":16,"href":"https:\/\/marija.si\/en\/wp-json\/wp\/v2\/pages\/2332\/revisions"}],"predecessor-version":[{"id":15810,"href":"https:\/\/marija.si\/en\/wp-json\/wp\/v2\/pages\/2332\/revisions\/15810"}],"up":[{"embeddable":true,"href":"https:\/\/marija.si\/en\/wp-json\/wp\/v2\/pages\/2325"}],"wp:attachment":[{"href":"https:\/\/marija.si\/en\/wp-json\/wp\/v2\/media?parent=2332"}],"curies":[{"name":"wp","href":"https:\/\/api.w.org\/{rel}","templated":true}]}}