{"id":2628,"date":"2024-11-07T10:13:53","date_gmt":"2024-11-07T09:13:53","guid":{"rendered":"https:\/\/marija.si\/die-umgebung-der-basilika-maria-hilf\/"},"modified":"2025-01-20T11:26:18","modified_gmt":"2025-01-20T10:26:18","slug":"die-umgebung-der-basilika-maria-hilf","status":"publish","type":"page","link":"https:\/\/marija.si\/de\/maria-hilf\/die-umgebung-der-basilika-maria-hilf\/","title":{"rendered":"Die Umgebung der Basilika Maria Hilf"},"content":{"rendered":"\t\t<div data-elementor-type=\"wp-page\" data-elementor-id=\"2628\" class=\"elementor elementor-2628 elementor-1383\" data-elementor-settings=\"{&quot;element_pack_global_tooltip_width&quot;:{&quot;unit&quot;:&quot;px&quot;,&quot;size&quot;:&quot;&quot;,&quot;sizes&quot;:[]},&quot;element_pack_global_tooltip_width_laptop&quot;:{&quot;unit&quot;:&quot;px&quot;,&quot;size&quot;:&quot;&quot;,&quot;sizes&quot;:[]},&quot;element_pack_global_tooltip_width_tablet&quot;:{&quot;unit&quot;:&quot;px&quot;,&quot;size&quot;:&quot;&quot;,&quot;sizes&quot;:[]},&quot;element_pack_global_tooltip_width_mobile&quot;:{&quot;unit&quot;:&quot;px&quot;,&quot;size&quot;:&quot;&quot;,&quot;sizes&quot;:[]},&quot;element_pack_global_tooltip_padding&quot;:{&quot;unit&quot;:&quot;px&quot;,&quot;top&quot;:&quot;&quot;,&quot;right&quot;:&quot;&quot;,&quot;bottom&quot;:&quot;&quot;,&quot;left&quot;:&quot;&quot;,&quot;isLinked&quot;:true},&quot;element_pack_global_tooltip_padding_laptop&quot;:{&quot;unit&quot;:&quot;px&quot;,&quot;top&quot;:&quot;&quot;,&quot;right&quot;:&quot;&quot;,&quot;bottom&quot;:&quot;&quot;,&quot;left&quot;:&quot;&quot;,&quot;isLinked&quot;:true},&quot;element_pack_global_tooltip_padding_tablet&quot;:{&quot;unit&quot;:&quot;px&quot;,&quot;top&quot;:&quot;&quot;,&quot;right&quot;:&quot;&quot;,&quot;bottom&quot;:&quot;&quot;,&quot;left&quot;:&quot;&quot;,&quot;isLinked&quot;:true},&quot;element_pack_global_tooltip_padding_mobile&quot;:{&quot;unit&quot;:&quot;px&quot;,&quot;top&quot;:&quot;&quot;,&quot;right&quot;:&quot;&quot;,&quot;bottom&quot;:&quot;&quot;,&quot;left&quot;:&quot;&quot;,&quot;isLinked&quot;:true},&quot;element_pack_global_tooltip_border_radius&quot;:{&quot;unit&quot;:&quot;px&quot;,&quot;top&quot;:&quot;&quot;,&quot;right&quot;:&quot;&quot;,&quot;bottom&quot;:&quot;&quot;,&quot;left&quot;:&quot;&quot;,&quot;isLinked&quot;:true},&quot;element_pack_global_tooltip_border_radius_laptop&quot;:{&quot;unit&quot;:&quot;px&quot;,&quot;top&quot;:&quot;&quot;,&quot;right&quot;:&quot;&quot;,&quot;bottom&quot;:&quot;&quot;,&quot;left&quot;:&quot;&quot;,&quot;isLinked&quot;:true},&quot;element_pack_global_tooltip_border_radius_tablet&quot;:{&quot;unit&quot;:&quot;px&quot;,&quot;top&quot;:&quot;&quot;,&quot;right&quot;:&quot;&quot;,&quot;bottom&quot;:&quot;&quot;,&quot;left&quot;:&quot;&quot;,&quot;isLinked&quot;:true},&quot;element_pack_global_tooltip_border_radius_mobile&quot;:{&quot;unit&quot;:&quot;px&quot;,&quot;top&quot;:&quot;&quot;,&quot;right&quot;:&quot;&quot;,&quot;bottom&quot;:&quot;&quot;,&quot;left&quot;:&quot;&quot;,&quot;isLinked&quot;:true}}\" data-elementor-post-type=\"page\">\n\t\t\t\t<div class=\"elementor-element elementor-element-f809d97 e-flex e-con-boxed e-con e-parent\" data-id=\"f809d97\" data-element_type=\"container\" data-e-type=\"container\" data-settings=\"{&quot;jet_parallax_layout_list&quot;:[]}\">\n\t\t\t\t\t<div class=\"e-con-inner\">\n\t\t<div class=\"elementor-element elementor-element-87f342d e-con-full e-flex e-con e-child\" data-id=\"87f342d\" data-element_type=\"container\" data-e-type=\"container\" data-settings=\"{&quot;background_background&quot;:&quot;gradient&quot;,&quot;jet_parallax_layout_list&quot;:[]}\">\n\t\t\t\t<div class=\"elementor-element elementor-element-fffc646 elementor-position-left bdt-global-link-yes nazaj bdt-icon-type-icon bdt-icon-effect-none elementor-widget elementor-widget-global elementor-global-1324 elementor-widget-bdt-advanced-icon-box\" data-id=\"fffc646\" data-element_type=\"widget\" data-e-type=\"widget\" data-widget_type=\"bdt-advanced-icon-box.default\">\n\t\t\t\t<div class=\"elementor-widget-container\">\n\t\t\t\t\t\t\t<div class=\"bdt-ep-advanced-icon-box\">\n\n\t\t\t\n\t\t\t<div class=\"bdt-ep-advanced-icon-box-content\">\n\n\t\t\t\t\t\t\t\t\t\t\t<div class=\"bdt-ep-advanced-icon-box-icon-heading bdt-flex bdt-flex-middle\">\n\n\t\t\t\n\t\t\t\t\t<div class=\"bdt-ep-advanced-icon-box-icon\">\n\t\t\t\t<span class=\"bdt-ep-advanced-icon-box-icon-wrap\">\n\n\n\t\t\t\t\t\n\t\t\t\t\t\t<i aria-hidden=\"true\" class=\"icon icon-left-arrow-1\"><\/i>\n\n\t\t\t\t\t\t\t\t\t<\/span>\n\t\t\t<\/div>\n\t\t\n\t\n\n\t\t\t<div class=\"bdt-icon-box-title-wrapper\">\n\n\t\t\t\t\n\n\t\t\t\t\t\t\t<\/div>\n\t\t<\/div>\n\t\t\t\t\t\n\t\t\t\t\n\t\t\t\t\n\t\t\t\t\t\t\t<\/div>\n\t\t<\/div>\n\n\t\t\n\t\t\n\t\t\t\t<\/div>\n\t\t\t\t<\/div>\n\t\t\t\t<\/div>\n\t\t<div class=\"elementor-element elementor-element-b9d1892 e-con-full e-flex e-con e-child\" data-id=\"b9d1892\" data-element_type=\"container\" data-e-type=\"container\" data-settings=\"{&quot;jet_parallax_layout_list&quot;:[]}\">\n\t\t<div class=\"elementor-element elementor-element-bec24be e-con-full e-flex e-con e-child\" data-id=\"bec24be\" data-element_type=\"container\" data-e-type=\"container\" data-settings=\"{&quot;background_background&quot;:&quot;classic&quot;,&quot;jet_parallax_layout_list&quot;:[]}\">\n\t\t\t\t<div class=\"elementor-element elementor-element-537fe8a elementor-widget__width-initial elementor-widget-mobile__width-inherit elementor-widget elementor-widget-image\" data-id=\"537fe8a\" data-element_type=\"widget\" data-e-type=\"widget\" data-widget_type=\"image.default\">\n\t\t\t\t<div class=\"elementor-widget-container\">\n\t\t\t\t\t\t\t\t\t\t\t\t\t\t\t<img fetchpriority=\"high\" decoding=\"async\" width=\"532\" height=\"660\" src=\"https:\/\/marija.si\/wp-content\/uploads\/2025\/01\/Ob-Baziliki.png\" class=\"attachment-full size-full wp-image-3290\" alt=\"Okolica bazilike Marije Pomagaj - marija.si\" srcset=\"https:\/\/marija.si\/wp-content\/uploads\/2025\/01\/Ob-Baziliki.png 532w, https:\/\/marija.si\/wp-content\/uploads\/2025\/01\/Ob-Baziliki-242x300.png 242w\" sizes=\"(max-width: 532px) 100vw, 532px\" \/>\t\t\t\t\t\t\t\t\t\t\t\t\t\t\t<\/div>\n\t\t\t\t<\/div>\n\t\t\t\t<div class=\"elementor-element elementor-element-3201333 elementor-widget__width-initial elementor-widget elementor-widget-text-editor\" data-id=\"3201333\" data-element_type=\"widget\" data-e-type=\"widget\" data-widget_type=\"text-editor.default\">\n\t\t\t\t<div class=\"elementor-widget-container\">\n\t\t\t\t\t\t\t\t\t<p>Der Platz vor der Basilika geht \u00fcber in <strong>den Friedenspark<\/strong> mit einer Statue der Heiligen Familie und einem Kreuz, und der Blick reicht weiter bis zu den Julischen Alpen mit dem majest\u00e4tischen Triglav. Im Park finden gelegentlich Ausstellungen statt, und der Ort l\u00e4dt stets zur Erholung und spirituellen Vertiefung inmitten der Sch\u00f6nheiten der Sch\u00f6pfung ein. <\/p>\n<p>Hinter der Kirche befindet sich <strong>das Krippenmuseum<\/strong>, das t\u00e4glich au\u00dfer montags besichtigt werden kann. Das Museum ist das Ergebnis der Arbeit von Einzelpersonen, die sich im Verein der Krippenfreunde zusammengeschlossen haben und das reiche slowenische Erbe fortf\u00fchren. \u201eGott kommt zu uns\u201c ist die Botschaft des Advents und Weihnachten, die das ganze Jahr \u00fcber sch\u00f6n und lebendig bleibt.  <\/p>\n<p>Sie sind eingeladen, die zahlreichen Darstellungen der Geburt Christi zu besichtigen und sich an der Sch\u00f6nheit der Krippen zu erfreuen. Es sind auch einige <strong>Votivgaben<\/strong> ausgestellt \u2013 die Votivbilder stellen einen kleinen Teil des spirituellen und kulturellen Reichtums dar, den Generationen von Pilgern bei Maria Hilf in Brezje dargebracht und aufgezeichnet haben. <\/p>\n<p>Die Franziskaner sind seit 1898 die H\u00fcter des Heiligtums in Brezje, als der Bischof von Ljubljana, Anton Bonaventura Jegli\u010d, das Kloster den Minderbr\u00fcdern \u00fcbergab, damit Brezje immer gen\u00fcgend Beichtv\u00e4ter haben w\u00fcrden.<\/p>\n<p>In der Galerie des Klosters ist <strong>der Kreuzweg<\/strong> des akademischen Malers Nikolaj Ma\u0161ukov zu sehen. Der Blick auf die Bilder kann zu einem Gebet f\u00fcr alle werden, die in irgendeiner Not sind und unsere Hilfe ben\u00f6tigen. F\u00fcr alle, die sich zu uns fl\u00fcchten, f\u00fcr alle, die dankbar sind, und auch f\u00fcr diejenigen, die ihre Dankbarkeit nicht zeigen k\u00f6nnen.  <\/p>\n\t\t\t\t\t\t\t\t<\/div>\n\t\t\t\t<\/div>\n\t\t\t\t<\/div>\n\t\t<div class=\"elementor-element elementor-element-43354b8 e-con-full e-flex e-con e-child\" data-id=\"43354b8\" data-element_type=\"container\" data-e-type=\"container\" data-settings=\"{&quot;background_background&quot;:&quot;classic&quot;,&quot;jet_parallax_layout_list&quot;:[]}\">\n\t\t\t\t<div class=\"elementor-element elementor-element-c7c3fcf e-transform e-transform elementor-widget elementor-widget-heading\" data-id=\"c7c3fcf\" data-element_type=\"widget\" data-e-type=\"widget\" id=\"vertical-h\" data-settings=\"{&quot;_transform_rotateZ_effect&quot;:{&quot;unit&quot;:&quot;px&quot;,&quot;size&quot;:-90,&quot;sizes&quot;:[]},&quot;_transform_translateX_effect&quot;:{&quot;unit&quot;:&quot;px&quot;,&quot;size&quot;:-226,&quot;sizes&quot;:[]},&quot;_transform_translateX_effect_laptop&quot;:{&quot;unit&quot;:&quot;px&quot;,&quot;size&quot;:-205,&quot;sizes&quot;:[]},&quot;_transform_translateX_effect_tablet&quot;:{&quot;unit&quot;:&quot;%&quot;,&quot;size&quot;:0,&quot;sizes&quot;:[]},&quot;_transform_translateX_effect_mobile&quot;:{&quot;unit&quot;:&quot;%&quot;,&quot;size&quot;:0,&quot;sizes&quot;:[]},&quot;_transform_rotateZ_effect_mobile&quot;:{&quot;unit&quot;:&quot;deg&quot;,&quot;size&quot;:0,&quot;sizes&quot;:[]},&quot;_transform_rotateZ_effect_tablet&quot;:{&quot;unit&quot;:&quot;deg&quot;,&quot;size&quot;:0,&quot;sizes&quot;:[]},&quot;_transform_rotateZ_effect_laptop&quot;:{&quot;unit&quot;:&quot;deg&quot;,&quot;size&quot;:&quot;&quot;,&quot;sizes&quot;:[]},&quot;_transform_translateY_effect&quot;:{&quot;unit&quot;:&quot;px&quot;,&quot;size&quot;:&quot;&quot;,&quot;sizes&quot;:[]},&quot;_transform_translateY_effect_laptop&quot;:{&quot;unit&quot;:&quot;px&quot;,&quot;size&quot;:&quot;&quot;,&quot;sizes&quot;:[]},&quot;_transform_translateY_effect_tablet&quot;:{&quot;unit&quot;:&quot;px&quot;,&quot;size&quot;:&quot;&quot;,&quot;sizes&quot;:[]},&quot;_transform_translateY_effect_mobile&quot;:{&quot;unit&quot;:&quot;px&quot;,&quot;size&quot;:&quot;&quot;,&quot;sizes&quot;:[]}}\" data-widget_type=\"heading.default\">\n\t\t\t\t<div class=\"elementor-widget-container\">\n\t\t\t\t\t<h2 class=\"elementor-heading-title elementor-size-default\">Um die Basilika herum<\/h2>\t\t\t\t<\/div>\n\t\t\t\t<\/div>\n\t\t\t\t<\/div>\n\t\t\t\t<\/div>\n\t\t<div class=\"elementor-element elementor-element-99dc932 e-con-full e-flex e-con e-child\" data-id=\"99dc932\" data-element_type=\"container\" data-e-type=\"container\" data-settings=\"{&quot;jet_parallax_layout_list&quot;:[]}\">\n\t\t<div class=\"elementor-element elementor-element-5d37f8a e-con-full e-flex e-con e-child\" data-id=\"5d37f8a\" data-element_type=\"container\" data-e-type=\"container\" data-settings=\"{&quot;background_background&quot;:&quot;classic&quot;,&quot;jet_parallax_layout_list&quot;:[]}\">\n\t\t\t\t<div class=\"elementor-element elementor-element-f23b8c6 e-transform e-transform elementor-widget__width-inherit elementor-widget elementor-widget-heading\" data-id=\"f23b8c6\" data-element_type=\"widget\" data-e-type=\"widget\" id=\"vertical-h\" data-settings=\"{&quot;_transform_rotateZ_effect&quot;:{&quot;unit&quot;:&quot;px&quot;,&quot;size&quot;:-90,&quot;sizes&quot;:[]},&quot;_transform_translateX_effect&quot;:{&quot;unit&quot;:&quot;px&quot;,&quot;size&quot;:-356,&quot;sizes&quot;:[]},&quot;_transform_translateX_effect_laptop&quot;:{&quot;unit&quot;:&quot;px&quot;,&quot;size&quot;:-323,&quot;sizes&quot;:[]},&quot;_transform_translateX_effect_tablet&quot;:{&quot;unit&quot;:&quot;%&quot;,&quot;size&quot;:0,&quot;sizes&quot;:[]},&quot;_transform_translateX_effect_mobile&quot;:{&quot;unit&quot;:&quot;%&quot;,&quot;size&quot;:0,&quot;sizes&quot;:[]},&quot;_transform_rotateZ_effect_mobile&quot;:{&quot;unit&quot;:&quot;deg&quot;,&quot;size&quot;:0,&quot;sizes&quot;:[]},&quot;_transform_rotateZ_effect_tablet&quot;:{&quot;unit&quot;:&quot;deg&quot;,&quot;size&quot;:0,&quot;sizes&quot;:[]},&quot;_transform_rotateZ_effect_laptop&quot;:{&quot;unit&quot;:&quot;deg&quot;,&quot;size&quot;:&quot;&quot;,&quot;sizes&quot;:[]},&quot;_transform_translateY_effect&quot;:{&quot;unit&quot;:&quot;px&quot;,&quot;size&quot;:&quot;&quot;,&quot;sizes&quot;:[]},&quot;_transform_translateY_effect_laptop&quot;:{&quot;unit&quot;:&quot;px&quot;,&quot;size&quot;:&quot;&quot;,&quot;sizes&quot;:[]},&quot;_transform_translateY_effect_tablet&quot;:{&quot;unit&quot;:&quot;px&quot;,&quot;size&quot;:&quot;&quot;,&quot;sizes&quot;:[]},&quot;_transform_translateY_effect_mobile&quot;:{&quot;unit&quot;:&quot;px&quot;,&quot;size&quot;:&quot;&quot;,&quot;sizes&quot;:[]}}\" data-widget_type=\"heading.default\">\n\t\t\t\t<div class=\"elementor-widget-container\">\n\t\t\t\t\t<h2 class=\"elementor-heading-title elementor-size-default\">\u00dcber das Kloster damals und heute<\/h2>\t\t\t\t<\/div>\n\t\t\t\t<\/div>\n\t\t\t\t<\/div>\n\t\t<div class=\"elementor-element elementor-element-12c90f7 e-con-full e-flex e-con e-child\" data-id=\"12c90f7\" data-element_type=\"container\" data-e-type=\"container\" data-settings=\"{&quot;background_background&quot;:&quot;classic&quot;,&quot;jet_parallax_layout_list&quot;:[]}\">\n\t\t\t\t<div class=\"elementor-element elementor-element-bbd3de7 elementor-widget elementor-widget-text-editor\" data-id=\"bbd3de7\" data-element_type=\"widget\" data-e-type=\"widget\" data-widget_type=\"text-editor.default\">\n\t\t\t\t<div class=\"elementor-widget-container\">\n\t\t\t\t\t\t\t\t\t<p>Um dem Marienheiligtum H\u00fcter zu geben und sicherzustellen, dass immer gen\u00fcgend Beichtv\u00e4ter f\u00fcr die zahlreichen Pilger vorhanden sind, wurde gegen Ende des 19. Jahrhunderts neben der Kirche ein Franziskanerkloster errichtet. <\/p>\n<p>Im September 1897 wurden die Grundlagen f\u00fcr das Kloster in Brezje, direkt neben der Kirche, gelegt. Im Juli des folgenden Jahres wurden die ersten beiden Franziskanerbr\u00fcder in ihren Dienst gestellt. <\/p>\n<p>Das Kloster wurde 1898 von Bischof Jegli\u010d gesegnet und den Franziskanern \u00fcbergeben. Seitdem sind sie die H\u00fcter und Verantwortlichen des Heiligtums. <\/p>\n<p>Eine detailliertere historische Darstellung der Ereignisse stammt aus dem Buch von P. Henrik Dami\u0161 OFM: Brezje Maria Hilf, das 1914 ver\u00f6ffentlicht wurde. <\/p>\n<p>Die H\u00fcter des Heiligtums Maria Hilf in Brezje sind die Franziskaner. Die Klostergemeinschaft besteht derzeit aus: <br \/>P. Krizostom Janez Komar, Guardian <br \/>Dr. P. Robert Bah\u010di\u010d, Vikar und Rektor der Basilika <br \/>P. Tadej Ingli\u010d, Beichtvater, Organist <br \/>Dr. P. Viktor Pape\u017e, Beichtvater <br \/>P. Milan Kadunc, Pfarrer in Mo\u0161nje      <\/p>\n<p>Wir leben nach dem Leitbild des heiligen Franziskus von Assisi, der unser Ordensgr\u00fcnder ist. Die Arbeit, die wir als H\u00fcter des Heiligtums Maria Hilf leisten, steht in harmonischem Einklang mit der Charismatik dieses Heiligen. Daher sind wir gerne Diener des Gotteswortes, der Eucharistie und des Sakraments der Heiligen Beichte.   <\/p>\n<p>Jeden Pilger begr\u00fc\u00dfen wir mit Freude und w\u00fcnschen uns, dass wir dem Ruf Gottes dienen k\u00f6nnen, der die Pilger auf den heiligen Weg ruft.<\/p>\n\t\t\t\t\t\t\t\t<\/div>\n\t\t\t\t<\/div>\n\t\t\t\t<\/div>\n\t\t\t\t<\/div>\n\t\t<div class=\"elementor-element elementor-element-635b9de e-con-full e-flex e-con e-child\" data-id=\"635b9de\" data-element_type=\"container\" data-e-type=\"container\" data-settings=\"{&quot;jet_parallax_layout_list&quot;:[]}\">\n\t\t<div class=\"elementor-element elementor-element-0284465 e-con-full e-flex e-con e-child\" data-id=\"0284465\" data-element_type=\"container\" data-e-type=\"container\" data-settings=\"{&quot;background_background&quot;:&quot;classic&quot;,&quot;jet_parallax_layout_list&quot;:[]}\">\n\t\t\t\t<div class=\"elementor-element elementor-element-3007cca elementor-widget elementor-widget-text-editor\" data-id=\"3007cca\" data-element_type=\"widget\" data-e-type=\"widget\" data-widget_type=\"text-editor.default\">\n\t\t\t\t<div class=\"elementor-widget-container\">\n\t\t\t\t\t\t\t\t\t<p>\u201eZu Beginn wurde der Wallfahrtsort in Brezje von der Pfarrseelsorge aus Mo\u0161nje betreut. Doch bald reichte dies nicht mehr aus; immer mehr wurde die Notwendigkeit sp\u00fcrbar, dass an der Wallfahrtskirche ein st\u00e4ndiger Priester t\u00e4tig sein sollte. Da es an weltlichen Priestern mangelte, \u00e4u\u00dferte der ehrw\u00fcrdige Erzbischof Dr. Jakob Missia den Wunsch, dass die Leitung der Wallfahrtskirche dem Orden der Minderbr\u00fcder aus dem Krainer Bezirk \u00fcbergeben werde. Das Angebot wurde angenommen.   <\/p>\n<p>Doch jeder Anfang ist schwer. Besonders notwendig war es, die Mittel f\u00fcr den Bau des Klosters zu beschaffen. Es musste geeignetes Land f\u00fcr die kl\u00f6sterlichen Zwecke gefunden werden. Ebenso war es erforderlich, die finanziellen Mittel f\u00fcr den Unterhalt der M\u00f6nche zu sichern, wie es das weltliche, ordensrechtliche und kirchliche Recht verlangt.   <\/p>\n<p>Da der Eintritt der Franziskaner in die Pfarrgemeinde Mo\u0161nje von Vorteil war, schrieb der damalige Pfarrer Fr. Kumer am 27. Februar 1893 in einem Brief an das Erzbistum: \u201eDie Franziskanische Ansiedlung wird gew\u00fcnscht.\u201c Ebenso entschloss sich der Gemeinderat von Mo\u0161nje in seiner Sitzung am 26. Juli 1893 mit gro\u00dfer Mehrheit, auf den Einfluss des Pfarrers hin, den Bau eines Klosters in Brezje zu genehmigen. In diesem Sinne \u00e4u\u00dferte sich auch Kumros Nachfolger, Ivan Berlic, am 12. M\u00e4rz 1897. Und am 1. August 1893 genehmigte die Regierung die Ansiedlung der Franziskaner. Laut dieser Verf\u00fcgung sollte die Gemeinschaft f\u00fcnf Priester und vier Br\u00fcder umfassen, jedoch \u2013 so hei\u00dft es \u2013 sollte sie nicht mit \u00f6ffentlichen Mitteln oder allgemeinen Almosen rechnen.<br \/>Als die Ansiedlung schlie\u00dflich die von Pfarrer Berlic empfohlene Belohnung, die von der Kirche St. Veit bezahlt wurde, dankbar annahm \u2013 600 Kronen f\u00fcr den Oberen, 400 Kronen f\u00fcr zwei Patres und einen Laienbruder sowie Intentionen zu je 4 Kronen \u2013 und sp\u00e4ter noch 400 Kronen f\u00fcr einen weiteren Bruder erhielt, wurde die rechtliche Frage bez\u00fcglich der Finanzierung gr\u00f6\u00dftenteils gekl\u00e4rt.               <\/p>\n<p>Der Kauf des Landes wurde von der Franziskanerprovinz selbst durchgef\u00fchrt. Nach dem Kaufvertrag, den Ivan A\u017eman und Ivan Berlic mit der Vollmacht von P. Placido Fabiani, dem Provinzial, am 16. November 1893 abschlossen, verkaufte Ivan A\u017eman dem Franziskanerorden in Ljubljana von seinem Besitz in der Gemeinde Brezje das Baugrundst\u00fcck, Kataster Nr. 39, Haus Nr. 55 (380 Ruthen oder 12 a 29 m\u00b2), die Obstg\u00e4rten Kataster Nr. 40\/1, 40\/2 (insgesamt 305 Ruthen), den Garten Kataster Nr. 41\/13 Ruthen oder 47 m\u00b2 und das Feld Kataster Nr. 7\/917 Ruthen zu einem Kaufpreis von 6140 Goldgulden. Der K\u00e4ufer sollte das Grundst\u00fcck \u00fcbernehmen und die Parzellen ab dem 1. Oktober 1894 nutzen.                  <\/p>\n<p>Als die lokale Kommission am 9. Oktober 1896 beschloss, dass das Kloster teilweise auf dem Kirchenlandst\u00fcck Nr. 5 gebaut werden soll, behielt die Kirche das Grundst\u00fcck Nr. 5\/1 f\u00fcr sich, w\u00e4hrend sie das Grundst\u00fcck Nr. 5\/2 dem Franziskanerorden \u00fcbertrug. Dieser Teil wurde mit einem Kaufvertrag vom 1. Mai 1899 f\u00fcr 5 Goldgulden von P. Konstantin Luser, dem damaligen Provinzial, erworben. Die Kirche wurde von Berlic und zwei Kirchenvorstehern vertreten. Dar\u00fcber hinaus gab es noch einige andere landwirtschaftliche \u00c4nderungen. Die Stra\u00dfe, Kataster Nr. 1006, die bisher hinter der Kirche verlief, wurde auf das Grundst\u00fcck Nr. 39 verlegt. Zwischen den Stra\u00dfen Kataster Nr. 1009 und 1008\/2 wurde eine Verbindung zum Grundst\u00fcck Nr. 7\/2 hergestellt. Die verwitwete Gabrijel\u010di\u010d \u00fcberlie\u00df einen Teil ihres Besitzes, Kataster Nr. 77, mit einer Fl\u00e4che von 14 a 07 m\u00b2, dem Franziskanerorden im Austausch daf\u00fcr, dass ihr das Kloster das Haus Nr. 55 und das Grundst\u00fcck Nr. 39 mit einer Fl\u00e4che von 9 a 99 m\u00b2 \u00fcberlie\u00df.                      <\/p>\n<p>Nun musste mit dem Bau des Klosters begonnen werden, aber es fehlte an Geld. Die Spenden der Pilger waren bereits vollst\u00e4ndig f\u00fcr die neue Kirche verwendet worden. Der Franziskanerorden konnte so etwas auch nicht alleine finanzieren. Wo also Mittel herbekommen? An dieser Stelle erweckt Gott eine wohlwollende Wohlt\u00e4terin.     <\/p>\n<p>In Ljubljana, &#8222;ob zvezdi&#8220;, Kongressplatz Nr. 5, lebte die wohlhabende und gottesf\u00fcrchtige Jungfrau Fran\u010di\u0161ka Ovijazn (Ovija\u010d). Sie setzte sich sehr f\u00fcr Brezje ein und w\u00fcnschte sich sehr, dass die Franziskaner dort den Wallfahrtsort betreuen w\u00fcrden. Sie erkrankte und starb am 11. Januar 1893. In ihrem Testament vom 28. November 1892 ernannte sie die Erzdi\u00f6zese Ljubljana zum Haupterben und wies an, dass die Eink\u00fcnfte ihres Hauses so lange f\u00fcr das Franziskanerkloster in Brezje verwendet werden sollten, bis das Geb\u00e4ude fertiggestellt und bezahlt war. Damit war das Werk erm\u00f6glicht. Am 5. September 1897 wurde der Grundstein f\u00fcr das neue Franziskanerkloster gelegt.         <\/p>\n<p>Der Grundstein wurde unter der gro\u00dfz\u00fcgigen Assistenz des barmherzigen Dechanten von Ljubljana, Dr. Leonard Klofutar, gesegnet. P. Jo\u017eef Bizovi\u010dar hielt eine Rede, in der er der versammelten Menge den Zweck des zuk\u00fcnftigen Klosters erkl\u00e4rte. Die Leitgedanken f\u00fcr seine Ansprache entnahm er der festlichen Antiphon des Lobgesangs des heiligen Franziskus: Non sibi soli vivere, sed aliis proficere vult, Dei zelo ductue! (Nicht f\u00fcr sich selbst zu leben, sondern anderen zu n\u00fctzen, vom Eifer Gottes inspiriert.)    <\/p>\n<p>Das einst\u00f6ckige Geb\u00e4ude wurde schnell weitergebaut und innerhalb eines Jahres fertiggestellt. Das Kloster liegt auf der Nordseite der Kirche. Es wurde so gebaut, dass seine drei Teile (Fl\u00fcgel) zusammen mit der Kirche ein Rechteck bilden und einen Innenhof in der Mitte haben. Der Bau wurde von Fr. Faleschini \u00fcberwacht.    <\/p>\n<p>Bevor die neuen Arbeiter im Weingarten des Herrn das Anwesen \u00fcbernehmen konnten, war es notwendig, erneut den rechtlichen Weg zu beschreiten. Auf eine erneute schriftliche Anfrage an den Bischof, dass die Franziskaner sowohl die geistliche Betreuung der Pilger \u00fcbernehmen als auch die Verwaltung aller kirchlichen Eink\u00fcnfte durchf\u00fchren w\u00fcrden, bat der Provinzial P. Placid den Apostolischen Stuhl um die kanonische Errichtung. Diese wurde am 18. Juli genehmigt.      <\/p>\n<p>Am neunten Tag des Monats Oktober war der Tag, an dem die \u201eMinderbr\u00fcder\u201c riefen: Haec est dies quam fecit Dominus: exultemus et laetemur in ea (Ps. 117,24). \u2013 Dies ist der Tag, den der Herr gemacht hat; lasst uns jubeln und uns an ihm freuen. An diesem Tag, n\u00e4mlich im Jahr 1898, segnete der Erzbischof von Ljubljana, Dr. Anton Bonaventura Jegli\u010d, das Klostergeb\u00e4ude, f\u00fchrte die S\u00f6hne des heiligen Franziskus ein und \u00fcbergab ihnen die Verantwortung f\u00fcr die Wallfahrtskirche. Diese h\u00f6rte auf, eine Filialgemeinde von Mo\u0161nje zu sein, da sie direkt der Bischoflichen Autorit\u00e4t unterstellt wurde.     <\/p>\n<p>Zu dieser Gelegenheit versammelten sich viele fromme Menschen in Brezje, ebenso wie zahlreiche herausragende Pers\u00f6nlichkeiten aus geistlichem und weltlichem Stand. Der hochw\u00fcrdigste Erzbischof wurde von P. Kon\u0161tantin Luser, Dekan J. Novak und J. Razbor\u0161ek begleitet. Unter den weltlichen Pers\u00f6nlichkeiten war auch der Bezirksvorsteher von Radovljica, Graf Kaltenegger.<br \/>(P. Henrik Dami\u0161 OFM, Brezje Maria Hilf, 1914)<\/p>\n\t\t\t\t\t\t\t\t<\/div>\n\t\t\t\t<\/div>\n\t\t\t\t<\/div>\n\t\t<div class=\"elementor-element elementor-element-39e82a1 e-con-full e-flex e-con e-child\" data-id=\"39e82a1\" data-element_type=\"container\" data-e-type=\"container\" data-settings=\"{&quot;background_background&quot;:&quot;classic&quot;,&quot;jet_parallax_layout_list&quot;:[]}\">\n\t\t\t\t<div class=\"elementor-element elementor-element-39ab2a6 e-transform e-transform elementor-widget elementor-widget-heading\" data-id=\"39ab2a6\" data-element_type=\"widget\" data-e-type=\"widget\" id=\"vertical-h\" data-settings=\"{&quot;_transform_rotateZ_effect&quot;:{&quot;unit&quot;:&quot;px&quot;,&quot;size&quot;:-90,&quot;sizes&quot;:[]},&quot;_transform_translateX_effect&quot;:{&quot;unit&quot;:&quot;px&quot;,&quot;size&quot;:-283,&quot;sizes&quot;:[]},&quot;_transform_translateX_effect_laptop&quot;:{&quot;unit&quot;:&quot;px&quot;,&quot;size&quot;:-257,&quot;sizes&quot;:[]},&quot;_transform_translateX_effect_tablet&quot;:{&quot;unit&quot;:&quot;%&quot;,&quot;size&quot;:0,&quot;sizes&quot;:[]},&quot;_transform_translateX_effect_mobile&quot;:{&quot;unit&quot;:&quot;%&quot;,&quot;size&quot;:0,&quot;sizes&quot;:[]},&quot;_transform_rotateZ_effect_mobile&quot;:{&quot;unit&quot;:&quot;deg&quot;,&quot;size&quot;:0,&quot;sizes&quot;:[]},&quot;_transform_rotateZ_effect_tablet&quot;:{&quot;unit&quot;:&quot;deg&quot;,&quot;size&quot;:0,&quot;sizes&quot;:[]},&quot;_transform_rotateZ_effect_laptop&quot;:{&quot;unit&quot;:&quot;deg&quot;,&quot;size&quot;:&quot;&quot;,&quot;sizes&quot;:[]},&quot;_transform_translateY_effect&quot;:{&quot;unit&quot;:&quot;px&quot;,&quot;size&quot;:&quot;&quot;,&quot;sizes&quot;:[]},&quot;_transform_translateY_effect_laptop&quot;:{&quot;unit&quot;:&quot;px&quot;,&quot;size&quot;:&quot;&quot;,&quot;sizes&quot;:[]},&quot;_transform_translateY_effect_tablet&quot;:{&quot;unit&quot;:&quot;px&quot;,&quot;size&quot;:&quot;&quot;,&quot;sizes&quot;:[]},&quot;_transform_translateY_effect_mobile&quot;:{&quot;unit&quot;:&quot;px&quot;,&quot;size&quot;:&quot;&quot;,&quot;sizes&quot;:[]}}\" data-widget_type=\"heading.default\">\n\t\t\t\t<div class=\"elementor-widget-container\">\n\t\t\t\t\t<h2 class=\"elementor-heading-title elementor-size-default\">Die Geschichte des Klosters<\/h2>\t\t\t\t<\/div>\n\t\t\t\t<\/div>\n\t\t\t\t<\/div>\n\t\t\t\t<\/div>\n\t\t<div class=\"elementor-element elementor-element-35af22d e-con-full e-flex e-con e-child\" data-id=\"35af22d\" data-element_type=\"container\" data-e-type=\"container\" data-settings=\"{&quot;jet_parallax_layout_list&quot;:[]}\">\n\t\t<div class=\"elementor-element elementor-element-9a80a6c e-con-full e-flex e-con e-child\" data-id=\"9a80a6c\" data-element_type=\"container\" data-e-type=\"container\" data-settings=\"{&quot;jet_parallax_layout_list&quot;:[]}\">\n\t\t<div class=\"elementor-element elementor-element-dd51296 e-con-full e-flex e-con e-child\" data-id=\"dd51296\" data-element_type=\"container\" data-e-type=\"container\" data-settings=\"{&quot;background_background&quot;:&quot;classic&quot;,&quot;jet_parallax_layout_list&quot;:[]}\">\n\t\t\t\t<div class=\"elementor-element elementor-element-dc0d5d3 e-transform e-transform elementor-widget__width-inherit elementor-widget elementor-widget-heading\" data-id=\"dc0d5d3\" data-element_type=\"widget\" data-e-type=\"widget\" id=\"vertical-h\" data-settings=\"{&quot;_transform_rotateZ_effect&quot;:{&quot;unit&quot;:&quot;px&quot;,&quot;size&quot;:-90,&quot;sizes&quot;:[]},&quot;_transform_translateX_effect&quot;:{&quot;unit&quot;:&quot;px&quot;,&quot;size&quot;:-184,&quot;sizes&quot;:[]},&quot;_transform_translateX_effect_laptop&quot;:{&quot;unit&quot;:&quot;px&quot;,&quot;size&quot;:-167,&quot;sizes&quot;:[]},&quot;_transform_translateX_effect_tablet&quot;:{&quot;unit&quot;:&quot;%&quot;,&quot;size&quot;:0,&quot;sizes&quot;:[]},&quot;_transform_translateX_effect_mobile&quot;:{&quot;unit&quot;:&quot;%&quot;,&quot;size&quot;:0,&quot;sizes&quot;:[]},&quot;_transform_rotateZ_effect_mobile&quot;:{&quot;unit&quot;:&quot;deg&quot;,&quot;size&quot;:0,&quot;sizes&quot;:[]},&quot;_transform_rotateZ_effect_tablet&quot;:{&quot;unit&quot;:&quot;deg&quot;,&quot;size&quot;:0,&quot;sizes&quot;:[]},&quot;_transform_rotateZ_effect_laptop&quot;:{&quot;unit&quot;:&quot;deg&quot;,&quot;size&quot;:&quot;&quot;,&quot;sizes&quot;:[]},&quot;_transform_translateY_effect&quot;:{&quot;unit&quot;:&quot;px&quot;,&quot;size&quot;:&quot;&quot;,&quot;sizes&quot;:[]},&quot;_transform_translateY_effect_laptop&quot;:{&quot;unit&quot;:&quot;px&quot;,&quot;size&quot;:&quot;&quot;,&quot;sizes&quot;:[]},&quot;_transform_translateY_effect_tablet&quot;:{&quot;unit&quot;:&quot;px&quot;,&quot;size&quot;:&quot;&quot;,&quot;sizes&quot;:[]},&quot;_transform_translateY_effect_mobile&quot;:{&quot;unit&quot;:&quot;px&quot;,&quot;size&quot;:&quot;&quot;,&quot;sizes&quot;:[]}}\" data-widget_type=\"heading.default\">\n\t\t\t\t<div class=\"elementor-widget-container\">\n\t\t\t\t\t<h2 class=\"elementor-heading-title elementor-size-default\">Der Park der Ruhe<\/h2>\t\t\t\t<\/div>\n\t\t\t\t<\/div>\n\t\t\t\t<\/div>\n\t\t<div class=\"elementor-element elementor-element-1cb8123 e-con-full e-flex e-con e-child\" data-id=\"1cb8123\" data-element_type=\"container\" data-e-type=\"container\" data-settings=\"{&quot;background_background&quot;:&quot;classic&quot;,&quot;jet_parallax_layout_list&quot;:[]}\">\n\t\t\t\t<div class=\"elementor-element elementor-element-973ffa3 elementor-widget__width-inherit elementor-widget-mobile__width-inherit elementor-widget elementor-widget-image\" data-id=\"973ffa3\" data-element_type=\"widget\" data-e-type=\"widget\" data-widget_type=\"image.default\">\n\t\t\t\t<div class=\"elementor-widget-container\">\n\t\t\t\t\t\t\t\t\t\t\t\t\t\t\t<img decoding=\"async\" width=\"732\" height=\"483\" src=\"https:\/\/marija.si\/wp-content\/uploads\/2025\/01\/Park-Miru.jpg\" class=\"attachment-full size-full wp-image-3681\" alt=\"Okolica bazilike Marije Pomagaj - Marija Pomagaj Brezje (marija.si)\" srcset=\"https:\/\/marija.si\/wp-content\/uploads\/2025\/01\/Park-Miru.jpg 732w, https:\/\/marija.si\/wp-content\/uploads\/2025\/01\/Park-Miru-300x198.jpg 300w\" sizes=\"(max-width: 732px) 100vw, 732px\" \/>\t\t\t\t\t\t\t\t\t\t\t\t\t\t\t<\/div>\n\t\t\t\t<\/div>\n\t\t\t\t<div class=\"elementor-element elementor-element-54d5452 elementor-widget__width-inherit elementor-widget elementor-widget-heading\" data-id=\"54d5452\" data-element_type=\"widget\" data-e-type=\"widget\" data-widget_type=\"heading.default\">\n\t\t\t\t<div class=\"elementor-widget-container\">\n\t\t\t\t\t<h3 class=\"elementor-heading-title elementor-size-default\">Die Sch\u00f6nheit von Gottes Sch\u00f6pfung und die Kunst des Menschen<\/h3>\t\t\t\t<\/div>\n\t\t\t\t<\/div>\n\t\t\t\t<div class=\"elementor-element elementor-element-af626ed elementor-widget elementor-widget-text-editor\" data-id=\"af626ed\" data-element_type=\"widget\" data-e-type=\"widget\" data-widget_type=\"text-editor.default\">\n\t\t\t\t<div class=\"elementor-widget-container\">\n\t\t\t\t\t\t\t\t\t<p>Der Platz vor der Basilika geht \u00fcber in den Park der Ruhe mit einer Statue der Heiligen Familie und einem Kreuz. Der Blick reicht weiter zu den Julischen Alpen mit dem majest\u00e4tischen Triglav und rechts zum Gebirgskamm der Karawanken.<\/p>\n<p>Im Park finden gelegentlich Ausstellungen statt, und der Ort l\u00e4dt stets zur Erholung und spirituellen Vertiefung inmitten der Sch\u00f6nheiten der Sch\u00f6pfung ein.<\/p>\n\t\t\t\t\t\t\t\t<\/div>\n\t\t\t\t<\/div>\n\t\t\t\t<\/div>\n\t\t\t\t<\/div>\n\t\t<div class=\"elementor-element elementor-element-97f43dd e-con-full e-flex e-con e-child\" data-id=\"97f43dd\" data-element_type=\"container\" data-e-type=\"container\" data-settings=\"{&quot;jet_parallax_layout_list&quot;:[]}\">\n\t\t<div class=\"elementor-element elementor-element-5e4a05c e-con-full e-flex e-con e-child\" data-id=\"5e4a05c\" data-element_type=\"container\" data-e-type=\"container\" data-settings=\"{&quot;background_background&quot;:&quot;classic&quot;,&quot;jet_parallax_layout_list&quot;:[]}\">\n\t\t\t\t<div class=\"elementor-element elementor-element-c782656 e-transform e-transform elementor-widget__width-inherit elementor-widget elementor-widget-heading\" data-id=\"c782656\" data-element_type=\"widget\" data-e-type=\"widget\" id=\"vertical-h\" data-settings=\"{&quot;_transform_rotateZ_effect&quot;:{&quot;unit&quot;:&quot;px&quot;,&quot;size&quot;:-90,&quot;sizes&quot;:[]},&quot;_transform_translateX_effect&quot;:{&quot;unit&quot;:&quot;px&quot;,&quot;size&quot;:-141,&quot;sizes&quot;:[]},&quot;_transform_translateX_effect_laptop&quot;:{&quot;unit&quot;:&quot;px&quot;,&quot;size&quot;:-129,&quot;sizes&quot;:[]},&quot;_transform_translateX_effect_tablet&quot;:{&quot;unit&quot;:&quot;%&quot;,&quot;size&quot;:0,&quot;sizes&quot;:[]},&quot;_transform_translateX_effect_mobile&quot;:{&quot;unit&quot;:&quot;%&quot;,&quot;size&quot;:0,&quot;sizes&quot;:[]},&quot;_transform_rotateZ_effect_mobile&quot;:{&quot;unit&quot;:&quot;deg&quot;,&quot;size&quot;:0,&quot;sizes&quot;:[]},&quot;_transform_rotateZ_effect_tablet&quot;:{&quot;unit&quot;:&quot;deg&quot;,&quot;size&quot;:0,&quot;sizes&quot;:[]},&quot;_transform_rotateZ_effect_laptop&quot;:{&quot;unit&quot;:&quot;deg&quot;,&quot;size&quot;:&quot;&quot;,&quot;sizes&quot;:[]},&quot;_transform_translateY_effect&quot;:{&quot;unit&quot;:&quot;px&quot;,&quot;size&quot;:&quot;&quot;,&quot;sizes&quot;:[]},&quot;_transform_translateY_effect_laptop&quot;:{&quot;unit&quot;:&quot;px&quot;,&quot;size&quot;:&quot;&quot;,&quot;sizes&quot;:[]},&quot;_transform_translateY_effect_tablet&quot;:{&quot;unit&quot;:&quot;px&quot;,&quot;size&quot;:&quot;&quot;,&quot;sizes&quot;:[]},&quot;_transform_translateY_effect_mobile&quot;:{&quot;unit&quot;:&quot;px&quot;,&quot;size&quot;:&quot;&quot;,&quot;sizes&quot;:[]}}\" data-widget_type=\"heading.default\">\n\t\t\t\t<div class=\"elementor-widget-container\">\n\t\t\t\t\t<h2 class=\"elementor-heading-title elementor-size-default\">Der Kreuzweg<\/h2>\t\t\t\t<\/div>\n\t\t\t\t<\/div>\n\t\t\t\t<\/div>\n\t\t<div class=\"elementor-element elementor-element-9e4d944 e-con-full e-flex e-con e-child\" data-id=\"9e4d944\" data-element_type=\"container\" data-e-type=\"container\" data-settings=\"{&quot;background_background&quot;:&quot;classic&quot;,&quot;jet_parallax_layout_list&quot;:[]}\">\n\t\t\t\t<div class=\"elementor-element elementor-element-b1a947d elementor-widget__width-inherit elementor-widget-mobile__width-inherit elementor-widget elementor-widget-image\" data-id=\"b1a947d\" data-element_type=\"widget\" data-e-type=\"widget\" data-widget_type=\"image.default\">\n\t\t\t\t<div class=\"elementor-widget-container\">\n\t\t\t\t\t\t\t\t\t\t\t\t\t\t\t<img decoding=\"async\" width=\"732\" height=\"483\" src=\"https:\/\/marija.si\/wp-content\/uploads\/2025\/01\/Krizev-pot.jpg\" class=\"attachment-full size-full wp-image-3678\" alt=\"Okolica bazilike Marije Pomagaj - Kri\u017eev pot - Marija Pomagaj Brezje (marija.si)\" srcset=\"https:\/\/marija.si\/wp-content\/uploads\/2025\/01\/Krizev-pot.jpg 732w, https:\/\/marija.si\/wp-content\/uploads\/2025\/01\/Krizev-pot-300x198.jpg 300w\" sizes=\"(max-width: 732px) 100vw, 732px\" \/>\t\t\t\t\t\t\t\t\t\t\t\t\t\t\t<\/div>\n\t\t\t\t<\/div>\n\t\t\t\t<div class=\"elementor-element elementor-element-31a5ae6 elementor-widget elementor-widget-text-editor\" data-id=\"31a5ae6\" data-element_type=\"widget\" data-e-type=\"widget\" data-widget_type=\"text-editor.default\">\n\t\t\t\t<div class=\"elementor-widget-container\">\n\t\t\t\t\t\t\t\t\t<p>In der Galerie des Klosters ist der Kreuzweg des russischen akademischen Malers <strong>Nikolaj Ma\u0161ukov<\/strong> zu sehen, der auf seinem Weg aus der Heimat selbst viele Stationen des Leidens erlebt hat.<\/p>\n\t\t\t\t\t\t\t\t<\/div>\n\t\t\t\t<\/div>\n\t\t\t\t<\/div>\n\t\t\t\t<\/div>\n\t\t\t\t<\/div>\n\t\t\t\t\t<\/div>\n\t\t\t\t<\/div>\n\t\t<div class=\"elementor-element elementor-element-5149e3d6 e-flex e-con-boxed e-con e-parent\" data-id=\"5149e3d6\" data-element_type=\"container\" data-e-type=\"container\" data-settings=\"{&quot;jet_parallax_layout_list&quot;:[]}\">\n\t\t\t\t\t<div class=\"e-con-inner\">\n\t\t<div class=\"elementor-element elementor-element-648b5b46 e-con-full e-flex e-con e-child\" data-id=\"648b5b46\" data-element_type=\"container\" data-e-type=\"container\" data-settings=\"{&quot;background_background&quot;:&quot;classic&quot;,&quot;jet_parallax_layout_list&quot;:[]}\">\n\t\t\t\t<div class=\"elementor-element elementor-element-25fbab4c elementor-widget elementor-widget-heading\" data-id=\"25fbab4c\" data-element_type=\"widget\" data-e-type=\"widget\" data-widget_type=\"heading.default\">\n\t\t\t\t<div class=\"elementor-widget-container\">\n\t\t\t\t\t<h2 class=\"elementor-heading-title elementor-size-default\">Untersuche auch<\/h2>\t\t\t\t<\/div>\n\t\t\t\t<\/div>\n\t\t<div class=\"elementor-element elementor-element-3c355c79 e-con-full e-flex e-con e-child\" data-id=\"3c355c79\" data-element_type=\"container\" data-e-type=\"container\" data-settings=\"{&quot;jet_parallax_layout_list&quot;:[]}\">\n\t\t\t\t<div class=\"elementor-element elementor-element-49ee1166 elementor-widget__width-auto elementor-widget elementor-widget-global elementor-global-2750 elementor-global-1230 elementor-widget-bdt-advanced-button\" data-id=\"49ee1166\" data-element_type=\"widget\" data-e-type=\"widget\" data-widget_type=\"bdt-advanced-button.default\">\n\t\t\t\t<div class=\"elementor-widget-container\">\n\t\t\t\t\t\t\t<div class=\"bdt-ep-button-wrapper\">\n\t\t\t<a href=\"\/de\/maria-hilf\/die-basilika-maria-hilfe\/\" class=\"bdt-ep-button bdt-ep-button-effect-a bdt-ep-button-size-md\">\n\t\t\t\t\t\t<div class=\"bdt-ep-button-content-wrapper bdt-flex bdt-flex-middle bdt-flex-center  \" data-text=\"Die Basilika Maria Hilfe\">\n\t\t\t\t\t\t\t<div class=\"bdt-ep-button-icon bdt-flex-center bdt-flex-align-right\">\n\t\t\t\t\t<div class=\"bdt-ep-button-icon-inner\">\n\n\t\t\t\t\t\t<i aria-hidden=\"true\" class=\"fa-fw icon icon-right-arrow-1\"><\/i>\n\t\t\t\t\t<\/div>\n\t\t\t\t<\/div>\n\t\t\t\n\t\t\t<div class=\"bdt-ep-button-text\">\n\n\t\t\t\t<span class=\"avdbtn-text\">\n\t\t\t\t\tDie Basilika Maria Hilfe\t\t\t\t<\/span>\n\n\t\t\t\t\t\t\t<\/div>\n\n\t\t\t\n\t\t<\/div>\n\t\t\t\t\t<\/a>\n\t\t<\/div>\n\t\t\t\t\t\t<\/div>\n\t\t\t\t<\/div>\n\t\t\t\t<div class=\"elementor-element elementor-element-6721ab2c elementor-widget__width-auto levo elementor-widget elementor-widget-global elementor-global-2748 elementor-global-1233 elementor-widget-bdt-advanced-button\" data-id=\"6721ab2c\" data-element_type=\"widget\" data-e-type=\"widget\" data-widget_type=\"bdt-advanced-button.default\">\n\t\t\t\t<div class=\"elementor-widget-container\">\n\t\t\t\t\t\t\t<div class=\"bdt-ep-button-wrapper\">\n\t\t\t<a href=\"\/de\/maria-hilf\/das-gnadenbild-der-maria-hilf\/\" class=\"bdt-ep-button bdt-ep-button-effect-a bdt-ep-button-size-md\">\n\t\t\t\t\t\t<div class=\"bdt-ep-button-content-wrapper bdt-flex bdt-flex-middle bdt-flex-center  \" data-text=\"Das Gnadenbild der Maria Hilf\">\n\t\t\t\t\t\t\t<div class=\"bdt-ep-button-icon bdt-flex-center bdt-flex-align-right\">\n\t\t\t\t\t<div class=\"bdt-ep-button-icon-inner\">\n\n\t\t\t\t\t\t<i aria-hidden=\"true\" class=\"fa-fw icon icon-right-arrow-1\"><\/i>\n\t\t\t\t\t<\/div>\n\t\t\t\t<\/div>\n\t\t\t\n\t\t\t<div class=\"bdt-ep-button-text\">\n\n\t\t\t\t<span class=\"avdbtn-text\">\n\t\t\t\t\tDas Gnadenbild der Maria Hilf\t\t\t\t<\/span>\n\n\t\t\t\t\t\t\t<\/div>\n\n\t\t\t\n\t\t<\/div>\n\t\t\t\t\t<\/a>\n\t\t<\/div>\n\t\t\t\t\t\t<\/div>\n\t\t\t\t<\/div>\n\t\t\t\t<div class=\"elementor-element elementor-element-5d14d08 elementor-widget__width-auto levo elementor-widget elementor-widget-global elementor-global-2746 elementor-global-1236 elementor-widget-bdt-advanced-button\" data-id=\"5d14d08\" data-element_type=\"widget\" data-e-type=\"widget\" data-widget_type=\"bdt-advanced-button.default\">\n\t\t\t\t<div class=\"elementor-widget-container\">\n\t\t\t\t\t\t\t<div class=\"bdt-ep-button-wrapper\">\n\t\t\t<a href=\"\/de\/maria-hilf\/die-darstellungen-von-maria-hilf-auf-der-ganzen-welt\/\" class=\"bdt-ep-button bdt-ep-button-effect-a bdt-ep-button-size-md\">\n\t\t\t\t\t\t<div class=\"bdt-ep-button-content-wrapper bdt-flex bdt-flex-middle bdt-flex-center  \" data-text=\"Die Darstellungen von Maria Hilf auf der ganzen Welt\">\n\t\t\t\t\t\t\t<div class=\"bdt-ep-button-icon bdt-flex-center bdt-flex-align-right\">\n\t\t\t\t\t<div class=\"bdt-ep-button-icon-inner\">\n\n\t\t\t\t\t\t<i aria-hidden=\"true\" class=\"fa-fw icon icon-right-arrow-1\"><\/i>\n\t\t\t\t\t<\/div>\n\t\t\t\t<\/div>\n\t\t\t\n\t\t\t<div class=\"bdt-ep-button-text\">\n\n\t\t\t\t<span class=\"avdbtn-text\">\n\t\t\t\t\tDie Darstellungen von Maria Hilf auf der ganzen Welt\t\t\t\t<\/span>\n\n\t\t\t\t\t\t\t<\/div>\n\n\t\t\t\n\t\t<\/div>\n\t\t\t\t\t<\/a>\n\t\t<\/div>\n\t\t\t\t\t\t<\/div>\n\t\t\t\t<\/div>\n\t\t\t\t<div class=\"elementor-element elementor-element-58daa6d elementor-widget__width-auto elementor-widget elementor-widget-global elementor-global-2744 elementor-global-1239 elementor-widget-bdt-advanced-button\" data-id=\"58daa6d\" data-element_type=\"widget\" data-e-type=\"widget\" data-widget_type=\"bdt-advanced-button.default\">\n\t\t\t\t<div class=\"elementor-widget-container\">\n\t\t\t\t\t\t\t<div class=\"bdt-ep-button-wrapper\">\n\t\t\t<a href=\"\/de\/maria-hilf\/wunder-bei-maria-hilf\/\" class=\"bdt-ep-button bdt-ep-button-effect-a bdt-ep-button-size-md\">\n\t\t\t\t\t\t<div class=\"bdt-ep-button-content-wrapper bdt-flex bdt-flex-middle bdt-flex-center  \" data-text=\"Wunder bei Maria Hilf\">\n\t\t\t\t\t\t\t<div class=\"bdt-ep-button-icon bdt-flex-center bdt-flex-align-right\">\n\t\t\t\t\t<div class=\"bdt-ep-button-icon-inner\">\n\n\t\t\t\t\t\t<i aria-hidden=\"true\" class=\"fa-fw icon icon-right-arrow-1\"><\/i>\n\t\t\t\t\t<\/div>\n\t\t\t\t<\/div>\n\t\t\t\n\t\t\t<div class=\"bdt-ep-button-text\">\n\n\t\t\t\t<span class=\"avdbtn-text\">\n\t\t\t\t\tWunder bei Maria Hilf\t\t\t\t<\/span>\n\n\t\t\t\t\t\t\t<\/div>\n\n\t\t\t\n\t\t<\/div>\n\t\t\t\t\t<\/a>\n\t\t<\/div>\n\t\t\t\t\t\t<\/div>\n\t\t\t\t<\/div>\n\t\t\t\t<div class=\"elementor-element elementor-element-15ece588 elementor-widget__width-auto elementor-widget elementor-widget-global elementor-global-2742 elementor-global-1242 elementor-widget-bdt-advanced-button\" data-id=\"15ece588\" data-element_type=\"widget\" data-e-type=\"widget\" data-widget_type=\"bdt-advanced-button.default\">\n\t\t\t\t<div class=\"elementor-widget-container\">\n\t\t\t\t\t\t\t<div class=\"bdt-ep-button-wrapper\">\n\t\t\t<a href=\"\/de\/maria-hilf\/die-geschichte-des-gottesweges\/\" class=\"bdt-ep-button bdt-ep-button-effect-a bdt-ep-button-size-md\">\n\t\t\t\t\t\t<div class=\"bdt-ep-button-content-wrapper bdt-flex bdt-flex-middle bdt-flex-center  \" data-text=\"Die Geschichte des Gottesweges\">\n\t\t\t\t\t\t\t<div class=\"bdt-ep-button-icon bdt-flex-center bdt-flex-align-right\">\n\t\t\t\t\t<div class=\"bdt-ep-button-icon-inner\">\n\n\t\t\t\t\t\t<i aria-hidden=\"true\" class=\"fa-fw icon icon-right-arrow-1\"><\/i>\n\t\t\t\t\t<\/div>\n\t\t\t\t<\/div>\n\t\t\t\n\t\t\t<div class=\"bdt-ep-button-text\">\n\n\t\t\t\t<span class=\"avdbtn-text\">\n\t\t\t\t\tDie Geschichte des Gottesweges\t\t\t\t<\/span>\n\n\t\t\t\t\t\t\t<\/div>\n\n\t\t\t\n\t\t<\/div>\n\t\t\t\t\t<\/a>\n\t\t<\/div>\n\t\t\t\t\t\t<\/div>\n\t\t\t\t<\/div>\n\t\t\t\t<div class=\"elementor-element elementor-element-74b843c7 elementor-widget__width-auto elementor-widget elementor-widget-global elementor-global-2736 elementor-global-1248 elementor-widget-bdt-advanced-button\" data-id=\"74b843c7\" data-element_type=\"widget\" data-e-type=\"widget\" data-widget_type=\"bdt-advanced-button.default\">\n\t\t\t\t<div class=\"elementor-widget-container\">\n\t\t\t\t\t\t\t<div class=\"bdt-ep-button-wrapper\">\n\t\t\t<a href=\"\/de\/maria-hilf\/andere-marienheiligtuemer\/\" class=\"bdt-ep-button bdt-ep-button-effect-a bdt-ep-button-size-md\">\n\t\t\t\t\t\t<div class=\"bdt-ep-button-content-wrapper bdt-flex bdt-flex-middle bdt-flex-center  \" data-text=\"Andere Marienheiligt\u00fcmer\">\n\t\t\t\t\t\t\t<div class=\"bdt-ep-button-icon bdt-flex-center bdt-flex-align-right\">\n\t\t\t\t\t<div class=\"bdt-ep-button-icon-inner\">\n\n\t\t\t\t\t\t<i aria-hidden=\"true\" class=\"fa-fw icon icon-right-arrow-1\"><\/i>\n\t\t\t\t\t<\/div>\n\t\t\t\t<\/div>\n\t\t\t\n\t\t\t<div class=\"bdt-ep-button-text\">\n\n\t\t\t\t<span class=\"avdbtn-text\">\n\t\t\t\t\tAndere Marienheiligt\u00fcmer\t\t\t\t<\/span>\n\n\t\t\t\t\t\t\t<\/div>\n\n\t\t\t\n\t\t<\/div>\n\t\t\t\t\t<\/a>\n\t\t<\/div>\n\t\t\t\t\t\t<\/div>\n\t\t\t\t<\/div>\n\t\t\t\t<\/div>\n\t\t\t\t<\/div>\n\t\t\t\t\t<\/div>\n\t\t\t\t<\/div>\n\t\t\t\t<\/div>\n\t\t","protected":false},"excerpt":{"rendered":"<p>Der Platz vor der Basilika geht \u00fcber in den Friedenspark mit einer Statue der Heiligen Familie und einem Kreuz, und der Blick reicht weiter bis zu den Julischen Alpen mit dem majest\u00e4tischen Triglav. Im Park finden gelegentlich Ausstellungen statt, und der Ort l\u00e4dt stets zur Erholung und spirituellen Vertiefung inmitten der Sch\u00f6nheiten der Sch\u00f6pfung ein. [&hellip;]<\/p>\n","protected":false},"author":1,"featured_media":0,"parent":2670,"menu_order":0,"comment_status":"closed","ping_status":"closed","template":"","meta":{"gallery":"","dateEnd":"","displayOrder":0,"videosArray":[],"audiosArray":[],"othersArray":[],"footnotes":""},"class_list":["post-2628","page","type-page","status-publish","hentry"],"_links":{"self":[{"href":"https:\/\/marija.si\/de\/wp-json\/wp\/v2\/pages\/2628","targetHints":{"allow":["GET"]}}],"collection":[{"href":"https:\/\/marija.si\/de\/wp-json\/wp\/v2\/pages"}],"about":[{"href":"https:\/\/marija.si\/de\/wp-json\/wp\/v2\/types\/page"}],"author":[{"embeddable":true,"href":"https:\/\/marija.si\/de\/wp-json\/wp\/v2\/users\/1"}],"replies":[{"embeddable":true,"href":"https:\/\/marija.si\/de\/wp-json\/wp\/v2\/comments?post=2628"}],"version-history":[{"count":16,"href":"https:\/\/marija.si\/de\/wp-json\/wp\/v2\/pages\/2628\/revisions"}],"predecessor-version":[{"id":3687,"href":"https:\/\/marija.si\/de\/wp-json\/wp\/v2\/pages\/2628\/revisions\/3687"}],"up":[{"embeddable":true,"href":"https:\/\/marija.si\/de\/wp-json\/wp\/v2\/pages\/2670"}],"wp:attachment":[{"href":"https:\/\/marija.si\/de\/wp-json\/wp\/v2\/media?parent=2628"}],"curies":[{"name":"wp","href":"https:\/\/api.w.org\/{rel}","templated":true}]}}