{"id":2586,"date":"2024-11-07T13:21:26","date_gmt":"2024-11-07T12:21:26","guid":{"rendered":"https:\/\/marija.si\/mein-pilgerweg-zu-maria-hilfe\/"},"modified":"2025-08-05T08:26:43","modified_gmt":"2025-08-05T06:26:43","slug":"mein-pilgerweg-zu-maria-hilfe","status":"publish","type":"page","link":"https:\/\/marija.si\/de\/weg-nach-brezje\/mein-pilgerweg-zu-maria-hilfe\/","title":{"rendered":"Mein Pilgerweg zu Maria Hilfe"},"content":{"rendered":"\t\t<div data-elementor-type=\"wp-page\" data-elementor-id=\"2586\" class=\"elementor elementor-2586 elementor-1453\" data-elementor-settings=\"{&quot;element_pack_global_tooltip_width&quot;:{&quot;unit&quot;:&quot;px&quot;,&quot;size&quot;:&quot;&quot;,&quot;sizes&quot;:[]},&quot;element_pack_global_tooltip_width_laptop&quot;:{&quot;unit&quot;:&quot;px&quot;,&quot;size&quot;:&quot;&quot;,&quot;sizes&quot;:[]},&quot;element_pack_global_tooltip_width_tablet&quot;:{&quot;unit&quot;:&quot;px&quot;,&quot;size&quot;:&quot;&quot;,&quot;sizes&quot;:[]},&quot;element_pack_global_tooltip_width_mobile&quot;:{&quot;unit&quot;:&quot;px&quot;,&quot;size&quot;:&quot;&quot;,&quot;sizes&quot;:[]},&quot;element_pack_global_tooltip_padding&quot;:{&quot;unit&quot;:&quot;px&quot;,&quot;top&quot;:&quot;&quot;,&quot;right&quot;:&quot;&quot;,&quot;bottom&quot;:&quot;&quot;,&quot;left&quot;:&quot;&quot;,&quot;isLinked&quot;:true},&quot;element_pack_global_tooltip_padding_laptop&quot;:{&quot;unit&quot;:&quot;px&quot;,&quot;top&quot;:&quot;&quot;,&quot;right&quot;:&quot;&quot;,&quot;bottom&quot;:&quot;&quot;,&quot;left&quot;:&quot;&quot;,&quot;isLinked&quot;:true},&quot;element_pack_global_tooltip_padding_tablet&quot;:{&quot;unit&quot;:&quot;px&quot;,&quot;top&quot;:&quot;&quot;,&quot;right&quot;:&quot;&quot;,&quot;bottom&quot;:&quot;&quot;,&quot;left&quot;:&quot;&quot;,&quot;isLinked&quot;:true},&quot;element_pack_global_tooltip_padding_mobile&quot;:{&quot;unit&quot;:&quot;px&quot;,&quot;top&quot;:&quot;&quot;,&quot;right&quot;:&quot;&quot;,&quot;bottom&quot;:&quot;&quot;,&quot;left&quot;:&quot;&quot;,&quot;isLinked&quot;:true},&quot;element_pack_global_tooltip_border_radius&quot;:{&quot;unit&quot;:&quot;px&quot;,&quot;top&quot;:&quot;&quot;,&quot;right&quot;:&quot;&quot;,&quot;bottom&quot;:&quot;&quot;,&quot;left&quot;:&quot;&quot;,&quot;isLinked&quot;:true},&quot;element_pack_global_tooltip_border_radius_laptop&quot;:{&quot;unit&quot;:&quot;px&quot;,&quot;top&quot;:&quot;&quot;,&quot;right&quot;:&quot;&quot;,&quot;bottom&quot;:&quot;&quot;,&quot;left&quot;:&quot;&quot;,&quot;isLinked&quot;:true},&quot;element_pack_global_tooltip_border_radius_tablet&quot;:{&quot;unit&quot;:&quot;px&quot;,&quot;top&quot;:&quot;&quot;,&quot;right&quot;:&quot;&quot;,&quot;bottom&quot;:&quot;&quot;,&quot;left&quot;:&quot;&quot;,&quot;isLinked&quot;:true},&quot;element_pack_global_tooltip_border_radius_mobile&quot;:{&quot;unit&quot;:&quot;px&quot;,&quot;top&quot;:&quot;&quot;,&quot;right&quot;:&quot;&quot;,&quot;bottom&quot;:&quot;&quot;,&quot;left&quot;:&quot;&quot;,&quot;isLinked&quot;:true}}\" data-elementor-post-type=\"page\">\n\t\t\t\t<div class=\"elementor-element elementor-element-f809d97 e-flex e-con-boxed e-con e-parent\" data-id=\"f809d97\" data-element_type=\"container\" data-e-type=\"container\" data-settings=\"{&quot;jet_parallax_layout_list&quot;:[]}\">\n\t\t\t\t\t<div class=\"e-con-inner\">\n\t\t<div class=\"elementor-element elementor-element-87f342d e-con-full e-flex e-con e-child\" data-id=\"87f342d\" data-element_type=\"container\" data-e-type=\"container\" data-settings=\"{&quot;background_background&quot;:&quot;gradient&quot;,&quot;jet_parallax_layout_list&quot;:[]}\">\n\t\t\t\t<div class=\"elementor-element elementor-element-0335417 elementor-position-left bdt-global-link-yes nazaj bdt-icon-type-icon bdt-icon-effect-none elementor-widget elementor-widget-global elementor-global-1324 elementor-widget-bdt-advanced-icon-box\" data-id=\"0335417\" data-element_type=\"widget\" data-e-type=\"widget\" data-widget_type=\"bdt-advanced-icon-box.default\">\n\t\t\t\t<div class=\"elementor-widget-container\">\n\t\t\t\t\t\t\t<div class=\"bdt-ep-advanced-icon-box\">\n\n\t\t\t\n\t\t\t<div class=\"bdt-ep-advanced-icon-box-content\">\n\n\t\t\t\t\t\t\t\t\t\t\t<div class=\"bdt-ep-advanced-icon-box-icon-heading bdt-flex bdt-flex-middle\">\n\n\t\t\t\n\t\t\t\t\t<div class=\"bdt-ep-advanced-icon-box-icon\">\n\t\t\t\t<span class=\"bdt-ep-advanced-icon-box-icon-wrap\">\n\n\n\t\t\t\t\t\n\t\t\t\t\t\t<i aria-hidden=\"true\" class=\"icon icon-left-arrow-1\"><\/i>\n\n\t\t\t\t\t\t\t\t\t<\/span>\n\t\t\t<\/div>\n\t\t\n\t\n\n\t\t\t<div class=\"bdt-icon-box-title-wrapper\">\n\n\t\t\t\t\n\n\t\t\t\t\t\t\t<\/div>\n\t\t<\/div>\n\t\t\t\t\t\n\t\t\t\t\n\t\t\t\t\n\t\t\t\t\t\t\t<\/div>\n\t\t<\/div>\n\n\t\t\n\t\t\n\t\t\t\t<\/div>\n\t\t\t\t<\/div>\n\t\t\t\t<\/div>\n\t\t<div class=\"elementor-element elementor-element-b9d1892 e-con-full e-flex e-con e-child\" data-id=\"b9d1892\" data-element_type=\"container\" data-e-type=\"container\" data-settings=\"{&quot;jet_parallax_layout_list&quot;:[]}\">\n\t\t<div class=\"elementor-element elementor-element-bec24be e-con-full e-flex e-con e-child\" data-id=\"bec24be\" data-element_type=\"container\" data-e-type=\"container\" data-settings=\"{&quot;background_background&quot;:&quot;classic&quot;,&quot;jet_parallax_layout_list&quot;:[]}\">\n\t\t\t\t<div class=\"elementor-element elementor-element-537fe8a elementor-widget__width-inherit elementor-widget-mobile__width-inherit elementor-widget elementor-widget-image\" data-id=\"537fe8a\" data-element_type=\"widget\" data-e-type=\"widget\" data-widget_type=\"image.default\">\n\t\t\t\t<div class=\"elementor-widget-container\">\n\t\t\t\t\t\t\t\t\t\t\t\t\t\t\t<img fetchpriority=\"high\" decoding=\"async\" width=\"2000\" height=\"592\" src=\"https:\/\/marija.si\/wp-content\/uploads\/2024\/12\/moje-romanje.jpg\" class=\"attachment-full size-full wp-image-2823\" alt=\"Moje romanje k Mariji Pomagaj - Marija Pomagaj Brezje (marija.si)\" srcset=\"https:\/\/marija.si\/wp-content\/uploads\/2024\/12\/moje-romanje.jpg 2000w, https:\/\/marija.si\/wp-content\/uploads\/2024\/12\/moje-romanje-300x89.jpg 300w, https:\/\/marija.si\/wp-content\/uploads\/2024\/12\/moje-romanje-1024x303.jpg 1024w, https:\/\/marija.si\/wp-content\/uploads\/2024\/12\/moje-romanje-768x227.jpg 768w, https:\/\/marija.si\/wp-content\/uploads\/2024\/12\/moje-romanje-1536x455.jpg 1536w\" sizes=\"(max-width: 2000px) 100vw, 2000px\" \/>\t\t\t\t\t\t\t\t\t\t\t\t\t\t\t<\/div>\n\t\t\t\t<\/div>\n\t\t\t\t<div class=\"elementor-element elementor-element-c295d8e elementor-widget__width-inherit elementor-widget elementor-widget-heading\" data-id=\"c295d8e\" data-element_type=\"widget\" data-e-type=\"widget\" data-widget_type=\"heading.default\">\n\t\t\t\t<div class=\"elementor-widget-container\">\n\t\t\t\t\t<h3 class=\"elementor-heading-title elementor-size-default\">Brezje, mein einziger Gottesweg \u2013 meine Erinnerungen an die Wallfahrt hat Berta Golob f\u00fcr den Brezjaner Sammelband beschrieben.<\/h3>\t\t\t\t<\/div>\n\t\t\t\t<\/div>\n\t\t\t\t<div class=\"elementor-element elementor-element-3201333 elementor-widget elementor-widget-text-editor\" data-id=\"3201333\" data-element_type=\"widget\" data-e-type=\"widget\" data-widget_type=\"text-editor.default\">\n\t\t\t\t<div class=\"elementor-widget-container\">\n\t\t\t\t\t\t\t\t\t<p>\u201eIch wei\u00df nicht, wann ich zum ersten Mal in Brezje war, aber sicher war es an der Hand meines Vaters. Es muss noch vor dem Zweiten Weltkrieg gewesen sein. Zu Hause galt es als notwendig, einmal im Jahr nach Brezje zu pilgern. Am besten zu Fu\u00df. Manchmal fuhren mein Vater und ich auch mit dem Zug. Ein unbeschreibliches Erlebnis, der Zug! Aus ihm konnte ich von weitem das Elternhaus sehen. Es war nicht ganz klar, ob sich das Haus oder der Zug bewegte. Doch bald verschwand es aus meinem Blickfeld.        <\/p>\n<p>Oto\u010de. F\u00fcr mich ein sch\u00f6nes Wort. Erst jetzt wei\u00df ich, dass es wegen der Melodie der Stimmen so ist. Eine besondere Besonderheit war die Br\u00fccke \u00fcber die Sava. Man musste eine Br\u00fcckenzoll bezahlen, sonst konnte man nicht \u00fcberqueren. Der Wert des Pilgerwegs war deshalb nach meiner Einsch\u00e4tzung gr\u00f6\u00dfer.     <\/p>\n<p>Dann der Pera\u0161ki H\u00fcgel. Aber ich dachte der \u201eBera\u0161ki H\u00fcgel\u201c, was mehr als verst\u00e4ndlich war. Bettler bei Bettlern bis zum Tor der Kirche von Brezje. Zerrissen, geflickt, alt, arm. Bettelnd. Manchmal gaben mein Vater und ich jemandem ein paar Kronen, kleines Geld, vielleicht auch einen Dinar, und beschleunigten unseren Schritt, um dem bitteren Gef\u00fchl zu entkommen.      <\/p>\n<p>An die Kapelle von Maria Hilfe habe ich lebhafte Erinnerungen, aber nur wegen der Kr\u00fccken und der Danktafeln sowie der leicht vergilbten Decke. Einst zeigte mir mein Vater die Dankplatte der \u00fcberlebenden Soldaten aus dem Ersten Weltkrieg. <\/p>\n<p>Auch er war dabei, als sie an diesen Platz gestellt wurde. Das habe ich mir gut gemerkt, und jetzt ersch\u00fcttert mich der Blick darauf immer wieder sehr.\u00ab <\/p>\n\t\t\t\t\t\t\t\t<\/div>\n\t\t\t\t<\/div>\n\t\t\t\t<\/div>\n\t\t<div class=\"elementor-element elementor-element-43354b8 e-con-full e-flex e-con e-child\" data-id=\"43354b8\" data-element_type=\"container\" data-e-type=\"container\" data-settings=\"{&quot;background_background&quot;:&quot;classic&quot;,&quot;jet_parallax_layout_list&quot;:[]}\">\n\t\t\t\t<div class=\"elementor-element elementor-element-c7c3fcf e-transform e-transform elementor-widget elementor-widget-heading\" data-id=\"c7c3fcf\" data-element_type=\"widget\" data-e-type=\"widget\" id=\"vertical-h\" data-settings=\"{&quot;_transform_rotateZ_effect&quot;:{&quot;unit&quot;:&quot;px&quot;,&quot;size&quot;:-90,&quot;sizes&quot;:[]},&quot;_transform_translateX_effect&quot;:{&quot;unit&quot;:&quot;px&quot;,&quot;size&quot;:-326,&quot;sizes&quot;:[]},&quot;_transform_translateX_effect_laptop&quot;:{&quot;unit&quot;:&quot;px&quot;,&quot;size&quot;:-295,&quot;sizes&quot;:[]},&quot;_transform_translateX_effect_tablet&quot;:{&quot;unit&quot;:&quot;%&quot;,&quot;size&quot;:0,&quot;sizes&quot;:[]},&quot;_transform_translateX_effect_mobile&quot;:{&quot;unit&quot;:&quot;%&quot;,&quot;size&quot;:0,&quot;sizes&quot;:[]},&quot;_transform_rotateZ_effect_mobile&quot;:{&quot;unit&quot;:&quot;deg&quot;,&quot;size&quot;:0,&quot;sizes&quot;:[]},&quot;_transform_rotateZ_effect_tablet&quot;:{&quot;unit&quot;:&quot;deg&quot;,&quot;size&quot;:0,&quot;sizes&quot;:[]},&quot;_transform_rotateZ_effect_laptop&quot;:{&quot;unit&quot;:&quot;deg&quot;,&quot;size&quot;:&quot;&quot;,&quot;sizes&quot;:[]},&quot;_transform_translateY_effect&quot;:{&quot;unit&quot;:&quot;px&quot;,&quot;size&quot;:&quot;&quot;,&quot;sizes&quot;:[]},&quot;_transform_translateY_effect_laptop&quot;:{&quot;unit&quot;:&quot;px&quot;,&quot;size&quot;:&quot;&quot;,&quot;sizes&quot;:[]},&quot;_transform_translateY_effect_tablet&quot;:{&quot;unit&quot;:&quot;px&quot;,&quot;size&quot;:&quot;&quot;,&quot;sizes&quot;:[]},&quot;_transform_translateY_effect_mobile&quot;:{&quot;unit&quot;:&quot;px&quot;,&quot;size&quot;:&quot;&quot;,&quot;sizes&quot;:[]}}\" data-widget_type=\"heading.default\">\n\t\t\t\t<div class=\"elementor-widget-container\">\n\t\t\t\t\t<h2 class=\"elementor-heading-title elementor-size-default\">Brezje, mein einziger Gottesweg<\/h2>\t\t\t\t<\/div>\n\t\t\t\t<\/div>\n\t\t\t\t<\/div>\n\t\t\t\t<\/div>\n\t\t<div class=\"elementor-element elementor-element-99dc932 e-con-full e-flex e-con e-child\" data-id=\"99dc932\" data-element_type=\"container\" data-e-type=\"container\" data-settings=\"{&quot;jet_parallax_layout_list&quot;:[]}\">\n\t\t<div class=\"elementor-element elementor-element-5d37f8a e-con-full e-flex e-con e-child\" data-id=\"5d37f8a\" data-element_type=\"container\" data-e-type=\"container\" data-settings=\"{&quot;background_background&quot;:&quot;classic&quot;,&quot;jet_parallax_layout_list&quot;:[]}\">\n\t\t\t\t<div class=\"elementor-element elementor-element-f23b8c6 e-transform e-transform elementor-widget__width-inherit elementor-widget elementor-widget-heading\" data-id=\"f23b8c6\" data-element_type=\"widget\" data-e-type=\"widget\" id=\"vertical-h\" data-settings=\"{&quot;_transform_rotateZ_effect&quot;:{&quot;unit&quot;:&quot;px&quot;,&quot;size&quot;:-90,&quot;sizes&quot;:[]},&quot;_transform_translateX_effect&quot;:{&quot;unit&quot;:&quot;px&quot;,&quot;size&quot;:-314,&quot;sizes&quot;:[]},&quot;_transform_translateX_effect_laptop&quot;:{&quot;unit&quot;:&quot;px&quot;,&quot;size&quot;:-286,&quot;sizes&quot;:[]},&quot;_transform_translateX_effect_tablet&quot;:{&quot;unit&quot;:&quot;%&quot;,&quot;size&quot;:0,&quot;sizes&quot;:[]},&quot;_transform_translateX_effect_mobile&quot;:{&quot;unit&quot;:&quot;%&quot;,&quot;size&quot;:0,&quot;sizes&quot;:[]},&quot;_transform_rotateZ_effect_mobile&quot;:{&quot;unit&quot;:&quot;deg&quot;,&quot;size&quot;:0,&quot;sizes&quot;:[]},&quot;_transform_rotateZ_effect_tablet&quot;:{&quot;unit&quot;:&quot;deg&quot;,&quot;size&quot;:0,&quot;sizes&quot;:[]},&quot;_transform_rotateZ_effect_laptop&quot;:{&quot;unit&quot;:&quot;deg&quot;,&quot;size&quot;:&quot;&quot;,&quot;sizes&quot;:[]},&quot;_transform_translateY_effect&quot;:{&quot;unit&quot;:&quot;px&quot;,&quot;size&quot;:&quot;&quot;,&quot;sizes&quot;:[]},&quot;_transform_translateY_effect_laptop&quot;:{&quot;unit&quot;:&quot;px&quot;,&quot;size&quot;:&quot;&quot;,&quot;sizes&quot;:[]},&quot;_transform_translateY_effect_tablet&quot;:{&quot;unit&quot;:&quot;px&quot;,&quot;size&quot;:&quot;&quot;,&quot;sizes&quot;:[]},&quot;_transform_translateY_effect_mobile&quot;:{&quot;unit&quot;:&quot;px&quot;,&quot;size&quot;:&quot;&quot;,&quot;sizes&quot;:[]}}\" data-widget_type=\"heading.default\">\n\t\t\t\t<div class=\"elementor-widget-container\">\n\t\t\t\t\t<h2 class=\"elementor-heading-title elementor-size-default\">Wallfahrt von Re\u010dica ob Savinji<\/h2>\t\t\t\t<\/div>\n\t\t\t\t<\/div>\n\t\t\t\t<\/div>\n\t\t<div class=\"elementor-element elementor-element-12c90f7 e-con-full e-flex e-con e-child\" data-id=\"12c90f7\" data-element_type=\"container\" data-e-type=\"container\" data-settings=\"{&quot;background_background&quot;:&quot;classic&quot;,&quot;jet_parallax_layout_list&quot;:[]}\">\n\t\t\t\t<div class=\"elementor-element elementor-element-867db14 elementor-widget__width-inherit elementor-widget elementor-widget-heading\" data-id=\"867db14\" data-element_type=\"widget\" data-e-type=\"widget\" data-widget_type=\"heading.default\">\n\t\t\t\t<div class=\"elementor-widget-container\">\n\t\t\t\t\t<h3 class=\"elementor-heading-title elementor-size-default\">Seit mehreren Jahren machen sich Pilger aus Re\u010dica ob Savinji zu Fu\u00df auf den Weg nach Brezje. Sie pilgern regelm\u00e4\u00dfig nach Brezje seit 1993, jedoch pilgerten sie bereits davor. <\/h3>\t\t\t\t<\/div>\n\t\t\t\t<\/div>\n\t\t\t\t<div class=\"elementor-element elementor-element-5193e8f elementor-widget__width-inherit elementor-widget elementor-widget-html\" data-id=\"5193e8f\" data-element_type=\"widget\" data-e-type=\"widget\" data-widget_type=\"html.default\">\n\t\t\t\t<div class=\"elementor-widget-container\">\n\t\t\t\t\t<iframe src=\"https:\/\/www.google.com\/maps\/d\/embed?mid=1hDRDZfBnKIwq4OTtcWfoHrBF40s&amp;hl=sl&amp;ehbc=2E312F&amp;z=10\" width=\"600\" height=\"500\" style=\"border-radius:4px\"><\/iframe>\n\t\t\t\t<\/div>\n\t\t\t\t<\/div>\n\t\t\t\t<div class=\"elementor-element elementor-element-bbd3de7 elementor-widget__width-inherit elementor-widget elementor-widget-text-editor\" data-id=\"bbd3de7\" data-element_type=\"widget\" data-e-type=\"widget\" data-widget_type=\"text-editor.default\">\n\t\t\t\t<div class=\"elementor-widget-container\">\n\t\t\t\t\t\t\t\t\t<p>Bei der Wallfahrt von St. Kanzian (Re\u010dica ob Savinji) nach Maria Hilfe (Brezje na Gorenjskem) im Jahr 2010 <\/p>\n<p>Wallfahrt, diese uralte religi\u00f6se Handlung, dieser urspr\u00fcngliche Ausdruck des Glaubens, der das slowenische Glaubensleben stark gepr\u00e4gt hat und auch heute noch pr\u00e4gt \u2026 (Kardinal Franc Rode im Vorwort des Buches \u201eSlovenske bo\u017eje poti\u201c, Dezember 2007)<\/p>\n\t\t\t\t\t\t\t\t<\/div>\n\t\t\t\t<\/div>\n\t\t\t\t<div class=\"elementor-element elementor-element-4fbd9b0 elementor-widget elementor-widget-text-editor\" data-id=\"4fbd9b0\" data-element_type=\"widget\" data-e-type=\"widget\" data-widget_type=\"text-editor.default\">\n\t\t\t\t<div class=\"elementor-widget-container\">\n\t\t\t\t\t\t\t\t\t<p>\u201eMancher Pilger geht nach Rom, nach Compostela, <br \/>oder dorthin, wo der heilige Antonius Jesus besch\u00fctzt, <br \/>besucht Trsat, oder die heiligen Lu\u0161arje, <br \/>einmal im Leben, oder das marianische Celje\u201c <br \/>(dr. France Pre\u0161eren)<\/p>\n\t\t\t\t\t\t\t\t<\/div>\n\t\t\t\t<\/div>\n\t\t\t\t<div class=\"elementor-element elementor-element-05a98eb elementor-widget elementor-widget-text-editor\" data-id=\"05a98eb\" data-element_type=\"widget\" data-e-type=\"widget\" data-widget_type=\"text-editor.default\">\n\t\t\t\t<div class=\"elementor-widget-container\">\n\t\t\t\t\t\t\t\t\t<p>\u201eWallfahrt ist n\u00e4mlich nicht nur das Ziel, sondern auch der \u201aWeg zum Ziel\u2026\u201c<br \/>Je mehr k\u00f6rperliche und geistige Anstrengung der Weg erfordert, desto wahrhaftiger und tiefer sind die geistigen Ergebnisse. Da sich immer mehr Menschen dieses Faktums bewusst werden, sind alte gemeinschaftliche Fu\u00dfwallfahrten, die auf dem Gehen und seinen geistigen Wirkungen basieren, wieder zunehmend verbreitet. <\/p>\n<p>Das scheinbar mechanische Ansammeln von Schritten gibt n\u00e4mlich die Zeit, sich intensiver auf das Ziel einzustimmen und es zu vertiefen, indem man sich in Ruhe mit anderen, mit sich selbst und schlie\u00dflich mit dem menschgewordenen Gott trifft, mit diesem \u201aWeg\u2018, der dazu einl\u00e4dt, unseren Pilgerweg und \u00fcber ihn unsere Lebenswege an ihn anzuschlie\u00dfen.\u201c <br \/>(dr. Jo\u017ee Muhovi\u010d bei der Wallfahrt 2004)<\/p>\n<p>Diese Suche nach dem \u201eWeg\u201c haben wir vielleicht unbewusst, als pers\u00f6nlicher Versuch, in der Pfarre Re\u010dica, vor sechzehn Jahren wiederbelebt. In dieser Zeit ist die Zahl von den ersten (7) stetig gestiegen, und die Fu\u00dfwallfahrt hat sich als traditionell etabliert und als wesentlicher Teil der gemeinsamen Pfarrwallfahrt zum gr\u00f6\u00dften Fest der Heiligen Mutter Gottes, dem Gro\u00dfen Mariafest oder in unserer Sprache \u201eVeliki gospodnici\u201c, am 15. August.  <\/p>\n<p>Die Fu\u00dfwallfahrt beginnt jedes Jahr am 14. August fr\u00fch am Morgen, wenn die heilige Messe f\u00fcr die Pilger vom ortsans\u00e4ssigen Pfarrer gefeiert wird, normalerweise auch in Mitfeier des Diakons Stanko und des Theologiestudenten Marko. Sie endet am 15. August mit der feierlichen Nachmittagsmesse in der Basilika von Brezje. <br \/>Wie bereits vor einigen Jahren, werden die Pilger in \u0160entjan\u017e vom L\u00e4uten der Glocken der Kirche St. Johannes begr\u00fc\u00dft, wo sie sich mit einer kurzen Rast und einem Gebet von der Heimatpfarrei verabschieden.<\/p>\n<p>Am fr\u00fchen Morgen, wenn die Gedanken noch ein wenig verschlafen sind, vergeht die Zeit dennoch schnell bei den ersten Gespr\u00e4chen und der Einstimmung der Gruppe auf das richtige Gehtempo. Der Weg f\u00fchrt an Gornji Grad, Nova \u0160tifta mit der Kirche Maria Stern, \u010crnivec vorbei, mit k\u00fcrzeren oder etwas l\u00e4ngeren Pausen. Am fr\u00fchen Nachmittag kommt auch der Rest der Pilger an, es folgt das Dankgebet vor der Marienkapelle auf den \u017dupanje njive und eine Zeit f\u00fcr das \u201eMittagessen\u201c in Form eines Eintopfs, garniert mit Leckereien von den guten Hausfrauen aus Re\u010dica und Umgebung. Die Feuerwehrfahrzeuge sind mit Reserveausr\u00fcstung beladen, die die Pilger eilig austauschen und auff\u00fcllen, um den n\u00e4chsten Abschnitt des Weges zum \u00dcbernachtungsort in Adergas zu erreichen, wo uns jahrelang Pfarrer Peter Miroslavi\u010d gastfreundlich beherbergt hat. In diesem Jahr jedoch hat uns auch der neue Pfarrer, Herr Kalan, herzlich und f\u00fcrsorglich empfangen.     <\/p>\n\t\t\t\t\t\t\t\t<\/div>\n\t\t\t\t<\/div>\n\t\t<div class=\"elementor-element elementor-element-1e47ea5 e-con-full e-flex e-con e-child\" data-id=\"1e47ea5\" data-element_type=\"container\" data-e-type=\"container\" data-settings=\"{&quot;jet_parallax_layout_list&quot;:[]}\">\n\t\t\t\t<div class=\"elementor-element elementor-element-95d82da elementor-widget__width-inherit elementor-widget-mobile__width-inherit elementor-widget elementor-widget-image\" data-id=\"95d82da\" data-element_type=\"widget\" data-e-type=\"widget\" data-widget_type=\"image.default\">\n\t\t\t\t<div class=\"elementor-widget-container\">\n\t\t\t\t\t\t\t\t\t\t\t\t\t\t\t<img decoding=\"async\" width=\"395\" height=\"274\" src=\"https:\/\/marija.si\/wp-content\/uploads\/2024\/12\/recica-romanje-2010-3.jpg\" class=\"attachment-full size-full wp-image-2826\" alt=\"Moje romanje k Mariji Pomagaj - Marija Pomagaj Brezje (marija.si)\" srcset=\"https:\/\/marija.si\/wp-content\/uploads\/2024\/12\/recica-romanje-2010-3.jpg 395w, https:\/\/marija.si\/wp-content\/uploads\/2024\/12\/recica-romanje-2010-3-300x208.jpg 300w\" sizes=\"(max-width: 395px) 100vw, 395px\" \/>\t\t\t\t\t\t\t\t\t\t\t\t\t\t\t<\/div>\n\t\t\t\t<\/div>\n\t\t\t\t<div class=\"elementor-element elementor-element-32bf5b3 elementor-widget elementor-widget-heading\" data-id=\"32bf5b3\" data-element_type=\"widget\" data-e-type=\"widget\" data-widget_type=\"heading.default\">\n\t\t\t\t<div class=\"elementor-widget-container\">\n\t\t\t\t\t<h6 class=\"elementor-heading-title elementor-size-default\">Auf dem Weg zur \u0160entur\u0161ka Gora<\/h6>\t\t\t\t<\/div>\n\t\t\t\t<\/div>\n\t\t\t\t<div class=\"elementor-element elementor-element-5bf2329 elementor-widget__width-inherit elementor-widget-mobile__width-inherit elementor-widget elementor-widget-image\" data-id=\"5bf2329\" data-element_type=\"widget\" data-e-type=\"widget\" data-widget_type=\"image.default\">\n\t\t\t\t<div class=\"elementor-widget-container\">\n\t\t\t\t\t\t\t\t\t\t\t\t\t\t\t<img decoding=\"async\" width=\"397\" height=\"275\" src=\"https:\/\/marija.si\/wp-content\/uploads\/2024\/12\/recica-romanje-2012-1.jpg\" class=\"attachment-full size-full wp-image-2829\" alt=\"Moje romanje k Mariji Pomagaj - Marija Pomagaj Brezje (marija.si)\" srcset=\"https:\/\/marija.si\/wp-content\/uploads\/2024\/12\/recica-romanje-2012-1.jpg 397w, https:\/\/marija.si\/wp-content\/uploads\/2024\/12\/recica-romanje-2012-1-300x208.jpg 300w\" sizes=\"(max-width: 397px) 100vw, 397px\" \/>\t\t\t\t\t\t\t\t\t\t\t\t\t\t\t<\/div>\n\t\t\t\t<\/div>\n\t\t\t\t<div class=\"elementor-element elementor-element-1879af1 elementor-widget elementor-widget-heading\" data-id=\"1879af1\" data-element_type=\"widget\" data-e-type=\"widget\" data-widget_type=\"heading.default\">\n\t\t\t\t<div class=\"elementor-widget-container\">\n\t\t\t\t\t<h6 class=\"elementor-heading-title elementor-size-default\">Ankunft in Brezje<\/h6>\t\t\t\t<\/div>\n\t\t\t\t<\/div>\n\t\t\t\t<\/div>\n\t\t\t\t<div class=\"elementor-element elementor-element-4857d60 elementor-widget__width-initial elementor-widget elementor-widget-text-editor\" data-id=\"4857d60\" data-element_type=\"widget\" data-e-type=\"widget\" data-widget_type=\"text-editor.default\">\n\t\t\t\t<div class=\"elementor-widget-container\">\n\t\t\t\t\t\t\t\t\t<p>Am fr\u00fchen Morgen, trotz der sehr schlechten Wettervorhersage und des Regens in gro\u00dfen Teilen Sloweniens, wurde es schnell klar, und der Tag wurde immer sch\u00f6ner, sodass auch m\u00f6gliche Blasen bald vergessen waren. Der Weg \u00fcber Mlake, Visoko, Naklo und Podbrezje nach Brezje verging immer schneller, begleitet von Ges\u00e4ngen, Gespr\u00e4chen unter den Pilgern, Gebeten an Kapellen und Wegzeichen sowie st\u00e4rkenden Pausen. <\/p>\n<p>Die Erleichterung und Freude \u00fcber die Ankunft am Ziel hilft jedem Pilger, sodass die Schwierigkeiten und Anstrengungen w\u00e4hrend des Weges niemanden betr\u00fcben, sondern vielmehr wie eine Belohnung und Hilfe erscheinen, um nach bestem Wissen und Gewissen f\u00fcr unsere Seele zu sorgen und uns in guten Vors\u00e4tzen zu st\u00e4rken. <br \/>Wir sind dankbar unseren Seelsorgern und allen Gemeindemitgliedern, die uns auf dem Weg helfen und uns in ihren Gebeten und guten W\u00fcnschen erinnern.<\/p>\n<p>Zum Abschluss noch die Gedanken einer Teilnehmerin unserer ersten Wallfahrt: <br \/>\u201eUnsere Wallfahrten haben nach dem Jahr 2000 vor\u00fcbergehend aufgeh\u00f6rt, weil wir zwei Paare zu kleiner F\u00fc\u00dfe f\u00fcr einen so langen Weg bei uns haben. Doch jedes Jahr nehmen wir im Geist an der Wallfahrt von Re\u010dica teil, die eine Tradition schafft und den Pilgern jedes Jahr aufs Neue erm\u00f6glicht, auf dem Weg Gott und Maria zu ehren. Sie \u00f6ffnen sich im Gespr\u00e4ch f\u00fcreinander, tun gute Werke f\u00fcr die Bed\u00fcrftigen auf dem Weg und sp\u00fcren die wunderbare Kraft der inneren Verbundenheit mit allen, die sie lieben. <br \/>Ich glaube, dass auch Wunder geschehen, kleine und gro\u00dfe\u2026 <br \/>Gott gebe, dass wir noch oft zur Maria Hilfe pilgern!\u201c (Danica)  <\/p>\n\t\t\t\t\t\t\t\t<\/div>\n\t\t\t\t<\/div>\n\t\t\t\t<\/div>\n\t\t\t\t<\/div>\n\t\t<div class=\"elementor-element elementor-element-e4ee405 e-con-full e-flex e-con e-child\" data-id=\"e4ee405\" data-element_type=\"container\" data-e-type=\"container\" data-settings=\"{&quot;jet_parallax_layout_list&quot;:[]}\">\n\t\t<div class=\"elementor-element elementor-element-5f4bb56 e-con-full e-flex e-con e-child\" data-id=\"5f4bb56\" data-element_type=\"container\" data-e-type=\"container\" data-settings=\"{&quot;background_background&quot;:&quot;classic&quot;,&quot;jet_parallax_layout_list&quot;:[]}\">\n\t\t\t\t<div class=\"elementor-element elementor-element-7b9ef0e elementor-widget__width-inherit elementor-widget elementor-widget-heading\" data-id=\"7b9ef0e\" data-element_type=\"widget\" data-e-type=\"widget\" data-widget_type=\"heading.default\">\n\t\t\t\t<div class=\"elementor-widget-container\">\n\t\t\t\t\t<h3 class=\"elementor-heading-title elementor-size-default\">Wallfahrt des Bisch\u00f6flichen Klassischen Gymnasiums aus \u0160entvid <br>Jedes Jahr am Fest des Heiligsten Leibes und Blutes Christi pilgern die Sch\u00fcler und Lehrer des Bisch\u00f6flichen Klassischen Gymnasiums nach Brezje.<\/h3>\t\t\t\t<\/div>\n\t\t\t\t<\/div>\n\t\t\t\t<div class=\"elementor-element elementor-element-244fd06 elementor-widget elementor-widget-text-editor\" data-id=\"244fd06\" data-element_type=\"widget\" data-e-type=\"widget\" data-widget_type=\"text-editor.default\">\n\t\t\t\t<div class=\"elementor-widget-container\">\n\t\t\t\t\t\t\t\t\t<p>Seit der erneuten Gr\u00fcndung des Bisch\u00f6flichen Klassischen Gymnasiums in \u0160entvid machen die Sch\u00fcler und Lehrer einmal j\u00e4hrlich eine Fu\u00dfwallfahrt nach Brezje. Der Initiator dieser Wallfahrt war der verstorbene Erzbischof Alojzij \u0160u\u0161tar. <\/p>\n<p>Diese Wallfahrt ist auch historisch bedingt. Bischof Anton Bonaventura Jegli\u010d begann den Weg seines geistlichen Berufes genau bei Maria Hilfe in Brezje, und das Institut St. Stanislava mit dem Bisch\u00f6flichen Klassischen Gymnasium war eines seiner gr\u00f6\u00dften Projekte. Das Bisch\u00f6fliche Klassische Gymnasium ist dank ihm die erste Schule, in der ausschlie\u00dflich in der slowenischen Sprache unterrichtet wurde.   <\/p>\n<p>Einige Sch\u00fcler machen sich zu Fu\u00df auf den Weg, andere mit dem Zug. Sie bem\u00fchen sich auch jedes Mal, einen neuen Weg zu entdecken. Bei der Entdeckung neuer, anspruchsvoller Wege werden sie von den Sportlehrern gef\u00fchrt.  <\/p>\n<p>In Brezje freuen wir uns sehr \u00fcber diese Wallfahrt, da die Sch\u00fcler an diesem Tag immer ihre Freude und jugendliche Begeisterung nach Brezje bringen.<\/p>\n<p>Artikel von Prof. Jo\u017ee Kurin\u010di\u010d \u00fcber die Wallfahrt der \u201e\u0160kofijci\u201c nach Brezje:<\/p>\n\t\t\t\t\t\t\t\t<\/div>\n\t\t\t\t<\/div>\n\t\t\t\t<div class=\"elementor-element elementor-element-e055f47 elementor-widget__width-inherit elementor-widget elementor-widget-heading\" data-id=\"e055f47\" data-element_type=\"widget\" data-e-type=\"widget\" data-widget_type=\"heading.default\">\n\t\t\t\t<div class=\"elementor-widget-container\">\n\t\t\t\t\t<h3 class=\"elementor-heading-title elementor-size-default\">F\u00dcR DIE K\u00d6RPERERZIEHUNG NACH BREZJE: WALLFAHRT DER \u201e\u0160KOFIJCI\u201c ZU MARIA HILFE<\/h3>\t\t\t\t<\/div>\n\t\t\t\t<\/div>\n\t\t\t\t<div class=\"elementor-element elementor-element-0de920b elementor-widget elementor-widget-text-editor\" data-id=\"0de920b\" data-element_type=\"widget\" data-e-type=\"widget\" data-widget_type=\"text-editor.default\">\n\t\t\t\t<div class=\"elementor-widget-container\">\n\t\t\t\t\t\t\t\t\t<p>Das Bisch\u00f6fliche Klassische Gymnasium in \u0160entvid ist seit seiner Gr\u00fcndung im Jahr 1905 mit Brezje und Maria Hilfe verbunden. Es ist bekannt, dass ihr Gr\u00fcnder, Anton Bonaventura Jegli\u010d, ein eifriger Verehrer Marias war, weshalb er bereits bei der Gr\u00fcndung des Instituts die Sch\u00fcler dazu ermutigte, Maria zu verehren, unter anderem auch durch Wallfahrten. Bekannt ist auch seine Wallfahrt mit den ersten Abiturienten im Jahr 1913 nach Lourdes und dass die \u201eVerwalter\u201c jedes Jahr nach Brezje pilgerten.  <\/p>\n<p>Nach der Wiedergr\u00fcndung des Instituts St. Stanislava bzw. des Bisch\u00f6flichen Klassischen Gymnasiums wurde diese Tradition ebenfalls wieder aufgenommen. Zwar nicht sofort, sondern einige Jahre sp\u00e4ter, und zwar auf Initiative von Erzbischof Alojzij \u0160u\u0161tar. In den letzten Jahren pilgern die Sch\u00fcler und Lehrer des Bisch\u00f6flichen Klassischen Gymnasiums jedes Jahr zum Fest des Heiligsten Leibes und Blutes Christi nach Brezje. Nicht alle Sch\u00fcler nehmen jedoch an der Wallfahrt teil; die Sch\u00fcler des vierten Jahrgangs haben zu diesem Zeitpunkt bereits keinen Unterricht mehr und bereiten sich intensiv auf das Abitur vor. Trotzdem entscheiden sich viele Viertkl\u00e4ssler, den Pilgern aus den unteren Jahrg\u00e4ngen beizutreten. Wahrscheinlich auch, damit Maria ihnen bei der Matura mit ihrer Hilfe zur Seite steht. In den letzten zwei Jahren hat diese sportliche Wallfahrt eine neue Form angenommen. Die Drittkl\u00e4ssler pilgern nach Ko\u010devski Rog, zur H\u00f6hle unter Kren, wo sie an den Kreuzweg vieler junger M\u00e4nner erinnern, die im Mai und Juni 1945 aus dem Institut abgeholt und in den Massengr\u00e4bern der Ko\u010devner W\u00e4lder ermordet wurden.          <\/p>\n<p>In den ersten Jahren pilgerten wir in mehreren Gruppen nach Brezje: Einige gingen zu Fu\u00df in der Nacht vom Institut aus und folgten dem gewohnten Weg auf der Stra\u00dfe, andere fuhren morgens mit dem Fahrrad, und wieder andere nahmen den Zug bis Oto\u010de und gingen dann zu Fu\u00df weiter nach Brezje. Bald stellten wir fest, dass das Gehen auf Asphalt zu anstrengend und das Radfahren zu gef\u00e4hrlich war, weshalb wir nach anderen M\u00f6glichkeiten suchten. Der Direktor des Gymnasiums, Prof. Jo\u017ee Mlakar, stellte ein spezielles Team von Lehrern (Obr\u010d, Lavrinec) zusammen, um einen sch\u00f6neren und sichereren Weg f\u00fcr die Fu\u00dfwallfahrt nach Brezje zu finden. Zur Zusammenarbeit lud er auch einen Experten des Forstinstituts der Republik Slowenien ein. Dieses Team entwickelte nach der Untersuchung des Gel\u00e4ndes und der Suche nach der besten Wallfahrtstrecke einen geeigneteren neuen Weg f\u00fcr die Fu\u00dfwallfahrt nach Brezje. Der Weg hat zwei Ausgangspunkte: Kranj und \u0160kofja Loka. So machen sich die Sch\u00fcler und Lehrer seit mehreren Jahren in zwei gro\u00dfen Gruppen auf den Weg zum Fest des Heiligsten Leibes und Blutes Christi nach Brezje: Etwa 100 gehen zu Fu\u00df, was bedeutet, dass sie mit dem Bus nach Kranj bzw. \u0160kofja Loka fahren und dann etwa acht Stunden zu Fu\u00df auf Waldwegen, Schotterstra\u00dfen und Wiesen westlich von Kranj, durch \u010cepulje, Dobrava und Oto\u010de nach Brezje wandern. Etwa 200 fahren mit dem Zug bis Oto\u010de und schlie\u00dfen sich dort denen an, die zu Fu\u00df aus Kranj oder \u0160kofja Loka gekommen sind.        <\/p>\n<p>Ich habe bereits an allen Formen der Wallfahrt teilgenommen: zweimal bin ich mit dem Fahrrad gefahren, dreimal zu Fu\u00df, einmal vom Institut und zweimal aus Kranj, und mehrmals bin ich mit dem Zug gefahren. Am meisten in Erinnerung geblieben sind mir die Fu\u00dfwallfahrten. Vielleicht besonders die aus Kranj. Mitten in der Nacht, gegen zwei Uhr, versammelten wir uns in der Kapelle des Instituts, wo ein kurzes Gebet und eine Intonation im Rhythmus des Gehens stattfanden. Es wurde von engagierten Lehrern der Religion und Kultur vorbereitet. Nat\u00fcrlich waren wir alle noch etwas benommen von der fr\u00fchen Stunde, die Sch\u00fcler gaben sich Mut mit halb lauten Scherzen. Wenn ich die Sch\u00fcler anschaue, sehe ich unter ihnen solche, bei denen ich nie gedacht h\u00e4tte, dass sie zu Fu\u00df aufbrechen w\u00fcrden: Einige halte ich f\u00fcr weniger motorisch geschickt, andere f\u00fcr nicht genug fromm. Ich freue mich, dass ich mich geirrt habe. Nach dem Gebet dr\u00e4ngten wir uns in die Busse: einer f\u00e4hrt nach \u0160kofja Loka, der andere nach Kranj. Ich setze mich in den \u201eKranjer\u201c.         <\/p>\n<p>Wir biegen bei Laborah nach Westen ab, durch Stra\u017ei\u0161\u010de und weiter entlang der Stra\u00dfe unter dem bewaldeten H\u00f6henzug, der sich vor uns verdunkelt. Wie eine Armee ordnen wir uns leise und gehen durch das verwilderte Gel\u00e4nde. Die Kolonne wird von Prof. Obr\u010d angef\u00fchrt, der nicht die langsame bergaufgehende Gangart beherrscht, weshalb sich die Kolonne schnell auf dem dunklen Pfad bewegt, der von den Stirnlampen erleuchtet wird. Einige von uns bleiben zur\u00fcck, die Kolonne zerrei\u00dft. Zu Beginn gibt es nur wenig Gespr\u00e4ch, bald jedoch bilden sich Gespr\u00e4chsgruppen. Ich geselle mich zu Direktor Roman Globokar und schon sind wir in lebhaften Gespr\u00e4chen \u00fcber die Lage in der slowenischen Kirche, \u00fcber neuere theologische Str\u00f6mungen und \u00fcber kulturell-politische Fragen. Ja, es ist gut, einen Direktor zu haben, der den schwierigeren, wenig herrschaftlichen Weg w\u00e4hlt \u2013 auf diesem gibt es wirklich mehr Zeit, um \u00fcber vieles zu sprechen. Nach etwa einer Stunde des Gehens halten wir auf einer Lichtung an und diejenigen, die aus \u0160kofja Loka gestartet sind, gesellen sich zu uns. Wir essen etwas Bescheidenes. Direktor Mlakar hat eine Thermoskanne dabei, und darin ist echte, gute Kaffee. Da wir einige Kaffeetrinker sind, muss er sehr darauf achten, das s\u00fcndige Vergn\u00fcgen so zu verteilen, dass wir m\u00f6glichst alle zufrieden sind. Nach der Pause setzen wir unseren Weg fort. Tone \u010cesen schl\u00e4gt vor, den Rosenkranz zu beten. Und im weiteren Verlauf bewegen wir uns tats\u00e4chlich im Rhythmus der Ave-Marias und Vaterunsers. Wie wahr ist das, was wir im Klassenzimmer besprochen haben, als wir \u00fcber Gebet, seine magisch-rituelle Wirkung gesprochen haben, wie auch nicht-christliche Betende das Wiederholen und die Mantras kennen, die uns mit ihrem Rhythmus in eine geistige Verfassung versetzen. Dieses Gebet nach der Hostie ist zwar nicht ganz flie\u00dfend, aber der Rhythmus geht dennoch nicht verloren. Und als das Wiederholen endet, als wir alle Ave-Marias gebetet haben, herrscht eine Weile Stille \u2013 die Worte kommen uns nicht so schnell \u00fcber die Lippen. Doch bald setzen wir das Gespr\u00e4ch fort, das lebhafter wird, als die Regentropfen beginnen, auf die Bl\u00e4tter zu klopfen. Wir \u00f6ffnen die Regenschirme, es ist gut, dass es schon Tag ist und unser Weg hinunterf\u00fchrt; der Regen verleiht der Reise irgendwie eine urspr\u00fcngliche, erdige Qualit\u00e4t. Doch der Regen ist nicht allzu stark, nur die Feuchtigkeit dringt von \u00fcberall in den K\u00f6rper. Der Geh-Rhythmus bleibt gleichm\u00e4\u00dfig. Jemand kann bald nicht mehr weitermachen \u2013 zu wenig Kondition. Wir rufen unseren Peter \u201eden Gro\u00dfen\u201c, den Hausmeister, der schnell mit dem Auto kommt \u2013 leistet Erste Hilfe und f\u00e4hrt den Kranken ans Ziel. Wir anderen setzen unseren etwas nassen Weg fort \u2013 der Regen prasselt weiterhin vom Himmel \u2013 durch Waldwege und Wiesen, die kein Ende zu nehmen scheinen. Auch wir anderen haben bereits Blei in den Beinen, aber der gemeinsame Wille ist stark, das Tempo bleibt gleich. Als wir den Waldrand \u00fcber Dobrava erreichen und den Zielturm der Brezjer Kirche sehen und der Weg sich in Richtung Save senkt, erwacht neue Energie in uns. Unter uns entwickelt sich eine Debatte \u00fcber das Buch \u201ePrinzip Menschlichkeit\u201c von Joachim Bauer. Darin spricht der Autor, als Biologe, \u00fcber die Essenz des Lebens und des Fortschritts, die nicht der Kampf ums \u00dcberleben ist, sondern Kooperation, Zusammenleben und Liebe. Eine Wissenschaft, die die christliche Vision des Menschen und der Welt untermauert. So erreichen wir bald Oto\u010de, \u00fcberqueren die Sava und \u00fcberwinden, etwas benommen von der schlaflosen Nacht und schmerzenden Beinen, den letzten H\u00fcgel unter Brezje.<\/p>\n<p>Bei der Messe spricht uns freundlich P. Silvin Krajnc, der Rektor des Wallfahrtszentrums, an, und die Messe wird vom emeritierten Erzbischof Alojz Uran zelebriert; an seiner Seite sind unsere Kleriker. Werden die Schlaflosen durchhalten? Die Kirche ist voll; da die Beine schwer sind, suche ich einen Platz zum Sitzen. Ich finde ihn in der Kapelle vor Maria. Wie angenehm: der Komfort des Sitzens, das Rauschen der Kirche, vor mir leuchtet das Bild Marias. Die Weichheit des Nickerchens \u00fcberkommt mich und wiege mich in den Schlaf, erwache beim Lesen des Evangeliums:       <\/p>\n\t\t\t\t\t\t\t\t<\/div>\n\t\t\t\t<\/div>\n\t\t\t\t<div class=\"elementor-element elementor-element-417ff9c elementor-widget elementor-widget-text-editor\" data-id=\"417ff9c\" data-element_type=\"widget\" data-e-type=\"widget\" data-widget_type=\"text-editor.default\">\n\t\t\t\t<div class=\"elementor-widget-container\">\n\t\t\t\t\t\t\t\t\t<p>Aus dem heiligen Evangelium nach Markus. <br \/>Am ersten Tag der unges\u00e4uerten Brote, als das Passahlamm geopfert wurde, <br \/>fragten ihn seine J\u00fcnger: <br \/>\u201eWo m\u00f6chtest du, dass wir hingehen und dir das Passahlamm zubereiten, <br \/>damit du das Passahlamm essen kannst?\u201c \u2026<\/p>\n\t\t\t\t\t\t\t\t<\/div>\n\t\t\t\t<\/div>\n\t\t\t\t<div class=\"elementor-element elementor-element-3c7eb05 elementor-widget elementor-widget-text-editor\" data-id=\"3c7eb05\" data-element_type=\"widget\" data-e-type=\"widget\" data-widget_type=\"text-editor.default\">\n\t\t\t\t<div class=\"elementor-widget-container\">\n\t\t\t\t\t\t\t\t\t<p>Es folgt die Predigt des Erzbischofs, pers\u00f6nlich, \u00fcberzeugend, geeignet f\u00fcr junge Herzen. Im Gegensatz zu dem, wovor ich Angst hatte \u2013 der unpers\u00f6nlichen Wiederholung dogmatisch abgerundeter Aussagen. Es wurde mir klar, dass es schade ist, dass nicht alle unsere Pilger seine Worte h\u00f6ren \u2013 auch jene, die zwar nach Brezje gekommen sind, aber die Messe als \u00fcberfl\u00fcssig empfinden, die kirchliche Sprache als zu bombastisch und das Ritual als langweilig, weshalb sie lieber im Park geblieben sind oder sich anderswo versteckt haben. Nein, man sollte junge Menschen nicht zwingen, an der Messe teilzunehmen; Glaube und religi\u00f6se Dinge sind zu empfindlich. Zwang ruft Widerstand hervor. Wichtiger als das Ziel ist der Weg \u2013 das geduldige Klopfen an die T\u00fcr eines suchenden Herzens.     <\/p>\n<p>Nach der Messe sitze ich immer noch vor dem Bild von Maria Hilfe von Layer. Der Gedanke an meine Heimat, an diejenigen, die mich gebeten haben, f\u00fcr sie zu beten. Der Gedanke geht der Reihe nach, von Person zu Person, beginnend bei denjenigen, die mir am teuersten sind. Mein Blick bleibt an den Dankbildern an der Wand h\u00e4ngen, dann an dem Bild, das den Besuch von Papst Johannes Paul II. in Brezje darstellt&#8230;    <\/p>\n<p>Dann f\u00fcllt sich der Raum vor dem Bild mit Unruhe \u2013 eine Gruppe von M\u00e4dchen und Jungen kommt und geht auf die Knie. Zuerst ist es ihnen etwas unangenehm voreinander, sie werfen Blicke aufeinander und l\u00e4cheln, doch dann reihen sie sich einfach ein in die Pilger, die in Gebetshaltung den Altar umgeben, an dem das Bild von Maria steht. Wer wei\u00df, warum. Ist es aus echter Fr\u00f6mmigkeit, aus Tradition, aus Not?   <\/p>\n<p>Vor der Kirche treffe ich die Sch\u00fcler aus meiner Klasse \u2013 sie m\u00fcssen sich beim Klassenlehrer melden \u2013 und zusammen gehen wir nach Oto\u010de, wo wir den Zug erwarten, der uns zur\u00fcck nach \u0160entvid bringt.<\/p>\n<p>Ja, die Wallfahrt ist ein Abbild unseres Lebens, das ebenfalls eine Reise ist, eine Oase auf diesem Weg, in der wir uns st\u00e4rken und unsere Wasserkr\u00fcge und Brots\u00e4cke f\u00fcllen k\u00f6nnen. Ein besonders geeigneter Tag daf\u00fcr ist das Fest des Heiligsten Leibes und Blutes Christi, an dem wir lebendig in Erinnerung behalten, wie Gott uns mit dem Wein seines Blutes und dem Brot seines Fleisches st\u00e4rkt.  <\/p>\n\t\t\t\t\t\t\t\t<\/div>\n\t\t\t\t<\/div>\n\t\t\t\t<\/div>\n\t\t<div class=\"elementor-element elementor-element-03e512f e-con-full e-flex e-con e-child\" data-id=\"03e512f\" data-element_type=\"container\" data-e-type=\"container\" data-settings=\"{&quot;background_background&quot;:&quot;classic&quot;,&quot;jet_parallax_layout_list&quot;:[]}\">\n\t\t\t\t<div class=\"elementor-element elementor-element-c4accfc e-transform e-transform elementor-widget elementor-widget-heading\" data-id=\"c4accfc\" data-element_type=\"widget\" data-e-type=\"widget\" id=\"vertical-h\" data-settings=\"{&quot;_transform_rotateZ_effect&quot;:{&quot;unit&quot;:&quot;px&quot;,&quot;size&quot;:-90,&quot;sizes&quot;:[]},&quot;_transform_translateX_effect&quot;:{&quot;unit&quot;:&quot;px&quot;,&quot;size&quot;:-183,&quot;sizes&quot;:[]},&quot;_transform_translateX_effect_laptop&quot;:{&quot;unit&quot;:&quot;px&quot;,&quot;size&quot;:-165,&quot;sizes&quot;:[]},&quot;_transform_translateX_effect_tablet&quot;:{&quot;unit&quot;:&quot;%&quot;,&quot;size&quot;:0,&quot;sizes&quot;:[]},&quot;_transform_translateX_effect_mobile&quot;:{&quot;unit&quot;:&quot;%&quot;,&quot;size&quot;:0,&quot;sizes&quot;:[]},&quot;_transform_rotateZ_effect_mobile&quot;:{&quot;unit&quot;:&quot;deg&quot;,&quot;size&quot;:0,&quot;sizes&quot;:[]},&quot;_transform_rotateZ_effect_tablet&quot;:{&quot;unit&quot;:&quot;deg&quot;,&quot;size&quot;:0,&quot;sizes&quot;:[]},&quot;_transform_rotateZ_effect_laptop&quot;:{&quot;unit&quot;:&quot;deg&quot;,&quot;size&quot;:&quot;&quot;,&quot;sizes&quot;:[]},&quot;_transform_translateY_effect&quot;:{&quot;unit&quot;:&quot;px&quot;,&quot;size&quot;:&quot;&quot;,&quot;sizes&quot;:[]},&quot;_transform_translateY_effect_laptop&quot;:{&quot;unit&quot;:&quot;px&quot;,&quot;size&quot;:&quot;&quot;,&quot;sizes&quot;:[]},&quot;_transform_translateY_effect_tablet&quot;:{&quot;unit&quot;:&quot;px&quot;,&quot;size&quot;:&quot;&quot;,&quot;sizes&quot;:[]},&quot;_transform_translateY_effect_mobile&quot;:{&quot;unit&quot;:&quot;px&quot;,&quot;size&quot;:&quot;&quot;,&quot;sizes&quot;:[]}}\" data-widget_type=\"heading.default\">\n\t\t\t\t<div class=\"elementor-widget-container\">\n\t\t\t\t\t<h2 class=\"elementor-heading-title elementor-size-default\">Wallfahrt des BKG<\/h2>\t\t\t\t<\/div>\n\t\t\t\t<\/div>\n\t\t\t\t<\/div>\n\t\t\t\t<\/div>\n\t\t<div class=\"elementor-element elementor-element-0ccef56 e-con-full e-flex e-con e-child\" data-id=\"0ccef56\" data-element_type=\"container\" data-e-type=\"container\" data-settings=\"{&quot;jet_parallax_layout_list&quot;:[]}\">\n\t\t<div class=\"elementor-element elementor-element-7e8784c e-con-full e-flex e-con e-child\" data-id=\"7e8784c\" data-element_type=\"container\" data-e-type=\"container\" data-settings=\"{&quot;background_background&quot;:&quot;classic&quot;,&quot;jet_parallax_layout_list&quot;:[]}\">\n\t\t\t\t<div class=\"elementor-element elementor-element-03b7bee e-transform e-transform elementor-widget__width-inherit elementor-widget elementor-widget-heading\" data-id=\"03b7bee\" data-element_type=\"widget\" data-e-type=\"widget\" id=\"vertical-h\" data-settings=\"{&quot;_transform_rotateZ_effect&quot;:{&quot;unit&quot;:&quot;px&quot;,&quot;size&quot;:-90,&quot;sizes&quot;:[]},&quot;_transform_translateX_effect&quot;:{&quot;unit&quot;:&quot;px&quot;,&quot;size&quot;:-411,&quot;sizes&quot;:[]},&quot;_transform_translateX_effect_laptop&quot;:{&quot;unit&quot;:&quot;px&quot;,&quot;size&quot;:-371,&quot;sizes&quot;:[]},&quot;_transform_translateX_effect_tablet&quot;:{&quot;unit&quot;:&quot;%&quot;,&quot;size&quot;:0,&quot;sizes&quot;:[]},&quot;_transform_translateX_effect_mobile&quot;:{&quot;unit&quot;:&quot;%&quot;,&quot;size&quot;:0,&quot;sizes&quot;:[]},&quot;_transform_rotateZ_effect_mobile&quot;:{&quot;unit&quot;:&quot;deg&quot;,&quot;size&quot;:0,&quot;sizes&quot;:[]},&quot;_transform_rotateZ_effect_tablet&quot;:{&quot;unit&quot;:&quot;deg&quot;,&quot;size&quot;:0,&quot;sizes&quot;:[]},&quot;_transform_rotateZ_effect_laptop&quot;:{&quot;unit&quot;:&quot;deg&quot;,&quot;size&quot;:&quot;&quot;,&quot;sizes&quot;:[]},&quot;_transform_translateY_effect&quot;:{&quot;unit&quot;:&quot;px&quot;,&quot;size&quot;:&quot;&quot;,&quot;sizes&quot;:[]},&quot;_transform_translateY_effect_laptop&quot;:{&quot;unit&quot;:&quot;px&quot;,&quot;size&quot;:&quot;&quot;,&quot;sizes&quot;:[]},&quot;_transform_translateY_effect_tablet&quot;:{&quot;unit&quot;:&quot;px&quot;,&quot;size&quot;:&quot;&quot;,&quot;sizes&quot;:[]},&quot;_transform_translateY_effect_mobile&quot;:{&quot;unit&quot;:&quot;px&quot;,&quot;size&quot;:&quot;&quot;,&quot;sizes&quot;:[]}}\" data-widget_type=\"heading.default\">\n\t\t\t\t<div class=\"elementor-widget-container\">\n\t\t\t\t\t<h2 class=\"elementor-heading-title elementor-size-default\">Die Fu\u00dfwallfahrt der Jugend nach Brezje<\/h2>\t\t\t\t<\/div>\n\t\t\t\t<\/div>\n\t\t\t\t<\/div>\n\t\t<div class=\"elementor-element elementor-element-9c363bc e-con-full e-flex e-con e-child\" data-id=\"9c363bc\" data-element_type=\"container\" data-e-type=\"container\" data-settings=\"{&quot;background_background&quot;:&quot;classic&quot;,&quot;jet_parallax_layout_list&quot;:[]}\">\n\t\t\t\t<div class=\"elementor-element elementor-element-3d6c04d elementor-widget__width-inherit elementor-widget elementor-widget-heading\" data-id=\"3d6c04d\" data-element_type=\"widget\" data-e-type=\"widget\" data-widget_type=\"heading.default\">\n\t\t\t\t<div class=\"elementor-widget-container\">\n\t\t\t\t\t<h3 class=\"elementor-heading-title elementor-size-default\">Jedes Jahr machen sich die jungen Menschen aus der Erzdi\u00f6zese Ljubljana zu Fu\u00df auf den Weg nach Brezje. Diese Wallfahrt wird von der Gemeinschaft der Katholischen Jugend Sloweniens organisiert. <\/h3>\t\t\t\t<\/div>\n\t\t\t\t<\/div>\n\t\t\t\t<div class=\"elementor-element elementor-element-d8e8b58 elementor-widget elementor-widget-text-editor\" data-id=\"d8e8b58\" data-element_type=\"widget\" data-e-type=\"widget\" data-widget_type=\"text-editor.default\">\n\t\t\t\t<div class=\"elementor-widget-container\">\n\t\t\t\t\t\t\t\t\t<p>Jedes Jahr ist die Wallfahrt der Jugend nach Brezje etwas Besonderes. Sie hat eine lange Tradition, und die jungen Menschen schlie\u00dfen sich ihr gerne an. <\/p>\n<p>Die Leitung der Gemeinschaft der Katholischen Jugend bereichert jedes Jahr den Weg nach Brezje mit einem reichen spirituellen Programm.<\/p>\n\t\t\t\t\t\t\t\t<\/div>\n\t\t\t\t<\/div>\n\t\t\t\t<div class=\"elementor-element elementor-element-ec1b512 elementor-widget__width-inherit elementor-widget elementor-widget-heading\" data-id=\"ec1b512\" data-element_type=\"widget\" data-e-type=\"widget\" data-widget_type=\"heading.default\">\n\t\t\t\t<div class=\"elementor-widget-container\">\n\t\t\t\t\t<h3 class=\"elementor-heading-title elementor-size-default\">Der Weg von Ljubljana nach Kranj:<\/h3>\t\t\t\t<\/div>\n\t\t\t\t<\/div>\n\t\t\t\t<div class=\"elementor-element elementor-element-04a018b elementor-widget elementor-widget-html\" data-id=\"04a018b\" data-element_type=\"widget\" data-e-type=\"widget\" data-widget_type=\"html.default\">\n\t\t\t\t<div class=\"elementor-widget-container\">\n\t\t\t\t\t<iframe src=\"https:\/\/www.google.com\/maps\/embed?pb=!1m24!1m8!1m3!1d176742.37029653153!2d14.309516956054694!3d46.198527233883574!3m2!1i1024!2i768!4f13.1!4m13!3e2!4m5!1s0x477acd1f7c264a3d%3A0x2cd4e52d67fbb26d!2sPru%C5%A1nikova%20Ul.%2C%201210%20Ljubljana%2C%20Slovenia!3m2!1d46.095043!2d14.467746499999999!4m5!1s0x477ab802a572dae5%3A0x7198203fb705b721!2sTav%C4%8Darjeva%20ulica%2043%2C%204000%20Kranj%2C%20Slovenia!3m2!1d46.2380426!2d14.3563209!5e0!3m2!1sen!2sus!4v1731485610015!5m2!1sen!2sus\" width=\"600\" height=\"500\" allowfullscreen=\"\" style=\"border-radius:4px\" referrerpolicy=\"no-referrer-when-downgrade\"><\/iframe>\t\t\t\t<\/div>\n\t\t\t\t<\/div>\n\t\t\t\t<div class=\"elementor-element elementor-element-e5b5384 elementor-widget__width-inherit elementor-widget elementor-widget-heading\" data-id=\"e5b5384\" data-element_type=\"widget\" data-e-type=\"widget\" data-widget_type=\"heading.default\">\n\t\t\t\t<div class=\"elementor-widget-container\">\n\t\t\t\t\t<h3 class=\"elementor-heading-title elementor-size-default\">Der Weg von Kranj nach Brezje:<\/h3>\t\t\t\t<\/div>\n\t\t\t\t<\/div>\n\t\t\t\t<div class=\"elementor-element elementor-element-5fe7792 elementor-widget elementor-widget-html\" data-id=\"5fe7792\" data-element_type=\"widget\" data-e-type=\"widget\" data-widget_type=\"html.default\">\n\t\t\t\t<div class=\"elementor-widget-container\">\n\t\t\t\t\t<iframe src=\"https:\/\/www.google.com\/maps\/d\/embed?mid=1hzXyHswVVgTYf5t7pvmsVPXIwHM&amp;hl=sl&amp;ehbc=2E312F&amp;z=11\" width=\"640\" height=\"500\" style=\"border-radius:4px\"><\/iframe>\n\t\t\t\t<\/div>\n\t\t\t\t<\/div>\n\t\t\t\t<\/div>\n\t\t\t\t<\/div>\n\t\t\t\t\t<\/div>\n\t\t\t\t<\/div>\n\t\t<div class=\"elementor-element elementor-element-63ba346 e-flex e-con-boxed e-con e-parent\" data-id=\"63ba346\" data-element_type=\"container\" data-e-type=\"container\" data-settings=\"{&quot;jet_parallax_layout_list&quot;:[]}\">\n\t\t\t\t\t<div class=\"e-con-inner\">\n\t\t<div class=\"elementor-element elementor-element-767bbef e-con-full e-flex e-con e-child\" data-id=\"767bbef\" data-element_type=\"container\" data-e-type=\"container\" data-settings=\"{&quot;background_background&quot;:&quot;classic&quot;,&quot;jet_parallax_layout_list&quot;:[]}\">\n\t\t\t\t<div class=\"elementor-element elementor-element-cc40a45 elementor-widget elementor-widget-heading\" data-id=\"cc40a45\" data-element_type=\"widget\" data-e-type=\"widget\" data-widget_type=\"heading.default\">\n\t\t\t\t<div class=\"elementor-widget-container\">\n\t\t\t\t\t<h2 class=\"elementor-heading-title elementor-size-default\">Untersuche auch<\/h2>\t\t\t\t<\/div>\n\t\t\t\t<\/div>\n\t\t<div class=\"elementor-element elementor-element-47c26c2 e-con-full e-flex e-con e-child\" data-id=\"47c26c2\" data-element_type=\"container\" data-e-type=\"container\" data-settings=\"{&quot;jet_parallax_layout_list&quot;:[]}\">\n\t\t\t\t<div class=\"elementor-element elementor-element-5317017 elementor-widget__width-auto elementor-widget elementor-widget-global elementor-global-2594 elementor-global-1463 elementor-widget-bdt-advanced-button\" data-id=\"5317017\" data-element_type=\"widget\" data-e-type=\"widget\" data-widget_type=\"bdt-advanced-button.default\">\n\t\t\t\t<div class=\"elementor-widget-container\">\n\t\t\t\t\t\t\t<div class=\"bdt-ep-button-wrapper\">\n\t\t\t<a href=\"\/de\/der-weg-nach-brezje\/brezje-sind-auf-dem-berg\/\" class=\"bdt-ep-button bdt-ep-button-effect-a bdt-ep-button-size-md\">\n\t\t\t\t\t\t<div class=\"bdt-ep-button-content-wrapper bdt-flex bdt-flex-middle bdt-flex-center  \" data-text=\"Brezje sind auf dem Berg\">\n\t\t\t\t\t\t\t<div class=\"bdt-ep-button-icon bdt-flex-center bdt-flex-align-right\">\n\t\t\t\t\t<div class=\"bdt-ep-button-icon-inner\">\n\n\t\t\t\t\t\t<i aria-hidden=\"true\" class=\"fa-fw icon icon-right-arrow-1\"><\/i>\n\t\t\t\t\t<\/div>\n\t\t\t\t<\/div>\n\t\t\t\n\t\t\t<div class=\"bdt-ep-button-text\">\n\n\t\t\t\t<span class=\"avdbtn-text\">\n\t\t\t\t\tBrezje sind auf dem Berg\t\t\t\t<\/span>\n\n\t\t\t\t\t\t\t<\/div>\n\n\t\t\t\n\t\t<\/div>\n\t\t\t\t\t<\/a>\n\t\t<\/div>\n\t\t\t\t\t\t<\/div>\n\t\t\t\t<\/div>\n\t\t\t\t<\/div>\n\t\t\t\t<\/div>\n\t\t\t\t\t<\/div>\n\t\t\t\t<\/div>\n\t\t\t\t<\/div>\n\t\t","protected":false},"excerpt":{"rendered":"<p>Brezje, mein einziger Gottesweg \u2013 meine Erinnerungen an die Wallfahrt hat Berta Golob f\u00fcr den Brezjaner Sammelband beschrieben. \u201eIch wei\u00df nicht, wann ich zum ersten Mal in Brezje war, aber sicher war es an der Hand meines Vaters. Es muss noch vor dem Zweiten Weltkrieg gewesen sein. Zu Hause galt es als notwendig, einmal im [&hellip;]<\/p>\n","protected":false},"author":1,"featured_media":0,"parent":2590,"menu_order":0,"comment_status":"closed","ping_status":"closed","template":"","meta":{"gallery":"","dateEnd":"","displayOrder":0,"videosArray":[],"audiosArray":[],"othersArray":[],"footnotes":""},"class_list":["post-2586","page","type-page","status-publish","hentry"],"_links":{"self":[{"href":"https:\/\/marija.si\/de\/wp-json\/wp\/v2\/pages\/2586","targetHints":{"allow":["GET"]}}],"collection":[{"href":"https:\/\/marija.si\/de\/wp-json\/wp\/v2\/pages"}],"about":[{"href":"https:\/\/marija.si\/de\/wp-json\/wp\/v2\/types\/page"}],"author":[{"embeddable":true,"href":"https:\/\/marija.si\/de\/wp-json\/wp\/v2\/users\/1"}],"replies":[{"embeddable":true,"href":"https:\/\/marija.si\/de\/wp-json\/wp\/v2\/comments?post=2586"}],"version-history":[{"count":16,"href":"https:\/\/marija.si\/de\/wp-json\/wp\/v2\/pages\/2586\/revisions"}],"predecessor-version":[{"id":15807,"href":"https:\/\/marija.si\/de\/wp-json\/wp\/v2\/pages\/2586\/revisions\/15807"}],"up":[{"embeddable":true,"href":"https:\/\/marija.si\/de\/wp-json\/wp\/v2\/pages\/2590"}],"wp:attachment":[{"href":"https:\/\/marija.si\/de\/wp-json\/wp\/v2\/media?parent=2586"}],"curies":[{"name":"wp","href":"https:\/\/api.w.org\/{rel}","templated":true}]}}